{"id":144,"date":"2019-04-29T14:21:28","date_gmt":"2019-04-29T14:21:28","guid":{"rendered":"https:\/\/www.adiccionesalicante.com\/?page_id=144"},"modified":"2022-02-15T14:53:56","modified_gmt":"2022-02-15T14:53:56","slug":"identificacion-y-diagnostico","status":"publish","type":"page","link":"https:\/\/forummontau.com\/alicante\/identificacion-y-diagnostico\/","title":{"rendered":"Identificaci\u00f3n y diagn\u00f3stico"},"content":{"rendered":"\t\t<div data-elementor-type=\"wp-post\" data-elementor-id=\"144\" class=\"elementor elementor-144\" data-elementor-post-type=\"page\">\n\t\t\t\t\t\t<section class=\"elementor-section elementor-top-section elementor-element elementor-element-ca6c320 elementor-section-full_width elementor-section-height-min-height elementor-section-height-default elementor-section-items-middle qodef-elementor-content-no\" data-id=\"ca6c320\" data-element_type=\"section\" data-e-type=\"section\" data-settings=\"{&quot;background_background&quot;:&quot;classic&quot;}\">\n\t\t\t\t\t\t\t<div class=\"elementor-background-overlay\"><\/div>\n\t\t\t\t\t\t\t<div class=\"elementor-container elementor-column-gap-default\">\n\t\t\t\t\t<div class=\"elementor-column elementor-col-100 elementor-top-column elementor-element elementor-element-1dc9961\" data-id=\"1dc9961\" data-element_type=\"column\" data-e-type=\"column\">\n\t\t\t<div class=\"elementor-widget-wrap\">\n\t\t\t\t\t\t\t<\/div>\n\t\t<\/div>\n\t\t\t\t\t<\/div>\n\t\t<\/section>\n\t\t\t\t<section class=\"elementor-section elementor-top-section elementor-element elementor-element-478fab97 elementor-section-boxed elementor-section-height-default elementor-section-height-default qodef-elementor-content-no\" data-id=\"478fab97\" data-element_type=\"section\" data-e-type=\"section\">\n\t\t\t\t\t\t<div class=\"elementor-container elementor-column-gap-default\">\n\t\t\t\t\t<div class=\"elementor-column elementor-col-100 elementor-top-column elementor-element elementor-element-5df57e4\" data-id=\"5df57e4\" data-element_type=\"column\" data-e-type=\"column\">\n\t\t\t<div class=\"elementor-widget-wrap elementor-element-populated\">\n\t\t\t\t\t\t<div class=\"elementor-element elementor-element-6b07ed34 elementor-widget elementor-widget-text-editor\" data-id=\"6b07ed34\" data-element_type=\"widget\" data-e-type=\"widget\" data-widget_type=\"text-editor.default\">\n\t\t\t\t<div class=\"elementor-widget-container\">\n\t\t\t\t\t\t\t\t\t<p>Identificaci\u00f3n y diagn\u00f3stico de la dependencia y, en su caso, de posibles trastornos inducidos por consumo de sustancias. Evaluaci\u00f3n de posibles alteraciones en el orden psicol\u00f3gico y social del paciente.<\/p><p>En Forum Terapeutic Valencia creemos que un buen diagn\u00f3stico es clave para la correcta implementaci\u00f3n del tratamiento y recuperaci\u00f3n del paciente, para ello contamos con un equipo de profesionales capacitados para diagnosticar patolog\u00edas asociadas con el consumo y con un equipo terap\u00e9utico para abardar de forma integral.<\/p><p>Trabajamos la persona adicta de forma integral teniendo en cuenta el entorno familiar, laboral y econ\u00f3mico. Entendemos que una recuperaci\u00f3n integral se inicia despu\u00e9s de un buen diagn\u00f3stico y una correcta orientaci\u00f3n terap\u00e9utica y que el \u00e9xito de la recuperaci\u00f3n depende de un buen diagn\u00f3stico.<\/p><p>De no evidenciarse la presencia de los criterios diagn\u00f3sticos necesarios para el Trastorno de Dependencia, se identificar\u00e1n los factores de riesgo preexistentes y desencadenantes, as\u00ed como las variables causales modificables que mantienen la conducta problema, que fundamentar\u00e1n el Plan de Recomendaciones basado en la informaci\u00f3n obtenida en la consulta.<\/p><p>En caso de precisar internamente informar\u00e1 y preparar\u00e1 al paciente y sus familiares del proceso de intervenci\u00f3n terap\u00e9utica para conseguir la m\u00e1xima adherencia al tratamiento, se realizar\u00e1 el seguimiento durante el per\u00edodo y, de estimarse necesario, se acompa\u00f1ar\u00e1 este seguimiento de asistencia personalizada.<\/p>\t\t\t\t\t\t\t\t<\/div>\n\t\t\t\t<\/div>\n\t\t\t\t\t<\/div>\n\t\t<\/div>\n\t\t\t\t\t<\/div>\n\t\t<\/section>\n\t\t\t\t<\/div>\n\t\t","protected":false},"excerpt":{"rendered":"<p>Identificaci\u00f3n y diagn\u00f3stico de la dependencia y, en su caso, de posibles trastornos inducidos por consumo de sustancias. Evaluaci\u00f3n de posibles alteraciones en el orden psicol\u00f3gico y social del paciente. En Forum Terapeutic Valencia creemos que un buen diagn\u00f3stico es clave para la correcta implementaci\u00f3n del tratamiento y recuperaci\u00f3n del paciente, para ello contamos con [&hellip;]<\/p>\n","protected":false},"author":2,"featured_media":0,"parent":0,"menu_order":0,"comment_status":"closed","ping_status":"closed","template":"elementor_header_footer","meta":{"ocean_post_layout":"full-screen","ocean_both_sidebars_style":"","ocean_both_sidebars_content_width":0,"ocean_both_sidebars_sidebars_width":0,"ocean_sidebar":"0","ocean_second_sidebar":"0","ocean_disable_margins":"enable","ocean_add_body_class":"","ocean_shortcode_before_top_bar":"","ocean_shortcode_after_top_bar":"","ocean_shortcode_before_header":"","ocean_shortcode_after_header":"","ocean_has_shortcode":"","ocean_shortcode_after_title":"","ocean_shortcode_before_footer_widgets":"","ocean_shortcode_after_footer_widgets":"","ocean_shortcode_before_footer_bottom":"","ocean_shortcode_after_footer_bottom":"","ocean_display_top_bar":"default","ocean_display_header":"default","ocean_header_style":"","ocean_center_header_left_menu":"0","ocean_custom_header_template":"0","ocean_custom_logo":0,"ocean_custom_retina_logo":0,"ocean_custom_logo_max_width":0,"ocean_custom_logo_tablet_max_width":0,"ocean_custom_logo_mobile_max_width":0,"ocean_custom_logo_max_height":0,"ocean_custom_logo_tablet_max_height":0,"ocean_custom_logo_mobile_max_height":0,"ocean_header_custom_menu":"0","ocean_menu_typo_font_family":"0","ocean_menu_typo_font_subset":"","ocean_menu_typo_font_size":0,"ocean_menu_typo_font_size_tablet":0,"ocean_menu_typo_font_size_mobile":0,"ocean_menu_typo_font_size_unit":"px","ocean_menu_typo_font_weight":"","ocean_menu_typo_font_weight_tablet":"","ocean_menu_typo_font_weight_mobile":"","ocean_menu_typo_transform":"","ocean_menu_typo_transform_tablet":"","ocean_menu_typo_transform_mobile":"","ocean_menu_typo_line_height":0,"ocean_menu_typo_line_height_tablet":0,"ocean_menu_typo_line_height_mobile":0,"ocean_menu_typo_line_height_unit":"","ocean_menu_typo_spacing":0,"ocean_menu_typo_spacing_tablet":0,"ocean_menu_typo_spacing_mobile":0,"ocean_menu_typo_spacing_unit":"","ocean_menu_link_color":"","ocean_menu_link_color_hover":"","ocean_menu_link_color_active":"","ocean_menu_link_background":"","ocean_menu_link_hover_background":"","ocean_menu_link_active_background":"","ocean_menu_social_links_bg":"","ocean_menu_social_hover_links_bg":"","ocean_menu_social_links_color":"","ocean_menu_social_hover_links_color":"","ocean_disable_title":"on","ocean_disable_heading":"default","ocean_post_title":"","ocean_post_subheading":"","ocean_post_title_style":"","ocean_post_title_background_color":"","ocean_post_title_background":0,"ocean_post_title_bg_image_position":"","ocean_post_title_bg_image_attachment":"","ocean_post_title_bg_image_repeat":"","ocean_post_title_bg_image_size":"","ocean_post_title_height":0,"ocean_post_title_bg_overlay":0.5,"ocean_post_title_bg_overlay_color":"","ocean_disable_breadcrumbs":"default","ocean_breadcrumbs_color":"","ocean_breadcrumbs_separator_color":"","ocean_breadcrumbs_links_color":"","ocean_breadcrumbs_links_hover_color":"","ocean_display_footer_widgets":"default","ocean_display_footer_bottom":"default","ocean_custom_footer_template":"0","footnotes":""},"class_list":["post-144","page","type-page","status-publish","hentry","entry"],"yoast_head":"<!-- This site is optimized with the Yoast SEO plugin v27.5 - https:\/\/yoast.com\/product\/yoast-seo-wordpress\/ -->\n<title>Forum Valencia - Identificaci\u00f3n y diagn\u00f3stico de las adicciones<\/title>\n<meta name=\"description\" content=\"En Forum Valencia creemos que un buen diagn\u00f3stico es clave para la correcta implementaci\u00f3n del tratamiento y recuperaci\u00f3n del paciente.\" \/>\n<meta name=\"robots\" content=\"index, follow, max-snippet:-1, max-image-preview:large, max-video-preview:-1\" \/>\n<link rel=\"canonical\" href=\"https:\/\/forummontau.com\/alicante\/identificacion-y-diagnostico\/\" \/>\n<meta property=\"og:locale\" content=\"es_ES\" \/>\n<meta property=\"og:type\" content=\"article\" \/>\n<meta property=\"og:title\" content=\"Forum Valencia - Identificaci\u00f3n y diagn\u00f3stico de las adicciones\" \/>\n<meta property=\"og:description\" content=\"En Forum Valencia creemos que un buen diagn\u00f3stico es clave para la correcta implementaci\u00f3n del tratamiento y recuperaci\u00f3n del paciente.\" \/>\n<meta property=\"og:url\" content=\"https:\/\/forummontau.com\/alicante\/identificacion-y-diagnostico\/\" \/>\n<meta property=\"og:site_name\" content=\"Forum Salud Mental Alicante\" \/>\n<meta property=\"article:modified_time\" content=\"2022-02-15T14:53:56+00:00\" \/>\n<meta name=\"twitter:card\" content=\"summary_large_image\" \/>\n<meta name=\"twitter:label1\" content=\"Tiempo de lectura\" \/>\n\t<meta name=\"twitter:data1\" content=\"1 minuto\" \/>\n<script type=\"application\/ld+json\" class=\"yoast-schema-graph\">{\"@context\":\"https:\\\/\\\/schema.org\",\"@graph\":[{\"@type\":\"WebPage\",\"@id\":\"https:\\\/\\\/forummontau.com\\\/alicante\\\/identificacion-y-diagnostico\\\/\",\"url\":\"https:\\\/\\\/forummontau.com\\\/alicante\\\/identificacion-y-diagnostico\\\/\",\"name\":\"Forum Valencia - Identificaci\u00f3n y diagn\u00f3stico de las adicciones\",\"isPartOf\":{\"@id\":\"https:\\\/\\\/forummontau.com\\\/alicante\\\/#website\"},\"datePublished\":\"2019-04-29T14:21:28+00:00\",\"dateModified\":\"2022-02-15T14:53:56+00:00\",\"description\":\"En Forum Valencia creemos que un buen diagn\u00f3stico es clave para la correcta implementaci\u00f3n del tratamiento y recuperaci\u00f3n del paciente.\",\"breadcrumb\":{\"@id\":\"https:\\\/\\\/forummontau.com\\\/alicante\\\/identificacion-y-diagnostico\\\/#breadcrumb\"},\"inLanguage\":\"es\",\"potentialAction\":[{\"@type\":\"ReadAction\",\"target\":[\"https:\\\/\\\/forummontau.com\\\/alicante\\\/identificacion-y-diagnostico\\\/\"]}]},{\"@type\":\"BreadcrumbList\",\"@id\":\"https:\\\/\\\/forummontau.com\\\/alicante\\\/identificacion-y-diagnostico\\\/#breadcrumb\",\"itemListElement\":[{\"@type\":\"ListItem\",\"position\":1,\"name\":\"Portada\",\"item\":\"https:\\\/\\\/forummontau.com\\\/alicante\\\/\"},{\"@type\":\"ListItem\",\"position\":2,\"name\":\"Identificaci\u00f3n y diagn\u00f3stico\"}]},{\"@type\":\"WebSite\",\"@id\":\"https:\\\/\\\/forummontau.com\\\/alicante\\\/#website\",\"url\":\"https:\\\/\\\/forummontau.com\\\/alicante\\\/\",\"name\":\"Forum Salud Mental Alicante\",\"description\":\"Centro desintoxicaci\u00f3n y adicciones en Alicante\",\"publisher\":{\"@id\":\"https:\\\/\\\/forummontau.com\\\/alicante\\\/#organization\"},\"potentialAction\":[{\"@type\":\"SearchAction\",\"target\":{\"@type\":\"EntryPoint\",\"urlTemplate\":\"https:\\\/\\\/forummontau.com\\\/alicante\\\/?s={search_term_string}\"},\"query-input\":{\"@type\":\"PropertyValueSpecification\",\"valueRequired\":true,\"valueName\":\"search_term_string\"}}],\"inLanguage\":\"es\"},{\"@type\":\"Organization\",\"@id\":\"https:\\\/\\\/forummontau.com\\\/alicante\\\/#organization\",\"name\":\"Forum Salud Mental Alicante\",\"url\":\"https:\\\/\\\/forummontau.com\\\/alicante\\\/\",\"logo\":{\"@type\":\"ImageObject\",\"inLanguage\":\"es\",\"@id\":\"https:\\\/\\\/forummontau.com\\\/alicante\\\/#\\\/schema\\\/logo\\\/image\\\/\",\"url\":\"https:\\\/\\\/forummontau.com\\\/alicante\\\/wp-content\\\/uploads\\\/sites\\\/8\\\/2020\\\/02\\\/forum_alicante_salud.png\",\"contentUrl\":\"https:\\\/\\\/forummontau.com\\\/alicante\\\/wp-content\\\/uploads\\\/sites\\\/8\\\/2020\\\/02\\\/forum_alicante_salud.png\",\"width\":215,\"height\":118,\"caption\":\"Forum Salud Mental Alicante\"},\"image\":{\"@id\":\"https:\\\/\\\/forummontau.com\\\/alicante\\\/#\\\/schema\\\/logo\\\/image\\\/\"}}]}<\/script>\n<!-- \/ Yoast SEO plugin. -->","yoast_head_json":{"title":"Forum Valencia - Identificaci\u00f3n y diagn\u00f3stico de las adicciones","description":"En Forum Valencia creemos que un buen diagn\u00f3stico es clave para la correcta implementaci\u00f3n del tratamiento y recuperaci\u00f3n del paciente.","robots":{"index":"index","follow":"follow","max-snippet":"max-snippet:-1","max-image-preview":"max-image-preview:large","max-video-preview":"max-video-preview:-1"},"canonical":"https:\/\/forummontau.com\/alicante\/identificacion-y-diagnostico\/","og_locale":"es_ES","og_type":"article","og_title":"Forum Valencia - Identificaci\u00f3n y diagn\u00f3stico de las adicciones","og_description":"En Forum Valencia creemos que un buen diagn\u00f3stico es clave para la correcta implementaci\u00f3n del tratamiento y recuperaci\u00f3n del paciente.","og_url":"https:\/\/forummontau.com\/alicante\/identificacion-y-diagnostico\/","og_site_name":"Forum Salud Mental Alicante","article_modified_time":"2022-02-15T14:53:56+00:00","twitter_card":"summary_large_image","twitter_misc":{"Tiempo de lectura":"1 minuto"},"schema":{"@context":"https:\/\/schema.org","@graph":[{"@type":"WebPage","@id":"https:\/\/forummontau.com\/alicante\/identificacion-y-diagnostico\/","url":"https:\/\/forummontau.com\/alicante\/identificacion-y-diagnostico\/","name":"Forum Valencia - Identificaci\u00f3n y diagn\u00f3stico de las adicciones","isPartOf":{"@id":"https:\/\/forummontau.com\/alicante\/#website"},"datePublished":"2019-04-29T14:21:28+00:00","dateModified":"2022-02-15T14:53:56+00:00","description":"En Forum Valencia creemos que un buen diagn\u00f3stico es clave para la correcta implementaci\u00f3n del tratamiento y recuperaci\u00f3n del paciente.","breadcrumb":{"@id":"https:\/\/forummontau.com\/alicante\/identificacion-y-diagnostico\/#breadcrumb"},"inLanguage":"es","potentialAction":[{"@type":"ReadAction","target":["https:\/\/forummontau.com\/alicante\/identificacion-y-diagnostico\/"]}]},{"@type":"BreadcrumbList","@id":"https:\/\/forummontau.com\/alicante\/identificacion-y-diagnostico\/#breadcrumb","itemListElement":[{"@type":"ListItem","position":1,"name":"Portada","item":"https:\/\/forummontau.com\/alicante\/"},{"@type":"ListItem","position":2,"name":"Identificaci\u00f3n y diagn\u00f3stico"}]},{"@type":"WebSite","@id":"https:\/\/forummontau.com\/alicante\/#website","url":"https:\/\/forummontau.com\/alicante\/","name":"Forum Salud Mental Alicante","description":"Centro desintoxicaci\u00f3n y adicciones en Alicante","publisher":{"@id":"https:\/\/forummontau.com\/alicante\/#organization"},"potentialAction":[{"@type":"SearchAction","target":{"@type":"EntryPoint","urlTemplate":"https:\/\/forummontau.com\/alicante\/?s={search_term_string}"},"query-input":{"@type":"PropertyValueSpecification","valueRequired":true,"valueName":"search_term_string"}}],"inLanguage":"es"},{"@type":"Organization","@id":"https:\/\/forummontau.com\/alicante\/#organization","name":"Forum Salud Mental Alicante","url":"https:\/\/forummontau.com\/alicante\/","logo":{"@type":"ImageObject","inLanguage":"es","@id":"https:\/\/forummontau.com\/alicante\/#\/schema\/logo\/image\/","url":"https:\/\/forummontau.com\/alicante\/wp-content\/uploads\/sites\/8\/2020\/02\/forum_alicante_salud.png","contentUrl":"https:\/\/forummontau.com\/alicante\/wp-content\/uploads\/sites\/8\/2020\/02\/forum_alicante_salud.png","width":215,"height":118,"caption":"Forum Salud Mental Alicante"},"image":{"@id":"https:\/\/forummontau.com\/alicante\/#\/schema\/logo\/image\/"}}]}},"_links":{"self":[{"href":"https:\/\/forummontau.com\/alicante\/wp-json\/wp\/v2\/pages\/144","targetHints":{"allow":["GET"]}}],"collection":[{"href":"https:\/\/forummontau.com\/alicante\/wp-json\/wp\/v2\/pages"}],"about":[{"href":"https:\/\/forummontau.com\/alicante\/wp-json\/wp\/v2\/types\/page"}],"author":[{"embeddable":true,"href":"https:\/\/forummontau.com\/alicante\/wp-json\/wp\/v2\/users\/2"}],"replies":[{"embeddable":true,"href":"https:\/\/forummontau.com\/alicante\/wp-json\/wp\/v2\/comments?post=144"}],"version-history":[{"count":4,"href":"https:\/\/forummontau.com\/alicante\/wp-json\/wp\/v2\/pages\/144\/revisions"}],"predecessor-version":[{"id":1180,"href":"https:\/\/forummontau.com\/alicante\/wp-json\/wp\/v2\/pages\/144\/revisions\/1180"}],"wp:attachment":[{"href":"https:\/\/forummontau.com\/alicante\/wp-json\/wp\/v2\/media?parent=144"}],"curies":[{"name":"wp","href":"https:\/\/api.w.org\/{rel}","templated":true}]}}