{"id":702,"date":"2020-06-15T10:51:25","date_gmt":"2020-06-15T10:51:25","guid":{"rendered":"https:\/\/www.adiccionesalicante.com\/?page_id=702"},"modified":"2023-06-14T12:56:39","modified_gmt":"2023-06-14T12:56:39","slug":"blog","status":"publish","type":"page","link":"https:\/\/forummontau.com\/alicante\/blog\/","title":{"rendered":"Blog"},"content":{"rendered":"\t\t<div data-elementor-type=\"wp-page\" data-elementor-id=\"702\" class=\"elementor elementor-702\" data-elementor-post-type=\"page\">\n\t\t\t\t\t\t<section class=\"elementor-section elementor-top-section elementor-element elementor-element-adbd7b1 elementor-section-boxed elementor-section-height-default elementor-section-height-default qodef-elementor-content-no\" data-id=\"adbd7b1\" data-element_type=\"section\" data-e-type=\"section\">\n\t\t\t\t\t\t<div class=\"elementor-container elementor-column-gap-default\">\n\t\t\t\t\t<div class=\"elementor-column elementor-col-100 elementor-top-column elementor-element elementor-element-229f702\" data-id=\"229f702\" data-element_type=\"column\" data-e-type=\"column\">\n\t\t\t<div class=\"elementor-widget-wrap elementor-element-populated\">\n\t\t\t\t\t\t<div class=\"elementor-element elementor-element-4ca3038 elementor-grid-3 elementor-grid-tablet-2 elementor-grid-mobile-1 elementor-posts--thumbnail-top elementor-widget elementor-widget-posts\" data-id=\"4ca3038\" data-element_type=\"widget\" data-e-type=\"widget\" data-settings=\"{&quot;pagination_type&quot;:&quot;prev_next&quot;,&quot;classic_columns&quot;:&quot;3&quot;,&quot;classic_columns_tablet&quot;:&quot;2&quot;,&quot;classic_columns_mobile&quot;:&quot;1&quot;,&quot;classic_row_gap&quot;:{&quot;unit&quot;:&quot;px&quot;,&quot;size&quot;:35,&quot;sizes&quot;:[]},&quot;classic_row_gap_tablet&quot;:{&quot;unit&quot;:&quot;px&quot;,&quot;size&quot;:&quot;&quot;,&quot;sizes&quot;:[]},&quot;classic_row_gap_mobile&quot;:{&quot;unit&quot;:&quot;px&quot;,&quot;size&quot;:&quot;&quot;,&quot;sizes&quot;:[]}}\" data-widget_type=\"posts.classic\">\n\t\t\t\t<div class=\"elementor-widget-container\">\n\t\t\t\t\t\t\t<div class=\"elementor-posts-container elementor-posts elementor-posts--skin-classic elementor-grid\" role=\"list\">\n\t\t\t\t<article class=\"elementor-post elementor-grid-item post-3905 post type-post status-publish format-standard has-post-thumbnail hentry category-adicciones category-tratamientos tag-forum-alicante entry has-media\" role=\"listitem\">\n\t\t\t\t<a class=\"elementor-post__thumbnail__link\" href=\"https:\/\/forummontau.com\/alicante\/centro-de-adicciones-en-alicante-tratamiento-profesional-y-personalizado\/\" tabindex=\"-1\" >\n\t\t\t<div class=\"elementor-post__thumbnail\"><img fetchpriority=\"high\" decoding=\"async\" width=\"300\" height=\"200\" src=\"https:\/\/forummontau.com\/alicante\/wp-content\/uploads\/sites\/8\/2026\/04\/tratamiento-adicciones-alicante-300x200.webp\" class=\"attachment-medium size-medium wp-image-3906\" alt=\"\" srcset=\"https:\/\/forummontau.com\/alicante\/wp-content\/uploads\/sites\/8\/2026\/04\/tratamiento-adicciones-alicante-300x200.webp 300w, https:\/\/forummontau.com\/alicante\/wp-content\/uploads\/sites\/8\/2026\/04\/tratamiento-adicciones-alicante-768x512.webp 768w, https:\/\/forummontau.com\/alicante\/wp-content\/uploads\/sites\/8\/2026\/04\/tratamiento-adicciones-alicante.webp 1000w\" sizes=\"(max-width: 300px) 100vw, 300px\" \/><\/div>\n\t\t<\/a>\n\t\t\t\t<div class=\"elementor-post__text\">\n\t\t\t\t<h3 class=\"elementor-post__title\">\n\t\t\t<a href=\"https:\/\/forummontau.com\/alicante\/centro-de-adicciones-en-alicante-tratamiento-profesional-y-personalizado\/\" >\n\t\t\t\tCentro de adicciones en Alicante: tratamiento profesional y personalizado\t\t\t<\/a>\n\t\t<\/h3>\n\t\t\t\t<div class=\"elementor-post__meta-data\">\n\t\t\t\t\t<span class=\"elementor-post-date\">\n\t\t\tabril 22, 2026\t\t<\/span>\n\t\t\t\t<span class=\"elementor-post-avatar\">\n\t\t\tNo hay comentarios\t\t<\/span>\n\t\t\t\t<\/div>\n\t\t\t\t<div class=\"elementor-post__excerpt\">\n\t\t\t<p>Dejar el consumo sin apoyo profesional no suele ofrecer resultados estables en el tiempo. Contar con un centro de adicciones en Alicante permite acceder a<\/p>\n\t\t<\/div>\n\t\t\n\t\t<a class=\"elementor-post__read-more\" href=\"https:\/\/forummontau.com\/alicante\/centro-de-adicciones-en-alicante-tratamiento-profesional-y-personalizado\/\" aria-label=\"M\u00e1s informaci\u00f3n sobre Centro de adicciones en Alicante: tratamiento profesional y personalizado\" tabindex=\"-1\" >\n\t\t\tLeer M\u00e1s &gt;&gt;\t\t<\/a>\n\n\t\t\t\t<\/div>\n\t\t\t\t<\/article>\n\t\t\t\t<article class=\"elementor-post elementor-grid-item post-741 post type-post status-publish format-standard has-post-thumbnail hentry category-adicciones category-cocaina category-drogas category-tratamientos entry has-media\" role=\"listitem\">\n\t\t\t\t<a class=\"elementor-post__thumbnail__link\" href=\"https:\/\/forummontau.com\/alicante\/dejar-la-cocaina-con-ayuda-profesional-la-opcion-mas-segura\/\" tabindex=\"-1\" >\n\t\t\t<div class=\"elementor-post__thumbnail\"><img decoding=\"async\" width=\"300\" height=\"160\" src=\"https:\/\/forummontau.com\/alicante\/wp-content\/uploads\/sites\/8\/2020\/09\/tratamientococaina-300x160.jpg\" class=\"attachment-medium size-medium wp-image-742\" alt=\"\" srcset=\"https:\/\/forummontau.com\/alicante\/wp-content\/uploads\/sites\/8\/2020\/09\/tratamientococaina-300x160.jpg 300w, https:\/\/forummontau.com\/alicante\/wp-content\/uploads\/sites\/8\/2020\/09\/tratamientococaina-320x171.jpg 320w, https:\/\/forummontau.com\/alicante\/wp-content\/uploads\/sites\/8\/2020\/09\/tratamientococaina-360x192.jpg 360w, https:\/\/forummontau.com\/alicante\/wp-content\/uploads\/sites\/8\/2020\/09\/tratamientococaina.jpg 512w\" sizes=\"(max-width: 300px) 100vw, 300px\" \/><\/div>\n\t\t<\/a>\n\t\t\t\t<div class=\"elementor-post__text\">\n\t\t\t\t<h3 class=\"elementor-post__title\">\n\t\t\t<a href=\"https:\/\/forummontau.com\/alicante\/dejar-la-cocaina-con-ayuda-profesional-la-opcion-mas-segura\/\" >\n\t\t\t\tDejar la coca\u00edna con ayuda profesional: la opci\u00f3n m\u00e1s segura.\t\t\t<\/a>\n\t\t<\/h3>\n\t\t\t\t<div class=\"elementor-post__meta-data\">\n\t\t\t\t\t<span class=\"elementor-post-date\">\n\t\t\tseptiembre 22, 2025\t\t<\/span>\n\t\t\t\t<span class=\"elementor-post-avatar\">\n\t\t\tNo hay comentarios\t\t<\/span>\n\t\t\t\t<\/div>\n\t\t\t\t<div class=\"elementor-post__excerpt\">\n\t\t\t<p>La coca\u00edna es una droga extremadamente adictiva por ello es muy dif\u00edcil dejarla sin ayuda. En Forum Valencia te daremos los recursos para superar esta adicci\u00f3n.<\/p>\n\t\t<\/div>\n\t\t\n\t\t<a class=\"elementor-post__read-more\" href=\"https:\/\/forummontau.com\/alicante\/dejar-la-cocaina-con-ayuda-profesional-la-opcion-mas-segura\/\" aria-label=\"M\u00e1s informaci\u00f3n sobre Dejar la coca\u00edna con ayuda profesional: la opci\u00f3n m\u00e1s segura.\" tabindex=\"-1\" >\n\t\t\tLeer M\u00e1s &gt;&gt;\t\t<\/a>\n\n\t\t\t\t<\/div>\n\t\t\t\t<\/article>\n\t\t\t\t<article class=\"elementor-post elementor-grid-item post-3486 post type-post status-publish format-standard has-post-thumbnail hentry category-adicciones category-salud-mental tag-forum-alicante entry has-media\" role=\"listitem\">\n\t\t\t\t<a class=\"elementor-post__thumbnail__link\" href=\"https:\/\/forummontau.com\/alicante\/adicciones-y-salud-mental-especialistas-en-patologia-dual-en-alicante\/\" tabindex=\"-1\" >\n\t\t\t<div class=\"elementor-post__thumbnail\"><img decoding=\"async\" width=\"300\" height=\"200\" src=\"https:\/\/forummontau.com\/alicante\/wp-content\/uploads\/sites\/8\/2025\/04\/patologia-dual-alicante-adiccion-y-trastorno-300x200.webp\" class=\"attachment-medium size-medium wp-image-3488\" alt=\"Patolog\u00eda dual Alicante\" srcset=\"https:\/\/forummontau.com\/alicante\/wp-content\/uploads\/sites\/8\/2025\/04\/patologia-dual-alicante-adiccion-y-trastorno-300x200.webp 300w, https:\/\/forummontau.com\/alicante\/wp-content\/uploads\/sites\/8\/2025\/04\/patologia-dual-alicante-adiccion-y-trastorno-768x512.webp 768w, https:\/\/forummontau.com\/alicante\/wp-content\/uploads\/sites\/8\/2025\/04\/patologia-dual-alicante-adiccion-y-trastorno.webp 1000w\" sizes=\"(max-width: 300px) 100vw, 300px\" \/><\/div>\n\t\t<\/a>\n\t\t\t\t<div class=\"elementor-post__text\">\n\t\t\t\t<h3 class=\"elementor-post__title\">\n\t\t\t<a href=\"https:\/\/forummontau.com\/alicante\/adicciones-y-salud-mental-especialistas-en-patologia-dual-en-alicante\/\" >\n\t\t\t\tAdicciones y salud mental: especialistas en patolog\u00eda dual en Alicante\t\t\t<\/a>\n\t\t<\/h3>\n\t\t\t\t<div class=\"elementor-post__meta-data\">\n\t\t\t\t\t<span class=\"elementor-post-date\">\n\t\t\tabril 7, 2025\t\t<\/span>\n\t\t\t\t<span class=\"elementor-post-avatar\">\n\t\t\tNo hay comentarios\t\t<\/span>\n\t\t\t\t<\/div>\n\t\t\t\t<div class=\"elementor-post__excerpt\">\n\t\t\t<p>Las adicciones y los trastornos de salud mental suelen ir de la mano, en una relaci\u00f3n bidireccional que puede complicar tanto el diagn\u00f3stico como el<\/p>\n\t\t<\/div>\n\t\t\n\t\t<a class=\"elementor-post__read-more\" href=\"https:\/\/forummontau.com\/alicante\/adicciones-y-salud-mental-especialistas-en-patologia-dual-en-alicante\/\" aria-label=\"M\u00e1s informaci\u00f3n sobre Adicciones y salud mental: especialistas en patolog\u00eda dual en Alicante\" tabindex=\"-1\" >\n\t\t\tLeer M\u00e1s &gt;&gt;\t\t<\/a>\n\n\t\t\t\t<\/div>\n\t\t\t\t<\/article>\n\t\t\t\t<article class=\"elementor-post elementor-grid-item post-3478 post type-post status-publish format-standard has-post-thumbnail hentry category-adicciones category-trauma tag-forum-alicante entry has-media\" role=\"listitem\">\n\t\t\t\t<a class=\"elementor-post__thumbnail__link\" href=\"https:\/\/forummontau.com\/alicante\/adicciones-y-trauma-el-vinculo-oculto-entre-el-pasado-y-el-desarrollo-de-una-adiccion\/\" tabindex=\"-1\" >\n\t\t\t<div class=\"elementor-post__thumbnail\"><img loading=\"lazy\" decoding=\"async\" width=\"300\" height=\"200\" src=\"https:\/\/forummontau.com\/alicante\/wp-content\/uploads\/sites\/8\/2025\/02\/trauma-y-adicciones-300x200.webp\" class=\"attachment-medium size-medium wp-image-3479\" alt=\"\" srcset=\"https:\/\/forummontau.com\/alicante\/wp-content\/uploads\/sites\/8\/2025\/02\/trauma-y-adicciones-300x200.webp 300w, https:\/\/forummontau.com\/alicante\/wp-content\/uploads\/sites\/8\/2025\/02\/trauma-y-adicciones-768x512.webp 768w, https:\/\/forummontau.com\/alicante\/wp-content\/uploads\/sites\/8\/2025\/02\/trauma-y-adicciones.webp 1000w\" sizes=\"(max-width: 300px) 100vw, 300px\" \/><\/div>\n\t\t<\/a>\n\t\t\t\t<div class=\"elementor-post__text\">\n\t\t\t\t<h3 class=\"elementor-post__title\">\n\t\t\t<a href=\"https:\/\/forummontau.com\/alicante\/adicciones-y-trauma-el-vinculo-oculto-entre-el-pasado-y-el-desarrollo-de-una-adiccion\/\" >\n\t\t\t\tAdicciones y trauma: El v\u00ednculo oculto entre el pasado y el desarrollo de una adicci\u00f3n\t\t\t<\/a>\n\t\t<\/h3>\n\t\t\t\t<div class=\"elementor-post__meta-data\">\n\t\t\t\t\t<span class=\"elementor-post-date\">\n\t\t\tfebrero 10, 2025\t\t<\/span>\n\t\t\t\t<span class=\"elementor-post-avatar\">\n\t\t\tNo hay comentarios\t\t<\/span>\n\t\t\t\t<\/div>\n\t\t\t\t<div class=\"elementor-post__excerpt\">\n\t\t\t<p>El consumo de sustancias y las conductas adictivas rara vez ocurren en el vac\u00edo. En muchos casos, la adicci\u00f3n es la manifestaci\u00f3n visible de heridas<\/p>\n\t\t<\/div>\n\t\t\n\t\t<a class=\"elementor-post__read-more\" href=\"https:\/\/forummontau.com\/alicante\/adicciones-y-trauma-el-vinculo-oculto-entre-el-pasado-y-el-desarrollo-de-una-adiccion\/\" aria-label=\"M\u00e1s informaci\u00f3n sobre Adicciones y trauma: El v\u00ednculo oculto entre el pasado y el desarrollo de una adicci\u00f3n\" tabindex=\"-1\" >\n\t\t\tLeer M\u00e1s &gt;&gt;\t\t<\/a>\n\n\t\t\t\t<\/div>\n\t\t\t\t<\/article>\n\t\t\t\t<article class=\"elementor-post elementor-grid-item post-3459 post type-post status-publish format-standard has-post-thumbnail hentry category-adicciones category-alcohol tag-forum-alicante entry has-media\" role=\"listitem\">\n\t\t\t\t<a class=\"elementor-post__thumbnail__link\" href=\"https:\/\/forummontau.com\/alicante\/como-puedo-ayudar-a-un-familiar-con-alcoholismo-en-alicante\/\" tabindex=\"-1\" >\n\t\t\t<div class=\"elementor-post__thumbnail\"><img loading=\"lazy\" decoding=\"async\" width=\"300\" height=\"200\" src=\"https:\/\/forummontau.com\/alicante\/wp-content\/uploads\/sites\/8\/2024\/11\/ayudar-a-un-familiar-con-adiccion-300x200.webp\" class=\"attachment-medium size-medium wp-image-3482\" alt=\"\" srcset=\"https:\/\/forummontau.com\/alicante\/wp-content\/uploads\/sites\/8\/2024\/11\/ayudar-a-un-familiar-con-adiccion-300x200.webp 300w, https:\/\/forummontau.com\/alicante\/wp-content\/uploads\/sites\/8\/2024\/11\/ayudar-a-un-familiar-con-adiccion-768x512.webp 768w, https:\/\/forummontau.com\/alicante\/wp-content\/uploads\/sites\/8\/2024\/11\/ayudar-a-un-familiar-con-adiccion.webp 1000w\" sizes=\"(max-width: 300px) 100vw, 300px\" \/><\/div>\n\t\t<\/a>\n\t\t\t\t<div class=\"elementor-post__text\">\n\t\t\t\t<h3 class=\"elementor-post__title\">\n\t\t\t<a href=\"https:\/\/forummontau.com\/alicante\/como-puedo-ayudar-a-un-familiar-con-alcoholismo-en-alicante\/\" >\n\t\t\t\tC\u00f3mo puedo ayudar a un familiar con alcoholismo en Alicante\t\t\t<\/a>\n\t\t<\/h3>\n\t\t\t\t<div class=\"elementor-post__meta-data\">\n\t\t\t\t\t<span class=\"elementor-post-date\">\n\t\t\tnoviembre 14, 2024\t\t<\/span>\n\t\t\t\t<span class=\"elementor-post-avatar\">\n\t\t\tNo hay comentarios\t\t<\/span>\n\t\t\t\t<\/div>\n\t\t\t\t<div class=\"elementor-post__excerpt\">\n\t\t\t<p>El alcoholismo es una enfermedad que afecta tanto a quien la padece como a su entorno cercano. Este art\u00edculo tiene como objetivo ofrecer una gu\u00eda<\/p>\n\t\t<\/div>\n\t\t\n\t\t<a class=\"elementor-post__read-more\" href=\"https:\/\/forummontau.com\/alicante\/como-puedo-ayudar-a-un-familiar-con-alcoholismo-en-alicante\/\" aria-label=\"M\u00e1s informaci\u00f3n sobre C\u00f3mo puedo ayudar a un familiar con alcoholismo en Alicante\" tabindex=\"-1\" >\n\t\t\tLeer M\u00e1s &gt;&gt;\t\t<\/a>\n\n\t\t\t\t<\/div>\n\t\t\t\t<\/article>\n\t\t\t\t<article class=\"elementor-post elementor-grid-item post-3456 post type-post status-publish format-standard has-post-thumbnail hentry category-adicciones category-centro-de-desintoxicacion category-tratamiento-rehabilitacion-drogas tag-forum-alicante entry has-media\" role=\"listitem\">\n\t\t\t\t<a class=\"elementor-post__thumbnail__link\" href=\"https:\/\/forummontau.com\/alicante\/como-elegir-el-centro-de-desintoxicacion-adecuado-en-alicante\/\" tabindex=\"-1\" >\n\t\t\t<div class=\"elementor-post__thumbnail\"><img loading=\"lazy\" decoding=\"async\" width=\"300\" height=\"200\" src=\"https:\/\/forummontau.com\/alicante\/wp-content\/uploads\/sites\/8\/2024\/10\/centro-desintoxcacion-alicante-300x200.webp\" class=\"attachment-medium size-medium wp-image-3457\" alt=\"\" srcset=\"https:\/\/forummontau.com\/alicante\/wp-content\/uploads\/sites\/8\/2024\/10\/centro-desintoxcacion-alicante-300x200.webp 300w, https:\/\/forummontau.com\/alicante\/wp-content\/uploads\/sites\/8\/2024\/10\/centro-desintoxcacion-alicante-768x512.webp 768w, https:\/\/forummontau.com\/alicante\/wp-content\/uploads\/sites\/8\/2024\/10\/centro-desintoxcacion-alicante.webp 1001w\" sizes=\"(max-width: 300px) 100vw, 300px\" \/><\/div>\n\t\t<\/a>\n\t\t\t\t<div class=\"elementor-post__text\">\n\t\t\t\t<h3 class=\"elementor-post__title\">\n\t\t\t<a href=\"https:\/\/forummontau.com\/alicante\/como-elegir-el-centro-de-desintoxicacion-adecuado-en-alicante\/\" >\n\t\t\t\tC\u00f3mo elegir el centro de desintoxicaci\u00f3n adecuado en Alicante\t\t\t<\/a>\n\t\t<\/h3>\n\t\t\t\t<div class=\"elementor-post__meta-data\">\n\t\t\t\t\t<span class=\"elementor-post-date\">\n\t\t\toctubre 16, 2024\t\t<\/span>\n\t\t\t\t<span class=\"elementor-post-avatar\">\n\t\t\tNo hay comentarios\t\t<\/span>\n\t\t\t\t<\/div>\n\t\t\t\t<div class=\"elementor-post__excerpt\">\n\t\t\t<p>La elecci\u00f3n de un centro de desintoxicaci\u00f3n adecuado es un paso crucial en el camino hacia la recuperaci\u00f3n. En Alicante, existen varias opciones, por lo<\/p>\n\t\t<\/div>\n\t\t\n\t\t<a class=\"elementor-post__read-more\" href=\"https:\/\/forummontau.com\/alicante\/como-elegir-el-centro-de-desintoxicacion-adecuado-en-alicante\/\" aria-label=\"M\u00e1s informaci\u00f3n sobre C\u00f3mo elegir el centro de desintoxicaci\u00f3n adecuado en Alicante\" tabindex=\"-1\" >\n\t\t\tLeer M\u00e1s &gt;&gt;\t\t<\/a>\n\n\t\t\t\t<\/div>\n\t\t\t\t<\/article>\n\t\t\t\t<article class=\"elementor-post elementor-grid-item post-3453 post type-post status-publish format-standard has-post-thumbnail hentry category-adicciones-comportamentales tag-forum-alicante entry has-media\" role=\"listitem\">\n\t\t\t\t<a class=\"elementor-post__thumbnail__link\" href=\"https:\/\/forummontau.com\/alicante\/las-5-adicciones-mas-comunes-en-la-era-digital\/\" tabindex=\"-1\" >\n\t\t\t<div class=\"elementor-post__thumbnail\"><img loading=\"lazy\" decoding=\"async\" width=\"300\" height=\"200\" src=\"https:\/\/forummontau.com\/alicante\/wp-content\/uploads\/sites\/8\/2024\/09\/adicciones-digitales-300x200.webp\" class=\"attachment-medium size-medium wp-image-3454\" alt=\"\" srcset=\"https:\/\/forummontau.com\/alicante\/wp-content\/uploads\/sites\/8\/2024\/09\/adicciones-digitales-300x200.webp 300w, https:\/\/forummontau.com\/alicante\/wp-content\/uploads\/sites\/8\/2024\/09\/adicciones-digitales-768x512.webp 768w, https:\/\/forummontau.com\/alicante\/wp-content\/uploads\/sites\/8\/2024\/09\/adicciones-digitales.webp 1000w\" sizes=\"(max-width: 300px) 100vw, 300px\" \/><\/div>\n\t\t<\/a>\n\t\t\t\t<div class=\"elementor-post__text\">\n\t\t\t\t<h3 class=\"elementor-post__title\">\n\t\t\t<a href=\"https:\/\/forummontau.com\/alicante\/las-5-adicciones-mas-comunes-en-la-era-digital\/\" >\n\t\t\t\tLas 5 adicciones m\u00e1s comunes en la era digital\t\t\t<\/a>\n\t\t<\/h3>\n\t\t\t\t<div class=\"elementor-post__meta-data\">\n\t\t\t\t\t<span class=\"elementor-post-date\">\n\t\t\tseptiembre 17, 2024\t\t<\/span>\n\t\t\t\t<span class=\"elementor-post-avatar\">\n\t\t\tNo hay comentarios\t\t<\/span>\n\t\t\t\t<\/div>\n\t\t\t\t<div class=\"elementor-post__excerpt\">\n\t\t\t<p>En la era digital, el acceso constante a la tecnolog\u00eda ha transformado nuestras vidas, ofreci\u00e9ndonos innumerables beneficios, pero tambi\u00e9n riesgos que no siempre son evidentes.<\/p>\n\t\t<\/div>\n\t\t\n\t\t<a class=\"elementor-post__read-more\" href=\"https:\/\/forummontau.com\/alicante\/las-5-adicciones-mas-comunes-en-la-era-digital\/\" aria-label=\"M\u00e1s informaci\u00f3n sobre Las 5 adicciones m\u00e1s comunes en la era digital\" tabindex=\"-1\" >\n\t\t\tLeer M\u00e1s &gt;&gt;\t\t<\/a>\n\n\t\t\t\t<\/div>\n\t\t\t\t<\/article>\n\t\t\t\t<article class=\"elementor-post elementor-grid-item post-3449 post type-post status-publish format-standard has-post-thumbnail hentry category-adicciones category-tca category-trastorno-de-la-conducta-alimentaria category-trastorno-por-consumo-de-sustancias tag-forum-alicante entry has-media\" role=\"listitem\">\n\t\t\t\t<a class=\"elementor-post__thumbnail__link\" href=\"https:\/\/forummontau.com\/alicante\/trastornos-alimentarios-y-adicciones-una-realidad-frecuente-y-compleja\/\" tabindex=\"-1\" >\n\t\t\t<div class=\"elementor-post__thumbnail\"><img loading=\"lazy\" decoding=\"async\" width=\"300\" height=\"200\" src=\"https:\/\/forummontau.com\/alicante\/wp-content\/uploads\/sites\/8\/2024\/07\/tca-y-adicciones-300x200.webp\" class=\"attachment-medium size-medium wp-image-3450\" alt=\"\" srcset=\"https:\/\/forummontau.com\/alicante\/wp-content\/uploads\/sites\/8\/2024\/07\/tca-y-adicciones-300x200.webp 300w, https:\/\/forummontau.com\/alicante\/wp-content\/uploads\/sites\/8\/2024\/07\/tca-y-adicciones-768x512.webp 768w, https:\/\/forummontau.com\/alicante\/wp-content\/uploads\/sites\/8\/2024\/07\/tca-y-adicciones.webp 1001w\" sizes=\"(max-width: 300px) 100vw, 300px\" \/><\/div>\n\t\t<\/a>\n\t\t\t\t<div class=\"elementor-post__text\">\n\t\t\t\t<h3 class=\"elementor-post__title\">\n\t\t\t<a href=\"https:\/\/forummontau.com\/alicante\/trastornos-alimentarios-y-adicciones-una-realidad-frecuente-y-compleja\/\" >\n\t\t\t\tTrastornos alimentarios y adicciones: Una realidad frecuente y compleja\t\t\t<\/a>\n\t\t<\/h3>\n\t\t\t\t<div class=\"elementor-post__meta-data\">\n\t\t\t\t\t<span class=\"elementor-post-date\">\n\t\t\tjulio 10, 2024\t\t<\/span>\n\t\t\t\t<span class=\"elementor-post-avatar\">\n\t\t\tNo hay comentarios\t\t<\/span>\n\t\t\t\t<\/div>\n\t\t\t\t<div class=\"elementor-post__excerpt\">\n\t\t\t<p>La coexistencia de trastornos de la conducta alimentaria (TCA) y trastornos por uso de sustancias (TUS) es una realidad frecuente que complica significativamente el tratamiento<\/p>\n\t\t<\/div>\n\t\t\n\t\t<a class=\"elementor-post__read-more\" href=\"https:\/\/forummontau.com\/alicante\/trastornos-alimentarios-y-adicciones-una-realidad-frecuente-y-compleja\/\" aria-label=\"M\u00e1s informaci\u00f3n sobre Trastornos alimentarios y adicciones: Una realidad frecuente y compleja\" tabindex=\"-1\" >\n\t\t\tLeer M\u00e1s &gt;&gt;\t\t<\/a>\n\n\t\t\t\t<\/div>\n\t\t\t\t<\/article>\n\t\t\t\t<article class=\"elementor-post elementor-grid-item post-3443 post type-post status-publish format-standard has-post-thumbnail hentry category-adicciones category-basuco category-cocaina category-cocaina-en-base category-crack tag-forum-alicante entry has-media\" role=\"listitem\">\n\t\t\t\t<a class=\"elementor-post__thumbnail__link\" href=\"https:\/\/forummontau.com\/alicante\/tipos-de-cocaina-y-sus-impactos-en-la-salud\/\" tabindex=\"-1\" >\n\t\t\t<div class=\"elementor-post__thumbnail\"><img loading=\"lazy\" decoding=\"async\" width=\"300\" height=\"200\" src=\"https:\/\/forummontau.com\/alicante\/wp-content\/uploads\/sites\/8\/2024\/06\/tipos-de-cocaina-y-forma-de-consumo-300x200.webp\" class=\"attachment-medium size-medium wp-image-3444\" alt=\"\" srcset=\"https:\/\/forummontau.com\/alicante\/wp-content\/uploads\/sites\/8\/2024\/06\/tipos-de-cocaina-y-forma-de-consumo-300x200.webp 300w, https:\/\/forummontau.com\/alicante\/wp-content\/uploads\/sites\/8\/2024\/06\/tipos-de-cocaina-y-forma-de-consumo.webp 600w\" sizes=\"(max-width: 300px) 100vw, 300px\" \/><\/div>\n\t\t<\/a>\n\t\t\t\t<div class=\"elementor-post__text\">\n\t\t\t\t<h3 class=\"elementor-post__title\">\n\t\t\t<a href=\"https:\/\/forummontau.com\/alicante\/tipos-de-cocaina-y-sus-impactos-en-la-salud\/\" >\n\t\t\t\tTipos de coca\u00edna y sus impactos en la salud\t\t\t<\/a>\n\t\t<\/h3>\n\t\t\t\t<div class=\"elementor-post__meta-data\">\n\t\t\t\t\t<span class=\"elementor-post-date\">\n\t\t\tjunio 12, 2024\t\t<\/span>\n\t\t\t\t<span class=\"elementor-post-avatar\">\n\t\t\tNo hay comentarios\t\t<\/span>\n\t\t\t\t<\/div>\n\t\t\t\t<div class=\"elementor-post__excerpt\">\n\t\t\t<p>La coca\u00edna es una de las drogas ilegales m\u00e1s conocidas y ampliamente consumidas en todo el mundo. Derivada de las hojas de la planta de<\/p>\n\t\t<\/div>\n\t\t\n\t\t<a class=\"elementor-post__read-more\" href=\"https:\/\/forummontau.com\/alicante\/tipos-de-cocaina-y-sus-impactos-en-la-salud\/\" aria-label=\"M\u00e1s informaci\u00f3n sobre Tipos de coca\u00edna y sus impactos en la salud\" tabindex=\"-1\" >\n\t\t\tLeer M\u00e1s &gt;&gt;\t\t<\/a>\n\n\t\t\t\t<\/div>\n\t\t\t\t<\/article>\n\t\t\t\t<\/div>\n\t\t\n\t\t\t\t<div class=\"e-load-more-anchor\" data-page=\"1\" data-max-page=\"6\" data-next-page=\"https:\/\/forummontau.com\/alicante\/wp-json\/wp\/v2\/pages\/702\/page\/2\/\"><\/div>\n\t\t\t\t<nav class=\"elementor-pagination\" aria-label=\"Paginaci\u00f3n\">\n\t\t\t<span class=\"page-numbers prev\">&laquo; Atr\u00e1s<\/span>\n<a class=\"page-numbers next\" href=\"https:\/\/forummontau.com\/alicante\/wp-json\/wp\/v2\/pages\/702\/page\/2\/\">Siguiente &raquo;<\/a>\t\t<\/nav>\n\t\t\t\t\t\t<\/div>\n\t\t\t\t<\/div>\n\t\t\t\t\t<\/div>\n\t\t<\/div>\n\t\t\t\t\t<\/div>\n\t\t<\/section>\n\t\t\t\t<\/div>\n\t\t","protected":false},"excerpt":{"rendered":"","protected":false},"author":2,"featured_media":0,"parent":0,"menu_order":0,"comment_status":"closed","ping_status":"closed","template":"","meta":{"ocean_post_layout":"full-screen","ocean_both_sidebars_style":"","ocean_both_sidebars_content_width":0,"ocean_both_sidebars_sidebars_width":0,"ocean_sidebar":"0","ocean_second_sidebar":"0","ocean_disable_margins":"enable","ocean_add_body_class":"","ocean_shortcode_before_top_bar":"","ocean_shortcode_after_top_bar":"","ocean_shortcode_before_header":"","ocean_shortcode_after_header":"","ocean_has_shortcode":"","ocean_shortcode_after_title":"","ocean_shortcode_before_footer_widgets":"","ocean_shortcode_after_footer_widgets":"","ocean_shortcode_before_footer_bottom":"","ocean_shortcode_after_footer_bottom":"","ocean_display_top_bar":"default","ocean_display_header":"default","ocean_header_style":"","ocean_center_header_left_menu":"0","ocean_custom_header_template":"0","ocean_custom_logo":0,"ocean_custom_retina_logo":0,"ocean_custom_logo_max_width":0,"ocean_custom_logo_tablet_max_width":0,"ocean_custom_logo_mobile_max_width":0,"ocean_custom_logo_max_height":0,"ocean_custom_logo_tablet_max_height":0,"ocean_custom_logo_mobile_max_height":0,"ocean_header_custom_menu":"0","ocean_menu_typo_font_family":"0","ocean_menu_typo_font_subset":"","ocean_menu_typo_font_size":0,"ocean_menu_typo_font_size_tablet":0,"ocean_menu_typo_font_size_mobile":0,"ocean_menu_typo_font_size_unit":"px","ocean_menu_typo_font_weight":"","ocean_menu_typo_font_weight_tablet":"","ocean_menu_typo_font_weight_mobile":"","ocean_menu_typo_transform":"","ocean_menu_typo_transform_tablet":"","ocean_menu_typo_transform_mobile":"","ocean_menu_typo_line_height":0,"ocean_menu_typo_line_height_tablet":0,"ocean_menu_typo_line_height_mobile":0,"ocean_menu_typo_line_height_unit":"","ocean_menu_typo_spacing":0,"ocean_menu_typo_spacing_tablet":0,"ocean_menu_typo_spacing_mobile":0,"ocean_menu_typo_spacing_unit":"","ocean_menu_link_color":"","ocean_menu_link_color_hover":"","ocean_menu_link_color_active":"","ocean_menu_link_background":"","ocean_menu_link_hover_background":"","ocean_menu_link_active_background":"","ocean_menu_social_links_bg":"","ocean_menu_social_hover_links_bg":"","ocean_menu_social_links_color":"","ocean_menu_social_hover_links_color":"","ocean_disable_title":"on","ocean_disable_heading":"default","ocean_post_title":"","ocean_post_subheading":"","ocean_post_title_style":"","ocean_post_title_background_color":"","ocean_post_title_background":0,"ocean_post_title_bg_image_position":"","ocean_post_title_bg_image_attachment":"","ocean_post_title_bg_image_repeat":"","ocean_post_title_bg_image_size":"","ocean_post_title_height":0,"ocean_post_title_bg_overlay":0.5,"ocean_post_title_bg_overlay_color":"","ocean_disable_breadcrumbs":"default","ocean_breadcrumbs_color":"","ocean_breadcrumbs_separator_color":"","ocean_breadcrumbs_links_color":"","ocean_breadcrumbs_links_hover_color":"","ocean_display_footer_widgets":"default","ocean_display_footer_bottom":"default","ocean_custom_footer_template":"0","footnotes":""},"class_list":["post-702","page","type-page","status-publish","hentry","entry","has-media"],"yoast_head":"<!-- This site is optimized with the Yoast SEO plugin v27.5 - https:\/\/yoast.com\/product\/yoast-seo-wordpress\/ -->\n<title>Blog - Forum Salud Mental Alicante<\/title>\n<meta name=\"robots\" content=\"index, follow, max-snippet:-1, max-image-preview:large, max-video-preview:-1\" \/>\n<link rel=\"canonical\" href=\"https:\/\/forummontau.com\/alicante\/blog\/\" \/>\n<meta property=\"og:locale\" content=\"es_ES\" \/>\n<meta property=\"og:type\" content=\"article\" \/>\n<meta property=\"og:title\" content=\"Blog - Forum Salud Mental Alicante\" \/>\n<meta property=\"og:url\" content=\"https:\/\/forummontau.com\/alicante\/blog\/\" \/>\n<meta property=\"og:site_name\" content=\"Forum Salud Mental Alicante\" \/>\n<meta property=\"article:modified_time\" content=\"2023-06-14T12:56:39+00:00\" \/>\n<meta name=\"twitter:card\" content=\"summary_large_image\" \/>\n<script type=\"application\/ld+json\" class=\"yoast-schema-graph\">{\"@context\":\"https:\\\/\\\/schema.org\",\"@graph\":[{\"@type\":\"WebPage\",\"@id\":\"https:\\\/\\\/forummontau.com\\\/alicante\\\/blog\\\/\",\"url\":\"https:\\\/\\\/forummontau.com\\\/alicante\\\/blog\\\/\",\"name\":\"Blog - Forum Salud Mental Alicante\",\"isPartOf\":{\"@id\":\"https:\\\/\\\/forummontau.com\\\/alicante\\\/#website\"},\"datePublished\":\"2020-06-15T10:51:25+00:00\",\"dateModified\":\"2023-06-14T12:56:39+00:00\",\"breadcrumb\":{\"@id\":\"https:\\\/\\\/forummontau.com\\\/alicante\\\/blog\\\/#breadcrumb\"},\"inLanguage\":\"es\",\"potentialAction\":[{\"@type\":\"ReadAction\",\"target\":[\"https:\\\/\\\/forummontau.com\\\/alicante\\\/blog\\\/\"]}]},{\"@type\":\"BreadcrumbList\",\"@id\":\"https:\\\/\\\/forummontau.com\\\/alicante\\\/blog\\\/#breadcrumb\",\"itemListElement\":[{\"@type\":\"ListItem\",\"position\":1,\"name\":\"Portada\",\"item\":\"https:\\\/\\\/forummontau.com\\\/alicante\\\/\"},{\"@type\":\"ListItem\",\"position\":2,\"name\":\"Blog\"}]},{\"@type\":\"WebSite\",\"@id\":\"https:\\\/\\\/forummontau.com\\\/alicante\\\/#website\",\"url\":\"https:\\\/\\\/forummontau.com\\\/alicante\\\/\",\"name\":\"Forum Salud Mental Alicante\",\"description\":\"Centro desintoxicaci\u00f3n y adicciones en Alicante\",\"publisher\":{\"@id\":\"https:\\\/\\\/forummontau.com\\\/alicante\\\/#organization\"},\"potentialAction\":[{\"@type\":\"SearchAction\",\"target\":{\"@type\":\"EntryPoint\",\"urlTemplate\":\"https:\\\/\\\/forummontau.com\\\/alicante\\\/?s={search_term_string}\"},\"query-input\":{\"@type\":\"PropertyValueSpecification\",\"valueRequired\":true,\"valueName\":\"search_term_string\"}}],\"inLanguage\":\"es\"},{\"@type\":\"Organization\",\"@id\":\"https:\\\/\\\/forummontau.com\\\/alicante\\\/#organization\",\"name\":\"Forum Salud Mental Alicante\",\"url\":\"https:\\\/\\\/forummontau.com\\\/alicante\\\/\",\"logo\":{\"@type\":\"ImageObject\",\"inLanguage\":\"es\",\"@id\":\"https:\\\/\\\/forummontau.com\\\/alicante\\\/#\\\/schema\\\/logo\\\/image\\\/\",\"url\":\"https:\\\/\\\/forummontau.com\\\/alicante\\\/wp-content\\\/uploads\\\/sites\\\/8\\\/2020\\\/02\\\/forum_alicante_salud.png\",\"contentUrl\":\"https:\\\/\\\/forummontau.com\\\/alicante\\\/wp-content\\\/uploads\\\/sites\\\/8\\\/2020\\\/02\\\/forum_alicante_salud.png\",\"width\":215,\"height\":118,\"caption\":\"Forum Salud Mental Alicante\"},\"image\":{\"@id\":\"https:\\\/\\\/forummontau.com\\\/alicante\\\/#\\\/schema\\\/logo\\\/image\\\/\"}}]}<\/script>\n<!-- \/ Yoast SEO plugin. -->","yoast_head_json":{"title":"Blog - Forum Salud Mental Alicante","robots":{"index":"index","follow":"follow","max-snippet":"max-snippet:-1","max-image-preview":"max-image-preview:large","max-video-preview":"max-video-preview:-1"},"canonical":"https:\/\/forummontau.com\/alicante\/blog\/","og_locale":"es_ES","og_type":"article","og_title":"Blog - Forum Salud Mental Alicante","og_url":"https:\/\/forummontau.com\/alicante\/blog\/","og_site_name":"Forum Salud Mental Alicante","article_modified_time":"2023-06-14T12:56:39+00:00","twitter_card":"summary_large_image","schema":{"@context":"https:\/\/schema.org","@graph":[{"@type":"WebPage","@id":"https:\/\/forummontau.com\/alicante\/blog\/","url":"https:\/\/forummontau.com\/alicante\/blog\/","name":"Blog - Forum Salud Mental Alicante","isPartOf":{"@id":"https:\/\/forummontau.com\/alicante\/#website"},"datePublished":"2020-06-15T10:51:25+00:00","dateModified":"2023-06-14T12:56:39+00:00","breadcrumb":{"@id":"https:\/\/forummontau.com\/alicante\/blog\/#breadcrumb"},"inLanguage":"es","potentialAction":[{"@type":"ReadAction","target":["https:\/\/forummontau.com\/alicante\/blog\/"]}]},{"@type":"BreadcrumbList","@id":"https:\/\/forummontau.com\/alicante\/blog\/#breadcrumb","itemListElement":[{"@type":"ListItem","position":1,"name":"Portada","item":"https:\/\/forummontau.com\/alicante\/"},{"@type":"ListItem","position":2,"name":"Blog"}]},{"@type":"WebSite","@id":"https:\/\/forummontau.com\/alicante\/#website","url":"https:\/\/forummontau.com\/alicante\/","name":"Forum Salud Mental Alicante","description":"Centro desintoxicaci\u00f3n y adicciones en Alicante","publisher":{"@id":"https:\/\/forummontau.com\/alicante\/#organization"},"potentialAction":[{"@type":"SearchAction","target":{"@type":"EntryPoint","urlTemplate":"https:\/\/forummontau.com\/alicante\/?s={search_term_string}"},"query-input":{"@type":"PropertyValueSpecification","valueRequired":true,"valueName":"search_term_string"}}],"inLanguage":"es"},{"@type":"Organization","@id":"https:\/\/forummontau.com\/alicante\/#organization","name":"Forum Salud Mental Alicante","url":"https:\/\/forummontau.com\/alicante\/","logo":{"@type":"ImageObject","inLanguage":"es","@id":"https:\/\/forummontau.com\/alicante\/#\/schema\/logo\/image\/","url":"https:\/\/forummontau.com\/alicante\/wp-content\/uploads\/sites\/8\/2020\/02\/forum_alicante_salud.png","contentUrl":"https:\/\/forummontau.com\/alicante\/wp-content\/uploads\/sites\/8\/2020\/02\/forum_alicante_salud.png","width":215,"height":118,"caption":"Forum Salud Mental Alicante"},"image":{"@id":"https:\/\/forummontau.com\/alicante\/#\/schema\/logo\/image\/"}}]}},"_links":{"self":[{"href":"https:\/\/forummontau.com\/alicante\/wp-json\/wp\/v2\/pages\/702","targetHints":{"allow":["GET"]}}],"collection":[{"href":"https:\/\/forummontau.com\/alicante\/wp-json\/wp\/v2\/pages"}],"about":[{"href":"https:\/\/forummontau.com\/alicante\/wp-json\/wp\/v2\/types\/page"}],"author":[{"embeddable":true,"href":"https:\/\/forummontau.com\/alicante\/wp-json\/wp\/v2\/users\/2"}],"replies":[{"embeddable":true,"href":"https:\/\/forummontau.com\/alicante\/wp-json\/wp\/v2\/comments?post=702"}],"version-history":[{"count":18,"href":"https:\/\/forummontau.com\/alicante\/wp-json\/wp\/v2\/pages\/702\/revisions"}],"predecessor-version":[{"id":2573,"href":"https:\/\/forummontau.com\/alicante\/wp-json\/wp\/v2\/pages\/702\/revisions\/2573"}],"wp:attachment":[{"href":"https:\/\/forummontau.com\/alicante\/wp-json\/wp\/v2\/media?parent=702"}],"curies":[{"name":"wp","href":"https:\/\/api.w.org\/{rel}","templated":true}]}}