{"version":"1.0","provider_name":"Forum Salud Mental Asturias","provider_url":"https:\/\/forummontau.com\/asturias","author_name":"Forum Salud Mental Asturias","author_url":"https:\/\/forummontau.com\/asturias\/author\/forum-salud-mental-asturias-5\/","title":"\u00bfPor qu\u00e9 se producen p\u00e9rdidas de memoria al consumir alcohol? - Forum Salud Mental Asturias","type":"rich","width":600,"height":338,"html":"<blockquote class=\"wp-embedded-content\" data-secret=\"uHSyOuCD43\"><a href=\"https:\/\/forummontau.com\/asturias\/se-producen-perdidas-memoria-al-consumir-alcohol\/\">\u00bfPor qu\u00e9 se producen p\u00e9rdidas de memoria al consumir alcohol?<\/a><\/blockquote><iframe sandbox=\"allow-scripts\" security=\"restricted\" src=\"https:\/\/forummontau.com\/asturias\/se-producen-perdidas-memoria-al-consumir-alcohol\/embed\/#?secret=uHSyOuCD43\" width=\"600\" height=\"338\" title=\"\u00ab\u00bfPor qu\u00e9 se producen p\u00e9rdidas de memoria al consumir alcohol?\u00bb \u2014 Forum Salud Mental Asturias\" data-secret=\"uHSyOuCD43\" frameborder=\"0\" marginwidth=\"0\" marginheight=\"0\" scrolling=\"no\" class=\"wp-embedded-content\"><\/iframe><script>\n\/*! This file is auto-generated *\/\n!function(d,l){\"use strict\";l.querySelector&&d.addEventListener&&\"undefined\"!=typeof URL&&(d.wp=d.wp||{},d.wp.receiveEmbedMessage||(d.wp.receiveEmbedMessage=function(e){var t=e.data;if((t||t.secret||t.message||t.value)&&!\/[^a-zA-Z0-9]\/.test(t.secret)){for(var s,r,n,a=l.querySelectorAll('iframe[data-secret=\"'+t.secret+'\"]'),o=l.querySelectorAll('blockquote[data-secret=\"'+t.secret+'\"]'),c=new RegExp(\"^https?:$\",\"i\"),i=0;i<o.length;i++)o[i].style.display=\"none\";for(i=0;i<a.length;i++)s=a[i],e.source===s.contentWindow&&(s.removeAttribute(\"style\"),\"height\"===t.message?(1e3<(r=parseInt(t.value,10))?r=1e3:~~r<200&&(r=200),s.height=r):\"link\"===t.message&&(r=new URL(s.getAttribute(\"src\")),n=new URL(t.value),c.test(n.protocol))&&n.host===r.host&&l.activeElement===s&&(d.top.location.href=t.value))}},d.addEventListener(\"message\",d.wp.receiveEmbedMessage,!1),l.addEventListener(\"DOMContentLoaded\",function(){for(var e,t,s=l.querySelectorAll(\"iframe.wp-embedded-content\"),r=0;r<s.length;r++)(t=(e=s[r]).getAttribute(\"data-secret\"))||(t=Math.random().toString(36).substring(2,12),e.src+=\"#?secret=\"+t,e.setAttribute(\"data-secret\",t)),e.contentWindow.postMessage({message:\"ready\",secret:t},\"*\")},!1)))}(window,document);\n\/\/# sourceURL=https:\/\/forummontau.com\/asturias\/wp-includes\/js\/wp-embed.min.js\n<\/script>\n","thumbnail_url":"https:\/\/forummontau.com\/asturias\/wp-content\/uploads\/sites\/7\/2017\/09\/lagunas-por-consumo-de-alcohol.webp","thumbnail_width":1000,"thumbnail_height":667,"description":"\u00bfTe ha pasado alguna vez que, despu\u00e9s de una noche de fiesta, no recuerdas c\u00f3mo llegaste a casa, qu\u00e9 hiciste o qu\u00e9 dijiste? Esto no es solo \u201cuna mala borrachera\u201d, se trata de un fen\u00f3meno conocido como apag\u00f3n cerebral o laguna mental inducida por alcohol. Lejos de ser algo anecd\u00f3tico, es un s\u00edntoma de intoxicaci\u00f3n [&hellip;]"}