{"id":1599,"date":"2023-06-27T14:23:26","date_gmt":"2023-06-27T14:23:26","guid":{"rendered":"https:\/\/adiccionesasturias.com\/?page_id=1599"},"modified":"2023-11-30T10:20:32","modified_gmt":"2023-11-30T10:20:32","slug":"ansiedad-y-estres","status":"publish","type":"page","link":"https:\/\/forummontau.com\/asturias\/ansiedad-y-estres\/","title":{"rendered":"Ansiedad y estr\u00e9s"},"content":{"rendered":"\t\t<div data-elementor-type=\"wp-page\" data-elementor-id=\"1599\" class=\"elementor elementor-1599\" data-elementor-post-type=\"page\">\n\t\t\t\t\t\t<section class=\"elementor-section elementor-top-section elementor-element elementor-element-48086a54 elementor-section-content-middle elementor-section-full_width elementor-section-items-stretch elementor-section-height-min-height elementor-section-height-default qodef-elementor-content-no elementor-invisible\" data-id=\"48086a54\" data-element_type=\"section\" data-e-type=\"section\" data-settings=\"{&quot;background_background&quot;:&quot;classic&quot;,&quot;animation&quot;:&quot;fadeInUp&quot;}\">\n\t\t\t\t\t\t<div class=\"elementor-container elementor-column-gap-default\">\n\t\t\t\t\t<div class=\"elementor-column elementor-col-50 elementor-top-column elementor-element elementor-element-694c96a6\" data-id=\"694c96a6\" data-element_type=\"column\" data-e-type=\"column\" data-settings=\"{&quot;background_background&quot;:&quot;classic&quot;}\">\n\t\t\t<div class=\"elementor-widget-wrap elementor-element-populated\">\n\t\t\t\t\t\t<div class=\"elementor-element elementor-element-778a1b06 elementor-widget elementor-widget-heading\" data-id=\"778a1b06\" data-element_type=\"widget\" data-e-type=\"widget\" data-widget_type=\"heading.default\">\n\t\t\t\t<div class=\"elementor-widget-container\">\n\t\t\t\t\t<h1 class=\"elementor-heading-title elementor-size-default\">Ansiedad y estr\u00e9s<\/h1>\t\t\t\t<\/div>\n\t\t\t\t<\/div>\n\t\t\t\t<div class=\"elementor-element elementor-element-37704e5f elementor-widget elementor-widget-heading\" data-id=\"37704e5f\" data-element_type=\"widget\" data-e-type=\"widget\" data-widget_type=\"heading.default\">\n\t\t\t\t<div class=\"elementor-widget-container\">\n\t\t\t\t\t<p class=\"elementor-heading-title elementor-size-default\">Cuando la ansiedad y el estr\u00e9s provocan miedos irracionales o angustia excesiva es necesario prestarles atenci\u00f3n<\/p>\t\t\t\t<\/div>\n\t\t\t\t<\/div>\n\t\t\t\t<div class=\"elementor-element elementor-element-6750145d elementor-widget elementor-widget-heading\" data-id=\"6750145d\" data-element_type=\"widget\" data-e-type=\"widget\" data-widget_type=\"heading.default\">\n\t\t\t\t<div class=\"elementor-widget-container\">\n\t\t\t\t\t<p class=\"elementor-heading-title elementor-size-default\">Ll\u00e1manos<\/p>\t\t\t\t<\/div>\n\t\t\t\t<\/div>\n\t\t\t\t<div class=\"elementor-element elementor-element-d1e4270 elementor-widget elementor-widget-heading\" data-id=\"d1e4270\" data-element_type=\"widget\" data-e-type=\"widget\" data-widget_type=\"heading.default\">\n\t\t\t\t<div class=\"elementor-widget-container\">\n\t\t\t\t\t<p class=\"elementor-heading-title elementor-size-default\">900 802 408<\/p>\t\t\t\t<\/div>\n\t\t\t\t<\/div>\n\t\t\t\t\t<\/div>\n\t\t<\/div>\n\t\t\t\t<div class=\"elementor-column elementor-col-50 elementor-top-column elementor-element elementor-element-7c5f8a7e\" data-id=\"7c5f8a7e\" data-element_type=\"column\" data-e-type=\"column\" data-settings=\"{&quot;background_background&quot;:&quot;classic&quot;}\">\n\t\t\t<div class=\"elementor-widget-wrap elementor-element-populated\">\n\t\t\t\t\t\t<div class=\"elementor-element elementor-element-4c20868b elementor-widget elementor-widget-spacer\" data-id=\"4c20868b\" data-element_type=\"widget\" data-e-type=\"widget\" data-widget_type=\"spacer.default\">\n\t\t\t\t<div class=\"elementor-widget-container\">\n\t\t\t\t\t\t\t<div class=\"elementor-spacer\">\n\t\t\t<div class=\"elementor-spacer-inner\"><\/div>\n\t\t<\/div>\n\t\t\t\t\t\t<\/div>\n\t\t\t\t<\/div>\n\t\t\t\t\t<\/div>\n\t\t<\/div>\n\t\t\t\t\t<\/div>\n\t\t<\/section>\n\t\t\t\t<section class=\"elementor-section elementor-top-section elementor-element elementor-element-1f50d818 elementor-section-full_width elementor-section-content-middle elementor-section-height-default elementor-section-height-default qodef-elementor-content-no elementor-invisible\" data-id=\"1f50d818\" data-element_type=\"section\" data-e-type=\"section\" data-settings=\"{&quot;animation&quot;:&quot;fadeInUp&quot;}\">\n\t\t\t\t\t\t<div class=\"elementor-container elementor-column-gap-default\">\n\t\t\t\t\t<div class=\"elementor-column elementor-col-100 elementor-top-column elementor-element elementor-element-3e5f1119\" data-id=\"3e5f1119\" data-element_type=\"column\" data-e-type=\"column\">\n\t\t\t<div class=\"elementor-widget-wrap elementor-element-populated\">\n\t\t\t\t\t\t<div class=\"elementor-element elementor-element-1784a66b elementor-widget elementor-widget-heading\" data-id=\"1784a66b\" data-element_type=\"widget\" data-e-type=\"widget\" data-widget_type=\"heading.default\">\n\t\t\t\t<div class=\"elementor-widget-container\">\n\t\t\t\t\t<h2 class=\"elementor-heading-title elementor-size-default\">Ansiedad<\/h2>\t\t\t\t<\/div>\n\t\t\t\t<\/div>\n\t\t\t\t<div class=\"elementor-element elementor-element-7e5be515 elementor-widget elementor-widget-spacer\" data-id=\"7e5be515\" data-element_type=\"widget\" data-e-type=\"widget\" data-widget_type=\"spacer.default\">\n\t\t\t\t<div class=\"elementor-widget-container\">\n\t\t\t\t\t\t\t<div class=\"elementor-spacer\">\n\t\t\t<div class=\"elementor-spacer-inner\"><\/div>\n\t\t<\/div>\n\t\t\t\t\t\t<\/div>\n\t\t\t\t<\/div>\n\t\t\t\t<div class=\"elementor-element elementor-element-4f916089 elementor-widget elementor-widget-text-editor\" data-id=\"4f916089\" data-element_type=\"widget\" data-e-type=\"widget\" data-widget_type=\"text-editor.default\">\n\t\t\t\t<div class=\"elementor-widget-container\">\n\t\t\t\t\t\t\t\t\t<p>Todos podemos sentir ansiedad y estr\u00e9s en diferentes momentos de nuestra vida, pero cuando esta emoci\u00f3n va asociada a miedos irracionales o angustia excesiva es necesario prestarle atenci\u00f3n. Hay diferentes emociones y pensamientos involucrados en los trastornos de ansiedad, siendo necesaria una buena gesti\u00f3n emocional y la reeducaci\u00f3n en la interpretaci\u00f3n de la informaci\u00f3n.<\/p>\t\t\t\t\t\t\t\t<\/div>\n\t\t\t\t<\/div>\n\t\t\t\t<div class=\"elementor-element elementor-element-41e5aa2d elementor-widget elementor-widget-spacer\" data-id=\"41e5aa2d\" data-element_type=\"widget\" data-e-type=\"widget\" data-widget_type=\"spacer.default\">\n\t\t\t\t<div class=\"elementor-widget-container\">\n\t\t\t\t\t\t\t<div class=\"elementor-spacer\">\n\t\t\t<div class=\"elementor-spacer-inner\"><\/div>\n\t\t<\/div>\n\t\t\t\t\t\t<\/div>\n\t\t\t\t<\/div>\n\t\t\t\t\t<\/div>\n\t\t<\/div>\n\t\t\t\t\t<\/div>\n\t\t<\/section>\n\t\t\t\t<section class=\"elementor-section elementor-top-section elementor-element elementor-element-1fd0f58c elementor-section-full_width elementor-section-content-middle elementor-section-height-default elementor-section-height-default qodef-elementor-content-no elementor-invisible\" data-id=\"1fd0f58c\" data-element_type=\"section\" data-e-type=\"section\" data-settings=\"{&quot;animation&quot;:&quot;fadeInUp&quot;}\">\n\t\t\t\t\t\t<div class=\"elementor-container elementor-column-gap-default\">\n\t\t\t\t\t<div class=\"elementor-column elementor-col-100 elementor-top-column elementor-element elementor-element-472adc37\" data-id=\"472adc37\" data-element_type=\"column\" data-e-type=\"column\">\n\t\t\t<div class=\"elementor-widget-wrap elementor-element-populated\">\n\t\t\t\t\t\t<div class=\"elementor-element elementor-element-5b46475c elementor-widget elementor-widget-heading\" data-id=\"5b46475c\" data-element_type=\"widget\" data-e-type=\"widget\" data-widget_type=\"heading.default\">\n\t\t\t\t<div class=\"elementor-widget-container\">\n\t\t\t\t\t<h2 class=\"elementor-heading-title elementor-size-default\">Diferentes trastornos de ansiedad que podemos encontrar <\/h2>\t\t\t\t<\/div>\n\t\t\t\t<\/div>\n\t\t\t\t<div class=\"elementor-element elementor-element-21bf8215 elementor-widget elementor-widget-toggle\" data-id=\"21bf8215\" data-element_type=\"widget\" data-e-type=\"widget\" data-widget_type=\"toggle.default\">\n\t\t\t\t<div class=\"elementor-widget-container\">\n\t\t\t\t\t\t\t<div class=\"elementor-toggle\">\n\t\t\t\t\t\t\t<div class=\"elementor-toggle-item\">\n\t\t\t\t\t<div id=\"elementor-tab-title-5661\" class=\"elementor-tab-title\" data-tab=\"1\" role=\"button\" aria-controls=\"elementor-tab-content-5661\" aria-expanded=\"false\">\n\t\t\t\t\t\t\t\t\t\t\t\t<span class=\"elementor-toggle-icon elementor-toggle-icon-left\" aria-hidden=\"true\">\n\t\t\t\t\t\t\t\t\t\t\t\t\t\t\t<span class=\"elementor-toggle-icon-closed\"><i class=\"fas fa-caret-right\"><\/i><\/span>\n\t\t\t\t\t\t\t\t<span class=\"elementor-toggle-icon-opened\"><i class=\"elementor-toggle-icon-opened fas fa-caret-up\"><\/i><\/span>\n\t\t\t\t\t\t\t\t\t\t\t\t\t<\/span>\n\t\t\t\t\t\t\t\t\t\t\t\t<a class=\"elementor-toggle-title\" tabindex=\"0\">Crisis de angustia o trastorno de p\u00e1nico<\/a>\n\t\t\t\t\t<\/div>\n\n\t\t\t\t\t<div id=\"elementor-tab-content-5661\" class=\"elementor-tab-content elementor-clearfix\" data-tab=\"1\" role=\"region\" aria-labelledby=\"elementor-tab-title-5661\">Tipo de trastorno de ansiedad por el que la persona tiene crisis de p\u00e1nico o angustia que se repiten, cuando no hay un peligro verdadero. Las crisis de p\u00e1nico son per\u00edodos de ansiedad o miedo intensos y de inicio brusco que a veces producen pensamientos o acciones irracionales.<\/div>\n\t\t\t\t<\/div>\n\t\t\t\t\t\t\t<div class=\"elementor-toggle-item\">\n\t\t\t\t\t<div id=\"elementor-tab-title-5662\" class=\"elementor-tab-title\" data-tab=\"2\" role=\"button\" aria-controls=\"elementor-tab-content-5662\" aria-expanded=\"false\">\n\t\t\t\t\t\t\t\t\t\t\t\t<span class=\"elementor-toggle-icon elementor-toggle-icon-left\" aria-hidden=\"true\">\n\t\t\t\t\t\t\t\t\t\t\t\t\t\t\t<span class=\"elementor-toggle-icon-closed\"><i class=\"fas fa-caret-right\"><\/i><\/span>\n\t\t\t\t\t\t\t\t<span class=\"elementor-toggle-icon-opened\"><i class=\"elementor-toggle-icon-opened fas fa-caret-up\"><\/i><\/span>\n\t\t\t\t\t\t\t\t\t\t\t\t\t<\/span>\n\t\t\t\t\t\t\t\t\t\t\t\t<a class=\"elementor-toggle-title\" tabindex=\"0\">Ansiedad generalizada<\/a>\n\t\t\t\t\t<\/div>\n\n\t\t\t\t\t<div id=\"elementor-tab-content-5662\" class=\"elementor-tab-content elementor-clearfix\" data-tab=\"2\" role=\"region\" aria-labelledby=\"elementor-tab-title-5662\">El trastorno de ansiedad generalizada consiste en la presencia de un estado de preocupaci\u00f3n y nerviosismo excesivos en relaci\u00f3n con diversas actividades o acontecimientos.<\/div>\n\t\t\t\t<\/div>\n\t\t\t\t\t\t\t<div class=\"elementor-toggle-item\">\n\t\t\t\t\t<div id=\"elementor-tab-title-5663\" class=\"elementor-tab-title\" data-tab=\"3\" role=\"button\" aria-controls=\"elementor-tab-content-5663\" aria-expanded=\"false\">\n\t\t\t\t\t\t\t\t\t\t\t\t<span class=\"elementor-toggle-icon elementor-toggle-icon-left\" aria-hidden=\"true\">\n\t\t\t\t\t\t\t\t\t\t\t\t\t\t\t<span class=\"elementor-toggle-icon-closed\"><i class=\"fas fa-caret-right\"><\/i><\/span>\n\t\t\t\t\t\t\t\t<span class=\"elementor-toggle-icon-opened\"><i class=\"elementor-toggle-icon-opened fas fa-caret-up\"><\/i><\/span>\n\t\t\t\t\t\t\t\t\t\t\t\t\t<\/span>\n\t\t\t\t\t\t\t\t\t\t\t\t<a class=\"elementor-toggle-title\" tabindex=\"0\">Agorafobia<\/a>\n\t\t\t\t\t<\/div>\n\n\t\t\t\t\t<div id=\"elementor-tab-content-5663\" class=\"elementor-tab-content elementor-clearfix\" data-tab=\"3\" role=\"region\" aria-labelledby=\"elementor-tab-title-5663\">Miedo intenso a estar en lugares abiertos o en situaciones de las que quiz\u00e1s sea dif\u00edcil escapar o donde no haya ayuda disponible. Las personas con agorafobia suelen sentir mucha ansiedad ante la posibilidad de tener un ataque de p\u00e1nico en un lugar p\u00fablico. Tambi\u00e9n es posible que tengan miedo de estar solas o problemas para salir de casa. Por lo general, evitan los ascensores, los puentes y los lugares p\u00fablicos.<\/div>\n\t\t\t\t<\/div>\n\t\t\t\t\t\t\t<div class=\"elementor-toggle-item\">\n\t\t\t\t\t<div id=\"elementor-tab-title-5664\" class=\"elementor-tab-title\" data-tab=\"4\" role=\"button\" aria-controls=\"elementor-tab-content-5664\" aria-expanded=\"false\">\n\t\t\t\t\t\t\t\t\t\t\t\t<span class=\"elementor-toggle-icon elementor-toggle-icon-left\" aria-hidden=\"true\">\n\t\t\t\t\t\t\t\t\t\t\t\t\t\t\t<span class=\"elementor-toggle-icon-closed\"><i class=\"fas fa-caret-right\"><\/i><\/span>\n\t\t\t\t\t\t\t\t<span class=\"elementor-toggle-icon-opened\"><i class=\"elementor-toggle-icon-opened fas fa-caret-up\"><\/i><\/span>\n\t\t\t\t\t\t\t\t\t\t\t\t\t<\/span>\n\t\t\t\t\t\t\t\t\t\t\t\t<a class=\"elementor-toggle-title\" tabindex=\"0\">Fobias espec\u00edficas<\/a>\n\t\t\t\t\t<\/div>\n\n\t\t\t\t\t<div id=\"elementor-tab-content-5664\" class=\"elementor-tab-content elementor-clearfix\" data-tab=\"4\" role=\"region\" aria-labelledby=\"elementor-tab-title-5664\"><p>Miedo excesivo e irracional de algo que puede causar p\u00e1nico a una persona.<\/p><\/div>\n\t\t\t\t<\/div>\n\t\t\t\t\t\t\t<div class=\"elementor-toggle-item\">\n\t\t\t\t\t<div id=\"elementor-tab-title-5665\" class=\"elementor-tab-title\" data-tab=\"5\" role=\"button\" aria-controls=\"elementor-tab-content-5665\" aria-expanded=\"false\">\n\t\t\t\t\t\t\t\t\t\t\t\t<span class=\"elementor-toggle-icon elementor-toggle-icon-left\" aria-hidden=\"true\">\n\t\t\t\t\t\t\t\t\t\t\t\t\t\t\t<span class=\"elementor-toggle-icon-closed\"><i class=\"fas fa-caret-right\"><\/i><\/span>\n\t\t\t\t\t\t\t\t<span class=\"elementor-toggle-icon-opened\"><i class=\"elementor-toggle-icon-opened fas fa-caret-up\"><\/i><\/span>\n\t\t\t\t\t\t\t\t\t\t\t\t\t<\/span>\n\t\t\t\t\t\t\t\t\t\t\t\t<a class=\"elementor-toggle-title\" tabindex=\"0\">Fobia social<\/a>\n\t\t\t\t\t<\/div>\n\n\t\t\t\t\t<div id=\"elementor-tab-content-5665\" class=\"elementor-tab-content elementor-clearfix\" data-tab=\"5\" role=\"region\" aria-labelledby=\"elementor-tab-title-5665\">Es un miedo persistente e irracional ante situaciones que puedan involucrar el escrutinio y juzgamiento por parte de los dem\u00e1s, como en fiestas u otros eventos sociales.<\/div>\n\t\t\t\t<\/div>\n\t\t\t\t\t\t\t\t<\/div>\n\t\t\t\t\t\t<\/div>\n\t\t\t\t<\/div>\n\t\t\t\t<div class=\"elementor-element elementor-element-537b8753 elementor-widget elementor-widget-spacer\" data-id=\"537b8753\" data-element_type=\"widget\" data-e-type=\"widget\" data-widget_type=\"spacer.default\">\n\t\t\t\t<div class=\"elementor-widget-container\">\n\t\t\t\t\t\t\t<div class=\"elementor-spacer\">\n\t\t\t<div class=\"elementor-spacer-inner\"><\/div>\n\t\t<\/div>\n\t\t\t\t\t\t<\/div>\n\t\t\t\t<\/div>\n\t\t\t\t<div class=\"elementor-element elementor-element-2c45ef27 elementor-widget elementor-widget-spacer\" data-id=\"2c45ef27\" data-element_type=\"widget\" data-e-type=\"widget\" data-widget_type=\"spacer.default\">\n\t\t\t\t<div class=\"elementor-widget-container\">\n\t\t\t\t\t\t\t<div class=\"elementor-spacer\">\n\t\t\t<div class=\"elementor-spacer-inner\"><\/div>\n\t\t<\/div>\n\t\t\t\t\t\t<\/div>\n\t\t\t\t<\/div>\n\t\t\t\t\t<\/div>\n\t\t<\/div>\n\t\t\t\t\t<\/div>\n\t\t<\/section>\n\t\t\t\t<section class=\"elementor-section elementor-top-section elementor-element elementor-element-2b28a77d elementor-section-full_width elementor-section-content-middle elementor-section-height-default elementor-section-height-default qodef-elementor-content-no\" data-id=\"2b28a77d\" data-element_type=\"section\" data-e-type=\"section\" data-settings=\"{&quot;animation&quot;:&quot;none&quot;}\">\n\t\t\t\t\t\t<div class=\"elementor-container elementor-column-gap-narrow\">\n\t\t\t\t\t<div class=\"elementor-column elementor-col-50 elementor-top-column elementor-element elementor-element-3e574db5\" data-id=\"3e574db5\" data-element_type=\"column\" data-e-type=\"column\">\n\t\t\t<div class=\"elementor-widget-wrap elementor-element-populated\">\n\t\t\t\t\t\t<div class=\"elementor-element elementor-element-608d0d22 elementor-invisible elementor-widget elementor-widget-image\" data-id=\"608d0d22\" data-element_type=\"widget\" data-e-type=\"widget\" data-settings=\"{&quot;_animation&quot;:&quot;fadeInLeft&quot;}\" data-widget_type=\"image.default\">\n\t\t\t\t<div class=\"elementor-widget-container\">\n\t\t\t\t\t\t\t\t\t\t\t\t\t\t\t<img fetchpriority=\"high\" decoding=\"async\" width=\"712\" height=\"712\" src=\"https:\/\/forummontau.com\/asturias\/wp-content\/uploads\/sites\/7\/2023\/06\/ansiedad.png\" class=\"attachment-full size-full wp-image-1602\" alt=\"\" srcset=\"https:\/\/forummontau.com\/asturias\/wp-content\/uploads\/sites\/7\/2023\/06\/ansiedad.png 712w, https:\/\/forummontau.com\/asturias\/wp-content\/uploads\/sites\/7\/2023\/06\/ansiedad-300x300.png 300w, https:\/\/forummontau.com\/asturias\/wp-content\/uploads\/sites\/7\/2023\/06\/ansiedad-150x150.png 150w, https:\/\/forummontau.com\/asturias\/wp-content\/uploads\/sites\/7\/2023\/06\/ansiedad-600x600.png 600w, https:\/\/forummontau.com\/asturias\/wp-content\/uploads\/sites\/7\/2023\/06\/ansiedad-650x650.png 650w\" sizes=\"(max-width: 712px) 100vw, 712px\" \/>\t\t\t\t\t\t\t\t\t\t\t\t\t\t\t<\/div>\n\t\t\t\t<\/div>\n\t\t\t\t\t<\/div>\n\t\t<\/div>\n\t\t\t\t<div class=\"elementor-column elementor-col-50 elementor-top-column elementor-element elementor-element-13fb9ce6 elementor-invisible\" data-id=\"13fb9ce6\" data-element_type=\"column\" data-e-type=\"column\" data-settings=\"{&quot;animation&quot;:&quot;fadeInRight&quot;}\">\n\t\t\t<div class=\"elementor-widget-wrap elementor-element-populated\">\n\t\t\t\t\t\t<div class=\"elementor-element elementor-element-7990a356 elementor-widget elementor-widget-heading\" data-id=\"7990a356\" data-element_type=\"widget\" data-e-type=\"widget\" data-widget_type=\"heading.default\">\n\t\t\t\t<div class=\"elementor-widget-container\">\n\t\t\t\t\t<h2 class=\"elementor-heading-title elementor-size-default\">Estr\u00e9s<\/h2>\t\t\t\t<\/div>\n\t\t\t\t<\/div>\n\t\t\t\t<div class=\"elementor-element elementor-element-75274906 elementor-widget elementor-widget-text-editor\" data-id=\"75274906\" data-element_type=\"widget\" data-e-type=\"widget\" data-widget_type=\"text-editor.default\">\n\t\t\t\t<div class=\"elementor-widget-container\">\n\t\t\t\t\t\t\t\t\t<p>En nuestro d\u00eda a d\u00eda estamos expuestos a innumerables eventos estresantes a los que tenemos que hacer frente. A menudo, nos encontramos con dificultades para afrontar el estr\u00e9s, lo que puede dar lugar a s\u00edntomas de ansiedad y depresi\u00f3n.<\/p><p>Est\u00e1s dificultades nacen porque muchas veces no sabemos el origen de la fuente estresante o porque nos faltan de herramientas para gestionarlo.<br \/>\u200bEsta dificultad para llevar a cabo una buena gesti\u00f3n del estr\u00e9s puede traducirse en diferentes trastornos, como por ejemplo:<\/p><ul><li>Trastorno de estr\u00e9s postraum\u00e1tico<\/li><li>Trastorno por estr\u00e9s agudo<\/li><\/ul>\t\t\t\t\t\t\t\t<\/div>\n\t\t\t\t<\/div>\n\t\t\t\t\t<\/div>\n\t\t<\/div>\n\t\t\t\t\t<\/div>\n\t\t<\/section>\n\t\t\t\t<\/div>\n\t\t","protected":false},"excerpt":{"rendered":"<p>Ansiedad y estr\u00e9s Cuando la ansiedad y el estr\u00e9s provocan miedos irracionales o angustia excesiva es necesario prestarles atenci\u00f3n Ll\u00e1manos 900 802 408 Ansiedad Todos podemos sentir ansiedad y estr\u00e9s en diferentes momentos de nuestra vida, pero cuando esta emoci\u00f3n va asociada a miedos irracionales o angustia excesiva es necesario prestarle atenci\u00f3n. Hay diferentes emociones [&hellip;]<\/p>\n","protected":false},"author":2,"featured_media":0,"parent":0,"menu_order":0,"comment_status":"closed","ping_status":"closed","template":"","meta":{"ocean_post_layout":"full-screen","ocean_both_sidebars_style":"","ocean_both_sidebars_content_width":0,"ocean_both_sidebars_sidebars_width":0,"ocean_sidebar":"0","ocean_second_sidebar":"0","ocean_disable_margins":"enable","ocean_add_body_class":"","ocean_shortcode_before_top_bar":"","ocean_shortcode_after_top_bar":"","ocean_shortcode_before_header":"","ocean_shortcode_after_header":"","ocean_has_shortcode":"","ocean_shortcode_after_title":"","ocean_shortcode_before_footer_widgets":"","ocean_shortcode_after_footer_widgets":"","ocean_shortcode_before_footer_bottom":"","ocean_shortcode_after_footer_bottom":"","ocean_display_top_bar":"default","ocean_display_header":"default","ocean_header_style":"","ocean_center_header_left_menu":"0","ocean_custom_header_template":"0","ocean_custom_logo":0,"ocean_custom_retina_logo":0,"ocean_custom_logo_max_width":0,"ocean_custom_logo_tablet_max_width":0,"ocean_custom_logo_mobile_max_width":0,"ocean_custom_logo_max_height":0,"ocean_custom_logo_tablet_max_height":0,"ocean_custom_logo_mobile_max_height":0,"ocean_header_custom_menu":"0","ocean_menu_typo_font_family":"0","ocean_menu_typo_font_subset":"","ocean_menu_typo_font_size":0,"ocean_menu_typo_font_size_tablet":0,"ocean_menu_typo_font_size_mobile":0,"ocean_menu_typo_font_size_unit":"px","ocean_menu_typo_font_weight":"","ocean_menu_typo_font_weight_tablet":"","ocean_menu_typo_font_weight_mobile":"","ocean_menu_typo_transform":"","ocean_menu_typo_transform_tablet":"","ocean_menu_typo_transform_mobile":"","ocean_menu_typo_line_height":0,"ocean_menu_typo_line_height_tablet":0,"ocean_menu_typo_line_height_mobile":0,"ocean_menu_typo_line_height_unit":"","ocean_menu_typo_spacing":0,"ocean_menu_typo_spacing_tablet":0,"ocean_menu_typo_spacing_mobile":0,"ocean_menu_typo_spacing_unit":"","ocean_menu_link_color":"","ocean_menu_link_color_hover":"","ocean_menu_link_color_active":"","ocean_menu_link_background":"","ocean_menu_link_hover_background":"","ocean_menu_link_active_background":"","ocean_menu_social_links_bg":"","ocean_menu_social_hover_links_bg":"","ocean_menu_social_links_color":"","ocean_menu_social_hover_links_color":"","ocean_disable_title":"on","ocean_disable_heading":"default","ocean_post_title":"","ocean_post_subheading":"","ocean_post_title_style":"","ocean_post_title_background_color":"","ocean_post_title_background":0,"ocean_post_title_bg_image_position":"","ocean_post_title_bg_image_attachment":"","ocean_post_title_bg_image_repeat":"","ocean_post_title_bg_image_size":"","ocean_post_title_height":0,"ocean_post_title_bg_overlay":0.5,"ocean_post_title_bg_overlay_color":"","ocean_disable_breadcrumbs":"default","ocean_breadcrumbs_color":"","ocean_breadcrumbs_separator_color":"","ocean_breadcrumbs_links_color":"","ocean_breadcrumbs_links_hover_color":"","ocean_display_footer_widgets":"default","ocean_display_footer_bottom":"default","ocean_custom_footer_template":"0","footnotes":""},"class_list":["post-1599","page","type-page","status-publish","hentry","entry"],"yoast_head":"<!-- This site is optimized with the Yoast SEO plugin v27.5 - https:\/\/yoast.com\/product\/yoast-seo-wordpress\/ -->\n<title>Ansiedad y estr\u00e9s - Forum Salud Mental Asturias<\/title>\n<meta name=\"description\" content=\"Supera el estr\u00e9s y la ansiedad con el apoyo profesional de nuestros psic\u00f3logos. Encuentra soluciones efectivas y personalizadas para recuperar tu bienestar emocional.\" \/>\n<meta name=\"robots\" content=\"index, follow, max-snippet:-1, max-image-preview:large, max-video-preview:-1\" \/>\n<link rel=\"canonical\" href=\"https:\/\/forummontau.com\/asturias\/ansiedad-y-estres\/\" \/>\n<meta property=\"og:locale\" content=\"es_ES\" \/>\n<meta property=\"og:type\" content=\"article\" \/>\n<meta property=\"og:title\" content=\"Ansiedad y estr\u00e9s - Forum Salud Mental Asturias\" \/>\n<meta property=\"og:description\" content=\"Supera el estr\u00e9s y la ansiedad con el apoyo profesional de nuestros psic\u00f3logos. Encuentra soluciones efectivas y personalizadas para recuperar tu bienestar emocional.\" \/>\n<meta property=\"og:url\" content=\"https:\/\/forummontau.com\/asturias\/ansiedad-y-estres\/\" \/>\n<meta property=\"og:site_name\" content=\"Forum Salud Mental Asturias\" \/>\n<meta property=\"article:modified_time\" content=\"2023-11-30T10:20:32+00:00\" \/>\n<meta property=\"og:image\" content=\"https:\/\/forummontau.com\/asturias\/wp-content\/uploads\/sites\/7\/2023\/06\/ansiedad.png\" \/>\n<meta name=\"twitter:card\" content=\"summary_large_image\" \/>\n<meta name=\"twitter:label1\" content=\"Tiempo de lectura\" \/>\n\t<meta name=\"twitter:data1\" content=\"2 minutos\" \/>\n<script type=\"application\/ld+json\" class=\"yoast-schema-graph\">{\"@context\":\"https:\\\/\\\/schema.org\",\"@graph\":[{\"@type\":\"WebPage\",\"@id\":\"https:\\\/\\\/forummontau.com\\\/asturias\\\/ansiedad-y-estres\\\/\",\"url\":\"https:\\\/\\\/forummontau.com\\\/asturias\\\/ansiedad-y-estres\\\/\",\"name\":\"Ansiedad y estr\u00e9s - Forum Salud Mental Asturias\",\"isPartOf\":{\"@id\":\"https:\\\/\\\/forummontau.com\\\/asturias\\\/#website\"},\"primaryImageOfPage\":{\"@id\":\"https:\\\/\\\/forummontau.com\\\/asturias\\\/ansiedad-y-estres\\\/#primaryimage\"},\"image\":{\"@id\":\"https:\\\/\\\/forummontau.com\\\/asturias\\\/ansiedad-y-estres\\\/#primaryimage\"},\"thumbnailUrl\":\"https:\\\/\\\/forummontau.com\\\/asturias\\\/wp-content\\\/uploads\\\/sites\\\/7\\\/2023\\\/06\\\/ansiedad.png\",\"datePublished\":\"2023-06-27T14:23:26+00:00\",\"dateModified\":\"2023-11-30T10:20:32+00:00\",\"description\":\"Supera el estr\u00e9s y la ansiedad con el apoyo profesional de nuestros psic\u00f3logos. Encuentra soluciones efectivas y personalizadas para recuperar tu bienestar emocional.\",\"breadcrumb\":{\"@id\":\"https:\\\/\\\/forummontau.com\\\/asturias\\\/ansiedad-y-estres\\\/#breadcrumb\"},\"inLanguage\":\"es\",\"potentialAction\":[{\"@type\":\"ReadAction\",\"target\":[\"https:\\\/\\\/forummontau.com\\\/asturias\\\/ansiedad-y-estres\\\/\"]}]},{\"@type\":\"ImageObject\",\"inLanguage\":\"es\",\"@id\":\"https:\\\/\\\/forummontau.com\\\/asturias\\\/ansiedad-y-estres\\\/#primaryimage\",\"url\":\"https:\\\/\\\/forummontau.com\\\/asturias\\\/wp-content\\\/uploads\\\/sites\\\/7\\\/2023\\\/06\\\/ansiedad.png\",\"contentUrl\":\"https:\\\/\\\/forummontau.com\\\/asturias\\\/wp-content\\\/uploads\\\/sites\\\/7\\\/2023\\\/06\\\/ansiedad.png\",\"width\":712,\"height\":712},{\"@type\":\"BreadcrumbList\",\"@id\":\"https:\\\/\\\/forummontau.com\\\/asturias\\\/ansiedad-y-estres\\\/#breadcrumb\",\"itemListElement\":[{\"@type\":\"ListItem\",\"position\":1,\"name\":\"Portada\",\"item\":\"https:\\\/\\\/forummontau.com\\\/asturias\\\/\"},{\"@type\":\"ListItem\",\"position\":2,\"name\":\"Ansiedad y estr\u00e9s\"}]},{\"@type\":\"WebSite\",\"@id\":\"https:\\\/\\\/forummontau.com\\\/asturias\\\/#website\",\"url\":\"https:\\\/\\\/forummontau.com\\\/asturias\\\/\",\"name\":\"Forum Salud Mental Asturias\",\"description\":\"Centro Desintoxicaci\u00f3n y Adicciones en Asturias. Centros en Gij\u00f3n y en Oviedo.\",\"publisher\":{\"@id\":\"https:\\\/\\\/forummontau.com\\\/asturias\\\/#organization\"},\"potentialAction\":[{\"@type\":\"SearchAction\",\"target\":{\"@type\":\"EntryPoint\",\"urlTemplate\":\"https:\\\/\\\/forummontau.com\\\/asturias\\\/?s={search_term_string}\"},\"query-input\":{\"@type\":\"PropertyValueSpecification\",\"valueRequired\":true,\"valueName\":\"search_term_string\"}}],\"inLanguage\":\"es\"},{\"@type\":\"Organization\",\"@id\":\"https:\\\/\\\/forummontau.com\\\/asturias\\\/#organization\",\"name\":\"Forum Salud Mental Asturias\",\"url\":\"https:\\\/\\\/forummontau.com\\\/asturias\\\/\",\"logo\":{\"@type\":\"ImageObject\",\"inLanguage\":\"es\",\"@id\":\"https:\\\/\\\/forummontau.com\\\/asturias\\\/#\\\/schema\\\/logo\\\/image\\\/\",\"url\":\"https:\\\/\\\/forummontau.com\\\/asturias\\\/wp-content\\\/uploads\\\/sites\\\/7\\\/2020\\\/02\\\/asturias-1.png\",\"contentUrl\":\"https:\\\/\\\/forummontau.com\\\/asturias\\\/wp-content\\\/uploads\\\/sites\\\/7\\\/2020\\\/02\\\/asturias-1.png\",\"width\":214,\"height\":119,\"caption\":\"Forum Salud Mental Asturias\"},\"image\":{\"@id\":\"https:\\\/\\\/forummontau.com\\\/asturias\\\/#\\\/schema\\\/logo\\\/image\\\/\"}}]}<\/script>\n<!-- \/ Yoast SEO plugin. -->","yoast_head_json":{"title":"Ansiedad y estr\u00e9s - Forum Salud Mental Asturias","description":"Supera el estr\u00e9s y la ansiedad con el apoyo profesional de nuestros psic\u00f3logos. Encuentra soluciones efectivas y personalizadas para recuperar tu bienestar emocional.","robots":{"index":"index","follow":"follow","max-snippet":"max-snippet:-1","max-image-preview":"max-image-preview:large","max-video-preview":"max-video-preview:-1"},"canonical":"https:\/\/forummontau.com\/asturias\/ansiedad-y-estres\/","og_locale":"es_ES","og_type":"article","og_title":"Ansiedad y estr\u00e9s - Forum Salud Mental Asturias","og_description":"Supera el estr\u00e9s y la ansiedad con el apoyo profesional de nuestros psic\u00f3logos. Encuentra soluciones efectivas y personalizadas para recuperar tu bienestar emocional.","og_url":"https:\/\/forummontau.com\/asturias\/ansiedad-y-estres\/","og_site_name":"Forum Salud Mental Asturias","article_modified_time":"2023-11-30T10:20:32+00:00","og_image":[{"url":"https:\/\/forummontau.com\/asturias\/wp-content\/uploads\/sites\/7\/2023\/06\/ansiedad.png","type":"","width":"","height":""}],"twitter_card":"summary_large_image","twitter_misc":{"Tiempo de lectura":"2 minutos"},"schema":{"@context":"https:\/\/schema.org","@graph":[{"@type":"WebPage","@id":"https:\/\/forummontau.com\/asturias\/ansiedad-y-estres\/","url":"https:\/\/forummontau.com\/asturias\/ansiedad-y-estres\/","name":"Ansiedad y estr\u00e9s - Forum Salud Mental Asturias","isPartOf":{"@id":"https:\/\/forummontau.com\/asturias\/#website"},"primaryImageOfPage":{"@id":"https:\/\/forummontau.com\/asturias\/ansiedad-y-estres\/#primaryimage"},"image":{"@id":"https:\/\/forummontau.com\/asturias\/ansiedad-y-estres\/#primaryimage"},"thumbnailUrl":"https:\/\/forummontau.com\/asturias\/wp-content\/uploads\/sites\/7\/2023\/06\/ansiedad.png","datePublished":"2023-06-27T14:23:26+00:00","dateModified":"2023-11-30T10:20:32+00:00","description":"Supera el estr\u00e9s y la ansiedad con el apoyo profesional de nuestros psic\u00f3logos. Encuentra soluciones efectivas y personalizadas para recuperar tu bienestar emocional.","breadcrumb":{"@id":"https:\/\/forummontau.com\/asturias\/ansiedad-y-estres\/#breadcrumb"},"inLanguage":"es","potentialAction":[{"@type":"ReadAction","target":["https:\/\/forummontau.com\/asturias\/ansiedad-y-estres\/"]}]},{"@type":"ImageObject","inLanguage":"es","@id":"https:\/\/forummontau.com\/asturias\/ansiedad-y-estres\/#primaryimage","url":"https:\/\/forummontau.com\/asturias\/wp-content\/uploads\/sites\/7\/2023\/06\/ansiedad.png","contentUrl":"https:\/\/forummontau.com\/asturias\/wp-content\/uploads\/sites\/7\/2023\/06\/ansiedad.png","width":712,"height":712},{"@type":"BreadcrumbList","@id":"https:\/\/forummontau.com\/asturias\/ansiedad-y-estres\/#breadcrumb","itemListElement":[{"@type":"ListItem","position":1,"name":"Portada","item":"https:\/\/forummontau.com\/asturias\/"},{"@type":"ListItem","position":2,"name":"Ansiedad y estr\u00e9s"}]},{"@type":"WebSite","@id":"https:\/\/forummontau.com\/asturias\/#website","url":"https:\/\/forummontau.com\/asturias\/","name":"Forum Salud Mental Asturias","description":"Centro Desintoxicaci\u00f3n y Adicciones en Asturias. Centros en Gij\u00f3n y en Oviedo.","publisher":{"@id":"https:\/\/forummontau.com\/asturias\/#organization"},"potentialAction":[{"@type":"SearchAction","target":{"@type":"EntryPoint","urlTemplate":"https:\/\/forummontau.com\/asturias\/?s={search_term_string}"},"query-input":{"@type":"PropertyValueSpecification","valueRequired":true,"valueName":"search_term_string"}}],"inLanguage":"es"},{"@type":"Organization","@id":"https:\/\/forummontau.com\/asturias\/#organization","name":"Forum Salud Mental Asturias","url":"https:\/\/forummontau.com\/asturias\/","logo":{"@type":"ImageObject","inLanguage":"es","@id":"https:\/\/forummontau.com\/asturias\/#\/schema\/logo\/image\/","url":"https:\/\/forummontau.com\/asturias\/wp-content\/uploads\/sites\/7\/2020\/02\/asturias-1.png","contentUrl":"https:\/\/forummontau.com\/asturias\/wp-content\/uploads\/sites\/7\/2020\/02\/asturias-1.png","width":214,"height":119,"caption":"Forum Salud Mental Asturias"},"image":{"@id":"https:\/\/forummontau.com\/asturias\/#\/schema\/logo\/image\/"}}]}},"_links":{"self":[{"href":"https:\/\/forummontau.com\/asturias\/wp-json\/wp\/v2\/pages\/1599","targetHints":{"allow":["GET"]}}],"collection":[{"href":"https:\/\/forummontau.com\/asturias\/wp-json\/wp\/v2\/pages"}],"about":[{"href":"https:\/\/forummontau.com\/asturias\/wp-json\/wp\/v2\/types\/page"}],"author":[{"embeddable":true,"href":"https:\/\/forummontau.com\/asturias\/wp-json\/wp\/v2\/users\/2"}],"replies":[{"embeddable":true,"href":"https:\/\/forummontau.com\/asturias\/wp-json\/wp\/v2\/comments?post=1599"}],"version-history":[{"count":20,"href":"https:\/\/forummontau.com\/asturias\/wp-json\/wp\/v2\/pages\/1599\/revisions"}],"predecessor-version":[{"id":2981,"href":"https:\/\/forummontau.com\/asturias\/wp-json\/wp\/v2\/pages\/1599\/revisions\/2981"}],"wp:attachment":[{"href":"https:\/\/forummontau.com\/asturias\/wp-json\/wp\/v2\/media?parent=1599"}],"curies":[{"name":"wp","href":"https:\/\/api.w.org\/{rel}","templated":true}]}}