{"id":1635,"date":"2023-06-27T14:32:50","date_gmt":"2023-06-27T14:32:50","guid":{"rendered":"https:\/\/adiccionesasturias.com\/?page_id=1635"},"modified":"2023-11-30T10:39:08","modified_gmt":"2023-11-30T10:39:08","slug":"centro-de-dia","status":"publish","type":"page","link":"https:\/\/forummontau.com\/asturias\/centro-de-dia\/","title":{"rendered":"Centro de d\u00eda"},"content":{"rendered":"\t\t<div data-elementor-type=\"wp-page\" data-elementor-id=\"1635\" class=\"elementor elementor-1635\" data-elementor-post-type=\"page\">\n\t\t\t\t\t\t<section class=\"elementor-section elementor-top-section elementor-element elementor-element-486a3560 elementor-section-content-middle elementor-section-full_width elementor-section-items-stretch elementor-section-height-min-height elementor-section-height-default qodef-elementor-content-no elementor-invisible\" data-id=\"486a3560\" data-element_type=\"section\" data-e-type=\"section\" data-settings=\"{&quot;background_background&quot;:&quot;classic&quot;,&quot;animation&quot;:&quot;fadeInUp&quot;}\">\n\t\t\t\t\t\t<div class=\"elementor-container elementor-column-gap-default\">\n\t\t\t\t\t<div class=\"elementor-column elementor-col-50 elementor-top-column elementor-element elementor-element-22548b19\" data-id=\"22548b19\" data-element_type=\"column\" data-e-type=\"column\" data-settings=\"{&quot;background_background&quot;:&quot;classic&quot;}\">\n\t\t\t<div class=\"elementor-widget-wrap elementor-element-populated\">\n\t\t\t\t\t\t<div class=\"elementor-element elementor-element-422650d3 elementor-widget elementor-widget-heading\" data-id=\"422650d3\" data-element_type=\"widget\" data-e-type=\"widget\" data-widget_type=\"heading.default\">\n\t\t\t\t<div class=\"elementor-widget-container\">\n\t\t\t\t\t<h1 class=\"elementor-heading-title elementor-size-default\">Centro de d\u00eda para el Tratamiento de las Adicciones en Asturias<\/h1>\t\t\t\t<\/div>\n\t\t\t\t<\/div>\n\t\t\t\t<div class=\"elementor-element elementor-element-1df3c3b4 elementor-widget elementor-widget-heading\" data-id=\"1df3c3b4\" data-element_type=\"widget\" data-e-type=\"widget\" data-widget_type=\"heading.default\">\n\t\t\t\t<div class=\"elementor-widget-container\">\n\t\t\t\t\t<p class=\"elementor-heading-title elementor-size-default\">Espacio diario indicado para pacientes que requieren de un refuerzo.<\/p>\t\t\t\t<\/div>\n\t\t\t\t<\/div>\n\t\t\t\t<div class=\"elementor-element elementor-element-23b62a5b elementor-widget elementor-widget-heading\" data-id=\"23b62a5b\" data-element_type=\"widget\" data-e-type=\"widget\" data-widget_type=\"heading.default\">\n\t\t\t\t<div class=\"elementor-widget-container\">\n\t\t\t\t\t<h4 class=\"elementor-heading-title elementor-size-default\">Da el primer paso<\/h4>\t\t\t\t<\/div>\n\t\t\t\t<\/div>\n\t\t\t\t<div class=\"elementor-element elementor-element-a9f4cd6 elementor-widget elementor-widget-heading\" data-id=\"a9f4cd6\" data-element_type=\"widget\" data-e-type=\"widget\" data-widget_type=\"heading.default\">\n\t\t\t\t<div class=\"elementor-widget-container\">\n\t\t\t\t\t<h2 class=\"elementor-heading-title elementor-size-default\">900 802 408<\/h2>\t\t\t\t<\/div>\n\t\t\t\t<\/div>\n\t\t\t\t<div class=\"elementor-element elementor-element-764ab358 elementor-widget elementor-widget-heading\" data-id=\"764ab358\" data-element_type=\"widget\" data-e-type=\"widget\" data-widget_type=\"heading.default\">\n\t\t\t\t<div class=\"elementor-widget-container\">\n\t\t\t\t\t<h5 class=\"elementor-heading-title elementor-size-default\">1\u00aa Visita gratuita<\/h5>\t\t\t\t<\/div>\n\t\t\t\t<\/div>\n\t\t\t\t\t<\/div>\n\t\t<\/div>\n\t\t\t\t<div class=\"elementor-column elementor-col-50 elementor-top-column elementor-element elementor-element-8a08612\" data-id=\"8a08612\" data-element_type=\"column\" data-e-type=\"column\" data-settings=\"{&quot;background_background&quot;:&quot;classic&quot;}\">\n\t\t\t<div class=\"elementor-widget-wrap elementor-element-populated\">\n\t\t\t\t\t\t<div class=\"elementor-element elementor-element-2133c9a7 elementor-widget elementor-widget-spacer\" data-id=\"2133c9a7\" data-element_type=\"widget\" data-e-type=\"widget\" data-widget_type=\"spacer.default\">\n\t\t\t\t<div class=\"elementor-widget-container\">\n\t\t\t\t\t\t\t<div class=\"elementor-spacer\">\n\t\t\t<div class=\"elementor-spacer-inner\"><\/div>\n\t\t<\/div>\n\t\t\t\t\t\t<\/div>\n\t\t\t\t<\/div>\n\t\t\t\t\t<\/div>\n\t\t<\/div>\n\t\t\t\t\t<\/div>\n\t\t<\/section>\n\t\t\t\t<section class=\"elementor-section elementor-top-section elementor-element elementor-element-7f642c18 elementor-section-full_width elementor-section-content-middle elementor-section-stretched elementor-section-height-default elementor-section-height-default qodef-elementor-content-no elementor-invisible\" data-id=\"7f642c18\" data-element_type=\"section\" data-e-type=\"section\" data-settings=\"{&quot;animation&quot;:&quot;fadeInUp&quot;,&quot;stretch_section&quot;:&quot;section-stretched&quot;}\">\n\t\t\t\t\t\t<div class=\"elementor-container elementor-column-gap-default\">\n\t\t\t\t\t<div class=\"elementor-column elementor-col-100 elementor-top-column elementor-element elementor-element-d162b05\" data-id=\"d162b05\" data-element_type=\"column\" data-e-type=\"column\">\n\t\t\t<div class=\"elementor-widget-wrap elementor-element-populated\">\n\t\t\t\t\t\t<div class=\"elementor-element elementor-element-7b9ddf4e elementor-widget elementor-widget-heading\" data-id=\"7b9ddf4e\" data-element_type=\"widget\" data-e-type=\"widget\" data-widget_type=\"heading.default\">\n\t\t\t\t<div class=\"elementor-widget-container\">\n\t\t\t\t\t<h2 class=\"elementor-heading-title elementor-size-default\">Expertos en el tratamiento de adicciones<\/h2>\t\t\t\t<\/div>\n\t\t\t\t<\/div>\n\t\t\t\t<div class=\"elementor-element elementor-element-4a724f55 elementor-widget elementor-widget-text-editor\" data-id=\"4a724f55\" data-element_type=\"widget\" data-e-type=\"widget\" data-widget_type=\"text-editor.default\">\n\t\t\t\t<div class=\"elementor-widget-container\">\n\t\t\t\t\t\t\t\t\t<p><strong>Programa integral de apoyo<\/strong>\u00a0a trav\u00e9s de actividades de formaci\u00f3n, terap\u00e9uticas, l\u00fadicas, deportivas, educativas, de animaci\u00f3n de ocio y tiempo libre, y talleres ocupacionales.<\/p><p>Es un\u00a0<strong>tratamiento<\/strong>\u00a0<strong>adaptado<\/strong>\u00a0<strong>a cada individuo<\/strong>, desde un equipo interdisciplinar, en r\u00e9gimen de estancia de d\u00eda, cuyo objetivo es la deshabituaci\u00f3n de la persona de su adicci\u00f3n, y favorecer, posteriormente, su inserci\u00f3n social y laboral, as\u00ed como la adhesi\u00f3n al tratamiento y su incorporaci\u00f3n a una vida normalizada.<\/p>\t\t\t\t\t\t\t\t<\/div>\n\t\t\t\t<\/div>\n\t\t\t\t\t<\/div>\n\t\t<\/div>\n\t\t\t\t\t<\/div>\n\t\t<\/section>\n\t\t\t\t<section class=\"elementor-section elementor-top-section elementor-element elementor-element-b3cc609 elementor-section-full_width elementor-section-content-middle elementor-section-stretched elementor-section-height-default elementor-section-height-default qodef-elementor-content-no elementor-invisible\" data-id=\"b3cc609\" data-element_type=\"section\" data-e-type=\"section\" data-settings=\"{&quot;animation&quot;:&quot;fadeInUp&quot;,&quot;stretch_section&quot;:&quot;section-stretched&quot;}\">\n\t\t\t\t\t\t<div class=\"elementor-container elementor-column-gap-default\">\n\t\t\t\t\t<div class=\"elementor-column elementor-col-100 elementor-top-column elementor-element elementor-element-98d9691\" data-id=\"98d9691\" data-element_type=\"column\" data-e-type=\"column\">\n\t\t\t<div class=\"elementor-widget-wrap elementor-element-populated\">\n\t\t\t\t\t\t<div class=\"elementor-element elementor-element-398a582 elementor-widget elementor-widget-heading\" data-id=\"398a582\" data-element_type=\"widget\" data-e-type=\"widget\" data-widget_type=\"heading.default\">\n\t\t\t\t<div class=\"elementor-widget-container\">\n\t\t\t\t\t<h2 class=\"elementor-heading-title elementor-size-default\">Qu\u00e9 ofrecemos<\/h2>\t\t\t\t<\/div>\n\t\t\t\t<\/div>\n\t\t\t\t<div class=\"elementor-element elementor-element-614caf8 elementor-widget elementor-widget-text-editor\" data-id=\"614caf8\" data-element_type=\"widget\" data-e-type=\"widget\" data-widget_type=\"text-editor.default\">\n\t\t\t\t<div class=\"elementor-widget-container\">\n\t\t\t\t\t\t\t\t\t<ul><li>Un\u00a0<strong>espacio de convivencia diurno<\/strong>\u00a0que tiene como objetivo lograr la deshabituaci\u00f3n de la adicci\u00f3n y favorecer la incorporaci\u00f3n social.<\/li><li><strong>Intervenci\u00f3n especializada<\/strong>\u00a0desde todas las \u00e1reas profesionales: psicolog\u00eda, psiquiatr\u00eda, terapia individual, monitoraje y atenci\u00f3n telef\u00f3nica.<\/li><li><strong>Tratamiento<\/strong>\u00a0psicoterap\u00e9utico grupal e individual.<\/li><li><strong>Actividades<\/strong>\u00a0terap\u00e9uticas, formativas, educativas, l\u00fadicas y ocupacionales.<\/li><li><strong>Apoyo<\/strong>\u00a0<strong>y asesoramiento familiar<\/strong><\/li><li><strong>Educaci\u00f3n<\/strong>\u00a0para la salud.<\/li><li><strong>Intervenci\u00f3n<\/strong>\u00a0espec\u00edfica en Patolog\u00eda Dual y Trastornos de Conducta.<\/li><\/ul>\t\t\t\t\t\t\t\t<\/div>\n\t\t\t\t<\/div>\n\t\t\t\t\t<\/div>\n\t\t<\/div>\n\t\t\t\t\t<\/div>\n\t\t<\/section>\n\t\t\t\t<section class=\"elementor-section elementor-top-section elementor-element elementor-element-6daeb9e4 elementor-section-full_width elementor-section-content-middle elementor-section-stretched elementor-section-height-default elementor-section-height-default qodef-elementor-content-no\" data-id=\"6daeb9e4\" data-element_type=\"section\" data-e-type=\"section\" data-settings=\"{&quot;stretch_section&quot;:&quot;section-stretched&quot;}\">\n\t\t\t\t\t\t<div class=\"elementor-container elementor-column-gap-narrow\">\n\t\t\t\t\t<div class=\"elementor-column elementor-col-50 elementor-top-column elementor-element elementor-element-35aac59 elementor-invisible\" data-id=\"35aac59\" data-element_type=\"column\" data-e-type=\"column\" data-settings=\"{&quot;animation&quot;:&quot;fadeInLeft&quot;}\">\n\t\t\t<div class=\"elementor-widget-wrap elementor-element-populated\">\n\t\t\t\t\t\t<div class=\"elementor-element elementor-element-70243a39 elementor-widget elementor-widget-image\" data-id=\"70243a39\" data-element_type=\"widget\" data-e-type=\"widget\" data-widget_type=\"image.default\">\n\t\t\t\t<div class=\"elementor-widget-container\">\n\t\t\t\t\t\t\t\t\t\t\t\t\t\t\t<img fetchpriority=\"high\" decoding=\"async\" width=\"712\" height=\"712\" src=\"https:\/\/forummontau.com\/asturias\/wp-content\/uploads\/sites\/7\/2023\/06\/centro_dia.jpg\" class=\"attachment-full size-full wp-image-1638\" alt=\"\" srcset=\"https:\/\/forummontau.com\/asturias\/wp-content\/uploads\/sites\/7\/2023\/06\/centro_dia.jpg 712w, https:\/\/forummontau.com\/asturias\/wp-content\/uploads\/sites\/7\/2023\/06\/centro_dia-300x300.jpg 300w, https:\/\/forummontau.com\/asturias\/wp-content\/uploads\/sites\/7\/2023\/06\/centro_dia-150x150.jpg 150w, https:\/\/forummontau.com\/asturias\/wp-content\/uploads\/sites\/7\/2023\/06\/centro_dia-600x600.jpg 600w, https:\/\/forummontau.com\/asturias\/wp-content\/uploads\/sites\/7\/2023\/06\/centro_dia-650x650.jpg 650w\" sizes=\"(max-width: 712px) 100vw, 712px\" \/>\t\t\t\t\t\t\t\t\t\t\t\t\t\t\t<\/div>\n\t\t\t\t<\/div>\n\t\t\t\t\t<\/div>\n\t\t<\/div>\n\t\t\t\t<div class=\"elementor-column elementor-col-50 elementor-top-column elementor-element elementor-element-5c363821 elementor-invisible\" data-id=\"5c363821\" data-element_type=\"column\" data-e-type=\"column\" data-settings=\"{&quot;animation&quot;:&quot;fadeInRight&quot;}\">\n\t\t\t<div class=\"elementor-widget-wrap elementor-element-populated\">\n\t\t\t\t\t\t<div class=\"elementor-element elementor-element-56635e8e elementor-widget elementor-widget-heading\" data-id=\"56635e8e\" data-element_type=\"widget\" data-e-type=\"widget\" data-widget_type=\"heading.default\">\n\t\t\t\t<div class=\"elementor-widget-container\">\n\t\t\t\t\t<h2 class=\"elementor-heading-title elementor-size-default\">Programa de abstinencia<\/h2>\t\t\t\t<\/div>\n\t\t\t\t<\/div>\n\t\t\t\t<div class=\"elementor-element elementor-element-6f53bfc5 elementor-widget elementor-widget-text-editor\" data-id=\"6f53bfc5\" data-element_type=\"widget\" data-e-type=\"widget\" data-widget_type=\"text-editor.default\">\n\t\t\t\t<div class=\"elementor-widget-container\">\n\t\t\t\t\t\t\t\t\t<p>Busca apoyar el mantenimiento de la abstinencia a trav\u00e9s de:<\/p><ul><li>Ayudar y dar soporte al paciente a centrarse en lograr y mantener su abstinencia.<\/li><li>Entrenar en estrategias de enfrentamiento de situaciones de alto riesgo.<\/li><li>Cambio de actividades reforzadoras o placenteras.<\/li><li>Favorecer el manejo de emociones negativas.<\/li><li>Mejorar relaciones interpersonales y su red de apoyo social.<\/li><li>Prevenir reca\u00eddas.<\/li><\/ul><p>Este programa se realiza a trav\u00e9s de intervenciones individuales formando un equipo de trabajo cuya meta sea ayudar a mantener la abstinencia de forma comprometida, evitando lugares, situaciones y personas asociadas al consumo y a trav\u00e9s de la asistencia a grupos terap\u00e9uticos, estos grupos est\u00e1n orientados inicialmente a favorecer y mantener la abstinencia.<\/p>\t\t\t\t\t\t\t\t<\/div>\n\t\t\t\t<\/div>\n\t\t\t\t\t<\/div>\n\t\t<\/div>\n\t\t\t\t\t<\/div>\n\t\t<\/section>\n\t\t\t\t<section class=\"elementor-section elementor-top-section elementor-element elementor-element-426a38c8 elementor-section-full_width elementor-section-content-middle elementor-section-stretched elementor-section-height-default elementor-section-height-default qodef-elementor-content-no elementor-invisible\" data-id=\"426a38c8\" data-element_type=\"section\" data-e-type=\"section\" data-settings=\"{&quot;animation&quot;:&quot;fadeInUp&quot;,&quot;stretch_section&quot;:&quot;section-stretched&quot;}\">\n\t\t\t\t\t\t<div class=\"elementor-container elementor-column-gap-default\">\n\t\t\t\t\t<div class=\"elementor-column elementor-col-100 elementor-top-column elementor-element elementor-element-27d41fcb\" data-id=\"27d41fcb\" data-element_type=\"column\" data-e-type=\"column\">\n\t\t\t<div class=\"elementor-widget-wrap elementor-element-populated\">\n\t\t\t\t\t\t<div class=\"elementor-element elementor-element-22fa408b elementor-widget elementor-widget-heading\" data-id=\"22fa408b\" data-element_type=\"widget\" data-e-type=\"widget\" data-widget_type=\"heading.default\">\n\t\t\t\t<div class=\"elementor-widget-container\">\n\t\t\t\t\t<h2 class=\"elementor-heading-title elementor-size-default\">Programa de orientaci\u00f3n familiar permanente<\/h2>\t\t\t\t<\/div>\n\t\t\t\t<\/div>\n\t\t\t\t<div class=\"elementor-element elementor-element-835a4d1 elementor-widget elementor-widget-text-editor\" data-id=\"835a4d1\" data-element_type=\"widget\" data-e-type=\"widget\" data-widget_type=\"text-editor.default\">\n\t\t\t\t<div class=\"elementor-widget-container\">\n\t\t\t\t\t\t\t\t\t<p>En adicciones, la orientaci\u00f3n familiar ha mostrado su eficacia para:<\/p><ul><li>Aumentar el compromiso de los pacientes y sus familias con los programas de tratamiento.<\/li><li>Aumentar la adherencia al tratamiento.<\/li><li>Disminuir el riesgo de reca\u00edda post-tratamiento.<\/li><li>Mejorar el funcionamiento familiar y facilitar la normalizaci\u00f3n de los pacientes en cuanto a su incorporaci\u00f3n social.<\/li><\/ul><p>La importancia y valor de esta intervenci\u00f3n aumenta y se hace indispensable en la intervenci\u00f3n con adolescentes y j\u00f3venes, y muy necesaria en otros como patolog\u00eda dual, mujeres, etc\u2026<\/p><p>Consideramos fundamental la incorporaci\u00f3n de los familiares desde las primeras fases del tratamiento con el objetivo de restablecer en la medida de lo posible un contexto o red social m\u00ednima que facilite el apoyo y el mantenimiento de los cambios iniciados.<\/p><p>Con respecto a la\u00a0<strong>intervenci\u00f3n con la pareja:<\/strong><\/p><p>En relaci\u00f3n a los objetivos adem\u00e1s de los ya apuntados en relaci\u00f3n a la intervenci\u00f3n familiar, a\u00f1adimos:<\/p><ul><li>An\u00e1lisis e intervenci\u00f3n sobre las \u00e1reas afectadas en la relaci\u00f3n de pareja por el problema de consumo.<\/li><li>An\u00e1lisis, mantenimiento y\/o mejora de la relaci\u00f3n.<\/li><\/ul><p>Por otro lado, las intervenciones dirigidas a la familia pueden desarrollarse a trav\u00e9s de diferentes contextos terap\u00e9uticos:<\/p><ul><li>Citas individuales de uno o varios miembros de la familia.<\/li><li>Citas individuales incluyendo al o la paciente.<\/li><li>Grupos terap\u00e9uticos:<\/li><li>Para familias\/parejas<\/li><li>Para familias\/parejas y pacientes<\/li><\/ul>\t\t\t\t\t\t\t\t<\/div>\n\t\t\t\t<\/div>\n\t\t\t\t<div class=\"elementor-element elementor-element-49066b03 elementor-widget elementor-widget-spacer\" data-id=\"49066b03\" data-element_type=\"widget\" data-e-type=\"widget\" data-widget_type=\"spacer.default\">\n\t\t\t\t<div class=\"elementor-widget-container\">\n\t\t\t\t\t\t\t<div class=\"elementor-spacer\">\n\t\t\t<div class=\"elementor-spacer-inner\"><\/div>\n\t\t<\/div>\n\t\t\t\t\t\t<\/div>\n\t\t\t\t<\/div>\n\t\t\t\t\t<\/div>\n\t\t<\/div>\n\t\t\t\t\t<\/div>\n\t\t<\/section>\n\t\t\t\t<section class=\"elementor-section elementor-top-section elementor-element elementor-element-14ec67c4 elementor-section-full_width elementor-section-content-middle elementor-section-stretched elementor-section-height-default elementor-section-height-default qodef-elementor-content-no\" data-id=\"14ec67c4\" data-element_type=\"section\" data-e-type=\"section\" data-settings=\"{&quot;stretch_section&quot;:&quot;section-stretched&quot;}\">\n\t\t\t\t\t\t<div class=\"elementor-container elementor-column-gap-narrow\">\n\t\t\t\t\t<div class=\"elementor-column elementor-col-50 elementor-top-column elementor-element elementor-element-704a6267\" data-id=\"704a6267\" data-element_type=\"column\" data-e-type=\"column\">\n\t\t\t<div class=\"elementor-widget-wrap elementor-element-populated\">\n\t\t\t\t\t\t<div class=\"elementor-element elementor-element-752547b6 elementor-invisible elementor-widget elementor-widget-image\" data-id=\"752547b6\" data-element_type=\"widget\" data-e-type=\"widget\" data-settings=\"{&quot;_animation&quot;:&quot;fadeInLeft&quot;}\" data-widget_type=\"image.default\">\n\t\t\t\t<div class=\"elementor-widget-container\">\n\t\t\t\t\t\t\t\t\t\t\t\t\t\t\t<img decoding=\"async\" width=\"712\" height=\"726\" src=\"https:\/\/forummontau.com\/asturias\/wp-content\/uploads\/sites\/7\/2023\/06\/imagecentrodiaprev-2.png\" class=\"attachment-full size-full wp-image-1639\" alt=\"\" srcset=\"https:\/\/forummontau.com\/asturias\/wp-content\/uploads\/sites\/7\/2023\/06\/imagecentrodiaprev-2.png 712w, https:\/\/forummontau.com\/asturias\/wp-content\/uploads\/sites\/7\/2023\/06\/imagecentrodiaprev-2-294x300.png 294w\" sizes=\"(max-width: 712px) 100vw, 712px\" \/>\t\t\t\t\t\t\t\t\t\t\t\t\t\t\t<\/div>\n\t\t\t\t<\/div>\n\t\t\t\t\t<\/div>\n\t\t<\/div>\n\t\t\t\t<div class=\"elementor-column elementor-col-50 elementor-top-column elementor-element elementor-element-14d355d elementor-invisible\" data-id=\"14d355d\" data-element_type=\"column\" data-e-type=\"column\" data-settings=\"{&quot;animation&quot;:&quot;fadeInRight&quot;}\">\n\t\t\t<div class=\"elementor-widget-wrap elementor-element-populated\">\n\t\t\t\t\t\t<div class=\"elementor-element elementor-element-1775abb1 elementor-widget elementor-widget-heading\" data-id=\"1775abb1\" data-element_type=\"widget\" data-e-type=\"widget\" data-widget_type=\"heading.default\">\n\t\t\t\t<div class=\"elementor-widget-container\">\n\t\t\t\t\t<h2 class=\"elementor-heading-title elementor-size-default\">Programa de Acompa\u00f1amiento<\/h2>\t\t\t\t<\/div>\n\t\t\t\t<\/div>\n\t\t\t\t<div class=\"elementor-element elementor-element-4f41ad30 elementor-widget elementor-widget-text-editor\" data-id=\"4f41ad30\" data-element_type=\"widget\" data-e-type=\"widget\" data-widget_type=\"text-editor.default\">\n\t\t\t\t<div class=\"elementor-widget-container\">\n\t\t\t\t\t\t\t\t\t<p>Una herramienta fundamental con la que contamos en el Centro de D\u00eda para superar adicciones es el acompa\u00f1amiento terap\u00e9utico, es decir, tener la compa\u00f1\u00eda de una monitora especializada a lado de un paciente da confianza y seguridad de que el tratamiento se concluir\u00e1 con \u00e9xito.<\/p><p>El acompa\u00f1ante terap\u00e9utico es una persona que cuenta con los conocimientos y experiencia para actuar en diferentes circunstancias, as\u00ed como para promover los lazos sociales y orientar a los familiares para la pronta recuperaci\u00f3n del paciente.<\/p><p>Esta figura aporta al servicio:<\/p><ul><li>La posibilidad de ampliar la estrategia terap\u00e9utica en el \u00e1mbito cotidiano del paciente.<\/li><li>Abarcar el espacio-tiempo entre sesiones.<\/li><li>Trabajar en equipo hacia los objetivos terap\u00e9uticos propuestos.<\/li><li>Afrontar situaciones de reca\u00edda, de ruptura en la trama social.<\/li><li>Favorece la gradualidad de las intervenciones.<\/li><li>Mayor adherencia al tratamiento.<\/li><\/ul><p>Las funciones de la monitora aportan al resto del equipo informaci\u00f3n fundamental de la vida cotidiana del paciente, que de otra manera no podr\u00eda obtenerse.<\/p>\t\t\t\t\t\t\t\t<\/div>\n\t\t\t\t<\/div>\n\t\t\t\t\t<\/div>\n\t\t<\/div>\n\t\t\t\t\t<\/div>\n\t\t<\/section>\n\t\t\t\t<section class=\"elementor-section elementor-top-section elementor-element elementor-element-774487a8 elementor-section-full_width elementor-section-content-middle elementor-section-stretched elementor-section-height-default elementor-section-height-default qodef-elementor-content-no elementor-invisible\" data-id=\"774487a8\" data-element_type=\"section\" data-e-type=\"section\" data-settings=\"{&quot;animation&quot;:&quot;fadeInUp&quot;,&quot;stretch_section&quot;:&quot;section-stretched&quot;}\">\n\t\t\t\t\t\t<div class=\"elementor-container elementor-column-gap-default\">\n\t\t\t\t\t<div class=\"elementor-column elementor-col-100 elementor-top-column elementor-element elementor-element-5696339d\" data-id=\"5696339d\" data-element_type=\"column\" data-e-type=\"column\">\n\t\t\t<div class=\"elementor-widget-wrap elementor-element-populated\">\n\t\t\t\t\t\t<div class=\"elementor-element elementor-element-663b4d8c elementor-widget elementor-widget-heading\" data-id=\"663b4d8c\" data-element_type=\"widget\" data-e-type=\"widget\" data-widget_type=\"heading.default\">\n\t\t\t\t<div class=\"elementor-widget-container\">\n\t\t\t\t\t<h2 class=\"elementor-heading-title elementor-size-default\">Apoyo psicol\u00f3gico, socioeducativo, terap\u00e9utico, sanitario y familiar<\/h2>\t\t\t\t<\/div>\n\t\t\t\t<\/div>\n\t\t\t\t<div class=\"elementor-element elementor-element-712722b elementor-widget elementor-widget-text-editor\" data-id=\"712722b\" data-element_type=\"widget\" data-e-type=\"widget\" data-widget_type=\"text-editor.default\">\n\t\t\t\t<div class=\"elementor-widget-container\">\n\t\t\t\t\t\t\t\t\t<p>Contamos con un\u00a0<strong>equipo interdisciplinar de expertos con m\u00e1s de 25 a\u00f1os<\/strong>\u00a0de trayectoria profesional\u00a0<strong>especializados<\/strong>\u00a0en el diagn\u00f3stico, tratamiento terap\u00e9utico, evaluaci\u00f3n y seguimiento y normalizaci\u00f3n de vida de pacientes con adicciones a las drogas, alcohol y otros problemas conductuales.<\/p><p>Los profesionales cubren las \u00e1reas de intervenci\u00f3n:<\/p><ul><li>Terapeutas<\/li><li>Psic\u00f3loga<\/li><li>Psiquiatra<\/li><li>Monitora socioeducativa<\/li><\/ul><p><strong>PROGRAMA DE INTEGRACI\u00d3N SOCIAL A TRAV\u00c9S DEL OCIO<\/strong><\/p><p>El objetivo del programa es\u00a0<strong>promover la utilizaci\u00f3n del ocio entre las personas con problemas de adicci\u00f3n<\/strong>\u00a0partiendo de las\u00a0<strong>necesidades personales individuales<\/strong>, como un instrumento normalizador y facilitador de la integraci\u00f3n social, mediante el\u00a0<strong>dise\u00f1o de estrategias<\/strong>\u00a0orientadas a desarrollar sus habilidades personales, sociales y culturales y a facilitar el crecimiento personal, el aprendizaje, la culturizaci\u00f3n y la socializaci\u00f3n.<\/p><p>A lo largo del proceso de intervenci\u00f3n con cada usuario en el Centro de D\u00eda, se van a ir poniendo en marcha y ofertando a cada persona los recursos, programas e intervenciones que se consideren adecuados en cada situaci\u00f3n y en cada \u00e1rea de intervenci\u00f3n. En el \u00e1rea del ocio ser\u00e1 tambi\u00e9n el momento de desarrollar las diferentes actuaciones programadas en el marco del programa individualizado de intervenci\u00f3n en funci\u00f3n de los objetivos marcados para cada persona.<\/p><p>Es el momento de poner en juego los diferentes recursos dise\u00f1ados en el marco de este programa, como el taller ocio, y de utilizar aquellos otros recursos de ocio que ofrece la ciudad en sus distintas facetas: recursos deportivos, culturales, l\u00fadico- recreativos, etc. La exploraci\u00f3n de los recursos del entorno, por parte de los pacientes resulta tambi\u00e9n en esta etapa una actividad fundamental, para avanzar en los objetivos del programa.<\/p><p>Se trata de desarrollar los programas individualizados de intervenci\u00f3n en la parte relacionada con el ocio, mediante la realizaci\u00f3n de actividades que favorezcan el cambio en funci\u00f3n de las necesidades de la persona, de sus prioridades y sus objetivos. As\u00ed, entre otras, se podr\u00e1n utilizar:<\/p><ul><li>Actividades l\u00fadico-recreativas: actividades sencillas, que resulten gratificantes para los participantes y de \u00e9xito asegurado (salidas a zonas atractivas de la ciudad o alrededores, visitas a espacios l\u00fadicos o recreativos, etc.).<\/li><li>Actividades f\u00edsico-deportivas: ejercicios que favorecen la liberaci\u00f3n de tensi\u00f3n, canalizaci\u00f3n de la energ\u00eda, conciencia corporal, equilibrio, coordinaci\u00f3n, relajaci\u00f3n etc.<\/li><li>Actividades culturales: Visitas a centros culturales, museos, exposiciones, participaci\u00f3n en actividades culturales del barrio, cine forum, etc.<\/li><li>Actividades cognitivas: Actividades de complejidad gradual que requieran atenci\u00f3n, concentraci\u00f3n, resoluci\u00f3n de problemas, etc.<\/li><li>Actividades creativas: actividades que requieran una planificaci\u00f3n, organizaci\u00f3n y ajuste en cuanto a tiempos, material, espacio, etc.<\/li><\/ul>\t\t\t\t\t\t\t\t<\/div>\n\t\t\t\t<\/div>\n\t\t\t\t<div class=\"elementor-element elementor-element-7d8a178f elementor-widget elementor-widget-spacer\" data-id=\"7d8a178f\" data-element_type=\"widget\" data-e-type=\"widget\" data-widget_type=\"spacer.default\">\n\t\t\t\t<div class=\"elementor-widget-container\">\n\t\t\t\t\t\t\t<div class=\"elementor-spacer\">\n\t\t\t<div class=\"elementor-spacer-inner\"><\/div>\n\t\t<\/div>\n\t\t\t\t\t\t<\/div>\n\t\t\t\t<\/div>\n\t\t\t\t\t<\/div>\n\t\t<\/div>\n\t\t\t\t\t<\/div>\n\t\t<\/section>\n\t\t\t\t<section class=\"elementor-section elementor-top-section elementor-element elementor-element-8229582 elementor-section-full_width elementor-section-content-middle elementor-section-stretched elementor-section-height-default elementor-section-height-default qodef-elementor-content-no\" data-id=\"8229582\" data-element_type=\"section\" data-e-type=\"section\" data-settings=\"{&quot;stretch_section&quot;:&quot;section-stretched&quot;}\">\n\t\t\t\t\t\t<div class=\"elementor-container elementor-column-gap-narrow\">\n\t\t\t\t\t<div class=\"elementor-column elementor-col-50 elementor-top-column elementor-element elementor-element-51a296d6\" data-id=\"51a296d6\" data-element_type=\"column\" data-e-type=\"column\">\n\t\t\t<div class=\"elementor-widget-wrap elementor-element-populated\">\n\t\t\t\t\t\t<div class=\"elementor-element elementor-element-2538fffa elementor-invisible elementor-widget elementor-widget-image\" data-id=\"2538fffa\" data-element_type=\"widget\" data-e-type=\"widget\" data-settings=\"{&quot;_animation&quot;:&quot;fadeInLeft&quot;}\" data-widget_type=\"image.default\">\n\t\t\t\t<div class=\"elementor-widget-container\">\n\t\t\t\t\t\t\t\t\t\t\t\t\t\t\t<img decoding=\"async\" width=\"712\" height=\"712\" src=\"https:\/\/forummontau.com\/asturias\/wp-content\/uploads\/sites\/7\/2023\/06\/ocio_saludable.jpg\" class=\"attachment-full size-full wp-image-1640\" alt=\"\" srcset=\"https:\/\/forummontau.com\/asturias\/wp-content\/uploads\/sites\/7\/2023\/06\/ocio_saludable.jpg 712w, https:\/\/forummontau.com\/asturias\/wp-content\/uploads\/sites\/7\/2023\/06\/ocio_saludable-300x300.jpg 300w, https:\/\/forummontau.com\/asturias\/wp-content\/uploads\/sites\/7\/2023\/06\/ocio_saludable-150x150.jpg 150w, https:\/\/forummontau.com\/asturias\/wp-content\/uploads\/sites\/7\/2023\/06\/ocio_saludable-600x600.jpg 600w, https:\/\/forummontau.com\/asturias\/wp-content\/uploads\/sites\/7\/2023\/06\/ocio_saludable-650x650.jpg 650w\" sizes=\"(max-width: 712px) 100vw, 712px\" \/>\t\t\t\t\t\t\t\t\t\t\t\t\t\t\t<\/div>\n\t\t\t\t<\/div>\n\t\t\t\t\t<\/div>\n\t\t<\/div>\n\t\t\t\t<div class=\"elementor-column elementor-col-50 elementor-top-column elementor-element elementor-element-78d2a251 elementor-invisible\" data-id=\"78d2a251\" data-element_type=\"column\" data-e-type=\"column\" data-settings=\"{&quot;animation&quot;:&quot;fadeInRight&quot;}\">\n\t\t\t<div class=\"elementor-widget-wrap elementor-element-populated\">\n\t\t\t\t\t\t<div class=\"elementor-element elementor-element-4bc13b70 elementor-widget elementor-widget-heading\" data-id=\"4bc13b70\" data-element_type=\"widget\" data-e-type=\"widget\" data-widget_type=\"heading.default\">\n\t\t\t\t<div class=\"elementor-widget-container\">\n\t\t\t\t\t<h2 class=\"elementor-heading-title elementor-size-default\">Actividades individuales y grupales<\/h2>\t\t\t\t<\/div>\n\t\t\t\t<\/div>\n\t\t\t\t<div class=\"elementor-element elementor-element-450191ee elementor-widget elementor-widget-text-editor\" data-id=\"450191ee\" data-element_type=\"widget\" data-e-type=\"widget\" data-widget_type=\"text-editor.default\">\n\t\t\t\t<div class=\"elementor-widget-container\">\n\t\t\t\t\t\t\t\t\t<p>Entrenamiento de habilidades sociales, autoestima, control de impulsos, crecimiento personal y ocio saludable.<\/p><ul><li>Conversaci\u00f3n (iniciar, mantener, finalizar)<\/li><li>Improvisaci\u00f3n \/ Espontaneidad<\/li><li>Autoestima<\/li><li>Asertividad<\/li><li>Pensamientos y creencias negativos o limitantes<\/li><li>Verg\u00fcenza \/ Timidez<\/li><li>Hacer y rechazar peticiones<\/li><li>Empat\u00eda<\/li><li>Soluci\u00f3n de conflictos<\/li><li>Control de Impulsos<\/li><li>Poner l\u00edmites, saber decir no<\/li><li>Comunicaci\u00f3n: lenguaje verbal y lenguaje no verbal<\/li><li>Estilos comunicativos: pasivo, agresivo y asertivo<\/li><li>Crecimiento personal<\/li><li>Ocio saludable<\/li><\/ul><p>Los objetivos del taller son el entrenamiento para la mejora de sus actitudes personales de cara a la vida en general.<\/p>\t\t\t\t\t\t\t\t<\/div>\n\t\t\t\t<\/div>\n\t\t\t\t\t<\/div>\n\t\t<\/div>\n\t\t\t\t\t<\/div>\n\t\t<\/section>\n\t\t\t\t<section class=\"elementor-section elementor-top-section elementor-element elementor-element-4a483547 elementor-section-full_width elementor-section-content-middle elementor-section-stretched elementor-section-height-default elementor-section-height-default qodef-elementor-content-no elementor-invisible\" data-id=\"4a483547\" data-element_type=\"section\" data-e-type=\"section\" data-settings=\"{&quot;animation&quot;:&quot;fadeInUp&quot;,&quot;stretch_section&quot;:&quot;section-stretched&quot;}\">\n\t\t\t\t\t\t<div class=\"elementor-container elementor-column-gap-default\">\n\t\t\t\t\t<div class=\"elementor-column elementor-col-100 elementor-top-column elementor-element elementor-element-317fbc4e\" data-id=\"317fbc4e\" data-element_type=\"column\" data-e-type=\"column\">\n\t\t\t<div class=\"elementor-widget-wrap elementor-element-populated\">\n\t\t\t\t\t\t<div class=\"elementor-element elementor-element-77b38a9c elementor-widget elementor-widget-heading\" data-id=\"77b38a9c\" data-element_type=\"widget\" data-e-type=\"widget\" data-widget_type=\"heading.default\">\n\t\t\t\t<div class=\"elementor-widget-container\">\n\t\t\t\t\t<h2 class=\"elementor-heading-title elementor-size-default\">Objetivos espec\u00edficos del programa<\/h2>\t\t\t\t<\/div>\n\t\t\t\t<\/div>\n\t\t\t\t<div class=\"elementor-element elementor-element-1a095af5 elementor-widget elementor-widget-text-editor\" data-id=\"1a095af5\" data-element_type=\"widget\" data-e-type=\"widget\" data-widget_type=\"text-editor.default\">\n\t\t\t\t<div class=\"elementor-widget-container\">\n\t\t\t\t\t\t\t\t\t<h4><strong>Entrenamiento en mejora de la autoimagen y autoestima:<\/strong><\/h4><ul><li>Ajuste en la percepci\u00f3n de las posibilidades personales de \u00e9xito.<\/li><li>Reconocimiento de aspectos positivos de su persona.<\/li><li>Desarrollo de pensamientos y estrategias autoevaluativas ajustadas.<\/li><li>Modificaci\u00f3n de creencias irracionales y estilos atribucionales desadaptativos.<\/li><\/ul><h4><strong>Habilidades sociales:<\/strong><\/h4><ul><li>Aprendizaje y desarrollo de habilidades b\u00e1sicas de conversaci\u00f3n.<\/li><li>Aprendizaje y desarrollo de habilidades para la comunicaci\u00f3n y encuentro con otros, saludo, presentaci\u00f3n, conocimiento inicial, etc.<\/li><li>Aprendizaje de habilidades para desarrollar comportamientos alternativos al agresivo.<\/li><\/ul><h4><strong>Habilidades para la negociaci\u00f3n:<\/strong><\/h4><ul><li>Reconocer distintos puntos de vista, y establecer nuestra posici\u00f3n.<\/li><li>Calificar y atribuir rango a los objetivos propios.<\/li><li>Establecer prioridades, teniendo en cuenta la oferta ajena y los objetivos propios.<\/li><li>Sugerir alternativas para llegar a acuerdos.<\/li><\/ul><p>Las actividades se realizar\u00e1n a partir de ejercicios pr\u00e1cticos y din\u00e1micos que nos permitir\u00e1n ponernos en acci\u00f3n, observarnos y buscar el cambio.<\/p>\t\t\t\t\t\t\t\t<\/div>\n\t\t\t\t<\/div>\n\t\t\t\t<div class=\"elementor-element elementor-element-58976f88 elementor-widget elementor-widget-spacer\" data-id=\"58976f88\" data-element_type=\"widget\" data-e-type=\"widget\" data-widget_type=\"spacer.default\">\n\t\t\t\t<div class=\"elementor-widget-container\">\n\t\t\t\t\t\t\t<div class=\"elementor-spacer\">\n\t\t\t<div class=\"elementor-spacer-inner\"><\/div>\n\t\t<\/div>\n\t\t\t\t\t\t<\/div>\n\t\t\t\t<\/div>\n\t\t\t\t\t<\/div>\n\t\t<\/div>\n\t\t\t\t\t<\/div>\n\t\t<\/section>\n\t\t\t\t<section class=\"elementor-section elementor-top-section elementor-element elementor-element-196e986 elementor-section-full_width elementor-section-content-middle elementor-section-stretched elementor-section-height-default elementor-section-height-default qodef-elementor-content-no elementor-invisible\" data-id=\"196e986\" data-element_type=\"section\" data-e-type=\"section\" data-settings=\"{&quot;animation&quot;:&quot;fadeInUp&quot;,&quot;stretch_section&quot;:&quot;section-stretched&quot;}\">\n\t\t\t\t\t\t<div class=\"elementor-container elementor-column-gap-default\">\n\t\t\t\t\t<div class=\"elementor-column elementor-col-100 elementor-top-column elementor-element elementor-element-28a54ac4\" data-id=\"28a54ac4\" data-element_type=\"column\" data-e-type=\"column\">\n\t\t\t<div class=\"elementor-widget-wrap elementor-element-populated\">\n\t\t\t\t\t\t<div class=\"elementor-element elementor-element-3f697594 elementor-widget elementor-widget-heading\" data-id=\"3f697594\" data-element_type=\"widget\" data-e-type=\"widget\" data-widget_type=\"heading.default\">\n\t\t\t\t<div class=\"elementor-widget-container\">\n\t\t\t\t\t<h2 class=\"elementor-heading-title elementor-size-default\">An\u00e1lisis semanales de t\u00f3xicos<\/h2>\t\t\t\t<\/div>\n\t\t\t\t<\/div>\n\t\t\t\t<div class=\"elementor-element elementor-element-35369db3 elementor-widget elementor-widget-text-editor\" data-id=\"35369db3\" data-element_type=\"widget\" data-e-type=\"widget\" data-widget_type=\"text-editor.default\">\n\t\t\t\t<div class=\"elementor-widget-container\">\n\t\t\t\t\t\t\t\t\t<p>Las pruebas de detecci\u00f3n de sustancias psicotr\u00f3picas y sus metabolitos son herramientas para el diagn\u00f3stico, que pueden ser de ayuda en la intervenci\u00f3n y seguimiento del tratamiento en adicciones.<\/p><p>Los programas de tratamiento deben ser intensivos, con supervisi\u00f3n del tratamiento farmacol\u00f3gico, controles semanales de t\u00f3xicos en orina y funciones de acompa\u00f1amiento y atenci\u00f3n a su situaci\u00f3n psicosocial.<\/p>\t\t\t\t\t\t\t\t<\/div>\n\t\t\t\t<\/div>\n\t\t\t\t<div class=\"elementor-element elementor-element-7ccc1122 elementor-widget elementor-widget-spacer\" data-id=\"7ccc1122\" data-element_type=\"widget\" data-e-type=\"widget\" data-widget_type=\"spacer.default\">\n\t\t\t\t<div class=\"elementor-widget-container\">\n\t\t\t\t\t\t\t<div class=\"elementor-spacer\">\n\t\t\t<div class=\"elementor-spacer-inner\"><\/div>\n\t\t<\/div>\n\t\t\t\t\t\t<\/div>\n\t\t\t\t<\/div>\n\t\t\t\t\t<\/div>\n\t\t<\/div>\n\t\t\t\t\t<\/div>\n\t\t<\/section>\n\t\t\t\t<\/div>\n\t\t","protected":false},"excerpt":{"rendered":"<p>Centro de d\u00eda para el Tratamiento de las Adicciones en Asturias Espacio diario indicado para pacientes que requieren de un refuerzo. Da el primer paso 900 802 408 1\u00aa Visita gratuita Expertos en el tratamiento de adicciones Programa integral de apoyo\u00a0a trav\u00e9s de actividades de formaci\u00f3n, terap\u00e9uticas, l\u00fadicas, deportivas, educativas, de animaci\u00f3n de ocio y [&hellip;]<\/p>\n","protected":false},"author":2,"featured_media":0,"parent":0,"menu_order":0,"comment_status":"closed","ping_status":"closed","template":"","meta":{"ocean_post_layout":"full-screen","ocean_both_sidebars_style":"","ocean_both_sidebars_content_width":0,"ocean_both_sidebars_sidebars_width":0,"ocean_sidebar":"0","ocean_second_sidebar":"0","ocean_disable_margins":"enable","ocean_add_body_class":"","ocean_shortcode_before_top_bar":"","ocean_shortcode_after_top_bar":"","ocean_shortcode_before_header":"","ocean_shortcode_after_header":"","ocean_has_shortcode":"","ocean_shortcode_after_title":"","ocean_shortcode_before_footer_widgets":"","ocean_shortcode_after_footer_widgets":"","ocean_shortcode_before_footer_bottom":"","ocean_shortcode_after_footer_bottom":"","ocean_display_top_bar":"default","ocean_display_header":"default","ocean_header_style":"","ocean_center_header_left_menu":"0","ocean_custom_header_template":"0","ocean_custom_logo":0,"ocean_custom_retina_logo":0,"ocean_custom_logo_max_width":0,"ocean_custom_logo_tablet_max_width":0,"ocean_custom_logo_mobile_max_width":0,"ocean_custom_logo_max_height":0,"ocean_custom_logo_tablet_max_height":0,"ocean_custom_logo_mobile_max_height":0,"ocean_header_custom_menu":"0","ocean_menu_typo_font_family":"0","ocean_menu_typo_font_subset":"","ocean_menu_typo_font_size":0,"ocean_menu_typo_font_size_tablet":0,"ocean_menu_typo_font_size_mobile":0,"ocean_menu_typo_font_size_unit":"px","ocean_menu_typo_font_weight":"","ocean_menu_typo_font_weight_tablet":"","ocean_menu_typo_font_weight_mobile":"","ocean_menu_typo_transform":"","ocean_menu_typo_transform_tablet":"","ocean_menu_typo_transform_mobile":"","ocean_menu_typo_line_height":0,"ocean_menu_typo_line_height_tablet":0,"ocean_menu_typo_line_height_mobile":0,"ocean_menu_typo_line_height_unit":"","ocean_menu_typo_spacing":0,"ocean_menu_typo_spacing_tablet":0,"ocean_menu_typo_spacing_mobile":0,"ocean_menu_typo_spacing_unit":"","ocean_menu_link_color":"","ocean_menu_link_color_hover":"","ocean_menu_link_color_active":"","ocean_menu_link_background":"","ocean_menu_link_hover_background":"","ocean_menu_link_active_background":"","ocean_menu_social_links_bg":"","ocean_menu_social_hover_links_bg":"","ocean_menu_social_links_color":"","ocean_menu_social_hover_links_color":"","ocean_disable_title":"on","ocean_disable_heading":"default","ocean_post_title":"","ocean_post_subheading":"","ocean_post_title_style":"","ocean_post_title_background_color":"","ocean_post_title_background":0,"ocean_post_title_bg_image_position":"","ocean_post_title_bg_image_attachment":"","ocean_post_title_bg_image_repeat":"","ocean_post_title_bg_image_size":"","ocean_post_title_height":0,"ocean_post_title_bg_overlay":0.5,"ocean_post_title_bg_overlay_color":"","ocean_disable_breadcrumbs":"default","ocean_breadcrumbs_color":"","ocean_breadcrumbs_separator_color":"","ocean_breadcrumbs_links_color":"","ocean_breadcrumbs_links_hover_color":"","ocean_display_footer_widgets":"default","ocean_display_footer_bottom":"default","ocean_custom_footer_template":"0","footnotes":""},"class_list":["post-1635","page","type-page","status-publish","hentry","entry"],"yoast_head":"<!-- This site is optimized with the Yoast SEO plugin v27.5 - https:\/\/yoast.com\/product\/yoast-seo-wordpress\/ -->\n<title>Centro de d\u00eda - Forum Salud Mental Asturias<\/title>\n<meta name=\"description\" content=\"En r\u00e9gimen de estancia de d\u00eda, su objetivo es la deshabituaci\u00f3n de la persona de su adicci\u00f3n, y favorecer su inserci\u00f3n social y laboral, as\u00ed como la adhesi\u00f3n al tratamiento y su incorporaci\u00f3n a una vida normalizada.\" \/>\n<meta name=\"robots\" content=\"index, follow, max-snippet:-1, max-image-preview:large, max-video-preview:-1\" \/>\n<link rel=\"canonical\" href=\"https:\/\/forummontau.com\/asturias\/centro-de-dia\/\" \/>\n<meta property=\"og:locale\" content=\"es_ES\" \/>\n<meta property=\"og:type\" content=\"article\" \/>\n<meta property=\"og:title\" content=\"Centro de d\u00eda - Forum Salud Mental Asturias\" \/>\n<meta property=\"og:description\" content=\"En r\u00e9gimen de estancia de d\u00eda, su objetivo es la deshabituaci\u00f3n de la persona de su adicci\u00f3n, y favorecer su inserci\u00f3n social y laboral, as\u00ed como la adhesi\u00f3n al tratamiento y su incorporaci\u00f3n a una vida normalizada.\" \/>\n<meta property=\"og:url\" content=\"https:\/\/forummontau.com\/asturias\/centro-de-dia\/\" \/>\n<meta property=\"og:site_name\" content=\"Forum Salud Mental Asturias\" \/>\n<meta property=\"article:modified_time\" content=\"2023-11-30T10:39:08+00:00\" \/>\n<meta property=\"og:image\" content=\"https:\/\/forummontau.com\/asturias\/wp-content\/uploads\/sites\/7\/2023\/06\/centro_dia.jpg\" \/>\n<meta name=\"twitter:card\" content=\"summary_large_image\" \/>\n<meta name=\"twitter:label1\" content=\"Tiempo de lectura\" \/>\n\t<meta name=\"twitter:data1\" content=\"7 minutos\" \/>\n<script type=\"application\/ld+json\" class=\"yoast-schema-graph\">{\"@context\":\"https:\\\/\\\/schema.org\",\"@graph\":[{\"@type\":\"WebPage\",\"@id\":\"https:\\\/\\\/forummontau.com\\\/asturias\\\/centro-de-dia\\\/\",\"url\":\"https:\\\/\\\/forummontau.com\\\/asturias\\\/centro-de-dia\\\/\",\"name\":\"Centro de d\u00eda - Forum Salud Mental Asturias\",\"isPartOf\":{\"@id\":\"https:\\\/\\\/forummontau.com\\\/asturias\\\/#website\"},\"primaryImageOfPage\":{\"@id\":\"https:\\\/\\\/forummontau.com\\\/asturias\\\/centro-de-dia\\\/#primaryimage\"},\"image\":{\"@id\":\"https:\\\/\\\/forummontau.com\\\/asturias\\\/centro-de-dia\\\/#primaryimage\"},\"thumbnailUrl\":\"https:\\\/\\\/forummontau.com\\\/asturias\\\/wp-content\\\/uploads\\\/sites\\\/7\\\/2023\\\/06\\\/centro_dia.jpg\",\"datePublished\":\"2023-06-27T14:32:50+00:00\",\"dateModified\":\"2023-11-30T10:39:08+00:00\",\"description\":\"En r\u00e9gimen de estancia de d\u00eda, su objetivo es la deshabituaci\u00f3n de la persona de su adicci\u00f3n, y favorecer su inserci\u00f3n social y laboral, as\u00ed como la adhesi\u00f3n al tratamiento y su incorporaci\u00f3n a una vida normalizada.\",\"breadcrumb\":{\"@id\":\"https:\\\/\\\/forummontau.com\\\/asturias\\\/centro-de-dia\\\/#breadcrumb\"},\"inLanguage\":\"es\",\"potentialAction\":[{\"@type\":\"ReadAction\",\"target\":[\"https:\\\/\\\/forummontau.com\\\/asturias\\\/centro-de-dia\\\/\"]}]},{\"@type\":\"ImageObject\",\"inLanguage\":\"es\",\"@id\":\"https:\\\/\\\/forummontau.com\\\/asturias\\\/centro-de-dia\\\/#primaryimage\",\"url\":\"https:\\\/\\\/forummontau.com\\\/asturias\\\/wp-content\\\/uploads\\\/sites\\\/7\\\/2023\\\/06\\\/centro_dia.jpg\",\"contentUrl\":\"https:\\\/\\\/forummontau.com\\\/asturias\\\/wp-content\\\/uploads\\\/sites\\\/7\\\/2023\\\/06\\\/centro_dia.jpg\",\"width\":712,\"height\":712},{\"@type\":\"BreadcrumbList\",\"@id\":\"https:\\\/\\\/forummontau.com\\\/asturias\\\/centro-de-dia\\\/#breadcrumb\",\"itemListElement\":[{\"@type\":\"ListItem\",\"position\":1,\"name\":\"Portada\",\"item\":\"https:\\\/\\\/forummontau.com\\\/asturias\\\/\"},{\"@type\":\"ListItem\",\"position\":2,\"name\":\"Centro de d\u00eda\"}]},{\"@type\":\"WebSite\",\"@id\":\"https:\\\/\\\/forummontau.com\\\/asturias\\\/#website\",\"url\":\"https:\\\/\\\/forummontau.com\\\/asturias\\\/\",\"name\":\"Forum Salud Mental Asturias\",\"description\":\"Centro Desintoxicaci\u00f3n y Adicciones en Asturias. Centros en Gij\u00f3n y en Oviedo.\",\"publisher\":{\"@id\":\"https:\\\/\\\/forummontau.com\\\/asturias\\\/#organization\"},\"potentialAction\":[{\"@type\":\"SearchAction\",\"target\":{\"@type\":\"EntryPoint\",\"urlTemplate\":\"https:\\\/\\\/forummontau.com\\\/asturias\\\/?s={search_term_string}\"},\"query-input\":{\"@type\":\"PropertyValueSpecification\",\"valueRequired\":true,\"valueName\":\"search_term_string\"}}],\"inLanguage\":\"es\"},{\"@type\":\"Organization\",\"@id\":\"https:\\\/\\\/forummontau.com\\\/asturias\\\/#organization\",\"name\":\"Forum Salud Mental Asturias\",\"url\":\"https:\\\/\\\/forummontau.com\\\/asturias\\\/\",\"logo\":{\"@type\":\"ImageObject\",\"inLanguage\":\"es\",\"@id\":\"https:\\\/\\\/forummontau.com\\\/asturias\\\/#\\\/schema\\\/logo\\\/image\\\/\",\"url\":\"https:\\\/\\\/forummontau.com\\\/asturias\\\/wp-content\\\/uploads\\\/sites\\\/7\\\/2020\\\/02\\\/asturias-1.png\",\"contentUrl\":\"https:\\\/\\\/forummontau.com\\\/asturias\\\/wp-content\\\/uploads\\\/sites\\\/7\\\/2020\\\/02\\\/asturias-1.png\",\"width\":214,\"height\":119,\"caption\":\"Forum Salud Mental Asturias\"},\"image\":{\"@id\":\"https:\\\/\\\/forummontau.com\\\/asturias\\\/#\\\/schema\\\/logo\\\/image\\\/\"}}]}<\/script>\n<!-- \/ Yoast SEO plugin. -->","yoast_head_json":{"title":"Centro de d\u00eda - Forum Salud Mental Asturias","description":"En r\u00e9gimen de estancia de d\u00eda, su objetivo es la deshabituaci\u00f3n de la persona de su adicci\u00f3n, y favorecer su inserci\u00f3n social y laboral, as\u00ed como la adhesi\u00f3n al tratamiento y su incorporaci\u00f3n a una vida normalizada.","robots":{"index":"index","follow":"follow","max-snippet":"max-snippet:-1","max-image-preview":"max-image-preview:large","max-video-preview":"max-video-preview:-1"},"canonical":"https:\/\/forummontau.com\/asturias\/centro-de-dia\/","og_locale":"es_ES","og_type":"article","og_title":"Centro de d\u00eda - Forum Salud Mental Asturias","og_description":"En r\u00e9gimen de estancia de d\u00eda, su objetivo es la deshabituaci\u00f3n de la persona de su adicci\u00f3n, y favorecer su inserci\u00f3n social y laboral, as\u00ed como la adhesi\u00f3n al tratamiento y su incorporaci\u00f3n a una vida normalizada.","og_url":"https:\/\/forummontau.com\/asturias\/centro-de-dia\/","og_site_name":"Forum Salud Mental Asturias","article_modified_time":"2023-11-30T10:39:08+00:00","og_image":[{"url":"https:\/\/forummontau.com\/asturias\/wp-content\/uploads\/sites\/7\/2023\/06\/centro_dia.jpg","type":"","width":"","height":""}],"twitter_card":"summary_large_image","twitter_misc":{"Tiempo de lectura":"7 minutos"},"schema":{"@context":"https:\/\/schema.org","@graph":[{"@type":"WebPage","@id":"https:\/\/forummontau.com\/asturias\/centro-de-dia\/","url":"https:\/\/forummontau.com\/asturias\/centro-de-dia\/","name":"Centro de d\u00eda - Forum Salud Mental Asturias","isPartOf":{"@id":"https:\/\/forummontau.com\/asturias\/#website"},"primaryImageOfPage":{"@id":"https:\/\/forummontau.com\/asturias\/centro-de-dia\/#primaryimage"},"image":{"@id":"https:\/\/forummontau.com\/asturias\/centro-de-dia\/#primaryimage"},"thumbnailUrl":"https:\/\/forummontau.com\/asturias\/wp-content\/uploads\/sites\/7\/2023\/06\/centro_dia.jpg","datePublished":"2023-06-27T14:32:50+00:00","dateModified":"2023-11-30T10:39:08+00:00","description":"En r\u00e9gimen de estancia de d\u00eda, su objetivo es la deshabituaci\u00f3n de la persona de su adicci\u00f3n, y favorecer su inserci\u00f3n social y laboral, as\u00ed como la adhesi\u00f3n al tratamiento y su incorporaci\u00f3n a una vida normalizada.","breadcrumb":{"@id":"https:\/\/forummontau.com\/asturias\/centro-de-dia\/#breadcrumb"},"inLanguage":"es","potentialAction":[{"@type":"ReadAction","target":["https:\/\/forummontau.com\/asturias\/centro-de-dia\/"]}]},{"@type":"ImageObject","inLanguage":"es","@id":"https:\/\/forummontau.com\/asturias\/centro-de-dia\/#primaryimage","url":"https:\/\/forummontau.com\/asturias\/wp-content\/uploads\/sites\/7\/2023\/06\/centro_dia.jpg","contentUrl":"https:\/\/forummontau.com\/asturias\/wp-content\/uploads\/sites\/7\/2023\/06\/centro_dia.jpg","width":712,"height":712},{"@type":"BreadcrumbList","@id":"https:\/\/forummontau.com\/asturias\/centro-de-dia\/#breadcrumb","itemListElement":[{"@type":"ListItem","position":1,"name":"Portada","item":"https:\/\/forummontau.com\/asturias\/"},{"@type":"ListItem","position":2,"name":"Centro de d\u00eda"}]},{"@type":"WebSite","@id":"https:\/\/forummontau.com\/asturias\/#website","url":"https:\/\/forummontau.com\/asturias\/","name":"Forum Salud Mental Asturias","description":"Centro Desintoxicaci\u00f3n y Adicciones en Asturias. Centros en Gij\u00f3n y en Oviedo.","publisher":{"@id":"https:\/\/forummontau.com\/asturias\/#organization"},"potentialAction":[{"@type":"SearchAction","target":{"@type":"EntryPoint","urlTemplate":"https:\/\/forummontau.com\/asturias\/?s={search_term_string}"},"query-input":{"@type":"PropertyValueSpecification","valueRequired":true,"valueName":"search_term_string"}}],"inLanguage":"es"},{"@type":"Organization","@id":"https:\/\/forummontau.com\/asturias\/#organization","name":"Forum Salud Mental Asturias","url":"https:\/\/forummontau.com\/asturias\/","logo":{"@type":"ImageObject","inLanguage":"es","@id":"https:\/\/forummontau.com\/asturias\/#\/schema\/logo\/image\/","url":"https:\/\/forummontau.com\/asturias\/wp-content\/uploads\/sites\/7\/2020\/02\/asturias-1.png","contentUrl":"https:\/\/forummontau.com\/asturias\/wp-content\/uploads\/sites\/7\/2020\/02\/asturias-1.png","width":214,"height":119,"caption":"Forum Salud Mental Asturias"},"image":{"@id":"https:\/\/forummontau.com\/asturias\/#\/schema\/logo\/image\/"}}]}},"_links":{"self":[{"href":"https:\/\/forummontau.com\/asturias\/wp-json\/wp\/v2\/pages\/1635","targetHints":{"allow":["GET"]}}],"collection":[{"href":"https:\/\/forummontau.com\/asturias\/wp-json\/wp\/v2\/pages"}],"about":[{"href":"https:\/\/forummontau.com\/asturias\/wp-json\/wp\/v2\/types\/page"}],"author":[{"embeddable":true,"href":"https:\/\/forummontau.com\/asturias\/wp-json\/wp\/v2\/users\/2"}],"replies":[{"embeddable":true,"href":"https:\/\/forummontau.com\/asturias\/wp-json\/wp\/v2\/comments?post=1635"}],"version-history":[{"count":17,"href":"https:\/\/forummontau.com\/asturias\/wp-json\/wp\/v2\/pages\/1635\/revisions"}],"predecessor-version":[{"id":2990,"href":"https:\/\/forummontau.com\/asturias\/wp-json\/wp\/v2\/pages\/1635\/revisions\/2990"}],"wp:attachment":[{"href":"https:\/\/forummontau.com\/asturias\/wp-json\/wp\/v2\/media?parent=1635"}],"curies":[{"name":"wp","href":"https:\/\/api.w.org\/{rel}","templated":true}]}}