{"id":1397,"date":"2018-05-24T09:55:18","date_gmt":"2018-05-24T09:55:18","guid":{"rendered":"https:\/\/forumgirona.cat\/?page_id=1397"},"modified":"2023-06-22T15:18:06","modified_gmt":"2023-06-22T15:18:06","slug":"politica-de-privacitat","status":"publish","type":"page","link":"https:\/\/forummontau.com\/girona\/politica-de-privacitat\/","title":{"rendered":"Pol\u00edtica de privacitat"},"content":{"rendered":"\t\t<div data-elementor-type=\"wp-page\" data-elementor-id=\"1397\" class=\"elementor elementor-1397\" data-elementor-post-type=\"page\">\n\t\t\t\t\t\t<section class=\"elementor-section elementor-top-section elementor-element elementor-element-54185b1f elementor-section-boxed elementor-section-height-default elementor-section-height-default qodef-elementor-content-no\" data-id=\"54185b1f\" data-element_type=\"section\" data-e-type=\"section\">\n\t\t\t\t\t\t<div class=\"elementor-container elementor-column-gap-default\">\n\t\t\t\t\t<div class=\"elementor-column elementor-col-100 elementor-top-column elementor-element elementor-element-b070936\" data-id=\"b070936\" data-element_type=\"column\" data-e-type=\"column\">\n\t\t\t<div class=\"elementor-widget-wrap elementor-element-populated\">\n\t\t\t\t\t\t<div class=\"elementor-element elementor-element-636102c6 elementor-widget elementor-widget-text-editor\" data-id=\"636102c6\" data-element_type=\"widget\" data-e-type=\"widget\" data-widget_type=\"text-editor.default\">\n\t\t\t\t<div class=\"elementor-widget-container\">\n\t\t\t\t\t\t\t\t\t<h2>Titular del web i dades de contacte<\/h2><p>forumgirona.cat \u00e9s un domini a Internet titularitat de Forum Montau (des d\u2019ara, FORUM GIRONA) amb CIF B67023846 i domicili en C \/ GIMENO NAVARRO, NUM 12, 08859 BEGUES.<\/p><p>La finalitat del web \u00e9s mostrar informaci\u00f3 sobre les caracter\u00edstiques dels serveis que oferim.<\/p><p>Pot posar-se en contacte amb nosaltres:<\/p><p>\u2013 per tel\u00e8fon, al n\u00famero 900 802 408<br \/>\u2013 per correu electr\u00f2nic, escrivint a girona@forummontau.com<br \/>\u2013 per escrit, dirigint-se a FORUM GIRONA C \/ GIMENO NAVARRO, NUM 12, 08859 BEGUES<\/p><p>Per a qualsevol aclariment si us plau no dubteu en contactar amb FORUM GIRONA<\/p><h2>Condicions d\u2019\u00fas del web<\/h2><p>Les presents condicions d\u2019\u00fas regulen l\u2019acc\u00e9s a aquesta web. L\u2019usuari manifesta que accepta sense reserves de les presents condicions d\u2019\u00fas.<br \/>FORUM GIRONA es reserva el dret unilateral de modificar les presents condicions d\u2019acc\u00e9s al web, aix\u00ed com els continguts en ella inclosos.<\/p><h2>Limitaci\u00f3 i exclusi\u00f3 de responsabilitat<\/h2><p>El contingut d\u2019aquesta web \u00e9s de car\u00e0cter general i t\u00e9 una finalitat i efectes exclusivament informatius. FORUM GIRONA rebutja la responsabilitat sobre qualsevol informaci\u00f3 no elaborada per ella o publicada en el seu nom de forma no autoritzada per ella, de la mateixa manera que la responsabilitat que es derivi de la mala utilitzaci\u00f3 per tercers dels continguts.<\/p><p>L\u2019usuari exonera FORUM GIRONA de qualsevol responsabilitat que pogu\u00e9s derivar-se de les interrupcions de disponibilitat de la p\u00e0gina web, ja sigui per mal funcionament del servidor web o d\u2019aplicacions, de les infraestructures de comunicacions, o del programari i maquinari utilitzats per a la navegaci\u00f3 .<\/p><p>En el cas d\u2019incloure enlla\u00e7os a altres p\u00e0gines web, FORUM GIRONA declina qualsevol responsabilitat relacionada amb l\u2019acc\u00e9s i utilitzaci\u00f3 d\u2019aquests enlla\u00e7os.<\/p><h2>Propietat intel\u00b7lectual i industrial<\/h2><p>La totalitat d\u2019aquest web es troba protegida per les lleis sobre propietat Intel\u00b7lectual i Industrial. Llevat que s\u2019indiqui el contrari, els drets de propietat intel\u00b7lectual sobre aquests continguts corresponen en exclusiva a FORUM Terap\u00e8utic GIRONA. L\u2019usuari reconeix que l\u2019\u00fas dels continguts queda estrictament limitat a finalitats personals del propi usuari i que la reproducci\u00f3, distribuci\u00f3, comunicaci\u00f3 o transformaci\u00f3 no expressament autoritzada d\u2019aquestes obres constitueix una infracci\u00f3 dels drets de propietat intel\u00b7lectual.<\/p><p>Aix\u00ed mateix, l\u2019usuari s\u2019abstindr\u00e0 d\u2019emprar els continguts i, en particular, la informaci\u00f3 de qualsevol classe obtinguda a trav\u00e9s del web per remetre publicitat, comunicacions amb fins de venda directa o amb qualsevol altra classe de finalitat comercial, missatges no sol\u00b7licitats dirigits a una pluralitat de persones amb independ\u00e8ncia de la seva finalitat. Tamb\u00e9 s\u2019abstindr\u00e0 de comercialitzar o divulgar de qualsevol manera aquesta informaci\u00f3.<\/p><p>forumgirona.cat \u00e9s un domini de FORUM GIRONA. No pot ser utilitzat, excepte autoritzaci\u00f3 expressa pr\u00e8via, en connexi\u00f3 amb altres productes o serveis que no siguin de FORUM GIRONA de cap manera que pugui causar confusi\u00f3 entre els nostres clients o descr\u00e8dit de FORUM GIRONA.<\/p><h2>Pol\u00edtica per enlla\u00e7ar a aquesta web<\/h2><p>Si qualsevol usuari, entitat o p\u00e0gina web desitg\u00e9s establir algun tipus d\u2019enlla\u00e7 amb destinaci\u00f3 a aquesta web haur\u00e0 de sol\u00b7licitar autoritzaci\u00f3 pr\u00e8via a la realitzaci\u00f3 de l\u2019enlla\u00e7 i per escrit.<br \/>A m\u00e9s, nom\u00e9s es permet enlla\u00e7ar a la p\u00e0gina d\u2019inici del web. L\u2019enlla\u00e7 ha de ser absolut i complet, \u00e9s a dir, ha de portar l\u2019usuari a la pr\u00f2pia direcci\u00f3 de FORUM GIRONA abastant completament l\u2019extensi\u00f3 de la pantalla de la p\u00e0gina que cont\u00e9 l\u2019enlla\u00e7. En cap cas, excepte autoritzaci\u00f3 expressa i per escrit de FORUM GIRONA, la p\u00e0gina que realitzi l\u2019enlla\u00e7 podr\u00e0 reproduir de qualsevol manera la web de FORUM GIRONA, incloure-la com a part del seu web o dins d\u2019un dels seus marcs sobre qualsevol de les p\u00e0gines o continguts de la present web.<\/p><p>No s\u2019inclour\u00e0 cap manifestaci\u00f3 falsa, inexacta o incorrecta sobre les p\u00e0gines d\u2019aquesta web o els serveis que s\u2019hi ofereixen.<br \/>L\u2019enlla\u00e7 no contindr\u00e0 cap marca, nom comercial, r\u00e8tol d\u2019establiment, denominaci\u00f3, logotip, esl\u00f2gan o altres signes distintius que pertanyin a FORUM GIRONA.<br \/>Sota cap circumst\u00e0ncia, FORUM Terap\u00e8utic ser\u00e0 responsable dels continguts o serveis posats a disposici\u00f3 del p\u00fablic a la p\u00e0gina web des de la qual es faci l\u2019hiperenlla\u00e7 ni de les informacions o manifestacions que s\u2019hi incloguin.<\/p><h2>Protecci\u00f3 de dades personals<\/h2><p>La utilitzaci\u00f3 d\u2019aquesta web i dels seus formularis requereix l\u2019acceptaci\u00f3 del tractament de les dades de l\u2019usuari d\u2019acord amb la nostra pol\u00edtica de privacitat, incloent la recopilaci\u00f3 de dades d\u2019acc\u00e9s i l\u2019enviament d\u2019informaci\u00f3 comercial per via electr\u00f2nica.<\/p><p>Llegiu detingudament la nostra pol\u00edtica de privacitat per con\u00e8ixer com utilitzem els\u00a0dades dels usuaris i com exercir els drets d\u2019acc\u00e9s, rectificaci\u00f3, cancel\u00b7laci\u00f3 i oposici\u00f3. Cookies Aquesta web utilitza cookies pr\u00f2pies i de tercers per a diverses finalitats incloent anal\u00edtiques i publicitat adaptada als interessos de l\u2019usuari. El mer \u00fas d\u2019aquesta web amb les galetes activades en el navegador implica l\u2019acceptaci\u00f3 del seu tractament conforme a la nostra pol\u00edtica de cookies. Llegiu detingudament la nostra pol\u00edtica de cookies per con\u00e8ixer els tipus de galetes empleats, i com bloquejar-les i esborrar al seu navegador. Prevalen\u00e7a de la versi\u00f3 espanyola En cas que es tradueixi aquest av\u00eds legal a altres idiomes, quan hi hagi discrep\u00e0ncia, la versi\u00f3 espanyola prevaldr\u00e0. Legislaci\u00f3 i Jurisdicci\u00f3 aplicable El present Av\u00eds Legal aix\u00ed com les relacions entre FORUM GIRONA i els usuaris, es regiran per la normativa espanyola vigent i qualsevol controv\u00e8rsia se sotmetr\u00e0 als Jutjats i Tribunals de BARCELONA, excepte en el cas de consumidors i usuaris que es s\u2019aplicar\u00e0 el fur imperatiu dels jutjats que corresponguin al seu domici<\/p>\t\t\t\t\t\t\t\t<\/div>\n\t\t\t\t<\/div>\n\t\t\t\t\t<\/div>\n\t\t<\/div>\n\t\t\t\t\t<\/div>\n\t\t<\/section>\n\t\t\t\t<\/div>\n\t\t","protected":false},"excerpt":{"rendered":"<p>Titular del web i dades de contacte forumgirona.cat \u00e9s un domini a Internet titularitat de Forum Montau (des d\u2019ara, FORUM GIRONA) amb CIF B67023846 i domicili en C \/ GIMENO NAVARRO, NUM 12, 08859 BEGUES. La finalitat del web \u00e9s mostrar informaci\u00f3 sobre les caracter\u00edstiques dels serveis que oferim. Pot posar-se en contacte amb nosaltres: [&hellip;]<\/p>\n","protected":false},"author":2,"featured_media":0,"parent":0,"menu_order":0,"comment_status":"closed","ping_status":"closed","template":"","meta":{"ocean_post_layout":"","ocean_both_sidebars_style":"","ocean_both_sidebars_content_width":0,"ocean_both_sidebars_sidebars_width":0,"ocean_sidebar":"0","ocean_second_sidebar":"0","ocean_disable_margins":"enable","ocean_add_body_class":"","ocean_shortcode_before_top_bar":"","ocean_shortcode_after_top_bar":"","ocean_shortcode_before_header":"","ocean_shortcode_after_header":"","ocean_has_shortcode":"","ocean_shortcode_after_title":"","ocean_shortcode_before_footer_widgets":"","ocean_shortcode_after_footer_widgets":"","ocean_shortcode_before_footer_bottom":"","ocean_shortcode_after_footer_bottom":"","ocean_display_top_bar":"default","ocean_display_header":"default","ocean_header_style":"","ocean_center_header_left_menu":"0","ocean_custom_header_template":"0","ocean_custom_logo":0,"ocean_custom_retina_logo":0,"ocean_custom_logo_max_width":0,"ocean_custom_logo_tablet_max_width":0,"ocean_custom_logo_mobile_max_width":0,"ocean_custom_logo_max_height":0,"ocean_custom_logo_tablet_max_height":0,"ocean_custom_logo_mobile_max_height":0,"ocean_header_custom_menu":"0","ocean_menu_typo_font_family":"","ocean_menu_typo_font_subset":"","ocean_menu_typo_font_size":0,"ocean_menu_typo_font_size_tablet":0,"ocean_menu_typo_font_size_mobile":0,"ocean_menu_typo_font_size_unit":"px","ocean_menu_typo_font_weight":"","ocean_menu_typo_font_weight_tablet":"","ocean_menu_typo_font_weight_mobile":"","ocean_menu_typo_transform":"","ocean_menu_typo_transform_tablet":"","ocean_menu_typo_transform_mobile":"","ocean_menu_typo_line_height":0,"ocean_menu_typo_line_height_tablet":0,"ocean_menu_typo_line_height_mobile":0,"ocean_menu_typo_line_height_unit":"","ocean_menu_typo_spacing":0,"ocean_menu_typo_spacing_tablet":0,"ocean_menu_typo_spacing_mobile":0,"ocean_menu_typo_spacing_unit":"","ocean_menu_link_color":"","ocean_menu_link_color_hover":"","ocean_menu_link_color_active":"","ocean_menu_link_background":"","ocean_menu_link_hover_background":"","ocean_menu_link_active_background":"","ocean_menu_social_links_bg":"","ocean_menu_social_hover_links_bg":"","ocean_menu_social_links_color":"","ocean_menu_social_hover_links_color":"","ocean_disable_title":"default","ocean_disable_heading":"default","ocean_post_title":"","ocean_post_subheading":"","ocean_post_title_style":"","ocean_post_title_background_color":"","ocean_post_title_background":0,"ocean_post_title_bg_image_position":"","ocean_post_title_bg_image_attachment":"","ocean_post_title_bg_image_repeat":"","ocean_post_title_bg_image_size":"","ocean_post_title_height":0,"ocean_post_title_bg_overlay":0.5,"ocean_post_title_bg_overlay_color":"","ocean_disable_breadcrumbs":"default","ocean_breadcrumbs_color":"","ocean_breadcrumbs_separator_color":"","ocean_breadcrumbs_links_color":"","ocean_breadcrumbs_links_hover_color":"","ocean_display_footer_widgets":"default","ocean_display_footer_bottom":"default","ocean_custom_footer_template":"","footnotes":""},"class_list":["post-1397","page","type-page","status-publish","hentry","entry"],"yoast_head":"<!-- This site is optimized with the Yoast SEO plugin v27.5 - https:\/\/yoast.com\/product\/yoast-seo-wordpress\/ -->\n<title>Pol\u00edtica de privacitat - Forum Salud Mental Girona<\/title>\n<meta name=\"robots\" content=\"index, follow, max-snippet:-1, max-image-preview:large, max-video-preview:-1\" \/>\n<link rel=\"canonical\" href=\"https:\/\/forummontau.com\/girona\/politica-de-privacitat\/\" \/>\n<meta property=\"og:locale\" content=\"es_ES\" \/>\n<meta property=\"og:type\" content=\"article\" \/>\n<meta property=\"og:title\" content=\"Pol\u00edtica de privacitat - Forum Salud Mental Girona\" \/>\n<meta property=\"og:description\" content=\"Titular del web i dades de contacte forumgirona.cat \u00e9s un domini a Internet titularitat de Forum Montau (des d\u2019ara, FORUM GIRONA) amb CIF B67023846 i domicili en C \/ GIMENO NAVARRO, NUM 12, 08859 BEGUES. La finalitat del web \u00e9s mostrar informaci\u00f3 sobre les caracter\u00edstiques dels serveis que oferim. Pot posar-se en contacte amb nosaltres: [&hellip;]\" \/>\n<meta property=\"og:url\" content=\"https:\/\/forummontau.com\/girona\/politica-de-privacitat\/\" \/>\n<meta property=\"og:site_name\" content=\"Forum Salud Mental Girona\" \/>\n<meta property=\"article:modified_time\" content=\"2023-06-22T15:18:06+00:00\" \/>\n<meta name=\"twitter:card\" content=\"summary_large_image\" \/>\n<meta name=\"twitter:label1\" content=\"Tiempo de lectura\" \/>\n\t<meta name=\"twitter:data1\" content=\"5 minutos\" \/>\n<script type=\"application\/ld+json\" class=\"yoast-schema-graph\">{\"@context\":\"https:\\\/\\\/schema.org\",\"@graph\":[{\"@type\":\"WebPage\",\"@id\":\"https:\\\/\\\/forummontau.com\\\/girona\\\/politica-de-privacitat\\\/\",\"url\":\"https:\\\/\\\/forummontau.com\\\/girona\\\/politica-de-privacitat\\\/\",\"name\":\"Pol\u00edtica de privacitat - Forum Salud Mental Girona\",\"isPartOf\":{\"@id\":\"https:\\\/\\\/forummontau.com\\\/girona\\\/#website\"},\"datePublished\":\"2018-05-24T09:55:18+00:00\",\"dateModified\":\"2023-06-22T15:18:06+00:00\",\"breadcrumb\":{\"@id\":\"https:\\\/\\\/forummontau.com\\\/girona\\\/politica-de-privacitat\\\/#breadcrumb\"},\"inLanguage\":\"es\",\"potentialAction\":[{\"@type\":\"ReadAction\",\"target\":[\"https:\\\/\\\/forummontau.com\\\/girona\\\/politica-de-privacitat\\\/\"]}]},{\"@type\":\"BreadcrumbList\",\"@id\":\"https:\\\/\\\/forummontau.com\\\/girona\\\/politica-de-privacitat\\\/#breadcrumb\",\"itemListElement\":[{\"@type\":\"ListItem\",\"position\":1,\"name\":\"Portada\",\"item\":\"https:\\\/\\\/forummontau.com\\\/girona\\\/centre-desintoxicacio-i-addiccions-girona\\\/\"},{\"@type\":\"ListItem\",\"position\":2,\"name\":\"Pol\u00edtica de privacitat\"}]},{\"@type\":\"WebSite\",\"@id\":\"https:\\\/\\\/forummontau.com\\\/girona\\\/#website\",\"url\":\"https:\\\/\\\/forummontau.com\\\/girona\\\/\",\"name\":\"Forum Salud Mental Girona\",\"description\":\"Centro de Desintoxicaci\u00f3n y Adicciones en Girona\",\"publisher\":{\"@id\":\"https:\\\/\\\/forummontau.com\\\/girona\\\/#organization\"},\"potentialAction\":[{\"@type\":\"SearchAction\",\"target\":{\"@type\":\"EntryPoint\",\"urlTemplate\":\"https:\\\/\\\/forummontau.com\\\/girona\\\/?s={search_term_string}\"},\"query-input\":{\"@type\":\"PropertyValueSpecification\",\"valueRequired\":true,\"valueName\":\"search_term_string\"}}],\"inLanguage\":\"es\"},{\"@type\":\"Organization\",\"@id\":\"https:\\\/\\\/forummontau.com\\\/girona\\\/#organization\",\"name\":\"Forum Salud Mental Girona\",\"url\":\"https:\\\/\\\/forummontau.com\\\/girona\\\/\",\"logo\":{\"@type\":\"ImageObject\",\"inLanguage\":\"es\",\"@id\":\"https:\\\/\\\/forummontau.com\\\/girona\\\/#\\\/schema\\\/logo\\\/image\\\/\",\"url\":\"https:\\\/\\\/forummontau.com\\\/girona\\\/wp-content\\\/uploads\\\/sites\\\/6\\\/2020\\\/02\\\/girona_forum.png\",\"contentUrl\":\"https:\\\/\\\/forummontau.com\\\/girona\\\/wp-content\\\/uploads\\\/sites\\\/6\\\/2020\\\/02\\\/girona_forum.png\",\"width\":215,\"height\":119,\"caption\":\"Forum Salud Mental Girona\"},\"image\":{\"@id\":\"https:\\\/\\\/forummontau.com\\\/girona\\\/#\\\/schema\\\/logo\\\/image\\\/\"}}]}<\/script>\n<!-- \/ Yoast SEO plugin. -->","yoast_head_json":{"title":"Pol\u00edtica de privacitat - Forum Salud Mental Girona","robots":{"index":"index","follow":"follow","max-snippet":"max-snippet:-1","max-image-preview":"max-image-preview:large","max-video-preview":"max-video-preview:-1"},"canonical":"https:\/\/forummontau.com\/girona\/politica-de-privacitat\/","og_locale":"es_ES","og_type":"article","og_title":"Pol\u00edtica de privacitat - Forum Salud Mental Girona","og_description":"Titular del web i dades de contacte forumgirona.cat \u00e9s un domini a Internet titularitat de Forum Montau (des d\u2019ara, FORUM GIRONA) amb CIF B67023846 i domicili en C \/ GIMENO NAVARRO, NUM 12, 08859 BEGUES. La finalitat del web \u00e9s mostrar informaci\u00f3 sobre les caracter\u00edstiques dels serveis que oferim. Pot posar-se en contacte amb nosaltres: [&hellip;]","og_url":"https:\/\/forummontau.com\/girona\/politica-de-privacitat\/","og_site_name":"Forum Salud Mental Girona","article_modified_time":"2023-06-22T15:18:06+00:00","twitter_card":"summary_large_image","twitter_misc":{"Tiempo de lectura":"5 minutos"},"schema":{"@context":"https:\/\/schema.org","@graph":[{"@type":"WebPage","@id":"https:\/\/forummontau.com\/girona\/politica-de-privacitat\/","url":"https:\/\/forummontau.com\/girona\/politica-de-privacitat\/","name":"Pol\u00edtica de privacitat - Forum Salud Mental Girona","isPartOf":{"@id":"https:\/\/forummontau.com\/girona\/#website"},"datePublished":"2018-05-24T09:55:18+00:00","dateModified":"2023-06-22T15:18:06+00:00","breadcrumb":{"@id":"https:\/\/forummontau.com\/girona\/politica-de-privacitat\/#breadcrumb"},"inLanguage":"es","potentialAction":[{"@type":"ReadAction","target":["https:\/\/forummontau.com\/girona\/politica-de-privacitat\/"]}]},{"@type":"BreadcrumbList","@id":"https:\/\/forummontau.com\/girona\/politica-de-privacitat\/#breadcrumb","itemListElement":[{"@type":"ListItem","position":1,"name":"Portada","item":"https:\/\/forummontau.com\/girona\/centre-desintoxicacio-i-addiccions-girona\/"},{"@type":"ListItem","position":2,"name":"Pol\u00edtica de privacitat"}]},{"@type":"WebSite","@id":"https:\/\/forummontau.com\/girona\/#website","url":"https:\/\/forummontau.com\/girona\/","name":"Forum Salud Mental Girona","description":"Centro de Desintoxicaci\u00f3n y Adicciones en Girona","publisher":{"@id":"https:\/\/forummontau.com\/girona\/#organization"},"potentialAction":[{"@type":"SearchAction","target":{"@type":"EntryPoint","urlTemplate":"https:\/\/forummontau.com\/girona\/?s={search_term_string}"},"query-input":{"@type":"PropertyValueSpecification","valueRequired":true,"valueName":"search_term_string"}}],"inLanguage":"es"},{"@type":"Organization","@id":"https:\/\/forummontau.com\/girona\/#organization","name":"Forum Salud Mental Girona","url":"https:\/\/forummontau.com\/girona\/","logo":{"@type":"ImageObject","inLanguage":"es","@id":"https:\/\/forummontau.com\/girona\/#\/schema\/logo\/image\/","url":"https:\/\/forummontau.com\/girona\/wp-content\/uploads\/sites\/6\/2020\/02\/girona_forum.png","contentUrl":"https:\/\/forummontau.com\/girona\/wp-content\/uploads\/sites\/6\/2020\/02\/girona_forum.png","width":215,"height":119,"caption":"Forum Salud Mental Girona"},"image":{"@id":"https:\/\/forummontau.com\/girona\/#\/schema\/logo\/image\/"}}]}},"_links":{"self":[{"href":"https:\/\/forummontau.com\/girona\/wp-json\/wp\/v2\/pages\/1397","targetHints":{"allow":["GET"]}}],"collection":[{"href":"https:\/\/forummontau.com\/girona\/wp-json\/wp\/v2\/pages"}],"about":[{"href":"https:\/\/forummontau.com\/girona\/wp-json\/wp\/v2\/types\/page"}],"author":[{"embeddable":true,"href":"https:\/\/forummontau.com\/girona\/wp-json\/wp\/v2\/users\/2"}],"replies":[{"embeddable":true,"href":"https:\/\/forummontau.com\/girona\/wp-json\/wp\/v2\/comments?post=1397"}],"version-history":[{"count":3,"href":"https:\/\/forummontau.com\/girona\/wp-json\/wp\/v2\/pages\/1397\/revisions"}],"predecessor-version":[{"id":3631,"href":"https:\/\/forummontau.com\/girona\/wp-json\/wp\/v2\/pages\/1397\/revisions\/3631"}],"wp:attachment":[{"href":"https:\/\/forummontau.com\/girona\/wp-json\/wp\/v2\/media?parent=1397"}],"curies":[{"name":"wp","href":"https:\/\/api.w.org\/{rel}","templated":true}]}}