{"id":3450,"date":"2023-06-22T11:37:04","date_gmt":"2023-06-22T11:37:04","guid":{"rendered":"https:\/\/forumgirona.cat\/?page_id=3450"},"modified":"2024-01-19T12:38:21","modified_gmt":"2024-01-19T12:38:21","slug":"addiccio-al-cannabis","status":"publish","type":"page","link":"https:\/\/forummontau.com\/girona\/addiccio-al-cannabis\/","title":{"rendered":"Addicci\u00f3 al cannabis"},"content":{"rendered":"\t\t<div data-elementor-type=\"wp-page\" data-elementor-id=\"3450\" class=\"elementor elementor-3450\" data-elementor-post-type=\"page\">\n\t\t\t\t\t\t<section class=\"elementor-section elementor-top-section elementor-element elementor-element-19b6f66c elementor-section-content-middle elementor-section-full_width elementor-section-items-stretch elementor-section-height-min-height elementor-section-height-default qodef-elementor-content-no elementor-invisible\" data-id=\"19b6f66c\" data-element_type=\"section\" data-e-type=\"section\" data-settings=\"{&quot;background_background&quot;:&quot;classic&quot;,&quot;animation&quot;:&quot;fadeInUp&quot;}\">\n\t\t\t\t\t\t<div class=\"elementor-container elementor-column-gap-default\">\n\t\t\t\t\t<div class=\"elementor-column elementor-col-50 elementor-top-column elementor-element elementor-element-16336ad3\" data-id=\"16336ad3\" data-element_type=\"column\" data-e-type=\"column\" data-settings=\"{&quot;background_background&quot;:&quot;classic&quot;}\">\n\t\t\t<div class=\"elementor-widget-wrap elementor-element-populated\">\n\t\t\t\t\t\t<div class=\"elementor-element elementor-element-128e1994 elementor-widget elementor-widget-heading\" data-id=\"128e1994\" data-element_type=\"widget\" data-e-type=\"widget\" data-widget_type=\"heading.default\">\n\t\t\t\t<div class=\"elementor-widget-container\">\n\t\t\t\t\t<h1 class=\"elementor-heading-title elementor-size-default\">Tractament de Desintoxicaci\u00f3 del C\u00e0nnabis a Girona<\/h1>\t\t\t\t<\/div>\n\t\t\t\t<\/div>\n\t\t\t\t<div class=\"elementor-element elementor-element-5cb0962a elementor-widget elementor-widget-heading\" data-id=\"5cb0962a\" data-element_type=\"widget\" data-e-type=\"widget\" data-widget_type=\"heading.default\">\n\t\t\t\t<div class=\"elementor-widget-container\">\n\t\t\t\t\t<p class=\"elementor-heading-title elementor-size-default\">Creus que has generat addicci\u00f3 al cannabis o sospites que un familiar\/conegut pot tenir-la?<\/p>\t\t\t\t<\/div>\n\t\t\t\t<\/div>\n\t\t\t\t<div class=\"elementor-element elementor-element-290b9af7 elementor-widget elementor-widget-heading\" data-id=\"290b9af7\" data-element_type=\"widget\" data-e-type=\"widget\" data-widget_type=\"heading.default\">\n\t\t\t\t<div class=\"elementor-widget-container\">\n\t\t\t\t\t<p class=\"elementor-heading-title elementor-size-default\">Dona el primer pas<\/p>\t\t\t\t<\/div>\n\t\t\t\t<\/div>\n\t\t\t\t<div class=\"elementor-element elementor-element-3e25f5b elementor-widget elementor-widget-heading\" data-id=\"3e25f5b\" data-element_type=\"widget\" data-e-type=\"widget\" data-widget_type=\"heading.default\">\n\t\t\t\t<div class=\"elementor-widget-container\">\n\t\t\t\t\t<p class=\"elementor-heading-title elementor-size-large\">900 802 408 <\/p>\t\t\t\t<\/div>\n\t\t\t\t<\/div>\n\t\t\t\t<div class=\"elementor-element elementor-element-4be430fd elementor-widget elementor-widget-heading\" data-id=\"4be430fd\" data-element_type=\"widget\" data-e-type=\"widget\" data-widget_type=\"heading.default\">\n\t\t\t\t<div class=\"elementor-widget-container\">\n\t\t\t\t\t<p class=\"elementor-heading-title elementor-size-default\">Primer visita gratuita<\/p>\t\t\t\t<\/div>\n\t\t\t\t<\/div>\n\t\t\t\t\t<\/div>\n\t\t<\/div>\n\t\t\t\t<div class=\"elementor-column elementor-col-50 elementor-top-column elementor-element elementor-element-2d7f2fc0\" data-id=\"2d7f2fc0\" data-element_type=\"column\" data-e-type=\"column\" data-settings=\"{&quot;background_background&quot;:&quot;classic&quot;}\">\n\t\t\t<div class=\"elementor-widget-wrap elementor-element-populated\">\n\t\t\t\t\t\t<div class=\"elementor-element elementor-element-5d82e149 elementor-widget elementor-widget-spacer\" data-id=\"5d82e149\" data-element_type=\"widget\" data-e-type=\"widget\" data-widget_type=\"spacer.default\">\n\t\t\t\t<div class=\"elementor-widget-container\">\n\t\t\t\t\t\t\t<div class=\"elementor-spacer\">\n\t\t\t<div class=\"elementor-spacer-inner\"><\/div>\n\t\t<\/div>\n\t\t\t\t\t\t<\/div>\n\t\t\t\t<\/div>\n\t\t\t\t\t<\/div>\n\t\t<\/div>\n\t\t\t\t\t<\/div>\n\t\t<\/section>\n\t\t\t\t<section class=\"elementor-section elementor-top-section elementor-element elementor-element-408a67fb elementor-section-full_width elementor-section-content-middle elementor-section-stretched elementor-section-height-default elementor-section-height-default qodef-elementor-content-no elementor-invisible\" data-id=\"408a67fb\" data-element_type=\"section\" data-e-type=\"section\" data-settings=\"{&quot;animation&quot;:&quot;fadeInUp&quot;,&quot;stretch_section&quot;:&quot;section-stretched&quot;}\">\n\t\t\t\t\t\t<div class=\"elementor-container elementor-column-gap-default\">\n\t\t\t\t\t<div class=\"elementor-column elementor-col-100 elementor-top-column elementor-element elementor-element-fb679da\" data-id=\"fb679da\" data-element_type=\"column\" data-e-type=\"column\">\n\t\t\t<div class=\"elementor-widget-wrap elementor-element-populated\">\n\t\t\t\t\t\t<div class=\"elementor-element elementor-element-37494b7d elementor-widget elementor-widget-heading\" data-id=\"37494b7d\" data-element_type=\"widget\" data-e-type=\"widget\" data-widget_type=\"heading.default\">\n\t\t\t\t<div class=\"elementor-widget-container\">\n\t\t\t\t\t<h2 class=\"elementor-heading-title elementor-size-default\">Tractament de Desintoxicaci\u00f3 del C\u00e0nnabis a Girona<\/h2>\t\t\t\t<\/div>\n\t\t\t\t<\/div>\n\t\t\t\t<div class=\"elementor-element elementor-element-61b30fd6 elementor-widget elementor-widget-text-editor\" data-id=\"61b30fd6\" data-element_type=\"widget\" data-e-type=\"widget\" data-widget_type=\"text-editor.default\">\n\t\t\t\t<div class=\"elementor-widget-container\">\n\t\t\t\t\t\t\t\t\t<p>El tractament per superar l&#8217;addicci\u00f3 al c\u00e0nnabis ofereix una assist\u00e8ncia bio-psicosocial, encara que \u00e9s un tractament b\u00e0sicament psicol\u00f2gic, en la fase de desintoxicaci\u00f3 pot haver-hi ajuda farmacol\u00f2gica amb la finalitat d\u2019evitar la s\u00edndrome d\u2019abstin\u00e8ncia. L\u2019inici del tractament \u00e9s voluntari i es persegueix la no utilitzaci\u00f3 de f\u00e0rmacs a mitj\u00e0 i llarg termini, per tant parlem d\u2019un tractament lliure de drogues.<\/p><p>El seguiment del pacient el dur\u00e0 a terme el seu terapeuta de refer\u00e8ncia i estar\u00e0 basat en ter\u00e0pia grupal i individual tant amb m\u00e8dic psiquiatre com amb terapeuta, a m\u00e9s d\u2019oferir una \u00e0mplia assist\u00e8ncia i cobertura familiar i de parella. Igual que el consum s\u2019inicia i es mant\u00e9 per unes complexes interaccions entre la susceptibilitat, el context, la conducta i les seves conseq\u00fc\u00e8ncies, s\u2019ha d\u2019abordar d\u2019igual manera des d\u2019un punt de vista multifactorial, que inclogui aspectes biol\u00f2gics, conductuals i socials.<\/p><p>El model que se segueix \u00e9s el cognitiu-conductual i sist\u00e8mic, encara que usem t\u00e8cniques d\u2019altres models, com les t\u00e8cniques en Habilitats socials (HHSS), Prevenci\u00f3 de Recaigudes (PR) i resoluci\u00f3 de conflictes, per tant s\u2019emmarca en el tecnicisme ecl\u00e8ctic. Les ter\u00e0pies de grup, o la participaci\u00f3 en tallers cognitiu-conductuals, com els tallers de prevenci\u00f3 de recaigudes, els tallers d\u2019habilitats socials o els tallers de gesti\u00f3 de les emocions; s\u00f3n elements necessaris per a la configuraci\u00f3 d\u2019un pla efectiu per a aconseguir superar l\u2019addicci\u00f3 i iniciar el proc\u00e9s de rehabilitaci\u00f3.<\/p>\t\t\t\t\t\t\t\t<\/div>\n\t\t\t\t<\/div>\n\t\t\t\t<div class=\"elementor-element elementor-element-628b2d1c elementor-widget elementor-widget-spacer\" data-id=\"628b2d1c\" data-element_type=\"widget\" data-e-type=\"widget\" data-widget_type=\"spacer.default\">\n\t\t\t\t<div class=\"elementor-widget-container\">\n\t\t\t\t\t\t\t<div class=\"elementor-spacer\">\n\t\t\t<div class=\"elementor-spacer-inner\"><\/div>\n\t\t<\/div>\n\t\t\t\t\t\t<\/div>\n\t\t\t\t<\/div>\n\t\t\t\t\t<\/div>\n\t\t<\/div>\n\t\t\t\t\t<\/div>\n\t\t<\/section>\n\t\t\t\t<section class=\"elementor-section elementor-top-section elementor-element elementor-element-4b70a455 elementor-section-full_width elementor-section-height-default elementor-section-height-default qodef-elementor-content-no elementor-invisible\" data-id=\"4b70a455\" data-element_type=\"section\" data-e-type=\"section\" data-settings=\"{&quot;animation&quot;:&quot;fadeInUp&quot;}\">\n\t\t\t\t\t\t<div class=\"elementor-container elementor-column-gap-default\">\n\t\t\t\t\t<div class=\"elementor-column elementor-col-100 elementor-top-column elementor-element elementor-element-3214b23e\" data-id=\"3214b23e\" data-element_type=\"column\" data-e-type=\"column\">\n\t\t\t<div class=\"elementor-widget-wrap elementor-element-populated\">\n\t\t\t\t\t\t<div class=\"elementor-element elementor-element-3dc9bfb7 elementor-widget elementor-widget-heading\" data-id=\"3dc9bfb7\" data-element_type=\"widget\" data-e-type=\"widget\" data-widget_type=\"heading.default\">\n\t\t\t\t<div class=\"elementor-widget-container\">\n\t\t\t\t\t<h2 class=\"elementor-heading-title elementor-size-default\">4 etapes clau per deixar el consum de c\u00e0nnabis<\/h2>\t\t\t\t<\/div>\n\t\t\t\t<\/div>\n\t\t\t\t\t<\/div>\n\t\t<\/div>\n\t\t\t\t\t<\/div>\n\t\t<\/section>\n\t\t\t\t<section class=\"elementor-section elementor-top-section elementor-element elementor-element-2b3fa3c3 elementor-section-full_width elementor-section-height-default elementor-section-height-default qodef-elementor-content-no elementor-invisible\" data-id=\"2b3fa3c3\" data-element_type=\"section\" data-e-type=\"section\" data-settings=\"{&quot;animation&quot;:&quot;fadeInUp&quot;}\">\n\t\t\t\t\t\t<div class=\"elementor-container elementor-column-gap-default\">\n\t\t\t\t\t<div class=\"elementor-column elementor-col-25 elementor-top-column elementor-element elementor-element-3c2e1193\" data-id=\"3c2e1193\" data-element_type=\"column\" data-e-type=\"column\">\n\t\t\t<div class=\"elementor-widget-wrap elementor-element-populated\">\n\t\t\t\t\t\t<div class=\"elementor-element elementor-element-de9d7b0 elementor-widget elementor-widget-qi_addons_for_elementor_icon_with_text\" data-id=\"de9d7b0\" data-element_type=\"widget\" data-e-type=\"widget\" data-widget_type=\"qi_addons_for_elementor_icon_with_text.default\">\n\t\t\t\t<div class=\"elementor-widget-container\">\n\t\t\t\t\t<div class=\"qodef-shortcode qodef-m qodef-qi-icon-with-text qodef-layout--top qodef--icon-pack qodef-alignment--center\" >\n\t\t\t<div class=\"qodef-m-icon-wrapper\">\n\t\t\t\t<div class=\"qodef-m-icon-holder\">\n\t\t<i aria-hidden=\"true\" class=\"far fa-heart\"><\/i>\t<\/div>\n\t\t<\/div>\n\t\t<div class=\"qodef-m-content\">\n\t\t\t\t\t<h4 class=\"qodef-m-title\">\n\t\t\t\t\t<span class=\"qodef-m-title-text\">Desintoxicaci\u00f3<\/span>\n\t\t\t<\/h4>\n\t\t\t<div class=\"qodef-m-text\"><p>Mitjan\u00e7ant ajuda farmacol\u00f2gica, perseguint la no utilitzaci\u00f3. Tractament lliure de drogues.<\/p><\/div>\n\t\t\t<\/div>\n<\/div>\n\t\t\t\t<\/div>\n\t\t\t\t<\/div>\n\t\t\t\t\t<\/div>\n\t\t<\/div>\n\t\t\t\t<div class=\"elementor-column elementor-col-25 elementor-top-column elementor-element elementor-element-2c5a1304\" data-id=\"2c5a1304\" data-element_type=\"column\" data-e-type=\"column\">\n\t\t\t<div class=\"elementor-widget-wrap elementor-element-populated\">\n\t\t\t\t\t\t<div class=\"elementor-element elementor-element-1818409c elementor-widget elementor-widget-qi_addons_for_elementor_icon_with_text\" data-id=\"1818409c\" data-element_type=\"widget\" data-e-type=\"widget\" data-widget_type=\"qi_addons_for_elementor_icon_with_text.default\">\n\t\t\t\t<div class=\"elementor-widget-container\">\n\t\t\t\t\t<div class=\"qodef-shortcode qodef-m qodef-qi-icon-with-text qodef-layout--top qodef--icon-pack qodef-alignment--center\" >\n\t\t\t<div class=\"qodef-m-icon-wrapper\">\n\t\t\t\t<div class=\"qodef-m-icon-holder\">\n\t\t<i aria-hidden=\"true\" class=\"far fa-eye\"><\/i>\t<\/div>\n\t\t<\/div>\n\t\t<div class=\"qodef-m-content\">\n\t\t\t\t\t<h4 class=\"qodef-m-title\">\n\t\t\t\t\t<span class=\"qodef-m-title-text\">Deshabituaci\u00f3<\/span>\n\t\t\t<\/h4>\n\t\t\t<div class=\"qodef-m-text\"><p>A trav\u00e9s de la modificaci\u00f3 de conducta utilitzant t\u00e8cniques cognitiu-conductuals. Habilitats socials, Resoluci\u00f3 de conflictes, Reestructuraci\u00f3 cognitiva.<\/p><\/div>\n\t\t\t<\/div>\n<\/div>\n\t\t\t\t<\/div>\n\t\t\t\t<\/div>\n\t\t\t\t\t<\/div>\n\t\t<\/div>\n\t\t\t\t<div class=\"elementor-column elementor-col-25 elementor-top-column elementor-element elementor-element-18a1d039\" data-id=\"18a1d039\" data-element_type=\"column\" data-e-type=\"column\">\n\t\t\t<div class=\"elementor-widget-wrap elementor-element-populated\">\n\t\t\t\t\t\t<div class=\"elementor-element elementor-element-70a7935f elementor-widget elementor-widget-qi_addons_for_elementor_icon_with_text\" data-id=\"70a7935f\" data-element_type=\"widget\" data-e-type=\"widget\" data-widget_type=\"qi_addons_for_elementor_icon_with_text.default\">\n\t\t\t\t<div class=\"elementor-widget-container\">\n\t\t\t\t\t<div class=\"qodef-shortcode qodef-m qodef-qi-icon-with-text qodef-layout--top qodef--icon-pack qodef-alignment--center\" >\n\t\t\t<div class=\"qodef-m-icon-wrapper\">\n\t\t\t\t<div class=\"qodef-m-icon-holder\">\n\t\t<i aria-hidden=\"true\" class=\"fas fa-puzzle-piece\"><\/i>\t<\/div>\n\t\t<\/div>\n\t\t<div class=\"qodef-m-content\">\n\t\t\t\t\t<h4 class=\"qodef-m-title\">\n\t\t\t\t\t<span class=\"qodef-m-title-text\">Rehabilitaci\u00f3<\/span>\n\t\t\t<\/h4>\n\t\t\t<div class=\"qodef-m-text\"><p>Oferint un conjunt de procediments espec\u00edfics com una xarxa de recursos orientats a proporcionar una major qualitat de vida i autonomia personal.<\/p><\/div>\n\t\t\t<\/div>\n<\/div>\n\t\t\t\t<\/div>\n\t\t\t\t<\/div>\n\t\t\t\t\t<\/div>\n\t\t<\/div>\n\t\t\t\t<div class=\"elementor-column elementor-col-25 elementor-top-column elementor-element elementor-element-b3aea60\" data-id=\"b3aea60\" data-element_type=\"column\" data-e-type=\"column\">\n\t\t\t<div class=\"elementor-widget-wrap elementor-element-populated\">\n\t\t\t\t\t\t<div class=\"elementor-element elementor-element-2b40019f elementor-widget elementor-widget-qi_addons_for_elementor_icon_with_text\" data-id=\"2b40019f\" data-element_type=\"widget\" data-e-type=\"widget\" data-widget_type=\"qi_addons_for_elementor_icon_with_text.default\">\n\t\t\t\t<div class=\"elementor-widget-container\">\n\t\t\t\t\t<div class=\"qodef-shortcode qodef-m qodef-qi-icon-with-text qodef-layout--top qodef--icon-pack qodef-alignment--center\" >\n\t\t\t<div class=\"qodef-m-icon-wrapper\">\n\t\t\t\t<div class=\"qodef-m-icon-holder\">\n\t\t<i aria-hidden=\"true\" class=\"fas fa-circle-notch\"><\/i>\t<\/div>\n\t\t<\/div>\n\t\t<div class=\"qodef-m-content\">\n\t\t\t\t\t<h4 class=\"qodef-m-title\">\n\t\t\t\t\t<span class=\"qodef-m-title-text\">Reinserci\u00f3<\/span>\n\t\t\t<\/h4>\n\t\t\t<div class=\"qodef-m-text\"><p>Adaptaci\u00f3 total del pacient en el seu nucli familiar, m\u00f3n laboral o d'estudis i entorn social.<\/p><\/div>\n\t\t\t<\/div>\n<\/div>\n\t\t\t\t<\/div>\n\t\t\t\t<\/div>\n\t\t\t\t\t<\/div>\n\t\t<\/div>\n\t\t\t\t\t<\/div>\n\t\t<\/section>\n\t\t\t\t<section class=\"elementor-section elementor-top-section elementor-element elementor-element-708aae4f elementor-section-full_width elementor-section-content-middle elementor-section-stretched elementor-section-height-default elementor-section-height-default qodef-elementor-content-no elementor-invisible\" data-id=\"708aae4f\" data-element_type=\"section\" data-e-type=\"section\" data-settings=\"{&quot;background_background&quot;:&quot;classic&quot;,&quot;animation&quot;:&quot;fadeInUp&quot;,&quot;stretch_section&quot;:&quot;section-stretched&quot;}\">\n\t\t\t\t\t\t<div class=\"elementor-container elementor-column-gap-default\">\n\t\t\t\t\t<div class=\"elementor-column elementor-col-100 elementor-top-column elementor-element elementor-element-6159ac77\" data-id=\"6159ac77\" data-element_type=\"column\" data-e-type=\"column\">\n\t\t\t<div class=\"elementor-widget-wrap elementor-element-populated\">\n\t\t\t\t\t\t<div class=\"elementor-element elementor-element-162d0528 elementor-widget elementor-widget-heading\" data-id=\"162d0528\" data-element_type=\"widget\" data-e-type=\"widget\" data-widget_type=\"heading.default\">\n\t\t\t\t<div class=\"elementor-widget-container\">\n\t\t\t\t\t<h2 class=\"elementor-heading-title elementor-size-default\">Metodologia<\/h2>\t\t\t\t<\/div>\n\t\t\t\t<\/div>\n\t\t\t\t<div class=\"elementor-element elementor-element-2a38237d elementor-widget elementor-widget-text-editor\" data-id=\"2a38237d\" data-element_type=\"widget\" data-e-type=\"widget\" data-widget_type=\"text-editor.default\">\n\t\t\t\t<div class=\"elementor-widget-container\">\n\t\t\t\t\t\t\t\t\t<p>Respecte a les t\u00e8cniques conductistes es procura utilitzar\u00a0refor\u00e7os positius, els refor\u00e7os negatius s&#8217;evitessin al m\u00e0xim, i en cas de considerar-se necessaris es fan mitjan\u00e7ant la t\u00e8cnica d&#8217;exposici\u00f3\u00a0imaginal, combinant-ho amb la reestructuraci\u00f3 cognitiva que permeti el canvi conductual. L&#8217;objectiu perseguit \u00e9s: \u201cbenestar, salut, qualitat de vida i la plenitud del desenvolupament de persones i grups\u201d. Els principis que guiessin la intervenci\u00f3 s\u00f3n, principi de benefic\u00e8ncia, principi d&#8217;autonomia i principi de just\u00edcia.<\/p><p>En Forum Salut Mental Girona realitzem un tractament espec\u00edfic i personalitzat per a cada pacient, oferint un tractament integral a tots els nivells, no sols centrant-nos en el pacient sin\u00f3 en tota l&#8217;esfera\u00a0biopsicosocial\u00a0d&#8217;aquest, donant cobertura terap\u00e8utica tenint en compte aspectes tan importants com el familiar, el social i el laboral.<\/p>\t\t\t\t\t\t\t\t<\/div>\n\t\t\t\t<\/div>\n\t\t\t\t<div class=\"elementor-element elementor-element-679f8401 elementor-widget elementor-widget-spacer\" data-id=\"679f8401\" data-element_type=\"widget\" data-e-type=\"widget\" data-widget_type=\"spacer.default\">\n\t\t\t\t<div class=\"elementor-widget-container\">\n\t\t\t\t\t\t\t<div class=\"elementor-spacer\">\n\t\t\t<div class=\"elementor-spacer-inner\"><\/div>\n\t\t<\/div>\n\t\t\t\t\t\t<\/div>\n\t\t\t\t<\/div>\n\t\t\t\t<div class=\"elementor-element elementor-element-1d09af32 elementor-widget elementor-widget-spacer\" data-id=\"1d09af32\" data-element_type=\"widget\" data-e-type=\"widget\" data-widget_type=\"spacer.default\">\n\t\t\t\t<div class=\"elementor-widget-container\">\n\t\t\t\t\t\t\t<div class=\"elementor-spacer\">\n\t\t\t<div class=\"elementor-spacer-inner\"><\/div>\n\t\t<\/div>\n\t\t\t\t\t\t<\/div>\n\t\t\t\t<\/div>\n\t\t\t\t\t<\/div>\n\t\t<\/div>\n\t\t\t\t\t<\/div>\n\t\t<\/section>\n\t\t\t\t<section class=\"elementor-section elementor-top-section elementor-element elementor-element-4f94c245 elementor-section-full_width elementor-section-content-middle elementor-section-stretched elementor-section-height-default elementor-section-height-default qodef-elementor-content-no\" data-id=\"4f94c245\" data-element_type=\"section\" data-e-type=\"section\" data-settings=\"{&quot;stretch_section&quot;:&quot;section-stretched&quot;}\">\n\t\t\t\t\t\t<div class=\"elementor-container elementor-column-gap-narrow\">\n\t\t\t\t\t<div class=\"elementor-column elementor-col-50 elementor-top-column elementor-element elementor-element-7d49a735 elementor-invisible\" data-id=\"7d49a735\" data-element_type=\"column\" data-e-type=\"column\" data-settings=\"{&quot;animation&quot;:&quot;fadeInLeft&quot;}\">\n\t\t\t<div class=\"elementor-widget-wrap elementor-element-populated\">\n\t\t\t\t\t\t<div class=\"elementor-element elementor-element-520d05ae elementor-widget elementor-widget-image\" data-id=\"520d05ae\" data-element_type=\"widget\" data-e-type=\"widget\" data-widget_type=\"image.default\">\n\t\t\t\t<div class=\"elementor-widget-container\">\n\t\t\t\t\t\t\t\t\t\t\t\t\t\t\t<img fetchpriority=\"high\" decoding=\"async\" width=\"600\" height=\"599\" src=\"https:\/\/forummontau.com\/girona\/wp-content\/uploads\/sites\/6\/2024\/01\/desintoxicacion_cannabis.webp\" class=\"attachment-full size-full wp-image-4496\" alt=\"\" srcset=\"https:\/\/forummontau.com\/girona\/wp-content\/uploads\/sites\/6\/2024\/01\/desintoxicacion_cannabis.webp 600w, https:\/\/forummontau.com\/girona\/wp-content\/uploads\/sites\/6\/2024\/01\/desintoxicacion_cannabis-300x300.webp 300w, https:\/\/forummontau.com\/girona\/wp-content\/uploads\/sites\/6\/2024\/01\/desintoxicacion_cannabis-150x150.webp 150w\" sizes=\"(max-width: 600px) 100vw, 600px\" \/>\t\t\t\t\t\t\t\t\t\t\t\t\t\t\t<\/div>\n\t\t\t\t<\/div>\n\t\t\t\t\t<\/div>\n\t\t<\/div>\n\t\t\t\t<div class=\"elementor-column elementor-col-50 elementor-top-column elementor-element elementor-element-50bc9e1e elementor-invisible\" data-id=\"50bc9e1e\" data-element_type=\"column\" data-e-type=\"column\" data-settings=\"{&quot;animation&quot;:&quot;fadeInRight&quot;}\">\n\t\t\t<div class=\"elementor-widget-wrap elementor-element-populated\">\n\t\t\t\t\t\t<div class=\"elementor-element elementor-element-151cd36d elementor-widget elementor-widget-heading\" data-id=\"151cd36d\" data-element_type=\"widget\" data-e-type=\"widget\" data-widget_type=\"heading.default\">\n\t\t\t\t<div class=\"elementor-widget-container\">\n\t\t\t\t\t<h2 class=\"elementor-heading-title elementor-size-default\">Com actua el c\u00e0nnabis en les persones?<\/h2>\t\t\t\t<\/div>\n\t\t\t\t<\/div>\n\t\t\t\t<div class=\"elementor-element elementor-element-43e6e13f elementor-widget elementor-widget-text-editor\" data-id=\"43e6e13f\" data-element_type=\"widget\" data-e-type=\"widget\" data-widget_type=\"text-editor.default\">\n\t\t\t\t<div class=\"elementor-widget-container\">\n\t\t\t\t\t\t\t\t\t<p>El c\u00e0nnabis actua sobre unes dianes molt selectives en el cervell que s\u00f3n els receptors\u00a0cannabinoides, unint-se a aquests receptors amb una selectivitat\u00a0 mil\u00b7lim\u00e8trica fins al punt d&#8217;encaixar a la perfecci\u00f3. \u00a0<br \/><br \/>El\u00a0THC\u00a0exerceix els seus efectes m\u00e9s importants a trav\u00e9s de les seves accions en dos tipus de receptors\u00a0cannabinoides, CB1 i CB2, els quals estan acoblats a la prote\u00efna G. El receptor CB1 es troba principalment en el\u00a0cervell\u00a0aix\u00ed com en alguns teixits perif\u00e8rics, i el receptor CB2 es troba exclusivament en els teixits perif\u00e8rics.<br \/><br \/>El\u00a0THC\u00a0sembla alterar l&#8217;estat d&#8217;\u00e0nim i la cognici\u00f3 a trav\u00e9s de les seves accions\u00a0agonistas\u00a0dels receptors CB1, que inhibeixen un sistema de missatgeria secund\u00e0ria (adenilato\u00a0ciclasa)\u00a0en una forma dependent de la\u00a0dosi. \u00a0El cervell cont\u00e9 aquests receptors\u00a0cannabinoides\u00a0perqu\u00e8 t\u00e9 tamb\u00e9 unes subst\u00e0ncies end\u00f2genes que de manera natural ser\u00e0 capaces d&#8217;activar aquests receptors i que es denominen\u00a0endocannabinoides.<\/p>\t\t\t\t\t\t\t\t<\/div>\n\t\t\t\t<\/div>\n\t\t\t\t\t<\/div>\n\t\t<\/div>\n\t\t\t\t\t<\/div>\n\t\t<\/section>\n\t\t\t\t<section class=\"elementor-section elementor-top-section elementor-element elementor-element-26610e04 elementor-section-full_width elementor-section-content-middle elementor-section-stretched elementor-section-height-default elementor-section-height-default qodef-elementor-content-no\" data-id=\"26610e04\" data-element_type=\"section\" data-e-type=\"section\" data-settings=\"{&quot;stretch_section&quot;:&quot;section-stretched&quot;}\">\n\t\t\t\t\t\t<div class=\"elementor-container elementor-column-gap-narrow\">\n\t\t\t\t\t<div class=\"elementor-column elementor-col-50 elementor-top-column elementor-element elementor-element-f57b858\" data-id=\"f57b858\" data-element_type=\"column\" data-e-type=\"column\">\n\t\t\t<div class=\"elementor-widget-wrap elementor-element-populated\">\n\t\t\t\t\t\t<div class=\"elementor-element elementor-element-6379c288 elementor-invisible elementor-widget elementor-widget-image\" data-id=\"6379c288\" data-element_type=\"widget\" data-e-type=\"widget\" data-settings=\"{&quot;_animation&quot;:&quot;fadeInLeft&quot;}\" data-widget_type=\"image.default\">\n\t\t\t\t<div class=\"elementor-widget-container\">\n\t\t\t\t\t\t\t\t\t\t\t\t\t\t\t<img decoding=\"async\" width=\"537\" height=\"600\" src=\"https:\/\/forummontau.com\/girona\/wp-content\/uploads\/sites\/6\/2024\/01\/efectos_cannabis.webp\" class=\"attachment-full size-full wp-image-4497\" alt=\"\" srcset=\"https:\/\/forummontau.com\/girona\/wp-content\/uploads\/sites\/6\/2024\/01\/efectos_cannabis.webp 537w, https:\/\/forummontau.com\/girona\/wp-content\/uploads\/sites\/6\/2024\/01\/efectos_cannabis-269x300.webp 269w\" sizes=\"(max-width: 537px) 100vw, 537px\" \/>\t\t\t\t\t\t\t\t\t\t\t\t\t\t\t<\/div>\n\t\t\t\t<\/div>\n\t\t\t\t\t<\/div>\n\t\t<\/div>\n\t\t\t\t<div class=\"elementor-column elementor-col-50 elementor-top-column elementor-element elementor-element-7ac6f938 elementor-invisible\" data-id=\"7ac6f938\" data-element_type=\"column\" data-e-type=\"column\" data-settings=\"{&quot;animation&quot;:&quot;fadeInRight&quot;}\">\n\t\t\t<div class=\"elementor-widget-wrap elementor-element-populated\">\n\t\t\t\t\t\t<div class=\"elementor-element elementor-element-7cb19e79 elementor-widget elementor-widget-heading\" data-id=\"7cb19e79\" data-element_type=\"widget\" data-e-type=\"widget\" data-widget_type=\"heading.default\">\n\t\t\t\t<div class=\"elementor-widget-container\">\n\t\t\t\t\t<h2 class=\"elementor-heading-title elementor-size-default\">Zones afectades pel consum de c\u00e0nnabis<\/h2>\t\t\t\t<\/div>\n\t\t\t\t<\/div>\n\t\t\t\t<div class=\"elementor-element elementor-element-5c21e535 elementor-widget elementor-widget-text-editor\" data-id=\"5c21e535\" data-element_type=\"widget\" data-e-type=\"widget\" data-widget_type=\"text-editor.default\">\n\t\t\t\t<div class=\"elementor-widget-container\">\n\t\t\t\t\t\t\t\t\t<p>\u2022 Cervell<br \/>\u2022 Gola<br \/>\u2022 Pulmons<br \/>\u2022 Cor<\/p>\t\t\t\t\t\t\t\t<\/div>\n\t\t\t\t<\/div>\n\t\t\t\t\t<\/div>\n\t\t<\/div>\n\t\t\t\t\t<\/div>\n\t\t<\/section>\n\t\t\t\t<section class=\"elementor-section elementor-top-section elementor-element elementor-element-61b464e8 elementor-section-full_width elementor-section-content-middle elementor-section-stretched elementor-section-height-default elementor-section-height-default qodef-elementor-content-no elementor-invisible\" data-id=\"61b464e8\" data-element_type=\"section\" data-e-type=\"section\" data-settings=\"{&quot;animation&quot;:&quot;fadeInUp&quot;,&quot;stretch_section&quot;:&quot;section-stretched&quot;}\">\n\t\t\t\t\t\t<div class=\"elementor-container elementor-column-gap-default\">\n\t\t\t\t\t<div class=\"elementor-column elementor-col-100 elementor-top-column elementor-element elementor-element-6f289567\" data-id=\"6f289567\" data-element_type=\"column\" data-e-type=\"column\">\n\t\t\t<div class=\"elementor-widget-wrap elementor-element-populated\">\n\t\t\t\t\t\t<div class=\"elementor-element elementor-element-7358e14b elementor-widget elementor-widget-heading\" data-id=\"7358e14b\" data-element_type=\"widget\" data-e-type=\"widget\" data-widget_type=\"heading.default\">\n\t\t\t\t<div class=\"elementor-widget-container\">\n\t\t\t\t\t<h2 class=\"elementor-heading-title elementor-size-default\">Breu rep\u00e0s per la hist\u00f2ria<\/h2>\t\t\t\t<\/div>\n\t\t\t\t<\/div>\n\t\t\t\t<div class=\"elementor-element elementor-element-7b3684a1 elementor-widget elementor-widget-text-editor\" data-id=\"7b3684a1\" data-element_type=\"widget\" data-e-type=\"widget\" data-widget_type=\"text-editor.default\">\n\t\t\t\t<div class=\"elementor-widget-container\">\n\t\t\t\t\t\t\t\t\t<div class=\"wpb_text_column wpb_content_element \"><div class=\"wpb_wrapper\"><div class=\"uvc-main-heading ult-responsive\" data-ultimate-target=\".uvc-heading.ultimate-heading-13255ae9b279a5771 h2\" data-responsive-json-new=\"{&quot;font-size&quot;:&quot;desktop:24px;&quot;,&quot;line-height&quot;:&quot;desktop:32px;&quot;}\"><p>C\u00e0nnabis sativa, \u00e9s una planta origin\u00e0ria d&#8217;\u00c0sia Central. A partir de la seva resina fulles i flors s&#8217;elaboren la marihuana i l&#8217;haixix. Des de temps\u00a0inmemorables\u00a0el c\u00e0nem ha estat utilitzat com a fibra t\u00e8xtil. El seu consum com a subst\u00e0ncia psicoactiva tamb\u00e9 es remunta a l&#8217;antiguitat fins i tot s&#8217;han trobat proves que a \u00c0sia i \u00c0frica ja es consumia des de fa milers d&#8217;anys.<br \/><br \/>Es va recuperar el consum del c\u00e0nnabis a Europa per a \u00fas exclusivament l\u00fadic en el segle XIX, sobretot per part d&#8217;intel\u00b7lectuals i artistes. En la segona meitat del segle XX el seu consum es va comen\u00e7ar a popularitzar mitjan\u00e7ant el moviment hippy. Avui dia s&#8217;ha convertit en la subst\u00e0ncia il\u00b7legal amb major acceptaci\u00f3 social i incid\u00e8ncia de consum a nivell mundial.<\/p><\/div><\/div><\/div>\t\t\t\t\t\t\t\t<\/div>\n\t\t\t\t<\/div>\n\t\t\t\t<div class=\"elementor-element elementor-element-5fa4e55a elementor-widget elementor-widget-spacer\" data-id=\"5fa4e55a\" data-element_type=\"widget\" data-e-type=\"widget\" data-widget_type=\"spacer.default\">\n\t\t\t\t<div class=\"elementor-widget-container\">\n\t\t\t\t\t\t\t<div class=\"elementor-spacer\">\n\t\t\t<div class=\"elementor-spacer-inner\"><\/div>\n\t\t<\/div>\n\t\t\t\t\t\t<\/div>\n\t\t\t\t<\/div>\n\t\t\t\t<div class=\"elementor-element elementor-element-2c54a87f elementor-widget elementor-widget-spacer\" data-id=\"2c54a87f\" data-element_type=\"widget\" data-e-type=\"widget\" data-widget_type=\"spacer.default\">\n\t\t\t\t<div class=\"elementor-widget-container\">\n\t\t\t\t\t\t\t<div class=\"elementor-spacer\">\n\t\t\t<div class=\"elementor-spacer-inner\"><\/div>\n\t\t<\/div>\n\t\t\t\t\t\t<\/div>\n\t\t\t\t<\/div>\n\t\t\t\t\t<\/div>\n\t\t<\/div>\n\t\t\t\t\t<\/div>\n\t\t<\/section>\n\t\t\t\t<section class=\"elementor-section elementor-top-section elementor-element elementor-element-135488c2 elementor-section-full_width elementor-section-content-middle elementor-section-stretched elementor-section-height-default elementor-section-height-default qodef-elementor-content-no\" data-id=\"135488c2\" data-element_type=\"section\" data-e-type=\"section\" data-settings=\"{&quot;stretch_section&quot;:&quot;section-stretched&quot;}\">\n\t\t\t\t\t\t<div class=\"elementor-container elementor-column-gap-narrow\">\n\t\t\t\t\t<div class=\"elementor-column elementor-col-50 elementor-top-column elementor-element elementor-element-165628b2 elementor-invisible\" data-id=\"165628b2\" data-element_type=\"column\" data-e-type=\"column\" data-settings=\"{&quot;animation&quot;:&quot;fadeInLeft&quot;}\">\n\t\t\t<div class=\"elementor-widget-wrap elementor-element-populated\">\n\t\t\t\t\t\t<div class=\"elementor-element elementor-element-5e542cef elementor-widget elementor-widget-image\" data-id=\"5e542cef\" data-element_type=\"widget\" data-e-type=\"widget\" data-widget_type=\"image.default\">\n\t\t\t\t<div class=\"elementor-widget-container\">\n\t\t\t\t\t\t\t\t\t\t\t\t\t\t\t<img decoding=\"async\" width=\"300\" height=\"237\" src=\"https:\/\/forummontau.com\/girona\/wp-content\/uploads\/sites\/6\/2024\/01\/composicion_cannabis-300x237.webp\" class=\"attachment-medium size-medium wp-image-4498\" alt=\"\" srcset=\"https:\/\/forummontau.com\/girona\/wp-content\/uploads\/sites\/6\/2024\/01\/composicion_cannabis-300x237.webp 300w, https:\/\/forummontau.com\/girona\/wp-content\/uploads\/sites\/6\/2024\/01\/composicion_cannabis.webp 600w\" sizes=\"(max-width: 300px) 100vw, 300px\" \/>\t\t\t\t\t\t\t\t\t\t\t\t\t\t\t<\/div>\n\t\t\t\t<\/div>\n\t\t\t\t\t<\/div>\n\t\t<\/div>\n\t\t\t\t<div class=\"elementor-column elementor-col-50 elementor-top-column elementor-element elementor-element-1a687e12 elementor-invisible\" data-id=\"1a687e12\" data-element_type=\"column\" data-e-type=\"column\" data-settings=\"{&quot;animation&quot;:&quot;fadeInRight&quot;}\">\n\t\t\t<div class=\"elementor-widget-wrap elementor-element-populated\">\n\t\t\t\t\t\t<div class=\"elementor-element elementor-element-396493b7 elementor-widget elementor-widget-heading\" data-id=\"396493b7\" data-element_type=\"widget\" data-e-type=\"widget\" data-widget_type=\"heading.default\">\n\t\t\t\t<div class=\"elementor-widget-container\">\n\t\t\t\t\t<h2 class=\"elementor-heading-title elementor-size-default\">Composici\u00f3 qu\u00edmica<\/h2>\t\t\t\t<\/div>\n\t\t\t\t<\/div>\n\t\t\t\t<div class=\"elementor-element elementor-element-1bff47fb elementor-widget elementor-widget-text-editor\" data-id=\"1bff47fb\" data-element_type=\"widget\" data-e-type=\"widget\" data-widget_type=\"text-editor.default\">\n\t\t\t\t<div class=\"elementor-widget-container\">\n\t\t\t\t\t\t\t\t\t<div class=\"wpb_text_column wpb_content_element \"><div class=\"wpb_wrapper\"><div class=\"uvc-main-heading ult-responsive\" data-ultimate-target=\".uvc-heading.ultimate-heading-13255ae9b279a5771 h2\" data-responsive-json-new=\"{\"><p>La principal subst\u00e0ncia psicoactiva del c\u00e0nnabis es denomina\u00a0delta9-*tetrahidrocannabinol\u00a0o\u00a0THC.<br \/><br \/>La planta cont\u00e9 en total prop de 60\u00a0cannabinoides\u00a0(entre aquests:\u00a0cannabidiol(*CBD),\u00a0cannabinol\u00a0(CBN),\u00a0cannabigerol,\u00a0cannabicromeno,\u00a0cannabiciclol), sent el\u00a0THC\u00a0i el\u00a0CBD\u00a0els majorit\u00e0riament acumulats, encara que aquest \u00faltim sense efectes psicoactius. \u00a0La concentraci\u00f3 aix\u00ed com la proporci\u00f3 existent entre\u00a0THC\/*CBD\u00a0determinen la manera en qu\u00e8 cada planta influeix sobre cada persona.<br \/><br \/>En ser fumat s&#8217;absorbeix en els pulmons i arriba al cervell amb summa rapidesa, els seus efectes psicoactius solen durar en general unes 2 o 3 hores, per dosis.<br \/><br \/>A causa de la seva alta\u00a0solubilitat\u00a0en\u00a0l\u00edpids, el\u00a0THC\u00a0s&#8217;acumula en el teixit adip\u00f3s i persisteix en el cos durant un llarg per\u00edode de temps. Fins i tot despr\u00e9s d&#8217;una sola administraci\u00f3 de\u00a0THC, es troben nivells detectables en el cos durant setmanes o m\u00e9s (depenent de la quantitat administrada i la sensibilitat del m\u00e8tode d&#8217;avaluaci\u00f3)<br \/><br \/>El c\u00e0nnabis estimula la via\u00a0dopamin\u00e9rgica, que \u00e9s un sistema de recompenses en el cervell, des de l&#8217;\u00e0rea ventral\u00a0tegmental\u00a0al nucli\u00a0accumbens.<\/p><\/div><\/div><\/div>\t\t\t\t\t\t\t\t<\/div>\n\t\t\t\t<\/div>\n\t\t\t\t\t<\/div>\n\t\t<\/div>\n\t\t\t\t\t<\/div>\n\t\t<\/section>\n\t\t\t\t<\/div>\n\t\t","protected":false},"excerpt":{"rendered":"<p>Tractament de Desintoxicaci\u00f3 del C\u00e0nnabis a Girona Creus que has generat addicci\u00f3 al cannabis o sospites que un familiar\/conegut pot tenir-la? Dona el primer pas 900 802 408 Primer visita gratuita Tractament de Desintoxicaci\u00f3 del C\u00e0nnabis a Girona El tractament per superar l&#8217;addicci\u00f3 al c\u00e0nnabis ofereix una assist\u00e8ncia bio-psicosocial, encara que \u00e9s un tractament b\u00e0sicament [&hellip;]<\/p>\n","protected":false},"author":2,"featured_media":0,"parent":0,"menu_order":0,"comment_status":"closed","ping_status":"closed","template":"","meta":{"ocean_post_layout":"full-screen","ocean_both_sidebars_style":"","ocean_both_sidebars_content_width":0,"ocean_both_sidebars_sidebars_width":0,"ocean_sidebar":"0","ocean_second_sidebar":"0","ocean_disable_margins":"enable","ocean_add_body_class":"","ocean_shortcode_before_top_bar":"","ocean_shortcode_after_top_bar":"","ocean_shortcode_before_header":"","ocean_shortcode_after_header":"","ocean_has_shortcode":"","ocean_shortcode_after_title":"","ocean_shortcode_before_footer_widgets":"","ocean_shortcode_after_footer_widgets":"","ocean_shortcode_before_footer_bottom":"","ocean_shortcode_after_footer_bottom":"","ocean_display_top_bar":"default","ocean_display_header":"default","ocean_header_style":"","ocean_center_header_left_menu":"0","ocean_custom_header_template":"0","ocean_custom_logo":0,"ocean_custom_retina_logo":0,"ocean_custom_logo_max_width":0,"ocean_custom_logo_tablet_max_width":0,"ocean_custom_logo_mobile_max_width":0,"ocean_custom_logo_max_height":0,"ocean_custom_logo_tablet_max_height":0,"ocean_custom_logo_mobile_max_height":0,"ocean_header_custom_menu":"0","ocean_menu_typo_font_family":"0","ocean_menu_typo_font_subset":"","ocean_menu_typo_font_size":0,"ocean_menu_typo_font_size_tablet":0,"ocean_menu_typo_font_size_mobile":0,"ocean_menu_typo_font_size_unit":"px","ocean_menu_typo_font_weight":"","ocean_menu_typo_font_weight_tablet":"","ocean_menu_typo_font_weight_mobile":"","ocean_menu_typo_transform":"","ocean_menu_typo_transform_tablet":"","ocean_menu_typo_transform_mobile":"","ocean_menu_typo_line_height":0,"ocean_menu_typo_line_height_tablet":0,"ocean_menu_typo_line_height_mobile":0,"ocean_menu_typo_line_height_unit":"","ocean_menu_typo_spacing":0,"ocean_menu_typo_spacing_tablet":0,"ocean_menu_typo_spacing_mobile":0,"ocean_menu_typo_spacing_unit":"","ocean_menu_link_color":"","ocean_menu_link_color_hover":"","ocean_menu_link_color_active":"","ocean_menu_link_background":"","ocean_menu_link_hover_background":"","ocean_menu_link_active_background":"","ocean_menu_social_links_bg":"","ocean_menu_social_hover_links_bg":"","ocean_menu_social_links_color":"","ocean_menu_social_hover_links_color":"","ocean_disable_title":"on","ocean_disable_heading":"default","ocean_post_title":"","ocean_post_subheading":"","ocean_post_title_style":"","ocean_post_title_background_color":"","ocean_post_title_background":0,"ocean_post_title_bg_image_position":"","ocean_post_title_bg_image_attachment":"","ocean_post_title_bg_image_repeat":"","ocean_post_title_bg_image_size":"","ocean_post_title_height":0,"ocean_post_title_bg_overlay":0.5,"ocean_post_title_bg_overlay_color":"","ocean_disable_breadcrumbs":"default","ocean_breadcrumbs_color":"","ocean_breadcrumbs_separator_color":"","ocean_breadcrumbs_links_color":"","ocean_breadcrumbs_links_hover_color":"","ocean_display_footer_widgets":"default","ocean_display_footer_bottom":"default","ocean_custom_footer_template":"0","footnotes":""},"class_list":["post-3450","page","type-page","status-publish","hentry","entry"],"yoast_head":"<!-- This site is optimized with the Yoast SEO plugin v27.5 - https:\/\/yoast.com\/product\/yoast-seo-wordpress\/ -->\n<title>Addicci\u00f3 al cannabis - Forum Salud Mental Girona<\/title>\n<meta name=\"description\" content=\"El trastorn per consum de marihuana es converteix en addicci\u00f3 quan la persona no pot deixar de consumir tot i que la droga interfereix en molts aspectes de la vida\" \/>\n<meta name=\"robots\" content=\"index, follow, max-snippet:-1, max-image-preview:large, max-video-preview:-1\" \/>\n<link rel=\"canonical\" href=\"https:\/\/forummontau.com\/girona\/addiccio-al-cannabis\/\" \/>\n<meta property=\"og:locale\" content=\"es_ES\" \/>\n<meta property=\"og:type\" content=\"article\" \/>\n<meta property=\"og:title\" content=\"Addicci\u00f3 al cannabis - Forum Salud Mental Girona\" \/>\n<meta property=\"og:description\" content=\"El trastorn per consum de marihuana es converteix en addicci\u00f3 quan la persona no pot deixar de consumir tot i que la droga interfereix en molts aspectes de la vida\" \/>\n<meta property=\"og:url\" content=\"https:\/\/forummontau.com\/girona\/addiccio-al-cannabis\/\" \/>\n<meta property=\"og:site_name\" content=\"Forum Salud Mental Girona\" \/>\n<meta property=\"article:modified_time\" content=\"2024-01-19T12:38:21+00:00\" \/>\n<meta property=\"og:image\" content=\"https:\/\/forummontau.com\/girona\/wp-content\/uploads\/sites\/6\/2024\/01\/desintoxicacion_cannabis.webp\" \/>\n<meta name=\"twitter:card\" content=\"summary_large_image\" \/>\n<meta name=\"twitter:label1\" content=\"Tiempo de lectura\" \/>\n\t<meta name=\"twitter:data1\" content=\"5 minutos\" \/>\n<script type=\"application\/ld+json\" class=\"yoast-schema-graph\">{\"@context\":\"https:\\\/\\\/schema.org\",\"@graph\":[{\"@type\":\"WebPage\",\"@id\":\"https:\\\/\\\/forummontau.com\\\/girona\\\/addiccio-al-cannabis\\\/\",\"url\":\"https:\\\/\\\/forummontau.com\\\/girona\\\/addiccio-al-cannabis\\\/\",\"name\":\"Addicci\u00f3 al cannabis - Forum Salud Mental Girona\",\"isPartOf\":{\"@id\":\"https:\\\/\\\/forummontau.com\\\/girona\\\/#website\"},\"primaryImageOfPage\":{\"@id\":\"https:\\\/\\\/forummontau.com\\\/girona\\\/addiccio-al-cannabis\\\/#primaryimage\"},\"image\":{\"@id\":\"https:\\\/\\\/forummontau.com\\\/girona\\\/addiccio-al-cannabis\\\/#primaryimage\"},\"thumbnailUrl\":\"https:\\\/\\\/forummontau.com\\\/girona\\\/wp-content\\\/uploads\\\/sites\\\/6\\\/2024\\\/01\\\/desintoxicacion_cannabis.webp\",\"datePublished\":\"2023-06-22T11:37:04+00:00\",\"dateModified\":\"2024-01-19T12:38:21+00:00\",\"description\":\"El trastorn per consum de marihuana es converteix en addicci\u00f3 quan la persona no pot deixar de consumir tot i que la droga interfereix en molts aspectes de la vida\",\"breadcrumb\":{\"@id\":\"https:\\\/\\\/forummontau.com\\\/girona\\\/addiccio-al-cannabis\\\/#breadcrumb\"},\"inLanguage\":\"es\",\"potentialAction\":[{\"@type\":\"ReadAction\",\"target\":[\"https:\\\/\\\/forummontau.com\\\/girona\\\/addiccio-al-cannabis\\\/\"]}]},{\"@type\":\"ImageObject\",\"inLanguage\":\"es\",\"@id\":\"https:\\\/\\\/forummontau.com\\\/girona\\\/addiccio-al-cannabis\\\/#primaryimage\",\"url\":\"https:\\\/\\\/forummontau.com\\\/girona\\\/wp-content\\\/uploads\\\/sites\\\/6\\\/2024\\\/01\\\/desintoxicacion_cannabis.webp\",\"contentUrl\":\"https:\\\/\\\/forummontau.com\\\/girona\\\/wp-content\\\/uploads\\\/sites\\\/6\\\/2024\\\/01\\\/desintoxicacion_cannabis.webp\",\"width\":600,\"height\":599},{\"@type\":\"BreadcrumbList\",\"@id\":\"https:\\\/\\\/forummontau.com\\\/girona\\\/addiccio-al-cannabis\\\/#breadcrumb\",\"itemListElement\":[{\"@type\":\"ListItem\",\"position\":1,\"name\":\"Portada\",\"item\":\"https:\\\/\\\/forummontau.com\\\/girona\\\/centre-desintoxicacio-i-addiccions-girona\\\/\"},{\"@type\":\"ListItem\",\"position\":2,\"name\":\"Addicci\u00f3 al cannabis\"}]},{\"@type\":\"WebSite\",\"@id\":\"https:\\\/\\\/forummontau.com\\\/girona\\\/#website\",\"url\":\"https:\\\/\\\/forummontau.com\\\/girona\\\/\",\"name\":\"Forum Salud Mental Girona\",\"description\":\"Centro de Desintoxicaci\u00f3n y Adicciones en Girona\",\"publisher\":{\"@id\":\"https:\\\/\\\/forummontau.com\\\/girona\\\/#organization\"},\"potentialAction\":[{\"@type\":\"SearchAction\",\"target\":{\"@type\":\"EntryPoint\",\"urlTemplate\":\"https:\\\/\\\/forummontau.com\\\/girona\\\/?s={search_term_string}\"},\"query-input\":{\"@type\":\"PropertyValueSpecification\",\"valueRequired\":true,\"valueName\":\"search_term_string\"}}],\"inLanguage\":\"es\"},{\"@type\":\"Organization\",\"@id\":\"https:\\\/\\\/forummontau.com\\\/girona\\\/#organization\",\"name\":\"Forum Salud Mental Girona\",\"url\":\"https:\\\/\\\/forummontau.com\\\/girona\\\/\",\"logo\":{\"@type\":\"ImageObject\",\"inLanguage\":\"es\",\"@id\":\"https:\\\/\\\/forummontau.com\\\/girona\\\/#\\\/schema\\\/logo\\\/image\\\/\",\"url\":\"https:\\\/\\\/forummontau.com\\\/girona\\\/wp-content\\\/uploads\\\/sites\\\/6\\\/2020\\\/02\\\/girona_forum.png\",\"contentUrl\":\"https:\\\/\\\/forummontau.com\\\/girona\\\/wp-content\\\/uploads\\\/sites\\\/6\\\/2020\\\/02\\\/girona_forum.png\",\"width\":215,\"height\":119,\"caption\":\"Forum Salud Mental Girona\"},\"image\":{\"@id\":\"https:\\\/\\\/forummontau.com\\\/girona\\\/#\\\/schema\\\/logo\\\/image\\\/\"}}]}<\/script>\n<!-- \/ Yoast SEO plugin. -->","yoast_head_json":{"title":"Addicci\u00f3 al cannabis - Forum Salud Mental Girona","description":"El trastorn per consum de marihuana es converteix en addicci\u00f3 quan la persona no pot deixar de consumir tot i que la droga interfereix en molts aspectes de la vida","robots":{"index":"index","follow":"follow","max-snippet":"max-snippet:-1","max-image-preview":"max-image-preview:large","max-video-preview":"max-video-preview:-1"},"canonical":"https:\/\/forummontau.com\/girona\/addiccio-al-cannabis\/","og_locale":"es_ES","og_type":"article","og_title":"Addicci\u00f3 al cannabis - Forum Salud Mental Girona","og_description":"El trastorn per consum de marihuana es converteix en addicci\u00f3 quan la persona no pot deixar de consumir tot i que la droga interfereix en molts aspectes de la vida","og_url":"https:\/\/forummontau.com\/girona\/addiccio-al-cannabis\/","og_site_name":"Forum Salud Mental Girona","article_modified_time":"2024-01-19T12:38:21+00:00","og_image":[{"url":"https:\/\/forummontau.com\/girona\/wp-content\/uploads\/sites\/6\/2024\/01\/desintoxicacion_cannabis.webp","type":"","width":"","height":""}],"twitter_card":"summary_large_image","twitter_misc":{"Tiempo de lectura":"5 minutos"},"schema":{"@context":"https:\/\/schema.org","@graph":[{"@type":"WebPage","@id":"https:\/\/forummontau.com\/girona\/addiccio-al-cannabis\/","url":"https:\/\/forummontau.com\/girona\/addiccio-al-cannabis\/","name":"Addicci\u00f3 al cannabis - Forum Salud Mental Girona","isPartOf":{"@id":"https:\/\/forummontau.com\/girona\/#website"},"primaryImageOfPage":{"@id":"https:\/\/forummontau.com\/girona\/addiccio-al-cannabis\/#primaryimage"},"image":{"@id":"https:\/\/forummontau.com\/girona\/addiccio-al-cannabis\/#primaryimage"},"thumbnailUrl":"https:\/\/forummontau.com\/girona\/wp-content\/uploads\/sites\/6\/2024\/01\/desintoxicacion_cannabis.webp","datePublished":"2023-06-22T11:37:04+00:00","dateModified":"2024-01-19T12:38:21+00:00","description":"El trastorn per consum de marihuana es converteix en addicci\u00f3 quan la persona no pot deixar de consumir tot i que la droga interfereix en molts aspectes de la vida","breadcrumb":{"@id":"https:\/\/forummontau.com\/girona\/addiccio-al-cannabis\/#breadcrumb"},"inLanguage":"es","potentialAction":[{"@type":"ReadAction","target":["https:\/\/forummontau.com\/girona\/addiccio-al-cannabis\/"]}]},{"@type":"ImageObject","inLanguage":"es","@id":"https:\/\/forummontau.com\/girona\/addiccio-al-cannabis\/#primaryimage","url":"https:\/\/forummontau.com\/girona\/wp-content\/uploads\/sites\/6\/2024\/01\/desintoxicacion_cannabis.webp","contentUrl":"https:\/\/forummontau.com\/girona\/wp-content\/uploads\/sites\/6\/2024\/01\/desintoxicacion_cannabis.webp","width":600,"height":599},{"@type":"BreadcrumbList","@id":"https:\/\/forummontau.com\/girona\/addiccio-al-cannabis\/#breadcrumb","itemListElement":[{"@type":"ListItem","position":1,"name":"Portada","item":"https:\/\/forummontau.com\/girona\/centre-desintoxicacio-i-addiccions-girona\/"},{"@type":"ListItem","position":2,"name":"Addicci\u00f3 al cannabis"}]},{"@type":"WebSite","@id":"https:\/\/forummontau.com\/girona\/#website","url":"https:\/\/forummontau.com\/girona\/","name":"Forum Salud Mental Girona","description":"Centro de Desintoxicaci\u00f3n y Adicciones en Girona","publisher":{"@id":"https:\/\/forummontau.com\/girona\/#organization"},"potentialAction":[{"@type":"SearchAction","target":{"@type":"EntryPoint","urlTemplate":"https:\/\/forummontau.com\/girona\/?s={search_term_string}"},"query-input":{"@type":"PropertyValueSpecification","valueRequired":true,"valueName":"search_term_string"}}],"inLanguage":"es"},{"@type":"Organization","@id":"https:\/\/forummontau.com\/girona\/#organization","name":"Forum Salud Mental Girona","url":"https:\/\/forummontau.com\/girona\/","logo":{"@type":"ImageObject","inLanguage":"es","@id":"https:\/\/forummontau.com\/girona\/#\/schema\/logo\/image\/","url":"https:\/\/forummontau.com\/girona\/wp-content\/uploads\/sites\/6\/2020\/02\/girona_forum.png","contentUrl":"https:\/\/forummontau.com\/girona\/wp-content\/uploads\/sites\/6\/2020\/02\/girona_forum.png","width":215,"height":119,"caption":"Forum Salud Mental Girona"},"image":{"@id":"https:\/\/forummontau.com\/girona\/#\/schema\/logo\/image\/"}}]}},"_links":{"self":[{"href":"https:\/\/forummontau.com\/girona\/wp-json\/wp\/v2\/pages\/3450","targetHints":{"allow":["GET"]}}],"collection":[{"href":"https:\/\/forummontau.com\/girona\/wp-json\/wp\/v2\/pages"}],"about":[{"href":"https:\/\/forummontau.com\/girona\/wp-json\/wp\/v2\/types\/page"}],"author":[{"embeddable":true,"href":"https:\/\/forummontau.com\/girona\/wp-json\/wp\/v2\/users\/2"}],"replies":[{"embeddable":true,"href":"https:\/\/forummontau.com\/girona\/wp-json\/wp\/v2\/comments?post=3450"}],"version-history":[{"count":17,"href":"https:\/\/forummontau.com\/girona\/wp-json\/wp\/v2\/pages\/3450\/revisions"}],"predecessor-version":[{"id":4505,"href":"https:\/\/forummontau.com\/girona\/wp-json\/wp\/v2\/pages\/3450\/revisions\/4505"}],"wp:attachment":[{"href":"https:\/\/forummontau.com\/girona\/wp-json\/wp\/v2\/media?parent=3450"}],"curies":[{"name":"wp","href":"https:\/\/api.w.org\/{rel}","templated":true}]}}