{"id":3489,"date":"2023-06-22T12:21:27","date_gmt":"2023-06-22T12:21:27","guid":{"rendered":"https:\/\/forumgirona.cat\/?page_id=3489"},"modified":"2025-10-23T07:48:35","modified_gmt":"2025-10-23T07:48:35","slug":"centre-dingres","status":"publish","type":"page","link":"https:\/\/forummontau.com\/girona\/centre-dingres\/","title":{"rendered":"Centre d&#8217;Ingr\u00e9s"},"content":{"rendered":"\t\t<div data-elementor-type=\"wp-page\" data-elementor-id=\"3489\" class=\"elementor elementor-3489\" data-elementor-post-type=\"page\">\n\t\t\t\t\t\t<section class=\"elementor-section elementor-top-section elementor-element elementor-element-5adb2d72 elementor-section-content-middle elementor-section-full_width elementor-section-items-stretch elementor-section-height-min-height elementor-section-height-default qodef-elementor-content-no elementor-invisible\" data-id=\"5adb2d72\" data-element_type=\"section\" data-e-type=\"section\" data-settings=\"{&quot;background_background&quot;:&quot;classic&quot;,&quot;animation&quot;:&quot;fadeInUp&quot;}\">\n\t\t\t\t\t\t<div class=\"elementor-container elementor-column-gap-default\">\n\t\t\t\t\t<div class=\"elementor-column elementor-col-50 elementor-top-column elementor-element elementor-element-2926cbd9\" data-id=\"2926cbd9\" data-element_type=\"column\" data-e-type=\"column\" data-settings=\"{&quot;background_background&quot;:&quot;classic&quot;}\">\n\t\t\t<div class=\"elementor-widget-wrap elementor-element-populated\">\n\t\t\t\t\t\t<div class=\"elementor-element elementor-element-4bb23835 elementor-widget elementor-widget-heading\" data-id=\"4bb23835\" data-element_type=\"widget\" data-e-type=\"widget\" data-widget_type=\"heading.default\">\n\t\t\t\t<div class=\"elementor-widget-container\">\n\t\t\t\t\t<h1 class=\"elementor-heading-title elementor-size-default\">Centre de desintoxicaci\u00f3 a Girona<\/h1>\t\t\t\t<\/div>\n\t\t\t\t<\/div>\n\t\t\t\t<div class=\"elementor-element elementor-element-9ac3904 elementor-widget elementor-widget-heading\" data-id=\"9ac3904\" data-element_type=\"widget\" data-e-type=\"widget\" data-widget_type=\"heading.default\">\n\t\t\t\t<div class=\"elementor-widget-container\">\n\t\t\t\t\t<p class=\"elementor-heading-title elementor-size-default\">Per a pacients que necessiten d'una desintoxicaci\u00f3 pr\u00e8via, disposem de centre d'ingr\u00e9s propi amb serveis exclusius i de qualitat.<\/p>\t\t\t\t<\/div>\n\t\t\t\t<\/div>\n\t\t\t\t<div class=\"elementor-element elementor-element-8da7b8f elementor-widget elementor-widget-heading\" data-id=\"8da7b8f\" data-element_type=\"widget\" data-e-type=\"widget\" data-widget_type=\"heading.default\">\n\t\t\t\t<div class=\"elementor-widget-container\">\n\t\t\t\t\t<h4 class=\"elementor-heading-title elementor-size-default\">Dona el primer pas<\/h4>\t\t\t\t<\/div>\n\t\t\t\t<\/div>\n\t\t\t\t<div class=\"elementor-element elementor-element-4a345bc3 elementor-widget elementor-widget-heading\" data-id=\"4a345bc3\" data-element_type=\"widget\" data-e-type=\"widget\" data-widget_type=\"heading.default\">\n\t\t\t\t<div class=\"elementor-widget-container\">\n\t\t\t\t\t<h2 class=\"elementor-heading-title elementor-size-default\">900 802 408 <\/h2>\t\t\t\t<\/div>\n\t\t\t\t<\/div>\n\t\t\t\t<div class=\"elementor-element elementor-element-3f21d766 elementor-widget elementor-widget-heading\" data-id=\"3f21d766\" data-element_type=\"widget\" data-e-type=\"widget\" data-widget_type=\"heading.default\">\n\t\t\t\t<div class=\"elementor-widget-container\">\n\t\t\t\t\t<h5 class=\"elementor-heading-title elementor-size-default\">Primera visita gratu\u00efta<\/h5>\t\t\t\t<\/div>\n\t\t\t\t<\/div>\n\t\t\t\t\t<\/div>\n\t\t<\/div>\n\t\t\t\t<div class=\"elementor-column elementor-col-50 elementor-top-column elementor-element elementor-element-48195832\" data-id=\"48195832\" data-element_type=\"column\" data-e-type=\"column\" data-settings=\"{&quot;background_background&quot;:&quot;classic&quot;}\">\n\t\t\t<div class=\"elementor-widget-wrap elementor-element-populated\">\n\t\t\t\t\t\t<div class=\"elementor-element elementor-element-6e1527e2 elementor-widget elementor-widget-spacer\" data-id=\"6e1527e2\" data-element_type=\"widget\" data-e-type=\"widget\" data-widget_type=\"spacer.default\">\n\t\t\t\t<div class=\"elementor-widget-container\">\n\t\t\t\t\t\t\t<div class=\"elementor-spacer\">\n\t\t\t<div class=\"elementor-spacer-inner\"><\/div>\n\t\t<\/div>\n\t\t\t\t\t\t<\/div>\n\t\t\t\t<\/div>\n\t\t\t\t\t<\/div>\n\t\t<\/div>\n\t\t\t\t\t<\/div>\n\t\t<\/section>\n\t\t\t\t<section class=\"elementor-section elementor-top-section elementor-element elementor-element-68f50a98 elementor-section-full_width elementor-section-content-middle elementor-section-stretched elementor-section-height-default elementor-section-height-default qodef-elementor-content-no elementor-invisible\" data-id=\"68f50a98\" data-element_type=\"section\" data-e-type=\"section\" data-settings=\"{&quot;animation&quot;:&quot;fadeInUp&quot;,&quot;stretch_section&quot;:&quot;section-stretched&quot;}\">\n\t\t\t\t\t\t<div class=\"elementor-container elementor-column-gap-default\">\n\t\t\t\t\t<div class=\"elementor-column elementor-col-100 elementor-top-column elementor-element elementor-element-2ca2bc7a\" data-id=\"2ca2bc7a\" data-element_type=\"column\" data-e-type=\"column\">\n\t\t\t<div class=\"elementor-widget-wrap elementor-element-populated\">\n\t\t\t\t\t\t<div class=\"elementor-element elementor-element-5e0c11d7 elementor-widget elementor-widget-heading\" data-id=\"5e0c11d7\" data-element_type=\"widget\" data-e-type=\"widget\" data-widget_type=\"heading.default\">\n\t\t\t\t<div class=\"elementor-widget-container\">\n\t\t\t\t\t<h2 class=\"elementor-heading-title elementor-size-default\">Programa terap\u00e8utic d'ingr\u00e9s<\/h2>\t\t\t\t<\/div>\n\t\t\t\t<\/div>\n\t\t\t\t<div class=\"elementor-element elementor-element-5037f9b1 elementor-widget elementor-widget-spacer\" data-id=\"5037f9b1\" data-element_type=\"widget\" data-e-type=\"widget\" data-widget_type=\"spacer.default\">\n\t\t\t\t<div class=\"elementor-widget-container\">\n\t\t\t\t\t\t\t<div class=\"elementor-spacer\">\n\t\t\t<div class=\"elementor-spacer-inner\"><\/div>\n\t\t<\/div>\n\t\t\t\t\t\t<\/div>\n\t\t\t\t<\/div>\n\t\t\t\t<div class=\"elementor-element elementor-element-651c58ac elementor-widget elementor-widget-text-editor\" data-id=\"651c58ac\" data-element_type=\"widget\" data-e-type=\"widget\" data-widget_type=\"text-editor.default\">\n\t\t\t\t<div class=\"elementor-widget-container\">\n\t\t\t\t\t\t\t\t\t<p>Forum Salut Mental Girona compta amb centre d&#8217;ingr\u00e9s propi amb servei exclusiu i de qualitat per als nostres pacients a Begues, Barcelona, aix\u00ed com centres col\u00b7laboradors en diferents punts de la Geografia espanyola.<\/p><p>S\u00f3n molts aquells pacients que necessiten d&#8217;una desintoxicaci\u00f3 pr\u00e8via per a l&#8217;inici del tractament i seguiment ambulatori. Aquesta desintoxicaci\u00f3 facilita la consecuci\u00f3 d&#8217;aquest primer objectiu el qual \u00e9s imprescindible per a iniciar amb garanties el proc\u00e9s de recuperaci\u00f3.<\/p><p>El programa terap\u00e8utic d&#8217;ingr\u00e9s que oferim es troba dividit en quatre fases: fase I desintoxicaci\u00f3, fase II deshabituaci\u00f3, fase III rehabilitaci\u00f3 i fase IV reinserci\u00f3 i seguiment del pacient, dotant-li de l&#8217;entrenament i les eines necess\u00e0ries per a aconseguir plenament aquests objectius. Es tracta que el pacient deixi de consumir, comprengui la malaltia i aprengui a viure b\u00e9 sense necessitat de consumir subst\u00e0ncies addictives.<\/p>\t\t\t\t\t\t\t\t<\/div>\n\t\t\t\t<\/div>\n\t\t\t\t<div class=\"elementor-element elementor-element-7075cfed elementor-widget elementor-widget-spacer\" data-id=\"7075cfed\" data-element_type=\"widget\" data-e-type=\"widget\" data-widget_type=\"spacer.default\">\n\t\t\t\t<div class=\"elementor-widget-container\">\n\t\t\t\t\t\t\t<div class=\"elementor-spacer\">\n\t\t\t<div class=\"elementor-spacer-inner\"><\/div>\n\t\t<\/div>\n\t\t\t\t\t\t<\/div>\n\t\t\t\t<\/div>\n\t\t\t\t\t<\/div>\n\t\t<\/div>\n\t\t\t\t\t<\/div>\n\t\t<\/section>\n\t\t\t\t<section class=\"elementor-section elementor-top-section elementor-element elementor-element-6a7a8918 elementor-section-full_width elementor-section-content-middle elementor-section-stretched elementor-section-height-default elementor-section-height-default qodef-elementor-content-no\" data-id=\"6a7a8918\" data-element_type=\"section\" data-e-type=\"section\" data-settings=\"{&quot;stretch_section&quot;:&quot;section-stretched&quot;}\">\n\t\t\t\t\t\t<div class=\"elementor-container elementor-column-gap-narrow\">\n\t\t\t\t\t<div class=\"elementor-column elementor-col-50 elementor-top-column elementor-element elementor-element-6df6d277 elementor-invisible\" data-id=\"6df6d277\" data-element_type=\"column\" data-e-type=\"column\" data-settings=\"{&quot;animation&quot;:&quot;fadeInLeft&quot;}\">\n\t\t\t<div class=\"elementor-widget-wrap elementor-element-populated\">\n\t\t\t\t\t\t<div class=\"elementor-element elementor-element-1895a9d2 elementor-widget elementor-widget-image\" data-id=\"1895a9d2\" data-element_type=\"widget\" data-e-type=\"widget\" data-widget_type=\"image.default\">\n\t\t\t\t<div class=\"elementor-widget-container\">\n\t\t\t\t\t\t\t\t\t\t\t\t\t\t\t<img fetchpriority=\"high\" decoding=\"async\" width=\"600\" height=\"600\" src=\"https:\/\/forummontau.com\/girona\/wp-content\/uploads\/sites\/6\/2025\/10\/fase-de-desintoxicacion-1.png\" class=\"attachment-full size-full wp-image-5012\" alt=\"\" srcset=\"https:\/\/forummontau.com\/girona\/wp-content\/uploads\/sites\/6\/2025\/10\/fase-de-desintoxicacion-1.png 600w, https:\/\/forummontau.com\/girona\/wp-content\/uploads\/sites\/6\/2025\/10\/fase-de-desintoxicacion-1-300x300.png 300w, https:\/\/forummontau.com\/girona\/wp-content\/uploads\/sites\/6\/2025\/10\/fase-de-desintoxicacion-1-150x150.png 150w\" sizes=\"(max-width: 600px) 100vw, 600px\" \/>\t\t\t\t\t\t\t\t\t\t\t\t\t\t\t<\/div>\n\t\t\t\t<\/div>\n\t\t\t\t\t<\/div>\n\t\t<\/div>\n\t\t\t\t<div class=\"elementor-column elementor-col-50 elementor-top-column elementor-element elementor-element-4564e0bf elementor-invisible\" data-id=\"4564e0bf\" data-element_type=\"column\" data-e-type=\"column\" data-settings=\"{&quot;animation&quot;:&quot;fadeInRight&quot;}\">\n\t\t\t<div class=\"elementor-widget-wrap elementor-element-populated\">\n\t\t\t\t\t\t<div class=\"elementor-element elementor-element-5fd1a46e elementor-widget elementor-widget-heading\" data-id=\"5fd1a46e\" data-element_type=\"widget\" data-e-type=\"widget\" data-widget_type=\"heading.default\">\n\t\t\t\t<div class=\"elementor-widget-container\">\n\t\t\t\t\t<h2 class=\"elementor-heading-title elementor-size-default\">Fases d'ingr\u00e9s<\/h2>\t\t\t\t<\/div>\n\t\t\t\t<\/div>\n\t\t\t\t<div class=\"elementor-element elementor-element-44d1f3a6 elementor-widget elementor-widget-text-editor\" data-id=\"44d1f3a6\" data-element_type=\"widget\" data-e-type=\"widget\" data-widget_type=\"text-editor.default\">\n\t\t\t\t<div class=\"elementor-widget-container\">\n\t\t\t\t\t\t\t\t\t<div class=\"aio-icon-header\"><h2 class=\"aio-icon-title ult-responsive\" data-ultimate-target=\"#Info-box-wrap-9312 .aio-icon-title\" data-responsive-json-new=\"{&quot;font-size&quot;:&quot;&quot;,&quot;line-height&quot;:&quot;&quot;}\">Primera Fase: Desintoxicaci\u00f3<\/h2><\/div><div class=\"aio-icon-description ult-responsive\" data-ultimate-target=\"#Info-box-wrap-9312 .aio-icon-description\" data-responsive-json-new=\"{&quot;font-size&quot;:&quot;&quot;,&quot;line-height&quot;:&quot;&quot;}\"><p>Pot anar acompanyada d&#8217;ajuda farmacol\u00f2gica a fi d&#8217;evitar la simptomatologia de l&#8217;abstin\u00e8ncia. Una vegada passat un temps prudencial es retira gradualment a fi d&#8217;aconseguir l&#8217;objectiu, un tractament lliure de subst\u00e0ncies.<br \/><br \/>En el moment de l&#8217;alta del programa terap\u00e8utic d&#8217;ingr\u00e9s, el pacient no tindr\u00e0 cap mena de depend\u00e8ncia, ni a subst\u00e0ncies ni a f\u00e0rmacs. Per tant, aquesta fase es pot realitzar en diferents centres repartits en tota la geografia nacional.<\/p><\/div>\t\t\t\t\t\t\t\t<\/div>\n\t\t\t\t<\/div>\n\t\t\t\t<div class=\"elementor-element elementor-element-8d4d40d elementor-widget elementor-widget-text-editor\" data-id=\"8d4d40d\" data-element_type=\"widget\" data-e-type=\"widget\" data-widget_type=\"text-editor.default\">\n\t\t\t\t<div class=\"elementor-widget-container\">\n\t\t\t\t\t\t\t\t\t<div class=\"aio-icon-header\"><div class=\"aio-icon-header\"><h2 class=\"aio-icon-title ult-responsive\" data-ultimate-target=\"#Info-box-wrap-1124 .aio-icon-title\" data-responsive-json-new=\"{&quot;font-size&quot;:&quot;&quot;,&quot;line-height&quot;:&quot;&quot;}\">Segona Fase: Deshabituaci\u00f3<\/h2><\/div><div class=\"aio-icon-description ult-responsive\" data-ultimate-target=\"#Info-box-wrap-1124 .aio-icon-description\" data-responsive-json-new=\"{&quot;font-size&quot;:&quot;&quot;,&quot;line-height&quot;:&quot;&quot;}\"><p>Suposa la substituci\u00f3 dels h\u00e0bits adquirits durant el desenvolupament de la malaltia d&#8217;addicci\u00f3 per noves conductes compatibles amb la vida abstinent. Aquestes dues fases estan compreses dins de l&#8217;ingr\u00e9s en el centre terap\u00e8utic. Ser\u00e0 durant l&#8217;ingr\u00e9s on s&#8217;identificaran aquest tipus de conductes i es comen\u00e7ar\u00e0 a treballar sobre el canvi d&#8217;aquestes, aix\u00ed com el foment d&#8217;h\u00e0bits saludables que a posterior, una vegada surti el pacient del centre, haur\u00e0 de continuar potenciant i perpetuant. Durant aquestes dues fases els professionals es treballa en conjunt i coordinats per a la consecuci\u00f3 d&#8217;aquests objectius.<\/p><\/div><\/div>\t\t\t\t\t\t\t\t<\/div>\n\t\t\t\t<\/div>\n\t\t\t\t\t<\/div>\n\t\t<\/div>\n\t\t\t\t\t<\/div>\n\t\t<\/section>\n\t\t\t\t<section class=\"elementor-section elementor-top-section elementor-element elementor-element-1f23fd62 elementor-section-full_width elementor-section-content-middle elementor-section-stretched elementor-section-height-default elementor-section-height-default qodef-elementor-content-no\" data-id=\"1f23fd62\" data-element_type=\"section\" data-e-type=\"section\" data-settings=\"{&quot;stretch_section&quot;:&quot;section-stretched&quot;}\">\n\t\t\t\t\t\t<div class=\"elementor-container elementor-column-gap-narrow\">\n\t\t\t\t\t<div class=\"elementor-column elementor-col-50 elementor-top-column elementor-element elementor-element-ed4b6d5 elementor-invisible\" data-id=\"ed4b6d5\" data-element_type=\"column\" data-e-type=\"column\" data-settings=\"{&quot;animation&quot;:&quot;fadeInLeft&quot;}\">\n\t\t\t<div class=\"elementor-widget-wrap elementor-element-populated\">\n\t\t\t\t\t\t<div class=\"elementor-element elementor-element-7d322996 elementor-widget elementor-widget-heading\" data-id=\"7d322996\" data-element_type=\"widget\" data-e-type=\"widget\" data-widget_type=\"heading.default\">\n\t\t\t\t<div class=\"elementor-widget-container\">\n\t\t\t\t\t<h2 class=\"elementor-heading-title elementor-size-default\">Fases a nivell ambulatori<\/h2>\t\t\t\t<\/div>\n\t\t\t\t<\/div>\n\t\t\t\t<div class=\"elementor-element elementor-element-18953ea8 elementor-widget elementor-widget-text-editor\" data-id=\"18953ea8\" data-element_type=\"widget\" data-e-type=\"widget\" data-widget_type=\"text-editor.default\">\n\t\t\t\t<div class=\"elementor-widget-container\">\n\t\t\t\t\t\t\t\t\t<div class=\"aio-icon-header\"><h2 class=\"aio-icon-title ult-responsive\" data-ultimate-target=\"#Info-box-wrap-9312 .aio-icon-title\" data-responsive-json-new=\"{\">Tercera Fase: Rehabilitaci\u00f3<\/h2><\/div><div class=\"aio-icon-description ult-responsive\" data-ultimate-target=\"#Info-box-wrap-9312 .aio-icon-description\" data-responsive-json-new=\"{\"><p>Pret\u00e9n recuperar i aconseguir les habilitats perdudes o no desenvolupades.<br \/>Aquesta tercera fase es realitza de manera ambulat\u00f2ria sent possible el centre de dia o simplement el seguiment en Forum Girona.<\/p><\/div>\t\t\t\t\t\t\t\t<\/div>\n\t\t\t\t<\/div>\n\t\t\t\t<div class=\"elementor-element elementor-element-1c445fe1 elementor-widget elementor-widget-spacer\" data-id=\"1c445fe1\" data-element_type=\"widget\" data-e-type=\"widget\" data-widget_type=\"spacer.default\">\n\t\t\t\t<div class=\"elementor-widget-container\">\n\t\t\t\t\t\t\t<div class=\"elementor-spacer\">\n\t\t\t<div class=\"elementor-spacer-inner\"><\/div>\n\t\t<\/div>\n\t\t\t\t\t\t<\/div>\n\t\t\t\t<\/div>\n\t\t\t\t<div class=\"elementor-element elementor-element-329c74c1 elementor-widget elementor-widget-text-editor\" data-id=\"329c74c1\" data-element_type=\"widget\" data-e-type=\"widget\" data-widget_type=\"text-editor.default\">\n\t\t\t\t<div class=\"elementor-widget-container\">\n\t\t\t\t\t\t\t\t\t<div class=\"aio-icon-header\"><div class=\"aio-icon-header\"><h2 class=\"aio-icon-title ult-responsive\" data-ultimate-target=\"#Info-box-wrap-1124 .aio-icon-title\" data-responsive-json-new=\"{\">Quarta Fase: Reinserci\u00f3<\/h2><\/div><div class=\"aio-icon-description ult-responsive\" data-ultimate-target=\"#Info-box-wrap-1124 .aio-icon-description\" data-responsive-json-new=\"{\"><p>Aconseguir \u00a0la construcci\u00f3 d&#8217;una vida totalment normalitzada, gr\u00e0cies a les pautes progressives de reinserci\u00f3 en els \u00e0mbits personals.\u00a0Aquestes dues \u00faltimes fases es desenvolupen a nivell ambulatori, assistint peri\u00f2dicament a ter\u00e0pies de grup i de refer\u00e8ncia.<\/p><\/div><\/div>\t\t\t\t\t\t\t\t<\/div>\n\t\t\t\t<\/div>\n\t\t\t\t\t<\/div>\n\t\t<\/div>\n\t\t\t\t<div class=\"elementor-column elementor-col-50 elementor-top-column elementor-element elementor-element-586a42f5 elementor-invisible\" data-id=\"586a42f5\" data-element_type=\"column\" data-e-type=\"column\" data-settings=\"{&quot;animation&quot;:&quot;fadeInRight&quot;}\">\n\t\t\t<div class=\"elementor-widget-wrap elementor-element-populated\">\n\t\t\t\t\t\t<div class=\"elementor-element elementor-element-11d29ad2 elementor-widget elementor-widget-image\" data-id=\"11d29ad2\" data-element_type=\"widget\" data-e-type=\"widget\" data-widget_type=\"image.default\">\n\t\t\t\t<div class=\"elementor-widget-container\">\n\t\t\t\t\t\t\t\t\t\t\t\t\t\t\t<img decoding=\"async\" width=\"712\" height=\"712\" src=\"https:\/\/forummontau.com\/girona\/wp-content\/uploads\/sites\/6\/2023\/06\/ocio_saludable.jpg\" class=\"attachment-full size-full wp-image-3337\" alt=\"\" srcset=\"https:\/\/forummontau.com\/girona\/wp-content\/uploads\/sites\/6\/2023\/06\/ocio_saludable.jpg 712w, https:\/\/forummontau.com\/girona\/wp-content\/uploads\/sites\/6\/2023\/06\/ocio_saludable-300x300.jpg 300w, https:\/\/forummontau.com\/girona\/wp-content\/uploads\/sites\/6\/2023\/06\/ocio_saludable-150x150.jpg 150w, https:\/\/forummontau.com\/girona\/wp-content\/uploads\/sites\/6\/2023\/06\/ocio_saludable-600x600.jpg 600w, https:\/\/forummontau.com\/girona\/wp-content\/uploads\/sites\/6\/2023\/06\/ocio_saludable-650x650.jpg 650w\" sizes=\"(max-width: 712px) 100vw, 712px\" \/>\t\t\t\t\t\t\t\t\t\t\t\t\t\t\t<\/div>\n\t\t\t\t<\/div>\n\t\t\t\t\t<\/div>\n\t\t<\/div>\n\t\t\t\t\t<\/div>\n\t\t<\/section>\n\t\t\t\t<section class=\"elementor-section elementor-top-section elementor-element elementor-element-6bb6db3b elementor-section-full_width elementor-section-content-middle elementor-section-stretched elementor-section-height-default elementor-section-height-default qodef-elementor-content-no elementor-invisible\" data-id=\"6bb6db3b\" data-element_type=\"section\" data-e-type=\"section\" data-settings=\"{&quot;animation&quot;:&quot;fadeInUp&quot;,&quot;stretch_section&quot;:&quot;section-stretched&quot;}\">\n\t\t\t\t\t\t<div class=\"elementor-container elementor-column-gap-default\">\n\t\t\t\t\t<div class=\"elementor-column elementor-col-100 elementor-top-column elementor-element elementor-element-2791cca4\" data-id=\"2791cca4\" data-element_type=\"column\" data-e-type=\"column\">\n\t\t\t<div class=\"elementor-widget-wrap elementor-element-populated\">\n\t\t\t\t\t\t<div class=\"elementor-element elementor-element-323c66b3 elementor-widget elementor-widget-heading\" data-id=\"323c66b3\" data-element_type=\"widget\" data-e-type=\"widget\" data-widget_type=\"heading.default\">\n\t\t\t\t<div class=\"elementor-widget-container\">\n\t\t\t\t\t<h2 class=\"elementor-heading-title elementor-size-default\">El Tractament<\/h2>\t\t\t\t<\/div>\n\t\t\t\t<\/div>\n\t\t\t\t<div class=\"elementor-element elementor-element-5c680624 elementor-widget elementor-widget-spacer\" data-id=\"5c680624\" data-element_type=\"widget\" data-e-type=\"widget\" data-widget_type=\"spacer.default\">\n\t\t\t\t<div class=\"elementor-widget-container\">\n\t\t\t\t\t\t\t<div class=\"elementor-spacer\">\n\t\t\t<div class=\"elementor-spacer-inner\"><\/div>\n\t\t<\/div>\n\t\t\t\t\t\t<\/div>\n\t\t\t\t<\/div>\n\t\t\t\t<div class=\"elementor-element elementor-element-1ed1c87f elementor-widget elementor-widget-text-editor\" data-id=\"1ed1c87f\" data-element_type=\"widget\" data-e-type=\"widget\" data-widget_type=\"text-editor.default\">\n\t\t\t\t<div class=\"elementor-widget-container\">\n\t\t\t\t\t\t\t\t\t<p>El seguiment del pacient el dur\u00e0 a terme el seu terapeuta de refer\u00e8ncia, El tractament ofereix una assist\u00e8ncia bio-psicosocial, encara que \u00e9s un tractament b\u00e0sicament psicol\u00f2gic, en la fase de desintoxicaci\u00f3 pot haver-hi ajuda farmacol\u00f2gica amb la finalitat d&#8217;evitar la s\u00edndrome d&#8217;abstin\u00e8ncia.<\/p>\t\t\t\t\t\t\t\t<\/div>\n\t\t\t\t<\/div>\n\t\t\t\t<div class=\"elementor-element elementor-element-ba5cf5a elementor-widget elementor-widget-spacer\" data-id=\"ba5cf5a\" data-element_type=\"widget\" data-e-type=\"widget\" data-widget_type=\"spacer.default\">\n\t\t\t\t<div class=\"elementor-widget-container\">\n\t\t\t\t\t\t\t<div class=\"elementor-spacer\">\n\t\t\t<div class=\"elementor-spacer-inner\"><\/div>\n\t\t<\/div>\n\t\t\t\t\t\t<\/div>\n\t\t\t\t<\/div>\n\t\t\t\t\t<\/div>\n\t\t<\/div>\n\t\t\t\t\t<\/div>\n\t\t<\/section>\n\t\t\t\t<section class=\"elementor-section elementor-top-section elementor-element elementor-element-3a6552e4 elementor-section-full_width elementor-section-content-middle elementor-section-stretched elementor-section-height-default elementor-section-height-default qodef-elementor-content-no elementor-invisible\" data-id=\"3a6552e4\" data-element_type=\"section\" data-e-type=\"section\" data-settings=\"{&quot;animation&quot;:&quot;fadeInUp&quot;,&quot;stretch_section&quot;:&quot;section-stretched&quot;}\">\n\t\t\t\t\t\t\t<div class=\"elementor-background-overlay\"><\/div>\n\t\t\t\t\t\t\t<div class=\"elementor-container elementor-column-gap-default\">\n\t\t\t\t\t<div class=\"elementor-column elementor-col-100 elementor-top-column elementor-element elementor-element-41e8094d\" data-id=\"41e8094d\" data-element_type=\"column\" data-e-type=\"column\">\n\t\t\t<div class=\"elementor-widget-wrap elementor-element-populated\">\n\t\t\t\t\t\t<div class=\"elementor-element elementor-element-4d3c319a elementor-widget elementor-widget-heading\" data-id=\"4d3c319a\" data-element_type=\"widget\" data-e-type=\"widget\" data-widget_type=\"heading.default\">\n\t\t\t\t<div class=\"elementor-widget-container\">\n\t\t\t\t\t<h2 class=\"elementor-heading-title elementor-size-default\">El Model<\/h2>\t\t\t\t<\/div>\n\t\t\t\t<\/div>\n\t\t\t\t<div class=\"elementor-element elementor-element-7b7eb5a3 elementor-widget elementor-widget-spacer\" data-id=\"7b7eb5a3\" data-element_type=\"widget\" data-e-type=\"widget\" data-widget_type=\"spacer.default\">\n\t\t\t\t<div class=\"elementor-widget-container\">\n\t\t\t\t\t\t\t<div class=\"elementor-spacer\">\n\t\t\t<div class=\"elementor-spacer-inner\"><\/div>\n\t\t<\/div>\n\t\t\t\t\t\t<\/div>\n\t\t\t\t<\/div>\n\t\t\t\t<div class=\"elementor-element elementor-element-3a37316 elementor-widget elementor-widget-text-editor\" data-id=\"3a37316\" data-element_type=\"widget\" data-e-type=\"widget\" data-widget_type=\"text-editor.default\">\n\t\t\t\t<div class=\"elementor-widget-container\">\n\t\t\t\t\t\t\t\t\t<p>El model que se segueix en tots els centres col\u00b7laboradors d&#8217;\u00e9s el\u00a0cognitiu-conductual\u00a0encara que usem t\u00e8cniques d&#8217;altres models, com les t\u00e8cniques en\u00a0HHSS, per tant s&#8217;emmarca en el tecnicisme ecl\u00e8ctic. Respecte a les t\u00e8cniques conductistes es procura utilitzar\u00a0reforzadores\u00a0positius, els refor\u00e7os negatius s&#8217;evitessin al m\u00e0xim, i en cas de considerar-se necessaris es fan mitjan\u00e7ant la t\u00e8cnica d&#8217;exposici\u00f3\u00a0imaginal, combinant-ho amb la reestructuraci\u00f3 cognitiva que permeti el canvi conductual.<\/p>\t\t\t\t\t\t\t\t<\/div>\n\t\t\t\t<\/div>\n\t\t\t\t<div class=\"elementor-element elementor-element-3b667243 elementor-widget elementor-widget-spacer\" data-id=\"3b667243\" data-element_type=\"widget\" data-e-type=\"widget\" data-widget_type=\"spacer.default\">\n\t\t\t\t<div class=\"elementor-widget-container\">\n\t\t\t\t\t\t\t<div class=\"elementor-spacer\">\n\t\t\t<div class=\"elementor-spacer-inner\"><\/div>\n\t\t<\/div>\n\t\t\t\t\t\t<\/div>\n\t\t\t\t<\/div>\n\t\t\t\t\t<\/div>\n\t\t<\/div>\n\t\t\t\t\t<\/div>\n\t\t<\/section>\n\t\t\t\t<section class=\"elementor-section elementor-top-section elementor-element elementor-element-467ad0fa elementor-section-full_width elementor-section-content-middle elementor-section-stretched elementor-section-height-default elementor-section-height-default qodef-elementor-content-no elementor-invisible\" data-id=\"467ad0fa\" data-element_type=\"section\" data-e-type=\"section\" data-settings=\"{&quot;animation&quot;:&quot;fadeInUp&quot;,&quot;stretch_section&quot;:&quot;section-stretched&quot;}\">\n\t\t\t\t\t\t<div class=\"elementor-container elementor-column-gap-default\">\n\t\t\t\t\t<div class=\"elementor-column elementor-col-100 elementor-top-column elementor-element elementor-element-79f6980d\" data-id=\"79f6980d\" data-element_type=\"column\" data-e-type=\"column\">\n\t\t\t<div class=\"elementor-widget-wrap elementor-element-populated\">\n\t\t\t\t\t\t<div class=\"elementor-element elementor-element-2b7eb157 elementor-widget elementor-widget-heading\" data-id=\"2b7eb157\" data-element_type=\"widget\" data-e-type=\"widget\" data-widget_type=\"heading.default\">\n\t\t\t\t<div class=\"elementor-widget-container\">\n\t\t\t\t\t<h2 class=\"elementor-heading-title elementor-size-default\">L'objetiu<\/h2>\t\t\t\t<\/div>\n\t\t\t\t<\/div>\n\t\t\t\t<div class=\"elementor-element elementor-element-6a36095e elementor-widget elementor-widget-text-editor\" data-id=\"6a36095e\" data-element_type=\"widget\" data-e-type=\"widget\" data-widget_type=\"text-editor.default\">\n\t\t\t\t<div class=\"elementor-widget-container\">\n\t\t\t\t\t\t\t\t\t<p>L&#8217;objectiu perseguit \u00e9s: \u201cbenestar, salut, qualitat de vida i la plenitud del desenvolupament de persones i grups\u201d. Els principis que guiessin la intervenci\u00f3 s\u00f3n, principi de benefic\u00e8ncia, principi d&#8217;autonomia i principi de just\u00edcia.<br \/><br \/>L&#8217;ingr\u00e9s en el programa \u00e9s voluntari i es persegueix la no utilitzaci\u00f3 de f\u00e0rmacs a mitj\u00e0 i llarg termini, per tant parlem d&#8217;un tractament lliure de drogues.<br \/><br \/>Igual que el consum s&#8217;inicia i es mant\u00e9 per unes complexes interaccions entre la susceptibilitat, el context, la conducta i les seves conseq\u00fc\u00e8ncies, s&#8217;ha d&#8217;abordar d&#8217;igual manera des d&#8217;un punt de vista multifactorial, que inclogui aspectes biol\u00f2gics, conductuals i socials.<\/p>\t\t\t\t\t\t\t\t<\/div>\n\t\t\t\t<\/div>\n\t\t\t\t<div class=\"elementor-element elementor-element-7add9f33 elementor-widget elementor-widget-spacer\" data-id=\"7add9f33\" data-element_type=\"widget\" data-e-type=\"widget\" data-widget_type=\"spacer.default\">\n\t\t\t\t<div class=\"elementor-widget-container\">\n\t\t\t\t\t\t\t<div class=\"elementor-spacer\">\n\t\t\t<div class=\"elementor-spacer-inner\"><\/div>\n\t\t<\/div>\n\t\t\t\t\t\t<\/div>\n\t\t\t\t<\/div>\n\t\t\t\t\t<\/div>\n\t\t<\/div>\n\t\t\t\t\t<\/div>\n\t\t<\/section>\n\t\t\t\t<\/div>\n\t\t","protected":false},"excerpt":{"rendered":"<p>Centre de desintoxicaci\u00f3 a Girona Per a pacients que necessiten d&#8217;una desintoxicaci\u00f3 pr\u00e8via, disposem de centre d&#8217;ingr\u00e9s propi amb serveis exclusius i de qualitat. Dona el primer pas 900 802 408 Primera visita gratu\u00efta Programa terap\u00e8utic d&#8217;ingr\u00e9s Forum Salut Mental Girona compta amb centre d&#8217;ingr\u00e9s propi amb servei exclusiu i de qualitat per als nostres [&hellip;]<\/p>\n","protected":false},"author":2,"featured_media":0,"parent":0,"menu_order":0,"comment_status":"closed","ping_status":"closed","template":"","meta":{"ocean_post_layout":"full-screen","ocean_both_sidebars_style":"","ocean_both_sidebars_content_width":0,"ocean_both_sidebars_sidebars_width":0,"ocean_sidebar":"0","ocean_second_sidebar":"0","ocean_disable_margins":"enable","ocean_add_body_class":"","ocean_shortcode_before_top_bar":"","ocean_shortcode_after_top_bar":"","ocean_shortcode_before_header":"","ocean_shortcode_after_header":"","ocean_has_shortcode":"","ocean_shortcode_after_title":"","ocean_shortcode_before_footer_widgets":"","ocean_shortcode_after_footer_widgets":"","ocean_shortcode_before_footer_bottom":"","ocean_shortcode_after_footer_bottom":"","ocean_display_top_bar":"default","ocean_display_header":"default","ocean_header_style":"","ocean_center_header_left_menu":"0","ocean_custom_header_template":"0","ocean_custom_logo":0,"ocean_custom_retina_logo":0,"ocean_custom_logo_max_width":0,"ocean_custom_logo_tablet_max_width":0,"ocean_custom_logo_mobile_max_width":0,"ocean_custom_logo_max_height":0,"ocean_custom_logo_tablet_max_height":0,"ocean_custom_logo_mobile_max_height":0,"ocean_header_custom_menu":"0","ocean_menu_typo_font_family":"0","ocean_menu_typo_font_subset":"","ocean_menu_typo_font_size":0,"ocean_menu_typo_font_size_tablet":0,"ocean_menu_typo_font_size_mobile":0,"ocean_menu_typo_font_size_unit":"px","ocean_menu_typo_font_weight":"","ocean_menu_typo_font_weight_tablet":"","ocean_menu_typo_font_weight_mobile":"","ocean_menu_typo_transform":"","ocean_menu_typo_transform_tablet":"","ocean_menu_typo_transform_mobile":"","ocean_menu_typo_line_height":0,"ocean_menu_typo_line_height_tablet":0,"ocean_menu_typo_line_height_mobile":0,"ocean_menu_typo_line_height_unit":"","ocean_menu_typo_spacing":0,"ocean_menu_typo_spacing_tablet":0,"ocean_menu_typo_spacing_mobile":0,"ocean_menu_typo_spacing_unit":"","ocean_menu_link_color":"","ocean_menu_link_color_hover":"","ocean_menu_link_color_active":"","ocean_menu_link_background":"","ocean_menu_link_hover_background":"","ocean_menu_link_active_background":"","ocean_menu_social_links_bg":"","ocean_menu_social_hover_links_bg":"","ocean_menu_social_links_color":"","ocean_menu_social_hover_links_color":"","ocean_disable_title":"on","ocean_disable_heading":"default","ocean_post_title":"","ocean_post_subheading":"","ocean_post_title_style":"","ocean_post_title_background_color":"","ocean_post_title_background":0,"ocean_post_title_bg_image_position":"","ocean_post_title_bg_image_attachment":"","ocean_post_title_bg_image_repeat":"","ocean_post_title_bg_image_size":"","ocean_post_title_height":0,"ocean_post_title_bg_overlay":0.5,"ocean_post_title_bg_overlay_color":"","ocean_disable_breadcrumbs":"default","ocean_breadcrumbs_color":"","ocean_breadcrumbs_separator_color":"","ocean_breadcrumbs_links_color":"","ocean_breadcrumbs_links_hover_color":"","ocean_display_footer_widgets":"default","ocean_display_footer_bottom":"default","ocean_custom_footer_template":"0","footnotes":""},"class_list":["post-3489","page","type-page","status-publish","hentry","entry"],"yoast_head":"<!-- This site is optimized with the Yoast SEO plugin v27.5 - https:\/\/yoast.com\/product\/yoast-seo-wordpress\/ -->\n<title>Centre d&#039;Ingr\u00e9s - Forum Salud Mental Girona<\/title>\n<meta name=\"description\" content=\"Per a pacients que necessiten una desintoxicaci\u00f3 pr\u00e8via, disposem de centre d\u02bbingr\u00e9s propi amb servei exclusiu i de qualitat a Barcelona.\" \/>\n<meta name=\"robots\" content=\"index, follow, max-snippet:-1, max-image-preview:large, max-video-preview:-1\" \/>\n<link rel=\"canonical\" href=\"https:\/\/forummontau.com\/girona\/centre-dingres\/\" \/>\n<meta property=\"og:locale\" content=\"es_ES\" \/>\n<meta property=\"og:type\" content=\"article\" \/>\n<meta property=\"og:title\" content=\"Centre d&#039;Ingr\u00e9s - Forum Salud Mental Girona\" \/>\n<meta property=\"og:description\" content=\"Per a pacients que necessiten una desintoxicaci\u00f3 pr\u00e8via, disposem de centre d\u02bbingr\u00e9s propi amb servei exclusiu i de qualitat a Barcelona.\" \/>\n<meta property=\"og:url\" content=\"https:\/\/forummontau.com\/girona\/centre-dingres\/\" \/>\n<meta property=\"og:site_name\" content=\"Forum Salud Mental Girona\" \/>\n<meta property=\"article:modified_time\" content=\"2025-10-23T07:48:35+00:00\" \/>\n<meta property=\"og:image\" content=\"https:\/\/forummontau.com\/girona\/wp-content\/uploads\/sites\/6\/2025\/10\/fase-de-desintoxicacion-1.png\" \/>\n<meta name=\"twitter:card\" content=\"summary_large_image\" \/>\n<meta name=\"twitter:label1\" content=\"Tiempo de lectura\" \/>\n\t<meta name=\"twitter:data1\" content=\"4 minutos\" \/>\n<script type=\"application\/ld+json\" class=\"yoast-schema-graph\">{\"@context\":\"https:\\\/\\\/schema.org\",\"@graph\":[{\"@type\":\"WebPage\",\"@id\":\"https:\\\/\\\/forummontau.com\\\/girona\\\/centre-dingres\\\/\",\"url\":\"https:\\\/\\\/forummontau.com\\\/girona\\\/centre-dingres\\\/\",\"name\":\"Centre d'Ingr\u00e9s - Forum Salud Mental Girona\",\"isPartOf\":{\"@id\":\"https:\\\/\\\/forummontau.com\\\/girona\\\/#website\"},\"primaryImageOfPage\":{\"@id\":\"https:\\\/\\\/forummontau.com\\\/girona\\\/centre-dingres\\\/#primaryimage\"},\"image\":{\"@id\":\"https:\\\/\\\/forummontau.com\\\/girona\\\/centre-dingres\\\/#primaryimage\"},\"thumbnailUrl\":\"https:\\\/\\\/forummontau.com\\\/girona\\\/wp-content\\\/uploads\\\/sites\\\/6\\\/2025\\\/10\\\/fase-de-desintoxicacion-1.png\",\"datePublished\":\"2023-06-22T12:21:27+00:00\",\"dateModified\":\"2025-10-23T07:48:35+00:00\",\"description\":\"Per a pacients que necessiten una desintoxicaci\u00f3 pr\u00e8via, disposem de centre d\u02bbingr\u00e9s propi amb servei exclusiu i de qualitat a Barcelona.\",\"breadcrumb\":{\"@id\":\"https:\\\/\\\/forummontau.com\\\/girona\\\/centre-dingres\\\/#breadcrumb\"},\"inLanguage\":\"es\",\"potentialAction\":[{\"@type\":\"ReadAction\",\"target\":[\"https:\\\/\\\/forummontau.com\\\/girona\\\/centre-dingres\\\/\"]}]},{\"@type\":\"ImageObject\",\"inLanguage\":\"es\",\"@id\":\"https:\\\/\\\/forummontau.com\\\/girona\\\/centre-dingres\\\/#primaryimage\",\"url\":\"https:\\\/\\\/forummontau.com\\\/girona\\\/wp-content\\\/uploads\\\/sites\\\/6\\\/2025\\\/10\\\/fase-de-desintoxicacion-1.png\",\"contentUrl\":\"https:\\\/\\\/forummontau.com\\\/girona\\\/wp-content\\\/uploads\\\/sites\\\/6\\\/2025\\\/10\\\/fase-de-desintoxicacion-1.png\",\"width\":600,\"height\":600},{\"@type\":\"BreadcrumbList\",\"@id\":\"https:\\\/\\\/forummontau.com\\\/girona\\\/centre-dingres\\\/#breadcrumb\",\"itemListElement\":[{\"@type\":\"ListItem\",\"position\":1,\"name\":\"Portada\",\"item\":\"https:\\\/\\\/forummontau.com\\\/girona\\\/centre-desintoxicacio-i-addiccions-girona\\\/\"},{\"@type\":\"ListItem\",\"position\":2,\"name\":\"Centre d&#8217;Ingr\u00e9s\"}]},{\"@type\":\"WebSite\",\"@id\":\"https:\\\/\\\/forummontau.com\\\/girona\\\/#website\",\"url\":\"https:\\\/\\\/forummontau.com\\\/girona\\\/\",\"name\":\"Forum Salud Mental Girona\",\"description\":\"Centro de Desintoxicaci\u00f3n y Adicciones en Girona\",\"publisher\":{\"@id\":\"https:\\\/\\\/forummontau.com\\\/girona\\\/#organization\"},\"potentialAction\":[{\"@type\":\"SearchAction\",\"target\":{\"@type\":\"EntryPoint\",\"urlTemplate\":\"https:\\\/\\\/forummontau.com\\\/girona\\\/?s={search_term_string}\"},\"query-input\":{\"@type\":\"PropertyValueSpecification\",\"valueRequired\":true,\"valueName\":\"search_term_string\"}}],\"inLanguage\":\"es\"},{\"@type\":\"Organization\",\"@id\":\"https:\\\/\\\/forummontau.com\\\/girona\\\/#organization\",\"name\":\"Forum Salud Mental Girona\",\"url\":\"https:\\\/\\\/forummontau.com\\\/girona\\\/\",\"logo\":{\"@type\":\"ImageObject\",\"inLanguage\":\"es\",\"@id\":\"https:\\\/\\\/forummontau.com\\\/girona\\\/#\\\/schema\\\/logo\\\/image\\\/\",\"url\":\"https:\\\/\\\/forummontau.com\\\/girona\\\/wp-content\\\/uploads\\\/sites\\\/6\\\/2020\\\/02\\\/girona_forum.png\",\"contentUrl\":\"https:\\\/\\\/forummontau.com\\\/girona\\\/wp-content\\\/uploads\\\/sites\\\/6\\\/2020\\\/02\\\/girona_forum.png\",\"width\":215,\"height\":119,\"caption\":\"Forum Salud Mental Girona\"},\"image\":{\"@id\":\"https:\\\/\\\/forummontau.com\\\/girona\\\/#\\\/schema\\\/logo\\\/image\\\/\"}}]}<\/script>\n<!-- \/ Yoast SEO plugin. -->","yoast_head_json":{"title":"Centre d'Ingr\u00e9s - Forum Salud Mental Girona","description":"Per a pacients que necessiten una desintoxicaci\u00f3 pr\u00e8via, disposem de centre d\u02bbingr\u00e9s propi amb servei exclusiu i de qualitat a Barcelona.","robots":{"index":"index","follow":"follow","max-snippet":"max-snippet:-1","max-image-preview":"max-image-preview:large","max-video-preview":"max-video-preview:-1"},"canonical":"https:\/\/forummontau.com\/girona\/centre-dingres\/","og_locale":"es_ES","og_type":"article","og_title":"Centre d'Ingr\u00e9s - Forum Salud Mental Girona","og_description":"Per a pacients que necessiten una desintoxicaci\u00f3 pr\u00e8via, disposem de centre d\u02bbingr\u00e9s propi amb servei exclusiu i de qualitat a Barcelona.","og_url":"https:\/\/forummontau.com\/girona\/centre-dingres\/","og_site_name":"Forum Salud Mental Girona","article_modified_time":"2025-10-23T07:48:35+00:00","og_image":[{"url":"https:\/\/forummontau.com\/girona\/wp-content\/uploads\/sites\/6\/2025\/10\/fase-de-desintoxicacion-1.png","type":"","width":"","height":""}],"twitter_card":"summary_large_image","twitter_misc":{"Tiempo de lectura":"4 minutos"},"schema":{"@context":"https:\/\/schema.org","@graph":[{"@type":"WebPage","@id":"https:\/\/forummontau.com\/girona\/centre-dingres\/","url":"https:\/\/forummontau.com\/girona\/centre-dingres\/","name":"Centre d'Ingr\u00e9s - Forum Salud Mental Girona","isPartOf":{"@id":"https:\/\/forummontau.com\/girona\/#website"},"primaryImageOfPage":{"@id":"https:\/\/forummontau.com\/girona\/centre-dingres\/#primaryimage"},"image":{"@id":"https:\/\/forummontau.com\/girona\/centre-dingres\/#primaryimage"},"thumbnailUrl":"https:\/\/forummontau.com\/girona\/wp-content\/uploads\/sites\/6\/2025\/10\/fase-de-desintoxicacion-1.png","datePublished":"2023-06-22T12:21:27+00:00","dateModified":"2025-10-23T07:48:35+00:00","description":"Per a pacients que necessiten una desintoxicaci\u00f3 pr\u00e8via, disposem de centre d\u02bbingr\u00e9s propi amb servei exclusiu i de qualitat a Barcelona.","breadcrumb":{"@id":"https:\/\/forummontau.com\/girona\/centre-dingres\/#breadcrumb"},"inLanguage":"es","potentialAction":[{"@type":"ReadAction","target":["https:\/\/forummontau.com\/girona\/centre-dingres\/"]}]},{"@type":"ImageObject","inLanguage":"es","@id":"https:\/\/forummontau.com\/girona\/centre-dingres\/#primaryimage","url":"https:\/\/forummontau.com\/girona\/wp-content\/uploads\/sites\/6\/2025\/10\/fase-de-desintoxicacion-1.png","contentUrl":"https:\/\/forummontau.com\/girona\/wp-content\/uploads\/sites\/6\/2025\/10\/fase-de-desintoxicacion-1.png","width":600,"height":600},{"@type":"BreadcrumbList","@id":"https:\/\/forummontau.com\/girona\/centre-dingres\/#breadcrumb","itemListElement":[{"@type":"ListItem","position":1,"name":"Portada","item":"https:\/\/forummontau.com\/girona\/centre-desintoxicacio-i-addiccions-girona\/"},{"@type":"ListItem","position":2,"name":"Centre d&#8217;Ingr\u00e9s"}]},{"@type":"WebSite","@id":"https:\/\/forummontau.com\/girona\/#website","url":"https:\/\/forummontau.com\/girona\/","name":"Forum Salud Mental Girona","description":"Centro de Desintoxicaci\u00f3n y Adicciones en Girona","publisher":{"@id":"https:\/\/forummontau.com\/girona\/#organization"},"potentialAction":[{"@type":"SearchAction","target":{"@type":"EntryPoint","urlTemplate":"https:\/\/forummontau.com\/girona\/?s={search_term_string}"},"query-input":{"@type":"PropertyValueSpecification","valueRequired":true,"valueName":"search_term_string"}}],"inLanguage":"es"},{"@type":"Organization","@id":"https:\/\/forummontau.com\/girona\/#organization","name":"Forum Salud Mental Girona","url":"https:\/\/forummontau.com\/girona\/","logo":{"@type":"ImageObject","inLanguage":"es","@id":"https:\/\/forummontau.com\/girona\/#\/schema\/logo\/image\/","url":"https:\/\/forummontau.com\/girona\/wp-content\/uploads\/sites\/6\/2020\/02\/girona_forum.png","contentUrl":"https:\/\/forummontau.com\/girona\/wp-content\/uploads\/sites\/6\/2020\/02\/girona_forum.png","width":215,"height":119,"caption":"Forum Salud Mental Girona"},"image":{"@id":"https:\/\/forummontau.com\/girona\/#\/schema\/logo\/image\/"}}]}},"_links":{"self":[{"href":"https:\/\/forummontau.com\/girona\/wp-json\/wp\/v2\/pages\/3489","targetHints":{"allow":["GET"]}}],"collection":[{"href":"https:\/\/forummontau.com\/girona\/wp-json\/wp\/v2\/pages"}],"about":[{"href":"https:\/\/forummontau.com\/girona\/wp-json\/wp\/v2\/types\/page"}],"author":[{"embeddable":true,"href":"https:\/\/forummontau.com\/girona\/wp-json\/wp\/v2\/users\/2"}],"replies":[{"embeddable":true,"href":"https:\/\/forummontau.com\/girona\/wp-json\/wp\/v2\/comments?post=3489"}],"version-history":[{"count":11,"href":"https:\/\/forummontau.com\/girona\/wp-json\/wp\/v2\/pages\/3489\/revisions"}],"predecessor-version":[{"id":5015,"href":"https:\/\/forummontau.com\/girona\/wp-json\/wp\/v2\/pages\/3489\/revisions\/5015"}],"wp:attachment":[{"href":"https:\/\/forummontau.com\/girona\/wp-json\/wp\/v2\/media?parent=3489"}],"curies":[{"name":"wp","href":"https:\/\/api.w.org\/{rel}","templated":true}]}}