{"id":3500,"date":"2023-06-22T12:51:52","date_gmt":"2023-06-22T12:51:52","guid":{"rendered":"https:\/\/forumgirona.cat\/?page_id=3500"},"modified":"2023-12-01T18:56:25","modified_gmt":"2023-12-01T18:56:25","slug":"centre-de-dia","status":"publish","type":"page","link":"https:\/\/forummontau.com\/girona\/centre-de-dia\/","title":{"rendered":"Centre de Dia"},"content":{"rendered":"\t\t<div data-elementor-type=\"wp-page\" data-elementor-id=\"3500\" class=\"elementor elementor-3500\" data-elementor-post-type=\"page\">\n\t\t\t\t\t\t<section class=\"elementor-section elementor-top-section elementor-element elementor-element-63a845b5 elementor-section-content-middle elementor-section-full_width elementor-section-items-stretch elementor-section-height-min-height elementor-section-height-default qodef-elementor-content-no elementor-invisible\" data-id=\"63a845b5\" data-element_type=\"section\" data-e-type=\"section\" data-settings=\"{&quot;background_background&quot;:&quot;classic&quot;,&quot;animation&quot;:&quot;fadeInUp&quot;}\">\n\t\t\t\t\t\t<div class=\"elementor-container elementor-column-gap-default\">\n\t\t\t\t\t<div class=\"elementor-column elementor-col-50 elementor-top-column elementor-element elementor-element-50c71d8e\" data-id=\"50c71d8e\" data-element_type=\"column\" data-e-type=\"column\" data-settings=\"{&quot;background_background&quot;:&quot;classic&quot;}\">\n\t\t\t<div class=\"elementor-widget-wrap elementor-element-populated\">\n\t\t\t\t\t\t<div class=\"elementor-element elementor-element-1c6a07df elementor-widget elementor-widget-heading\" data-id=\"1c6a07df\" data-element_type=\"widget\" data-e-type=\"widget\" data-widget_type=\"heading.default\">\n\t\t\t\t<div class=\"elementor-widget-container\">\n\t\t\t\t\t<h1 class=\"elementor-heading-title elementor-size-default\">Programa de Centre de Dia pel Tractament de les Addiccions a Girona<\/h1>\t\t\t\t<\/div>\n\t\t\t\t<\/div>\n\t\t\t\t<div class=\"elementor-element elementor-element-109ba1ca elementor-widget elementor-widget-heading\" data-id=\"109ba1ca\" data-element_type=\"widget\" data-e-type=\"widget\" data-widget_type=\"heading.default\">\n\t\t\t\t<div class=\"elementor-widget-container\">\n\t\t\t\t\t<p class=\"elementor-heading-title elementor-size-default\">\nEspai diari indicat per a pacients que requereixen d'un refor\u00e7.<\/p>\t\t\t\t<\/div>\n\t\t\t\t<\/div>\n\t\t\t\t<div class=\"elementor-element elementor-element-25a34428 elementor-widget elementor-widget-heading\" data-id=\"25a34428\" data-element_type=\"widget\" data-e-type=\"widget\" data-widget_type=\"heading.default\">\n\t\t\t\t<div class=\"elementor-widget-container\">\n\t\t\t\t\t<p class=\"elementor-heading-title elementor-size-default\">Dona el primer pas<\/p>\t\t\t\t<\/div>\n\t\t\t\t<\/div>\n\t\t\t\t<div class=\"elementor-element elementor-element-5996f7f8 elementor-widget elementor-widget-heading\" data-id=\"5996f7f8\" data-element_type=\"widget\" data-e-type=\"widget\" data-widget_type=\"heading.default\">\n\t\t\t\t<div class=\"elementor-widget-container\">\n\t\t\t\t\t<p class=\"elementor-heading-title elementor-size-default\">900 802 408 <\/p>\t\t\t\t<\/div>\n\t\t\t\t<\/div>\n\t\t\t\t<div class=\"elementor-element elementor-element-528457ce elementor-widget elementor-widget-heading\" data-id=\"528457ce\" data-element_type=\"widget\" data-e-type=\"widget\" data-widget_type=\"heading.default\">\n\t\t\t\t<div class=\"elementor-widget-container\">\n\t\t\t\t\t<p class=\"elementor-heading-title elementor-size-default\">Primera visita gratu\u00efta<\/p>\t\t\t\t<\/div>\n\t\t\t\t<\/div>\n\t\t\t\t\t<\/div>\n\t\t<\/div>\n\t\t\t\t<div class=\"elementor-column elementor-col-50 elementor-top-column elementor-element elementor-element-2ec117f7\" data-id=\"2ec117f7\" data-element_type=\"column\" data-e-type=\"column\" data-settings=\"{&quot;background_background&quot;:&quot;classic&quot;}\">\n\t\t\t<div class=\"elementor-widget-wrap elementor-element-populated\">\n\t\t\t\t\t\t<div class=\"elementor-element elementor-element-1af23e25 elementor-widget elementor-widget-spacer\" data-id=\"1af23e25\" data-element_type=\"widget\" data-e-type=\"widget\" data-widget_type=\"spacer.default\">\n\t\t\t\t<div class=\"elementor-widget-container\">\n\t\t\t\t\t\t\t<div class=\"elementor-spacer\">\n\t\t\t<div class=\"elementor-spacer-inner\"><\/div>\n\t\t<\/div>\n\t\t\t\t\t\t<\/div>\n\t\t\t\t<\/div>\n\t\t\t\t\t<\/div>\n\t\t<\/div>\n\t\t\t\t\t<\/div>\n\t\t<\/section>\n\t\t\t\t<section class=\"elementor-section elementor-top-section elementor-element elementor-element-67bf53ae elementor-section-full_width elementor-section-content-middle elementor-section-stretched elementor-section-height-default elementor-section-height-default qodef-elementor-content-no elementor-invisible\" data-id=\"67bf53ae\" data-element_type=\"section\" data-e-type=\"section\" data-settings=\"{&quot;animation&quot;:&quot;fadeInUp&quot;,&quot;stretch_section&quot;:&quot;section-stretched&quot;}\">\n\t\t\t\t\t\t<div class=\"elementor-container elementor-column-gap-default\">\n\t\t\t\t\t<div class=\"elementor-column elementor-col-100 elementor-top-column elementor-element elementor-element-6182fbea\" data-id=\"6182fbea\" data-element_type=\"column\" data-e-type=\"column\">\n\t\t\t<div class=\"elementor-widget-wrap elementor-element-populated\">\n\t\t\t\t\t\t<div class=\"elementor-element elementor-element-57700fab elementor-widget elementor-widget-heading\" data-id=\"57700fab\" data-element_type=\"widget\" data-e-type=\"widget\" data-widget_type=\"heading.default\">\n\t\t\t\t<div class=\"elementor-widget-container\">\n\t\t\t\t\t<h2 class=\"elementor-heading-title elementor-size-default\">Programa de centre de dia per al tractament de les addiccions a Girona<\/h2>\t\t\t\t<\/div>\n\t\t\t\t<\/div>\n\t\t\t\t<div class=\"elementor-element elementor-element-681e2624 elementor-widget elementor-widget-text-editor\" data-id=\"681e2624\" data-element_type=\"widget\" data-e-type=\"widget\" data-widget_type=\"text-editor.default\">\n\t\t\t\t<div class=\"elementor-widget-container\">\n\t\t\t\t\t\t\t\t\t<p>Programa integral de suport\u00a0a trav\u00e9s d&#8217;activitats de formaci\u00f3, terap\u00e8utiques, l\u00fadiques, esportives, educatives, d&#8217;animaci\u00f3 d&#8217;oci i temps lliure, i tallers ocupacionals.<br \/><br \/>\u00c9s un\u00a0tractament\u00a0adaptat\u00a0a cada individu, des d&#8217;un equip interdisciplinari, en r\u00e8gim d&#8217;estada de dia, l&#8217;objectiu del qual \u00e9s la deshabituaci\u00f3 de la persona de la seva addicci\u00f3, i afavorir, posteriorment, la seva inserci\u00f3 social i laboral, aix\u00ed com l&#8217;adhesi\u00f3 al tractament i la seva incorporaci\u00f3 a una vida normalitzada.<\/p>\t\t\t\t\t\t\t\t<\/div>\n\t\t\t\t<\/div>\n\t\t\t\t\t<\/div>\n\t\t<\/div>\n\t\t\t\t\t<\/div>\n\t\t<\/section>\n\t\t\t\t<section class=\"elementor-section elementor-top-section elementor-element elementor-element-f67912b elementor-section-full_width elementor-section-content-middle elementor-section-stretched elementor-section-height-default elementor-section-height-default qodef-elementor-content-no elementor-invisible\" data-id=\"f67912b\" data-element_type=\"section\" data-e-type=\"section\" data-settings=\"{&quot;animation&quot;:&quot;fadeInUp&quot;,&quot;stretch_section&quot;:&quot;section-stretched&quot;}\">\n\t\t\t\t\t\t<div class=\"elementor-container elementor-column-gap-default\">\n\t\t\t\t\t<div class=\"elementor-column elementor-col-100 elementor-top-column elementor-element elementor-element-9742968\" data-id=\"9742968\" data-element_type=\"column\" data-e-type=\"column\">\n\t\t\t<div class=\"elementor-widget-wrap elementor-element-populated\">\n\t\t\t\t\t\t<div class=\"elementor-element elementor-element-16ba14e elementor-widget elementor-widget-heading\" data-id=\"16ba14e\" data-element_type=\"widget\" data-e-type=\"widget\" data-widget_type=\"heading.default\">\n\t\t\t\t<div class=\"elementor-widget-container\">\n\t\t\t\t\t<h2 class=\"elementor-heading-title elementor-size-default\">Qu\u00e8 oferim<\/h2>\t\t\t\t<\/div>\n\t\t\t\t<\/div>\n\t\t\t\t<div class=\"elementor-element elementor-element-28afdb5 elementor-widget elementor-widget-text-editor\" data-id=\"28afdb5\" data-element_type=\"widget\" data-e-type=\"widget\" data-widget_type=\"text-editor.default\">\n\t\t\t\t<div class=\"elementor-widget-container\">\n\t\t\t\t\t\t\t\t\t<ul><li>Un<strong> espai de conviv\u00e8ncia<\/strong> di\u00fcrn que t\u00e9 com a objectiu aconseguir la deshabituaci\u00f3 de l&#8217;addicci\u00f3 i afavorir la incorporaci\u00f3 social.<\/li><li><strong>Intervenci\u00f3 especialitzada<\/strong> des de totes les \u00e0rees professionals: psicologia, psiquiatria, ter\u00e0pia individual, monitoratge i atenci\u00f3 telef\u00f2nica.<br \/><strong>Tractament psicoterap\u00e8utic<\/strong> grupal i individual.<\/li><li><strong>Activitats terap\u00e8utiques<\/strong>, formatives, educatives, l\u00fadiques i ocupacionals.<\/li><li><strong>Suport i assessorament familiar<\/strong><\/li><li><strong>Educaci\u00f3<\/strong> per a la salut.<\/li><li><strong>Intervenci\u00f3\u00a0espec\u00edfica en Patologia Dual i Trastorns<\/strong> de Conducta.<\/li><\/ul>\t\t\t\t\t\t\t\t<\/div>\n\t\t\t\t<\/div>\n\t\t\t\t\t<\/div>\n\t\t<\/div>\n\t\t\t\t\t<\/div>\n\t\t<\/section>\n\t\t\t\t<section class=\"elementor-section elementor-top-section elementor-element elementor-element-2642e193 elementor-section-full_width elementor-section-content-middle elementor-section-stretched elementor-section-height-default elementor-section-height-default qodef-elementor-content-no\" data-id=\"2642e193\" data-element_type=\"section\" data-e-type=\"section\" data-settings=\"{&quot;stretch_section&quot;:&quot;section-stretched&quot;}\">\n\t\t\t\t\t\t<div class=\"elementor-container elementor-column-gap-narrow\">\n\t\t\t\t\t<div class=\"elementor-column elementor-col-50 elementor-top-column elementor-element elementor-element-4681a1dd elementor-invisible\" data-id=\"4681a1dd\" data-element_type=\"column\" data-e-type=\"column\" data-settings=\"{&quot;animation&quot;:&quot;fadeInLeft&quot;}\">\n\t\t\t<div class=\"elementor-widget-wrap elementor-element-populated\">\n\t\t\t\t\t\t<div class=\"elementor-element elementor-element-2acc7b4c elementor-widget elementor-widget-image\" data-id=\"2acc7b4c\" data-element_type=\"widget\" data-e-type=\"widget\" data-widget_type=\"image.default\">\n\t\t\t\t<div class=\"elementor-widget-container\">\n\t\t\t\t\t\t\t\t\t\t\t\t\t\t\t<img fetchpriority=\"high\" decoding=\"async\" width=\"712\" height=\"712\" src=\"https:\/\/forummontau.com\/girona\/wp-content\/uploads\/sites\/6\/2023\/06\/centro_dia.jpg\" class=\"attachment-full size-full wp-image-3335\" alt=\"\" srcset=\"https:\/\/forummontau.com\/girona\/wp-content\/uploads\/sites\/6\/2023\/06\/centro_dia.jpg 712w, https:\/\/forummontau.com\/girona\/wp-content\/uploads\/sites\/6\/2023\/06\/centro_dia-300x300.jpg 300w, https:\/\/forummontau.com\/girona\/wp-content\/uploads\/sites\/6\/2023\/06\/centro_dia-150x150.jpg 150w, https:\/\/forummontau.com\/girona\/wp-content\/uploads\/sites\/6\/2023\/06\/centro_dia-600x600.jpg 600w, https:\/\/forummontau.com\/girona\/wp-content\/uploads\/sites\/6\/2023\/06\/centro_dia-650x650.jpg 650w\" sizes=\"(max-width: 712px) 100vw, 712px\" \/>\t\t\t\t\t\t\t\t\t\t\t\t\t\t\t<\/div>\n\t\t\t\t<\/div>\n\t\t\t\t\t<\/div>\n\t\t<\/div>\n\t\t\t\t<div class=\"elementor-column elementor-col-50 elementor-top-column elementor-element elementor-element-73aee63c elementor-invisible\" data-id=\"73aee63c\" data-element_type=\"column\" data-e-type=\"column\" data-settings=\"{&quot;animation&quot;:&quot;fadeInRight&quot;}\">\n\t\t\t<div class=\"elementor-widget-wrap elementor-element-populated\">\n\t\t\t\t\t\t<div class=\"elementor-element elementor-element-12298a9e elementor-widget elementor-widget-heading\" data-id=\"12298a9e\" data-element_type=\"widget\" data-e-type=\"widget\" data-widget_type=\"heading.default\">\n\t\t\t\t<div class=\"elementor-widget-container\">\n\t\t\t\t\t<h2 class=\"elementor-heading-title elementor-size-default\">Programa d'abstin\u00e8ncia<\/h2>\t\t\t\t<\/div>\n\t\t\t\t<\/div>\n\t\t\t\t<div class=\"elementor-element elementor-element-56d909b5 elementor-widget elementor-widget-text-editor\" data-id=\"56d909b5\" data-element_type=\"widget\" data-e-type=\"widget\" data-widget_type=\"text-editor.default\">\n\t\t\t\t<div class=\"elementor-widget-container\">\n\t\t\t\t\t\t\t\t\t<p>Cerca donar suport al manteniment de l&#8217;abstin\u00e8ncia a trav\u00e9s de:<\/p><ul><li>Ajudar i donar suport al pacient a centrar-se en aconseguir i mantenir la seva abstin\u00e8ncia.<\/li><li>Entrenar en estrat\u00e8gies d&#8217;enfrontament de situacions d&#8217;alt risc.<\/li><li>Canvi d&#8217;activitats reforzadoras o plaents.<\/li><li>Afavorir el maneig d&#8217;emocions negatives.<\/li><li>Millorar relacions interpersonals i la seva xarxa de suport social.<\/li><li>Prevenir recaigudes.<br \/><br \/>Aquest programa es realitza a trav\u00e9s d&#8217;intervencions individuals formant un equip de treball la meta del qual sigui ajudar a mantenir l&#8217;abstin\u00e8ncia de forma compromesa, evitant llocs, situacions i persones associades al consum i a trav\u00e9s de l&#8217;assist\u00e8ncia a grups terap\u00e8utics, aquests grups estan orientats inicialment a afavorir i mantenir l&#8217;abstin\u00e8ncia.<\/li><\/ul>\t\t\t\t\t\t\t\t<\/div>\n\t\t\t\t<\/div>\n\t\t\t\t\t<\/div>\n\t\t<\/div>\n\t\t\t\t\t<\/div>\n\t\t<\/section>\n\t\t\t\t<section class=\"elementor-section elementor-top-section elementor-element elementor-element-29a80bc3 elementor-section-full_width elementor-section-content-middle elementor-section-stretched elementor-section-height-default elementor-section-height-default qodef-elementor-content-no elementor-invisible\" data-id=\"29a80bc3\" data-element_type=\"section\" data-e-type=\"section\" data-settings=\"{&quot;animation&quot;:&quot;fadeInUp&quot;,&quot;stretch_section&quot;:&quot;section-stretched&quot;}\">\n\t\t\t\t\t\t<div class=\"elementor-container elementor-column-gap-default\">\n\t\t\t\t\t<div class=\"elementor-column elementor-col-100 elementor-top-column elementor-element elementor-element-bd1926e\" data-id=\"bd1926e\" data-element_type=\"column\" data-e-type=\"column\">\n\t\t\t<div class=\"elementor-widget-wrap elementor-element-populated\">\n\t\t\t\t\t\t<div class=\"elementor-element elementor-element-30e561d8 elementor-widget elementor-widget-heading\" data-id=\"30e561d8\" data-element_type=\"widget\" data-e-type=\"widget\" data-widget_type=\"heading.default\">\n\t\t\t\t<div class=\"elementor-widget-container\">\n\t\t\t\t\t<h2 class=\"elementor-heading-title elementor-size-default\">Programa d'orientaci\u00f3 familiar permanent<\/h2>\t\t\t\t<\/div>\n\t\t\t\t<\/div>\n\t\t\t\t<div class=\"elementor-element elementor-element-73aec0eb elementor-widget__width-initial elementor-widget elementor-widget-text-editor\" data-id=\"73aec0eb\" data-element_type=\"widget\" data-e-type=\"widget\" data-widget_type=\"text-editor.default\">\n\t\t\t\t<div class=\"elementor-widget-container\">\n\t\t\t\t\t\t\t\t\t<p>En addiccions, l&#8217;orientaci\u00f3 familiar ha mostrat la seva efic\u00e0cia per a:<\/p><ul><li>Augmentar el comprom\u00eds dels pacients i les seves fam\u00edlies amb els programes de tractament.<\/li><li>Augmentar l&#8217;adher\u00e8ncia al tractament.<\/li><li>Disminuir el risc de recaiguda post-tractament.<\/li><li>Millorar el funcionament familiar i facilitar la normalitzaci\u00f3 dels pacients quant a la seva incorporaci\u00f3 social.<\/li><\/ul><p>La import\u00e0ncia i valor d&#8217;aquesta intervenci\u00f3 augmenta i es fa indispensable en la intervenci\u00f3 amb adolescents i joves, i molt necess\u00e0ria en uns altres com a patologia dual, dones, etc\u2026<\/p><p>Considerem fonamental la incorporaci\u00f3 dels familiars des de les primeres fases del tractament amb l&#8217;objectiu de restablir en la mesura que sigui possible un context o xarxa social m\u00ednima que faciliti el suport i el manteniment dels canvis iniciats.La importancia y valor de esta intervenci\u00f3n aumenta y se hace indispensable en la intervenci\u00f3n con adolescentes y j\u00f3venes, y muy necesaria en otros como patolog\u00eda dual, mujeres, etc\u2026<\/p><p>Respecte a la<strong> intervenci\u00f3 amb la parella<\/strong>:<\/p><p>En relaci\u00f3 als objectius a m\u00e9s dels ja apuntats en relaci\u00f3 a la intervenci\u00f3 familiar, afegim:<\/p><ul><li>An\u00e0lisi i intervenci\u00f3 sobre les \u00e0rees afectades en la relaci\u00f3 de parella pel problema de consum.<\/li><li>An\u00e0lisi, manteniment i\/o millora de la relaci\u00f3.<\/li><\/ul><p>D&#8217;altra banda, les intervencions dirigides a la fam\u00edlia poden desenvolupar-se a trav\u00e9s de diferents contextos terap\u00e8utics:<\/p><ul><li>Cites individuals d&#8217;un o diversos membres de la fam\u00edlia.<br \/>Cites individuals incloent a l&#8217;o la pacient.<\/li><li>Grups terap\u00e8utics:<br \/>Per a fam\u00edlies\/parelles<br \/>Per a fam\u00edlies\/parelles i pacients<\/li><\/ul>\t\t\t\t\t\t\t\t<\/div>\n\t\t\t\t<\/div>\n\t\t\t\t<div class=\"elementor-element elementor-element-4990561 elementor-widget elementor-widget-spacer\" data-id=\"4990561\" data-element_type=\"widget\" data-e-type=\"widget\" data-widget_type=\"spacer.default\">\n\t\t\t\t<div class=\"elementor-widget-container\">\n\t\t\t\t\t\t\t<div class=\"elementor-spacer\">\n\t\t\t<div class=\"elementor-spacer-inner\"><\/div>\n\t\t<\/div>\n\t\t\t\t\t\t<\/div>\n\t\t\t\t<\/div>\n\t\t\t\t\t<\/div>\n\t\t<\/div>\n\t\t\t\t\t<\/div>\n\t\t<\/section>\n\t\t\t\t<section class=\"elementor-section elementor-top-section elementor-element elementor-element-17ef1ca2 elementor-section-full_width elementor-section-content-middle elementor-section-stretched elementor-section-height-default elementor-section-height-default qodef-elementor-content-no\" data-id=\"17ef1ca2\" data-element_type=\"section\" data-e-type=\"section\" data-settings=\"{&quot;stretch_section&quot;:&quot;section-stretched&quot;}\">\n\t\t\t\t\t\t<div class=\"elementor-container elementor-column-gap-narrow\">\n\t\t\t\t\t<div class=\"elementor-column elementor-col-50 elementor-top-column elementor-element elementor-element-476641d9\" data-id=\"476641d9\" data-element_type=\"column\" data-e-type=\"column\">\n\t\t\t<div class=\"elementor-widget-wrap elementor-element-populated\">\n\t\t\t\t\t\t<div class=\"elementor-element elementor-element-4207ff79 elementor-invisible elementor-widget elementor-widget-image\" data-id=\"4207ff79\" data-element_type=\"widget\" data-e-type=\"widget\" data-settings=\"{&quot;_animation&quot;:&quot;fadeInLeft&quot;}\" data-widget_type=\"image.default\">\n\t\t\t\t<div class=\"elementor-widget-container\">\n\t\t\t\t\t\t\t\t\t\t\t\t\t\t\t<img decoding=\"async\" width=\"712\" height=\"726\" src=\"https:\/\/forummontau.com\/girona\/wp-content\/uploads\/sites\/6\/2023\/06\/imagecentrodiaprev-2.png\" class=\"attachment-full size-full wp-image-3336\" alt=\"\" srcset=\"https:\/\/forummontau.com\/girona\/wp-content\/uploads\/sites\/6\/2023\/06\/imagecentrodiaprev-2.png 712w, https:\/\/forummontau.com\/girona\/wp-content\/uploads\/sites\/6\/2023\/06\/imagecentrodiaprev-2-294x300.png 294w\" sizes=\"(max-width: 712px) 100vw, 712px\" \/>\t\t\t\t\t\t\t\t\t\t\t\t\t\t\t<\/div>\n\t\t\t\t<\/div>\n\t\t\t\t\t<\/div>\n\t\t<\/div>\n\t\t\t\t<div class=\"elementor-column elementor-col-50 elementor-top-column elementor-element elementor-element-6d636b51 elementor-invisible\" data-id=\"6d636b51\" data-element_type=\"column\" data-e-type=\"column\" data-settings=\"{&quot;animation&quot;:&quot;fadeInRight&quot;}\">\n\t\t\t<div class=\"elementor-widget-wrap elementor-element-populated\">\n\t\t\t\t\t\t<div class=\"elementor-element elementor-element-6b60a90d elementor-widget elementor-widget-heading\" data-id=\"6b60a90d\" data-element_type=\"widget\" data-e-type=\"widget\" data-widget_type=\"heading.default\">\n\t\t\t\t<div class=\"elementor-widget-container\">\n\t\t\t\t\t<h2 class=\"elementor-heading-title elementor-size-default\">Programa d'acompanyament<\/h2>\t\t\t\t<\/div>\n\t\t\t\t<\/div>\n\t\t\t\t<div class=\"elementor-element elementor-element-29479ac elementor-widget elementor-widget-text-editor\" data-id=\"29479ac\" data-element_type=\"widget\" data-e-type=\"widget\" data-widget_type=\"text-editor.default\">\n\t\t\t\t<div class=\"elementor-widget-container\">\n\t\t\t\t\t\t\t\t\t<p>Una eina fonamental amb la qual comptem en el Centre de Dia per a superar addiccions \u00e9s l&#8217;acompanyament terap\u00e8utic, \u00e9s a dir, tenir la companyia d&#8217;una monitora especialitzada a costat d&#8217;un pacient dona confian\u00e7a i seguretat que el tractament es conclour\u00e0 amb \u00e8xit.<br \/><br \/>L&#8217;acompanyant terap\u00e8utic \u00e9s una persona que compta amb els coneixements i experi\u00e8ncia per a actuar en diferents circumst\u00e0ncies, aix\u00ed com per a promoure els lla\u00e7os socials i orientar als familiars per a la r\u00e0pida recuperaci\u00f3 del pacient.<br \/><br \/>Aquesta figura aporta al servei:<\/p><ul><li>La possibilitat d&#8217;ampliar l&#8217;estrat\u00e8gia terap\u00e8utica en l&#8217;\u00e0mbit quotidi\u00e0 del pacient.<br \/>Abastar l&#8217;espaitemps entre sessions.<\/li><li>Treballar en equip cap als objectius terap\u00e8utics proposats.<\/li><li>Afrontar situacions de recaiguda, de ruptura en la trama social.<\/li><li>Afavoreix la gradualitat de les intervencions.<\/li><li>Major adher\u00e8ncia al tractament.<\/li><\/ul><p>Les funcions de la monitora aporten a la resta de l&#8217;equip informaci\u00f3 fonamental de la vida quotidiana del pacient, que d&#8217;una altra manera no podria obtenir-se.<\/p>\t\t\t\t\t\t\t\t<\/div>\n\t\t\t\t<\/div>\n\t\t\t\t\t<\/div>\n\t\t<\/div>\n\t\t\t\t\t<\/div>\n\t\t<\/section>\n\t\t\t\t<section class=\"elementor-section elementor-top-section elementor-element elementor-element-3ee00e93 elementor-section-full_width elementor-section-content-middle elementor-section-stretched elementor-section-height-default elementor-section-height-default qodef-elementor-content-no elementor-invisible\" data-id=\"3ee00e93\" data-element_type=\"section\" data-e-type=\"section\" data-settings=\"{&quot;animation&quot;:&quot;fadeInUp&quot;,&quot;stretch_section&quot;:&quot;section-stretched&quot;}\">\n\t\t\t\t\t\t<div class=\"elementor-container elementor-column-gap-default\">\n\t\t\t\t\t<div class=\"elementor-column elementor-col-100 elementor-top-column elementor-element elementor-element-1d4f68f\" data-id=\"1d4f68f\" data-element_type=\"column\" data-e-type=\"column\">\n\t\t\t<div class=\"elementor-widget-wrap elementor-element-populated\">\n\t\t\t\t\t\t<div class=\"elementor-element elementor-element-2029514a elementor-widget elementor-widget-heading\" data-id=\"2029514a\" data-element_type=\"widget\" data-e-type=\"widget\" data-widget_type=\"heading.default\">\n\t\t\t\t<div class=\"elementor-widget-container\">\n\t\t\t\t\t<h2 class=\"elementor-heading-title elementor-size-default\">Acompanyament psicol\u00f2gic, socioeducatiu, terap\u00e8utic, sanitari i familiar<\/h2>\t\t\t\t<\/div>\n\t\t\t\t<\/div>\n\t\t\t\t<div class=\"elementor-element elementor-element-25bf8e66 elementor-widget elementor-widget-text-editor\" data-id=\"25bf8e66\" data-element_type=\"widget\" data-e-type=\"widget\" data-widget_type=\"text-editor.default\">\n\t\t\t\t<div class=\"elementor-widget-container\">\n\t\t\t\t\t\t\t\t\t<p>Comptem amb un <strong>equip interdisciplinari d&#8217;experts amb m\u00e9s de 25 anys<\/strong> de traject\u00f2ria professional <strong>especialitzats<\/strong> en el diagn\u00f2stic, tractament terap\u00e8utic, avaluaci\u00f3 i seguiment i normalitzaci\u00f3 de vida de pacients amb addiccions a les drogues, alcohol i altres problemes conductuals.<\/p><p>Els professionals cobreixen les \u00e0rees d&#8217;intervenci\u00f3:<\/p><ul><li>Terapeutes<\/li><li>Psic\u00f2legs<\/li><li>Psiquiatra<\/li><li>Monitora socioeducativa<\/li><\/ul><p><strong>PROGRAMA D&#8217;INTEGRACI\u00d3 SOCIAL A TRAV\u00c9S DE L&#8217;OCI<\/strong><\/p><p>L&#8217;objectiu del programa \u00e9s promoure la utilitzaci\u00f3 de l&#8217;oci entre les p<strong>ersones amb problemes d&#8217;addicci\u00f3 partint de les necessitats personals individuals<\/strong>, com un instrument normalitzador i facilitador de la integraci\u00f3 social, mitjan\u00e7ant el disseny d&#8217;estrat\u00e8gies orientades a desenvolupar les seves habilitats personals, socials i culturals i a facilitar el creixement personal, l&#8217;aprenentatge, la culturizaci\u00f3 i la socialitzaci\u00f3.<br \/><br \/>Al llarg del proc\u00e9s d&#8217;intervenci\u00f3 amb cada usuari en el Centre de Dia, s&#8217;aniran posant en marxa i oferint a cada persona els recursos, programes i intervencions que es considerin adequats en cada situaci\u00f3 i en cada \u00e0rea d&#8217;intervenci\u00f3. En l&#8217;\u00e0rea de l&#8217;oci ser\u00e0 tamb\u00e9 el moment de desenvolupar les diferents actuacions programades en el marc del programa individualitzat d&#8217;intervenci\u00f3 en funci\u00f3 dels objectius marcats per a cada persona.<br \/><br \/>\u00c9s el moment de posar en joc els diferents recursos dissenyats en el marc d&#8217;aquest programa, com el taller oci, i d&#8217;utilitzar aquells altres recursos d&#8217;oci que ofereix la ciutat en les seves diferents facetes: recursos esportius, culturals, l\u00fadic- recreatius, etc. L&#8217;exploraci\u00f3 dels recursos de l&#8217;entorn, per part dels pacients resulta tamb\u00e9 en aquesta etapa una activitat fonamental, per a avan\u00e7ar en els objectius del programa.<br \/><br \/>Es tracta de desenvolupar els programes individualitzats d&#8217;intervenci\u00f3 en la part relacionada amb l&#8217;oci, mitjan\u00e7ant la realitzaci\u00f3 d&#8217;activitats que afavoreixin el canvi en funci\u00f3 de les necessitats de la persona, de les seves prioritats i els seus objectius. Aix\u00ed, entre altres, es podran utilitzar:Actividades l\u00fadico-recreativas: actividades sencillas, que resulten gratificantes para los participantes y de \u00e9xito asegurado (salidas a zonas atractivas de la ciudad o alrededores, visitas a espacios l\u00fadicos o recreativos, etc.).<\/p><ul><li>Activitats fisicoesportives: exercicis que afavoreixen l&#8217;alliberament de tensi\u00f3, canalitzaci\u00f3 de l&#8217;energia, consci\u00e8ncia corporal, equilibri, coordinaci\u00f3, relaxaci\u00f3 etc.<\/li><li>Activitats culturals: Visites a centres culturals, museus, exposicions, participaci\u00f3 en activitats culturals del barri, cinema f\u00f2rum, etc.<\/li><li>Activitats cognitives: Activitats de complexitat gradual que requereixin atenci\u00f3, concentraci\u00f3, resoluci\u00f3 de problemes, etc.<\/li><li>Activitats creatives: activitats que requereixin una planificaci\u00f3, organitzaci\u00f3 i ajust quant a temps, material, espai, etc.<\/li><\/ul>\t\t\t\t\t\t\t\t<\/div>\n\t\t\t\t<\/div>\n\t\t\t\t<div class=\"elementor-element elementor-element-6e8712aa elementor-widget elementor-widget-spacer\" data-id=\"6e8712aa\" data-element_type=\"widget\" data-e-type=\"widget\" data-widget_type=\"spacer.default\">\n\t\t\t\t<div class=\"elementor-widget-container\">\n\t\t\t\t\t\t\t<div class=\"elementor-spacer\">\n\t\t\t<div class=\"elementor-spacer-inner\"><\/div>\n\t\t<\/div>\n\t\t\t\t\t\t<\/div>\n\t\t\t\t<\/div>\n\t\t\t\t\t<\/div>\n\t\t<\/div>\n\t\t\t\t\t<\/div>\n\t\t<\/section>\n\t\t\t\t<section class=\"elementor-section elementor-top-section elementor-element elementor-element-2fd51307 elementor-section-full_width elementor-section-content-middle elementor-section-stretched elementor-section-height-default elementor-section-height-default qodef-elementor-content-no\" data-id=\"2fd51307\" data-element_type=\"section\" data-e-type=\"section\" data-settings=\"{&quot;stretch_section&quot;:&quot;section-stretched&quot;}\">\n\t\t\t\t\t\t<div class=\"elementor-container elementor-column-gap-narrow\">\n\t\t\t\t\t<div class=\"elementor-column elementor-col-50 elementor-top-column elementor-element elementor-element-1586c756\" data-id=\"1586c756\" data-element_type=\"column\" data-e-type=\"column\">\n\t\t\t<div class=\"elementor-widget-wrap elementor-element-populated\">\n\t\t\t\t\t\t<div class=\"elementor-element elementor-element-70e63420 elementor-invisible elementor-widget elementor-widget-image\" data-id=\"70e63420\" data-element_type=\"widget\" data-e-type=\"widget\" data-settings=\"{&quot;_animation&quot;:&quot;fadeInLeft&quot;}\" data-widget_type=\"image.default\">\n\t\t\t\t<div class=\"elementor-widget-container\">\n\t\t\t\t\t\t\t\t\t\t\t\t\t\t\t<img decoding=\"async\" width=\"712\" height=\"712\" src=\"https:\/\/forummontau.com\/girona\/wp-content\/uploads\/sites\/6\/2023\/06\/ocio_saludable.jpg\" class=\"attachment-full size-full wp-image-3337\" alt=\"\" srcset=\"https:\/\/forummontau.com\/girona\/wp-content\/uploads\/sites\/6\/2023\/06\/ocio_saludable.jpg 712w, https:\/\/forummontau.com\/girona\/wp-content\/uploads\/sites\/6\/2023\/06\/ocio_saludable-300x300.jpg 300w, https:\/\/forummontau.com\/girona\/wp-content\/uploads\/sites\/6\/2023\/06\/ocio_saludable-150x150.jpg 150w, https:\/\/forummontau.com\/girona\/wp-content\/uploads\/sites\/6\/2023\/06\/ocio_saludable-600x600.jpg 600w, https:\/\/forummontau.com\/girona\/wp-content\/uploads\/sites\/6\/2023\/06\/ocio_saludable-650x650.jpg 650w\" sizes=\"(max-width: 712px) 100vw, 712px\" \/>\t\t\t\t\t\t\t\t\t\t\t\t\t\t\t<\/div>\n\t\t\t\t<\/div>\n\t\t\t\t\t<\/div>\n\t\t<\/div>\n\t\t\t\t<div class=\"elementor-column elementor-col-50 elementor-top-column elementor-element elementor-element-531d4e9a elementor-invisible\" data-id=\"531d4e9a\" data-element_type=\"column\" data-e-type=\"column\" data-settings=\"{&quot;animation&quot;:&quot;fadeInRight&quot;}\">\n\t\t\t<div class=\"elementor-widget-wrap elementor-element-populated\">\n\t\t\t\t\t\t<div class=\"elementor-element elementor-element-fb045d elementor-widget elementor-widget-heading\" data-id=\"fb045d\" data-element_type=\"widget\" data-e-type=\"widget\" data-widget_type=\"heading.default\">\n\t\t\t\t<div class=\"elementor-widget-container\">\n\t\t\t\t\t<h2 class=\"elementor-heading-title elementor-size-default\">Activitats individuals i grupals<\/h2>\t\t\t\t<\/div>\n\t\t\t\t<\/div>\n\t\t\t\t<div class=\"elementor-element elementor-element-6b5b8b5e elementor-widget elementor-widget-text-editor\" data-id=\"6b5b8b5e\" data-element_type=\"widget\" data-e-type=\"widget\" data-widget_type=\"text-editor.default\">\n\t\t\t\t<div class=\"elementor-widget-container\">\n\t\t\t\t\t\t\t\t\t<p>Entrenament d&#8217;habilitats socials, autoestima, control d&#8217;impulsos, creixement personal i oci saludable.<\/p><ul><li>Conversa (iniciar, mantenir, finalitzar)<br \/>Improvisaci\u00f3 \/<\/li><li>Espontane\u00eftat<\/li><li>Autoestima<\/li><li>Assertivitat<\/li><li>Pensaments i creences negatius o limitants<\/li><li>Vergonya \/ Timidesa<\/li><li>Fer i rebutjar peticions<\/li><li>Empatia<\/li><li>Soluci\u00f3 de conflictes<\/li><li>Control d&#8217;Impulsos<\/li><li>Posar l\u00edmits, saber dir no<\/li><li>Comunicaci\u00f3: llenguatge verbal i llenguatge no verbal<\/li><li>Estils comunicatius: passiu, agressiu i assertiu<\/li><li>Creixement personal<\/li><li>Oci saludable<\/li><\/ul><p>Els objectius del taller s\u00f3n l&#8217;entrenament per a la millora de les seves actituds personals de cara a la vida en general.<\/p>\t\t\t\t\t\t\t\t<\/div>\n\t\t\t\t<\/div>\n\t\t\t\t\t<\/div>\n\t\t<\/div>\n\t\t\t\t\t<\/div>\n\t\t<\/section>\n\t\t\t\t<section class=\"elementor-section elementor-top-section elementor-element elementor-element-d599240 elementor-section-full_width elementor-section-content-middle elementor-section-stretched elementor-section-height-default elementor-section-height-default qodef-elementor-content-no elementor-invisible\" data-id=\"d599240\" data-element_type=\"section\" data-e-type=\"section\" data-settings=\"{&quot;animation&quot;:&quot;fadeInUp&quot;,&quot;stretch_section&quot;:&quot;section-stretched&quot;}\">\n\t\t\t\t\t\t<div class=\"elementor-container elementor-column-gap-default\">\n\t\t\t\t\t<div class=\"elementor-column elementor-col-100 elementor-top-column elementor-element elementor-element-72e00257\" data-id=\"72e00257\" data-element_type=\"column\" data-e-type=\"column\">\n\t\t\t<div class=\"elementor-widget-wrap elementor-element-populated\">\n\t\t\t\t\t\t<div class=\"elementor-element elementor-element-4aeaed56 elementor-widget elementor-widget-heading\" data-id=\"4aeaed56\" data-element_type=\"widget\" data-e-type=\"widget\" data-widget_type=\"heading.default\">\n\t\t\t\t<div class=\"elementor-widget-container\">\n\t\t\t\t\t<h2 class=\"elementor-heading-title elementor-size-default\">Objetius espec\u00edfics del programa<\/h2>\t\t\t\t<\/div>\n\t\t\t\t<\/div>\n\t\t\t\t<div class=\"elementor-element elementor-element-47d29360 elementor-widget elementor-widget-text-editor\" data-id=\"47d29360\" data-element_type=\"widget\" data-e-type=\"widget\" data-widget_type=\"text-editor.default\">\n\t\t\t\t<div class=\"elementor-widget-container\">\n\t\t\t\t\t\t\t\t\t<p><strong>Entrenament i millora de l&#8217;autoimatge i autoestima<\/strong>:<\/p><ul><li>Ajust en la percepci\u00f3 de les possibilitats personals d&#8217;\u00e8xit.<\/li><li>Reconeixement d&#8217;aspectes positius de la seva persona.<\/li><li>Desenvolupament de pensaments i estrat\u00e8gies autoevaluatives ajustades.<\/li><li>Modificaci\u00f3 de creences irracionals i estils atribucionales desadaptatives.<\/li><\/ul><p><strong>Habilitats socials:<\/strong><\/p><ul><li>Aprenentatge i desenvolupament d&#8217;habilitats b\u00e0siques de conversa.<\/li><li>Aprenentatge i desenvolupament d&#8217;habilitats per a la comunicaci\u00f3 i trobada amb uns altres, salutaci\u00f3, presentaci\u00f3, coneixement inicial, etc.<\/li><li>Aprenentatge d&#8217;habilitats per a desenvolupar comportaments alternatius a l&#8217;agressiu.<\/li><\/ul><p><strong>Habilitats per a la negociaci\u00f3:<\/strong><\/p><ul><li>Recon\u00e8ixer diferents punts de vista, i establir la nostra posici\u00f3.<\/li><li>Qualificar i atribuir rang als objectius propis.<\/li><li>Establir prioritats, tenint en compte l&#8217;oferta aliena i els objectius propis.<\/li><li>Suggerir alternatives per a arribar a acords.<\/li><\/ul><p>Les activitats es realitzaran a partir d&#8217;exercicis pr\u00e0ctics i din\u00e0mics que ens permetran posar-nos en acci\u00f3, observar-nos i buscar el canvi.<\/p>\t\t\t\t\t\t\t\t<\/div>\n\t\t\t\t<\/div>\n\t\t\t\t<div class=\"elementor-element elementor-element-6ecd4494 elementor-widget elementor-widget-spacer\" data-id=\"6ecd4494\" data-element_type=\"widget\" data-e-type=\"widget\" data-widget_type=\"spacer.default\">\n\t\t\t\t<div class=\"elementor-widget-container\">\n\t\t\t\t\t\t\t<div class=\"elementor-spacer\">\n\t\t\t<div class=\"elementor-spacer-inner\"><\/div>\n\t\t<\/div>\n\t\t\t\t\t\t<\/div>\n\t\t\t\t<\/div>\n\t\t\t\t\t<\/div>\n\t\t<\/div>\n\t\t\t\t\t<\/div>\n\t\t<\/section>\n\t\t\t\t<section class=\"elementor-section elementor-top-section elementor-element elementor-element-40080ead elementor-section-full_width elementor-section-content-middle elementor-section-stretched elementor-section-height-default elementor-section-height-default qodef-elementor-content-no elementor-invisible\" data-id=\"40080ead\" data-element_type=\"section\" data-e-type=\"section\" data-settings=\"{&quot;animation&quot;:&quot;fadeInUp&quot;,&quot;stretch_section&quot;:&quot;section-stretched&quot;}\">\n\t\t\t\t\t\t<div class=\"elementor-container elementor-column-gap-default\">\n\t\t\t\t\t<div class=\"elementor-column elementor-col-100 elementor-top-column elementor-element elementor-element-657a2456\" data-id=\"657a2456\" data-element_type=\"column\" data-e-type=\"column\">\n\t\t\t<div class=\"elementor-widget-wrap elementor-element-populated\">\n\t\t\t\t\t\t<div class=\"elementor-element elementor-element-53ea8770 elementor-widget elementor-widget-heading\" data-id=\"53ea8770\" data-element_type=\"widget\" data-e-type=\"widget\" data-widget_type=\"heading.default\">\n\t\t\t\t<div class=\"elementor-widget-container\">\n\t\t\t\t\t<h2 class=\"elementor-heading-title elementor-size-default\">An\u00e1lisis setmanals de t\u00f2xics<\/h2>\t\t\t\t<\/div>\n\t\t\t\t<\/div>\n\t\t\t\t<div class=\"elementor-element elementor-element-291306b3 elementor-widget elementor-widget-text-editor\" data-id=\"291306b3\" data-element_type=\"widget\" data-e-type=\"widget\" data-widget_type=\"text-editor.default\">\n\t\t\t\t<div class=\"elementor-widget-container\">\n\t\t\t\t\t\t\t\t\t<p>Les proves de detecci\u00f3 de subst\u00e0ncies psicotr\u00f2piques i els seus metab\u00f2lits s\u00f3n eines per al diagn\u00f2stic, que poden ser d&#8217;ajuda en la intervenci\u00f3 i seguiment del tractament en addiccions.<br \/><br \/>Els programes de tractament han de ser intensius, amb supervisi\u00f3 del tractament farmacol\u00f2gic, controls setmanals de t\u00f2xics en orina i funcions d&#8217;acompanyament i atenci\u00f3 a la seva situaci\u00f3 psicosocial.<\/p>\t\t\t\t\t\t\t\t<\/div>\n\t\t\t\t<\/div>\n\t\t\t\t<div class=\"elementor-element elementor-element-4dd0f380 elementor-widget elementor-widget-spacer\" data-id=\"4dd0f380\" data-element_type=\"widget\" data-e-type=\"widget\" data-widget_type=\"spacer.default\">\n\t\t\t\t<div class=\"elementor-widget-container\">\n\t\t\t\t\t\t\t<div class=\"elementor-spacer\">\n\t\t\t<div class=\"elementor-spacer-inner\"><\/div>\n\t\t<\/div>\n\t\t\t\t\t\t<\/div>\n\t\t\t\t<\/div>\n\t\t\t\t\t<\/div>\n\t\t<\/div>\n\t\t\t\t\t<\/div>\n\t\t<\/section>\n\t\t\t\t<\/div>\n\t\t","protected":false},"excerpt":{"rendered":"<p>Programa de Centre de Dia pel Tractament de les Addiccions a Girona Espai diari indicat per a pacients que requereixen d&#8217;un refor\u00e7. Dona el primer pas 900 802 408 Primera visita gratu\u00efta Programa de centre de dia per al tractament de les addiccions a Girona Programa integral de suport\u00a0a trav\u00e9s d&#8217;activitats de formaci\u00f3, terap\u00e8utiques, l\u00fadiques, [&hellip;]<\/p>\n","protected":false},"author":2,"featured_media":0,"parent":0,"menu_order":0,"comment_status":"closed","ping_status":"closed","template":"","meta":{"ocean_post_layout":"full-screen","ocean_both_sidebars_style":"","ocean_both_sidebars_content_width":0,"ocean_both_sidebars_sidebars_width":0,"ocean_sidebar":"0","ocean_second_sidebar":"0","ocean_disable_margins":"enable","ocean_add_body_class":"","ocean_shortcode_before_top_bar":"","ocean_shortcode_after_top_bar":"","ocean_shortcode_before_header":"","ocean_shortcode_after_header":"","ocean_has_shortcode":"","ocean_shortcode_after_title":"","ocean_shortcode_before_footer_widgets":"","ocean_shortcode_after_footer_widgets":"","ocean_shortcode_before_footer_bottom":"","ocean_shortcode_after_footer_bottom":"","ocean_display_top_bar":"default","ocean_display_header":"default","ocean_header_style":"","ocean_center_header_left_menu":"0","ocean_custom_header_template":"0","ocean_custom_logo":0,"ocean_custom_retina_logo":0,"ocean_custom_logo_max_width":0,"ocean_custom_logo_tablet_max_width":0,"ocean_custom_logo_mobile_max_width":0,"ocean_custom_logo_max_height":0,"ocean_custom_logo_tablet_max_height":0,"ocean_custom_logo_mobile_max_height":0,"ocean_header_custom_menu":"0","ocean_menu_typo_font_family":"0","ocean_menu_typo_font_subset":"","ocean_menu_typo_font_size":0,"ocean_menu_typo_font_size_tablet":0,"ocean_menu_typo_font_size_mobile":0,"ocean_menu_typo_font_size_unit":"px","ocean_menu_typo_font_weight":"","ocean_menu_typo_font_weight_tablet":"","ocean_menu_typo_font_weight_mobile":"","ocean_menu_typo_transform":"","ocean_menu_typo_transform_tablet":"","ocean_menu_typo_transform_mobile":"","ocean_menu_typo_line_height":0,"ocean_menu_typo_line_height_tablet":0,"ocean_menu_typo_line_height_mobile":0,"ocean_menu_typo_line_height_unit":"","ocean_menu_typo_spacing":0,"ocean_menu_typo_spacing_tablet":0,"ocean_menu_typo_spacing_mobile":0,"ocean_menu_typo_spacing_unit":"","ocean_menu_link_color":"","ocean_menu_link_color_hover":"","ocean_menu_link_color_active":"","ocean_menu_link_background":"","ocean_menu_link_hover_background":"","ocean_menu_link_active_background":"","ocean_menu_social_links_bg":"","ocean_menu_social_hover_links_bg":"","ocean_menu_social_links_color":"","ocean_menu_social_hover_links_color":"","ocean_disable_title":"on","ocean_disable_heading":"default","ocean_post_title":"","ocean_post_subheading":"","ocean_post_title_style":"","ocean_post_title_background_color":"","ocean_post_title_background":0,"ocean_post_title_bg_image_position":"","ocean_post_title_bg_image_attachment":"","ocean_post_title_bg_image_repeat":"","ocean_post_title_bg_image_size":"","ocean_post_title_height":0,"ocean_post_title_bg_overlay":0.5,"ocean_post_title_bg_overlay_color":"","ocean_disable_breadcrumbs":"default","ocean_breadcrumbs_color":"","ocean_breadcrumbs_separator_color":"","ocean_breadcrumbs_links_color":"","ocean_breadcrumbs_links_hover_color":"","ocean_display_footer_widgets":"default","ocean_display_footer_bottom":"default","ocean_custom_footer_template":"0","footnotes":""},"class_list":["post-3500","page","type-page","status-publish","hentry","entry"],"yoast_head":"<!-- This site is optimized with the Yoast SEO plugin v27.5 - https:\/\/yoast.com\/product\/yoast-seo-wordpress\/ -->\n<title>Centre de Dia - Forum Salud Mental Girona<\/title>\n<meta name=\"description\" content=\"En r\u00e8gim d&#039;estada de dia, el seu objectiu \u00e9s la deshabituaci\u00f3 de la persona de la seva addicci\u00f3, i afavorir-ne la inserci\u00f3 social i laboral, aix\u00ed com l&#039;adhesi\u00f3 al tractament i la incorporaci\u00f3 a una vida normalitzada.\" \/>\n<meta name=\"robots\" content=\"index, follow, max-snippet:-1, max-image-preview:large, max-video-preview:-1\" \/>\n<link rel=\"canonical\" href=\"https:\/\/forummontau.com\/girona\/centre-de-dia\/\" \/>\n<meta property=\"og:locale\" content=\"es_ES\" \/>\n<meta property=\"og:type\" content=\"article\" \/>\n<meta property=\"og:title\" content=\"Centre de Dia - Forum Salud Mental Girona\" \/>\n<meta property=\"og:description\" content=\"En r\u00e8gim d&#039;estada de dia, el seu objectiu \u00e9s la deshabituaci\u00f3 de la persona de la seva addicci\u00f3, i afavorir-ne la inserci\u00f3 social i laboral, aix\u00ed com l&#039;adhesi\u00f3 al tractament i la incorporaci\u00f3 a una vida normalitzada.\" \/>\n<meta property=\"og:url\" content=\"https:\/\/forummontau.com\/girona\/centre-de-dia\/\" \/>\n<meta property=\"og:site_name\" content=\"Forum Salud Mental Girona\" \/>\n<meta property=\"article:modified_time\" content=\"2023-12-01T18:56:25+00:00\" \/>\n<meta property=\"og:image\" content=\"https:\/\/forummontau.com\/girona\/wp-content\/uploads\/sites\/6\/2023\/06\/centro_dia.jpg\" \/>\n<meta name=\"twitter:card\" content=\"summary_large_image\" \/>\n<meta name=\"twitter:label1\" content=\"Tiempo de lectura\" \/>\n\t<meta name=\"twitter:data1\" content=\"7 minutos\" \/>\n<script type=\"application\/ld+json\" class=\"yoast-schema-graph\">{\"@context\":\"https:\\\/\\\/schema.org\",\"@graph\":[{\"@type\":\"WebPage\",\"@id\":\"https:\\\/\\\/forummontau.com\\\/girona\\\/centre-de-dia\\\/\",\"url\":\"https:\\\/\\\/forummontau.com\\\/girona\\\/centre-de-dia\\\/\",\"name\":\"Centre de Dia - Forum Salud Mental Girona\",\"isPartOf\":{\"@id\":\"https:\\\/\\\/forummontau.com\\\/girona\\\/#website\"},\"primaryImageOfPage\":{\"@id\":\"https:\\\/\\\/forummontau.com\\\/girona\\\/centre-de-dia\\\/#primaryimage\"},\"image\":{\"@id\":\"https:\\\/\\\/forummontau.com\\\/girona\\\/centre-de-dia\\\/#primaryimage\"},\"thumbnailUrl\":\"https:\\\/\\\/forummontau.com\\\/girona\\\/wp-content\\\/uploads\\\/sites\\\/6\\\/2023\\\/06\\\/centro_dia.jpg\",\"datePublished\":\"2023-06-22T12:51:52+00:00\",\"dateModified\":\"2023-12-01T18:56:25+00:00\",\"description\":\"En r\u00e8gim d'estada de dia, el seu objectiu \u00e9s la deshabituaci\u00f3 de la persona de la seva addicci\u00f3, i afavorir-ne la inserci\u00f3 social i laboral, aix\u00ed com l'adhesi\u00f3 al tractament i la incorporaci\u00f3 a una vida normalitzada.\",\"breadcrumb\":{\"@id\":\"https:\\\/\\\/forummontau.com\\\/girona\\\/centre-de-dia\\\/#breadcrumb\"},\"inLanguage\":\"es\",\"potentialAction\":[{\"@type\":\"ReadAction\",\"target\":[\"https:\\\/\\\/forummontau.com\\\/girona\\\/centre-de-dia\\\/\"]}]},{\"@type\":\"ImageObject\",\"inLanguage\":\"es\",\"@id\":\"https:\\\/\\\/forummontau.com\\\/girona\\\/centre-de-dia\\\/#primaryimage\",\"url\":\"https:\\\/\\\/forummontau.com\\\/girona\\\/wp-content\\\/uploads\\\/sites\\\/6\\\/2023\\\/06\\\/centro_dia.jpg\",\"contentUrl\":\"https:\\\/\\\/forummontau.com\\\/girona\\\/wp-content\\\/uploads\\\/sites\\\/6\\\/2023\\\/06\\\/centro_dia.jpg\",\"width\":712,\"height\":712},{\"@type\":\"BreadcrumbList\",\"@id\":\"https:\\\/\\\/forummontau.com\\\/girona\\\/centre-de-dia\\\/#breadcrumb\",\"itemListElement\":[{\"@type\":\"ListItem\",\"position\":1,\"name\":\"Portada\",\"item\":\"https:\\\/\\\/forummontau.com\\\/girona\\\/centre-desintoxicacio-i-addiccions-girona\\\/\"},{\"@type\":\"ListItem\",\"position\":2,\"name\":\"Centre de Dia\"}]},{\"@type\":\"WebSite\",\"@id\":\"https:\\\/\\\/forummontau.com\\\/girona\\\/#website\",\"url\":\"https:\\\/\\\/forummontau.com\\\/girona\\\/\",\"name\":\"Forum Salud Mental Girona\",\"description\":\"Centro de Desintoxicaci\u00f3n y Adicciones en Girona\",\"publisher\":{\"@id\":\"https:\\\/\\\/forummontau.com\\\/girona\\\/#organization\"},\"potentialAction\":[{\"@type\":\"SearchAction\",\"target\":{\"@type\":\"EntryPoint\",\"urlTemplate\":\"https:\\\/\\\/forummontau.com\\\/girona\\\/?s={search_term_string}\"},\"query-input\":{\"@type\":\"PropertyValueSpecification\",\"valueRequired\":true,\"valueName\":\"search_term_string\"}}],\"inLanguage\":\"es\"},{\"@type\":\"Organization\",\"@id\":\"https:\\\/\\\/forummontau.com\\\/girona\\\/#organization\",\"name\":\"Forum Salud Mental Girona\",\"url\":\"https:\\\/\\\/forummontau.com\\\/girona\\\/\",\"logo\":{\"@type\":\"ImageObject\",\"inLanguage\":\"es\",\"@id\":\"https:\\\/\\\/forummontau.com\\\/girona\\\/#\\\/schema\\\/logo\\\/image\\\/\",\"url\":\"https:\\\/\\\/forummontau.com\\\/girona\\\/wp-content\\\/uploads\\\/sites\\\/6\\\/2020\\\/02\\\/girona_forum.png\",\"contentUrl\":\"https:\\\/\\\/forummontau.com\\\/girona\\\/wp-content\\\/uploads\\\/sites\\\/6\\\/2020\\\/02\\\/girona_forum.png\",\"width\":215,\"height\":119,\"caption\":\"Forum Salud Mental Girona\"},\"image\":{\"@id\":\"https:\\\/\\\/forummontau.com\\\/girona\\\/#\\\/schema\\\/logo\\\/image\\\/\"}}]}<\/script>\n<!-- \/ Yoast SEO plugin. -->","yoast_head_json":{"title":"Centre de Dia - Forum Salud Mental Girona","description":"En r\u00e8gim d'estada de dia, el seu objectiu \u00e9s la deshabituaci\u00f3 de la persona de la seva addicci\u00f3, i afavorir-ne la inserci\u00f3 social i laboral, aix\u00ed com l'adhesi\u00f3 al tractament i la incorporaci\u00f3 a una vida normalitzada.","robots":{"index":"index","follow":"follow","max-snippet":"max-snippet:-1","max-image-preview":"max-image-preview:large","max-video-preview":"max-video-preview:-1"},"canonical":"https:\/\/forummontau.com\/girona\/centre-de-dia\/","og_locale":"es_ES","og_type":"article","og_title":"Centre de Dia - Forum Salud Mental Girona","og_description":"En r\u00e8gim d'estada de dia, el seu objectiu \u00e9s la deshabituaci\u00f3 de la persona de la seva addicci\u00f3, i afavorir-ne la inserci\u00f3 social i laboral, aix\u00ed com l'adhesi\u00f3 al tractament i la incorporaci\u00f3 a una vida normalitzada.","og_url":"https:\/\/forummontau.com\/girona\/centre-de-dia\/","og_site_name":"Forum Salud Mental Girona","article_modified_time":"2023-12-01T18:56:25+00:00","og_image":[{"url":"https:\/\/forummontau.com\/girona\/wp-content\/uploads\/sites\/6\/2023\/06\/centro_dia.jpg","type":"","width":"","height":""}],"twitter_card":"summary_large_image","twitter_misc":{"Tiempo de lectura":"7 minutos"},"schema":{"@context":"https:\/\/schema.org","@graph":[{"@type":"WebPage","@id":"https:\/\/forummontau.com\/girona\/centre-de-dia\/","url":"https:\/\/forummontau.com\/girona\/centre-de-dia\/","name":"Centre de Dia - Forum Salud Mental Girona","isPartOf":{"@id":"https:\/\/forummontau.com\/girona\/#website"},"primaryImageOfPage":{"@id":"https:\/\/forummontau.com\/girona\/centre-de-dia\/#primaryimage"},"image":{"@id":"https:\/\/forummontau.com\/girona\/centre-de-dia\/#primaryimage"},"thumbnailUrl":"https:\/\/forummontau.com\/girona\/wp-content\/uploads\/sites\/6\/2023\/06\/centro_dia.jpg","datePublished":"2023-06-22T12:51:52+00:00","dateModified":"2023-12-01T18:56:25+00:00","description":"En r\u00e8gim d'estada de dia, el seu objectiu \u00e9s la deshabituaci\u00f3 de la persona de la seva addicci\u00f3, i afavorir-ne la inserci\u00f3 social i laboral, aix\u00ed com l'adhesi\u00f3 al tractament i la incorporaci\u00f3 a una vida normalitzada.","breadcrumb":{"@id":"https:\/\/forummontau.com\/girona\/centre-de-dia\/#breadcrumb"},"inLanguage":"es","potentialAction":[{"@type":"ReadAction","target":["https:\/\/forummontau.com\/girona\/centre-de-dia\/"]}]},{"@type":"ImageObject","inLanguage":"es","@id":"https:\/\/forummontau.com\/girona\/centre-de-dia\/#primaryimage","url":"https:\/\/forummontau.com\/girona\/wp-content\/uploads\/sites\/6\/2023\/06\/centro_dia.jpg","contentUrl":"https:\/\/forummontau.com\/girona\/wp-content\/uploads\/sites\/6\/2023\/06\/centro_dia.jpg","width":712,"height":712},{"@type":"BreadcrumbList","@id":"https:\/\/forummontau.com\/girona\/centre-de-dia\/#breadcrumb","itemListElement":[{"@type":"ListItem","position":1,"name":"Portada","item":"https:\/\/forummontau.com\/girona\/centre-desintoxicacio-i-addiccions-girona\/"},{"@type":"ListItem","position":2,"name":"Centre de Dia"}]},{"@type":"WebSite","@id":"https:\/\/forummontau.com\/girona\/#website","url":"https:\/\/forummontau.com\/girona\/","name":"Forum Salud Mental Girona","description":"Centro de Desintoxicaci\u00f3n y Adicciones en Girona","publisher":{"@id":"https:\/\/forummontau.com\/girona\/#organization"},"potentialAction":[{"@type":"SearchAction","target":{"@type":"EntryPoint","urlTemplate":"https:\/\/forummontau.com\/girona\/?s={search_term_string}"},"query-input":{"@type":"PropertyValueSpecification","valueRequired":true,"valueName":"search_term_string"}}],"inLanguage":"es"},{"@type":"Organization","@id":"https:\/\/forummontau.com\/girona\/#organization","name":"Forum Salud Mental Girona","url":"https:\/\/forummontau.com\/girona\/","logo":{"@type":"ImageObject","inLanguage":"es","@id":"https:\/\/forummontau.com\/girona\/#\/schema\/logo\/image\/","url":"https:\/\/forummontau.com\/girona\/wp-content\/uploads\/sites\/6\/2020\/02\/girona_forum.png","contentUrl":"https:\/\/forummontau.com\/girona\/wp-content\/uploads\/sites\/6\/2020\/02\/girona_forum.png","width":215,"height":119,"caption":"Forum Salud Mental Girona"},"image":{"@id":"https:\/\/forummontau.com\/girona\/#\/schema\/logo\/image\/"}}]}},"_links":{"self":[{"href":"https:\/\/forummontau.com\/girona\/wp-json\/wp\/v2\/pages\/3500","targetHints":{"allow":["GET"]}}],"collection":[{"href":"https:\/\/forummontau.com\/girona\/wp-json\/wp\/v2\/pages"}],"about":[{"href":"https:\/\/forummontau.com\/girona\/wp-json\/wp\/v2\/types\/page"}],"author":[{"embeddable":true,"href":"https:\/\/forummontau.com\/girona\/wp-json\/wp\/v2\/users\/2"}],"replies":[{"embeddable":true,"href":"https:\/\/forummontau.com\/girona\/wp-json\/wp\/v2\/comments?post=3500"}],"version-history":[{"count":18,"href":"https:\/\/forummontau.com\/girona\/wp-json\/wp\/v2\/pages\/3500\/revisions"}],"predecessor-version":[{"id":4363,"href":"https:\/\/forummontau.com\/girona\/wp-json\/wp\/v2\/pages\/3500\/revisions\/4363"}],"wp:attachment":[{"href":"https:\/\/forummontau.com\/girona\/wp-json\/wp\/v2\/media?parent=3500"}],"curies":[{"name":"wp","href":"https:\/\/api.w.org\/{rel}","templated":true}]}}