{"id":564,"date":"2018-02-01T19:42:22","date_gmt":"2018-02-01T19:42:22","guid":{"rendered":"https:\/\/forumgirona.cat\/?page_id=564"},"modified":"2018-02-01T20:41:57","modified_gmt":"2018-02-01T20:41:57","slug":"politica-de-cookies-2","status":"publish","type":"page","link":"https:\/\/forummontau.com\/girona\/politica-de-cookies-2\/","title":{"rendered":"Pol\u00edtica de Cookies"},"content":{"rendered":"<h1>COOKIES<\/h1>\n<p>Aquest web utilitza \u2018cookies\u2019 pr\u00f2pies i de tercers (Google Analytics) per oferir-li una millor experi\u00e8ncia i servei. En navegar o utilitzar els nostres serveis l\u2019usuari accepta l\u2019\u00fas que fem de les \u2018cookies\u2019. No obstant aix\u00f2, l\u2019usuari t\u00e9 l\u2019opci\u00f3 d\u2019impedir la generaci\u00f3 de cookies i l\u2019eliminaci\u00f3 de les mateixes mitjan\u00e7ant la selecci\u00f3 de la corresponent opci\u00f3 en el seu navegador. En cas de bloquejar l\u2019\u00fas de \u2018cookies\u2019 en el seu navegador \u00e9s possible que alguns serveis o funcionalitats de la p\u00e0gina web no estiguin disponibles.<\/p>\n<h4>QU\u00c8 \u00c9S UNA \u2018COOKIE\u2019?<\/h4>\n<p>Una \u2018cookie\u2019 \u00e9s un petit fragment de text que els llocs web envien al navegador i que s\u2019emmagatzemen en el terminal de l\u2019usuari, el qual pot ser un ordinador personal, un tel\u00e8fon m\u00f2bil, una tableta, etc. Aquests arxius permeten que el lloc web recordi informaci\u00f3 sobre la seva visita, com l\u2019idioma i les opcions preferides, el que pot facilitar la seva pr\u00f2xima visita i fer que el lloc sigui m\u00e9s \u00fatil a l\u2019personalitzar el seu contingut. Les \u2018cookies\u2019 tenen un paper molt important, en millorar l\u2019experi\u00e8ncia de l\u2019\u00fas del web.<\/p>\n<h4>COM S\u2019UTILITZEN LES \u2018COOKIES\u2019?<\/h4>\n<p>En navegar per aquest portal web l\u2019usuari est\u00e0 acceptant que es puguin instal\u00b7lar \u2018cookies\u2019 en el seu terminal i que ens permeten con\u00e8ixer la seg\u00fcent informaci\u00f3:<\/p>\n<p>Informaci\u00f3 estad\u00edstica de l\u2019\u00fas del web.<br \/>\nEl \u2018login\u2019 de l\u2019usuari per mantenir la sessi\u00f3 activa a la web.<br \/>\nEl format del web preferent en l\u2019acc\u00e9s des de dispositius m\u00f2bils.<br \/>\nLes \u00faltimes recerques realitzades en els serveis de la web i dades de personalitzaci\u00f3 d\u2019aquests serveis.<br \/>\nInformaci\u00f3 sobre els anuncis que es mostren a l\u2019usuari.<br \/>\nInformaci\u00f3 de les enquestes en les que ha participat l\u2019usuari.<br \/>\nDades de la connexi\u00f3 amb les xarxes socials per als usuaris que accedeixen amb el seu usuari de Facebook o Twitter.<\/p>\n<h4>TIPUS DE \u2018COOKIES\u2019 UTILITZADES<\/h4>\n<p>Aquesta web utilitza tant \u2018cookies\u2019 temporals de sessi\u00f3 com \u2018cookies\u2019 permanents. Les \u2018cookies\u2019 de sessi\u00f3 emmagatzemen dades \u00fanicament mentre l\u2019usuari accedeix al web i les \u2018cookies\u2019 permanents s\u2019emmagatzemen les dades en el terminal perqu\u00e8 siguin accedits i utilitzats en m\u00e9s d\u2019una sessi\u00f3.<\/p>\n<p>Segons la finalitat per a la qual es tractin les dades obtingudes a trav\u00e9s de les \u2018cookies\u2019, el web pot utilitzar:<\/p>\n<h4>COOKIES\u00a0T\u00c8CNIQUES<\/h4>\n<p>S\u00f3n aquelles que permeten a l\u2019usuari la navegaci\u00f3 a trav\u00e9s de la p\u00e0gina web o aplicaci\u00f3 i la utilitzaci\u00f3 de les diferents opcions o serveis que en ella existeixen. Per exemple, controlar el tr\u00e0nsit i la comunicaci\u00f3 de dades, identificar la sessi\u00f3, accedir a les parts web d\u2019acc\u00e9s restringit, recordar els elements que integren una comanda, fer la sol\u00b7licitud d\u2019inscripci\u00f3 o participaci\u00f3 en un esdeveniment, utilitzar elements de seguretat durant la navegaci\u00f3 i emmagatzemar continguts per a la difusi\u00f3 de v\u00eddeos o so.<\/p>\n<h4>COOKIES DE PERSONALITZACI\u00d3<\/h4>\n<p>S\u00f3n aquelles que permeten a l\u2019usuari accedir al servei amb algunes caracter\u00edstiques de car\u00e0cter general predefinides en el seu terminal o que el propi usuari defineixi. Per exemple, l\u2019idioma, el tipus de navegador mitjan\u00e7ant el qual accedeix al servei, el disseny de continguts seleccionat, geolocalitzaci\u00f3 del terminal i la configuraci\u00f3 regional des d\u2019on s\u2019accedeix al servei.<\/p>\n<h4>COOKIES\u00a0PUBLICIT\u00c0RIES<\/h4>\n<p>S\u00f3n aquelles que permeten la gesti\u00f3 efica\u00e7 dels espais publicitaris que s\u2019han incl\u00f2s a la p\u00e0gina web o aplicaci\u00f3 des de la qual es presta el servei. Permeten adequar el contingut de la publicitat perqu\u00e8 aquesta sigui rellevant per a l\u2019usuari i per evitar mostrar anuncis que l\u2019usuari ja hagi vist.<\/p>\n<h4>COOKIES\u00a0D\u2019AN\u00c0LISI ESTAD\u00cdSTICA<\/h4>\n<p>S\u00f3n aquelles que permeten fer el seguiment i an\u00e0lisi del comportament dels usuaris en els llocs web. La informaci\u00f3 recollida mitjan\u00e7ant aquest tipus de \u2018cookies\u2019 s\u2019utilitza en el mesurament de l\u2019activitat dels llocs web, aplicaci\u00f3 o plataforma i per a l\u2019elaboraci\u00f3 de perfils de navegaci\u00f3 dels usuaris d\u2019aquests llocs, per tal d\u2019introduir millores en el servei en funci\u00f3 de les dades d\u2019\u00fas que fan els usuaris.<\/p>\n<h4>GALETES DE TERCERS<\/h4>\n<p>En algunes p\u00e0gines web es poden instal\u00b7lar cookies de tercers que permeten gestionar i millorar els serveis oferts. Com per exemple, serveis estad\u00edstics de Google Analytics i Comscore.<\/p>\n<h4>COM ADMINISTRAR \u2018COOKIES\u2019 AL NAVEGADOR?<\/h4>\n<p>L\u2019usuari t\u00e9 l\u2019opci\u00f3 de permetre, bloquejar o eliminar les \u2018cookies\u2019 instal\u00b7lades en el seu equip mitjan\u00e7ant la configuraci\u00f3 de les opcions del navegador en el vostre terminal:<\/p>\n<p>Per ajustar els permisos relacionats amb les \u2018cookies\u2019 al navegador Google Chrome:<br \/>\nFer clic al men\u00fa situat a la barra d\u2019eines.<br \/>\nSeleccionar Configuraci\u00f3.<br \/>\nFer clic a Mostar opcions avan\u00e7ades.<br \/>\nA la secci\u00f3 \u2018Privacitat\u2019 fer clic al bot\u00f3 Configuraci\u00f3 de contingut.<br \/>\nA la secci\u00f3 de galetes es poden configurar les opcions.<br \/>\nM\u00e9s informaci\u00f3 sobre Google Chrome<br \/>\nPer ajustar els permisos relacionats amb les \u2018cookies\u2019 al navegador Mozilla Firefox:<\/p>\n<div id=\"gt-src-p\">\n<div id=\"gt-src-wrap\" class=\"\">\n<div><\/div>\n<div id=\"gt-src-cc\">\n<div id=\"gt-src-cc-ctr\" class=\"cc-ctr gt-src-cc-normal\">A la part superior de la finestra del Firefox fer clic al men\u00fa Eines.<\/div>\n<\/div>\n<\/div>\n<\/div>\n<div id=\"gt-res-c\" class=\"g-unit\">\n<div id=\"gt-res-p\">\n<div id=\"gt-res-data\">\n<div id=\"gt-res-wrap\">\n<div id=\"gt-res-content\">\n<p dir=\"ltr\"><span id=\"result_box\" class=\"\" lang=\"ca\"><span title=\"Seleccionar Opciones. \">Seleccionar Opcions.<br \/>\n<\/span><span title=\"Seleccionar el panel Privacidad. \">Seleccionar el panell Privadesa.<br \/>\n<\/span><span title=\"En la opci\u00f3n Firefox podr\u00e1 elegir Usar una configuraci\u00f3n personalizada para el historial para configurar las opciones. \">En l\u2019opci\u00f3 Firefox podr\u00e0 triar Utilitza una configuraci\u00f3 personalitzada per a l\u2019historial per a configurar les opcions.<br \/>\n<\/span><span title=\"M\u00e1s informaci\u00f3n sobre Mozilla Firefox \">M\u00e9s informaci\u00f3 sobre Mozilla Firefox<\/span><\/span><\/p>\n<p><span title=\"Para ajustar los permisos relacionados con las \u2018cookies\u2019 en el navegador Internet Explorer 9: \">Per ajustar els permisos relacionats amb les \u2018cookies\u2019 al navegador Internet Explorer 9:<\/span><\/p>\n<p><span title=\"En la parte superior de la ventana de Internet Explorer hacer clic en el men\u00fa Herramientas. \">A la part superior de la finestra d\u2019Internet Explorer fer clic al men\u00fa Eines.<br \/>\n<\/span><span title=\"Seleccionar la pesta\u00f1a de Seguridad y utilizar la opci\u00f3n Eliminar el historial de exploraci\u00f3n para eliminar las \u2018cookies\u2019.\">Seleccionar la pestanya de Seguretat i utilitzar l\u2019opci\u00f3 Eliminar el historial de navegaci\u00f3 per eliminar les \u2018cookies\u2019.\u00a0<\/span><span title=\"Activar la casilla \u2018Cookies\u2019 y, a continuaci\u00f3n, hacer clic en Eliminar. \">Activa la casella galetes i, a continuaci\u00f3, fer clic a Elimina.<br \/>\n<\/span><span title=\"Seleccionar la pesta\u00f1a de Seguridad y acceder a Configuraci\u00f3n.\">Seleccionar la pestanya de Seguretat i accedir a Configuraci\u00f3.\u00a0<\/span><span title=\"Mover el control deslizante totalmente hacia arriba para bloquear todas las \u2018cookies\u2019 o totalmente hacia abajo para permitir todas las \u2018cookies\u2019.\">Moure el control lliscant totalment cap amunt per bloquejar totes les \u2018cookies\u2019 o totalment cap avall per permetre totes les \u2018cookies\u2019.\u00a0<\/span><span title=\"Tras ello, hacer clic enAceptar. \">Despr\u00e9s d\u2019aix\u00f2, fer clic a D\u2019acord.<br \/>\n<\/span><span title=\"M\u00e1s informaci\u00f3n sobre Internet Explorer 9 \">M\u00e9s informaci\u00f3 sobre Internet Explorer 9<\/span><\/p>\n<p><span title=\"En caso de bloquear el uso de \u2018cookies\u2019 en su navegador es posible que algunos servicios o funcionalidades de la p\u00e1gina web no est\u00e9n disponibles. \">En cas de bloquejar l\u2019\u00fas de \u2018cookies\u2019 en el seu navegador \u00e9s possible que alguns serveis o funcionalitats de la p\u00e0gina web no estiguin disponibles.<\/span><\/p>\n<p><span title=\"En algunos navegadores se pueden configurar reglas espec\u00edficas para administrar \u2018cookies\u2019 por sitio web, lo que ofrece un control m\u00e1s preciso sobre la privacidad.\">En alguns navegadors es poden configurar regles espec\u00edfiques per administrar \u2018cookies\u2019 per lloc web, el que ofereix un control m\u00e9s prec\u00eds sobre la privacitat.\u00a0<\/span><span title=\"Esto significa que se puede inhabilitar \u2018cookies\u2019 de todos los sitios salvo de aquellos en los que se conf\u00ede.\">Aix\u00f2 vol dir que es pot desactivar \u2018cookies\u2019 de tots els llocs excepte d\u2019aquells en els quals es confi\u00ef.<\/span><\/p>\n<\/div>\n<\/div>\n<\/div>\n<\/div>\n<\/div>\n","protected":false},"excerpt":{"rendered":"<p>COOKIES Aquest web utilitza \u2018cookies\u2019 pr\u00f2pies i de tercers (Google Analytics) per oferir-li una millor experi\u00e8ncia i servei. En navegar o utilitzar els nostres serveis l\u2019usuari accepta l\u2019\u00fas que fem de les \u2018cookies\u2019. No obstant aix\u00f2, l\u2019usuari t\u00e9 l\u2019opci\u00f3 d\u2019impedir la generaci\u00f3 de cookies i l\u2019eliminaci\u00f3 de les mateixes mitjan\u00e7ant la selecci\u00f3 de la corresponent [&hellip;]<\/p>\n","protected":false},"author":2,"featured_media":0,"parent":0,"menu_order":0,"comment_status":"closed","ping_status":"closed","template":"","meta":{"ocean_post_layout":"","ocean_both_sidebars_style":"","ocean_both_sidebars_content_width":0,"ocean_both_sidebars_sidebars_width":0,"ocean_sidebar":"0","ocean_second_sidebar":"0","ocean_disable_margins":"enable","ocean_add_body_class":"","ocean_shortcode_before_top_bar":"","ocean_shortcode_after_top_bar":"","ocean_shortcode_before_header":"","ocean_shortcode_after_header":"","ocean_has_shortcode":"","ocean_shortcode_after_title":"","ocean_shortcode_before_footer_widgets":"","ocean_shortcode_after_footer_widgets":"","ocean_shortcode_before_footer_bottom":"","ocean_shortcode_after_footer_bottom":"","ocean_display_top_bar":"default","ocean_display_header":"default","ocean_header_style":"","ocean_center_header_left_menu":"0","ocean_custom_header_template":"0","ocean_custom_logo":0,"ocean_custom_retina_logo":0,"ocean_custom_logo_max_width":0,"ocean_custom_logo_tablet_max_width":0,"ocean_custom_logo_mobile_max_width":0,"ocean_custom_logo_max_height":0,"ocean_custom_logo_tablet_max_height":0,"ocean_custom_logo_mobile_max_height":0,"ocean_header_custom_menu":"0","ocean_menu_typo_font_family":"","ocean_menu_typo_font_subset":"","ocean_menu_typo_font_size":0,"ocean_menu_typo_font_size_tablet":0,"ocean_menu_typo_font_size_mobile":0,"ocean_menu_typo_font_size_unit":"px","ocean_menu_typo_font_weight":"","ocean_menu_typo_font_weight_tablet":"","ocean_menu_typo_font_weight_mobile":"","ocean_menu_typo_transform":"","ocean_menu_typo_transform_tablet":"","ocean_menu_typo_transform_mobile":"","ocean_menu_typo_line_height":0,"ocean_menu_typo_line_height_tablet":0,"ocean_menu_typo_line_height_mobile":0,"ocean_menu_typo_line_height_unit":"","ocean_menu_typo_spacing":0,"ocean_menu_typo_spacing_tablet":0,"ocean_menu_typo_spacing_mobile":0,"ocean_menu_typo_spacing_unit":"","ocean_menu_link_color":"","ocean_menu_link_color_hover":"","ocean_menu_link_color_active":"","ocean_menu_link_background":"","ocean_menu_link_hover_background":"","ocean_menu_link_active_background":"","ocean_menu_social_links_bg":"","ocean_menu_social_hover_links_bg":"","ocean_menu_social_links_color":"","ocean_menu_social_hover_links_color":"","ocean_disable_title":"on","ocean_disable_heading":"default","ocean_post_title":"","ocean_post_subheading":"","ocean_post_title_style":"","ocean_post_title_background_color":"","ocean_post_title_background":0,"ocean_post_title_bg_image_position":"","ocean_post_title_bg_image_attachment":"","ocean_post_title_bg_image_repeat":"","ocean_post_title_bg_image_size":"","ocean_post_title_height":0,"ocean_post_title_bg_overlay":0.5,"ocean_post_title_bg_overlay_color":"","ocean_disable_breadcrumbs":"default","ocean_breadcrumbs_color":"","ocean_breadcrumbs_separator_color":"","ocean_breadcrumbs_links_color":"","ocean_breadcrumbs_links_hover_color":"","ocean_display_footer_widgets":"default","ocean_display_footer_bottom":"default","ocean_custom_footer_template":"","footnotes":""},"class_list":["post-564","page","type-page","status-publish","hentry","entry"],"yoast_head":"<!-- This site is optimized with the Yoast SEO plugin v27.5 - https:\/\/yoast.com\/product\/yoast-seo-wordpress\/ -->\n<title>Pol\u00edtica de Cookies - Forum Salud Mental Girona<\/title>\n<meta name=\"robots\" content=\"index, follow, max-snippet:-1, max-image-preview:large, max-video-preview:-1\" \/>\n<link rel=\"canonical\" href=\"https:\/\/forummontau.com\/girona\/politica-de-cookies-2\/\" \/>\n<meta property=\"og:locale\" content=\"es_ES\" \/>\n<meta property=\"og:type\" content=\"article\" \/>\n<meta property=\"og:title\" content=\"Pol\u00edtica de Cookies - Forum Salud Mental Girona\" \/>\n<meta property=\"og:description\" content=\"COOKIES Aquest web utilitza \u2018cookies\u2019 pr\u00f2pies i de tercers (Google Analytics) per oferir-li una millor experi\u00e8ncia i servei. En navegar o utilitzar els nostres serveis l\u2019usuari accepta l\u2019\u00fas que fem de les \u2018cookies\u2019. No obstant aix\u00f2, l\u2019usuari t\u00e9 l\u2019opci\u00f3 d\u2019impedir la generaci\u00f3 de cookies i l\u2019eliminaci\u00f3 de les mateixes mitjan\u00e7ant la selecci\u00f3 de la corresponent [&hellip;]\" \/>\n<meta property=\"og:url\" content=\"https:\/\/forummontau.com\/girona\/politica-de-cookies-2\/\" \/>\n<meta property=\"og:site_name\" content=\"Forum Salud Mental Girona\" \/>\n<meta property=\"article:modified_time\" content=\"2018-02-01T20:41:57+00:00\" \/>\n<meta name=\"twitter:card\" content=\"summary_large_image\" \/>\n<meta name=\"twitter:label1\" content=\"Tiempo de lectura\" \/>\n\t<meta name=\"twitter:data1\" content=\"5 minutos\" \/>\n<script type=\"application\/ld+json\" class=\"yoast-schema-graph\">{\"@context\":\"https:\\\/\\\/schema.org\",\"@graph\":[{\"@type\":\"WebPage\",\"@id\":\"https:\\\/\\\/forummontau.com\\\/girona\\\/politica-de-cookies-2\\\/\",\"url\":\"https:\\\/\\\/forummontau.com\\\/girona\\\/politica-de-cookies-2\\\/\",\"name\":\"Pol\u00edtica de Cookies - Forum Salud Mental Girona\",\"isPartOf\":{\"@id\":\"https:\\\/\\\/forummontau.com\\\/girona\\\/#website\"},\"datePublished\":\"2018-02-01T19:42:22+00:00\",\"dateModified\":\"2018-02-01T20:41:57+00:00\",\"breadcrumb\":{\"@id\":\"https:\\\/\\\/forummontau.com\\\/girona\\\/politica-de-cookies-2\\\/#breadcrumb\"},\"inLanguage\":\"es\",\"potentialAction\":[{\"@type\":\"ReadAction\",\"target\":[\"https:\\\/\\\/forummontau.com\\\/girona\\\/politica-de-cookies-2\\\/\"]}]},{\"@type\":\"BreadcrumbList\",\"@id\":\"https:\\\/\\\/forummontau.com\\\/girona\\\/politica-de-cookies-2\\\/#breadcrumb\",\"itemListElement\":[{\"@type\":\"ListItem\",\"position\":1,\"name\":\"Portada\",\"item\":\"https:\\\/\\\/forummontau.com\\\/girona\\\/centre-desintoxicacio-i-addiccions-girona\\\/\"},{\"@type\":\"ListItem\",\"position\":2,\"name\":\"Pol\u00edtica de Cookies\"}]},{\"@type\":\"WebSite\",\"@id\":\"https:\\\/\\\/forummontau.com\\\/girona\\\/#website\",\"url\":\"https:\\\/\\\/forummontau.com\\\/girona\\\/\",\"name\":\"Forum Salud Mental Girona\",\"description\":\"Centro de Desintoxicaci\u00f3n y Adicciones en Girona\",\"publisher\":{\"@id\":\"https:\\\/\\\/forummontau.com\\\/girona\\\/#organization\"},\"potentialAction\":[{\"@type\":\"SearchAction\",\"target\":{\"@type\":\"EntryPoint\",\"urlTemplate\":\"https:\\\/\\\/forummontau.com\\\/girona\\\/?s={search_term_string}\"},\"query-input\":{\"@type\":\"PropertyValueSpecification\",\"valueRequired\":true,\"valueName\":\"search_term_string\"}}],\"inLanguage\":\"es\"},{\"@type\":\"Organization\",\"@id\":\"https:\\\/\\\/forummontau.com\\\/girona\\\/#organization\",\"name\":\"Forum Salud Mental Girona\",\"url\":\"https:\\\/\\\/forummontau.com\\\/girona\\\/\",\"logo\":{\"@type\":\"ImageObject\",\"inLanguage\":\"es\",\"@id\":\"https:\\\/\\\/forummontau.com\\\/girona\\\/#\\\/schema\\\/logo\\\/image\\\/\",\"url\":\"https:\\\/\\\/forummontau.com\\\/girona\\\/wp-content\\\/uploads\\\/sites\\\/6\\\/2020\\\/02\\\/girona_forum.png\",\"contentUrl\":\"https:\\\/\\\/forummontau.com\\\/girona\\\/wp-content\\\/uploads\\\/sites\\\/6\\\/2020\\\/02\\\/girona_forum.png\",\"width\":215,\"height\":119,\"caption\":\"Forum Salud Mental Girona\"},\"image\":{\"@id\":\"https:\\\/\\\/forummontau.com\\\/girona\\\/#\\\/schema\\\/logo\\\/image\\\/\"}}]}<\/script>\n<!-- \/ Yoast SEO plugin. -->","yoast_head_json":{"title":"Pol\u00edtica de Cookies - Forum Salud Mental Girona","robots":{"index":"index","follow":"follow","max-snippet":"max-snippet:-1","max-image-preview":"max-image-preview:large","max-video-preview":"max-video-preview:-1"},"canonical":"https:\/\/forummontau.com\/girona\/politica-de-cookies-2\/","og_locale":"es_ES","og_type":"article","og_title":"Pol\u00edtica de Cookies - Forum Salud Mental Girona","og_description":"COOKIES Aquest web utilitza \u2018cookies\u2019 pr\u00f2pies i de tercers (Google Analytics) per oferir-li una millor experi\u00e8ncia i servei. En navegar o utilitzar els nostres serveis l\u2019usuari accepta l\u2019\u00fas que fem de les \u2018cookies\u2019. No obstant aix\u00f2, l\u2019usuari t\u00e9 l\u2019opci\u00f3 d\u2019impedir la generaci\u00f3 de cookies i l\u2019eliminaci\u00f3 de les mateixes mitjan\u00e7ant la selecci\u00f3 de la corresponent [&hellip;]","og_url":"https:\/\/forummontau.com\/girona\/politica-de-cookies-2\/","og_site_name":"Forum Salud Mental Girona","article_modified_time":"2018-02-01T20:41:57+00:00","twitter_card":"summary_large_image","twitter_misc":{"Tiempo de lectura":"5 minutos"},"schema":{"@context":"https:\/\/schema.org","@graph":[{"@type":"WebPage","@id":"https:\/\/forummontau.com\/girona\/politica-de-cookies-2\/","url":"https:\/\/forummontau.com\/girona\/politica-de-cookies-2\/","name":"Pol\u00edtica de Cookies - Forum Salud Mental Girona","isPartOf":{"@id":"https:\/\/forummontau.com\/girona\/#website"},"datePublished":"2018-02-01T19:42:22+00:00","dateModified":"2018-02-01T20:41:57+00:00","breadcrumb":{"@id":"https:\/\/forummontau.com\/girona\/politica-de-cookies-2\/#breadcrumb"},"inLanguage":"es","potentialAction":[{"@type":"ReadAction","target":["https:\/\/forummontau.com\/girona\/politica-de-cookies-2\/"]}]},{"@type":"BreadcrumbList","@id":"https:\/\/forummontau.com\/girona\/politica-de-cookies-2\/#breadcrumb","itemListElement":[{"@type":"ListItem","position":1,"name":"Portada","item":"https:\/\/forummontau.com\/girona\/centre-desintoxicacio-i-addiccions-girona\/"},{"@type":"ListItem","position":2,"name":"Pol\u00edtica de Cookies"}]},{"@type":"WebSite","@id":"https:\/\/forummontau.com\/girona\/#website","url":"https:\/\/forummontau.com\/girona\/","name":"Forum Salud Mental Girona","description":"Centro de Desintoxicaci\u00f3n y Adicciones en Girona","publisher":{"@id":"https:\/\/forummontau.com\/girona\/#organization"},"potentialAction":[{"@type":"SearchAction","target":{"@type":"EntryPoint","urlTemplate":"https:\/\/forummontau.com\/girona\/?s={search_term_string}"},"query-input":{"@type":"PropertyValueSpecification","valueRequired":true,"valueName":"search_term_string"}}],"inLanguage":"es"},{"@type":"Organization","@id":"https:\/\/forummontau.com\/girona\/#organization","name":"Forum Salud Mental Girona","url":"https:\/\/forummontau.com\/girona\/","logo":{"@type":"ImageObject","inLanguage":"es","@id":"https:\/\/forummontau.com\/girona\/#\/schema\/logo\/image\/","url":"https:\/\/forummontau.com\/girona\/wp-content\/uploads\/sites\/6\/2020\/02\/girona_forum.png","contentUrl":"https:\/\/forummontau.com\/girona\/wp-content\/uploads\/sites\/6\/2020\/02\/girona_forum.png","width":215,"height":119,"caption":"Forum Salud Mental Girona"},"image":{"@id":"https:\/\/forummontau.com\/girona\/#\/schema\/logo\/image\/"}}]}},"_links":{"self":[{"href":"https:\/\/forummontau.com\/girona\/wp-json\/wp\/v2\/pages\/564","targetHints":{"allow":["GET"]}}],"collection":[{"href":"https:\/\/forummontau.com\/girona\/wp-json\/wp\/v2\/pages"}],"about":[{"href":"https:\/\/forummontau.com\/girona\/wp-json\/wp\/v2\/types\/page"}],"author":[{"embeddable":true,"href":"https:\/\/forummontau.com\/girona\/wp-json\/wp\/v2\/users\/2"}],"replies":[{"embeddable":true,"href":"https:\/\/forummontau.com\/girona\/wp-json\/wp\/v2\/comments?post=564"}],"version-history":[{"count":0,"href":"https:\/\/forummontau.com\/girona\/wp-json\/wp\/v2\/pages\/564\/revisions"}],"wp:attachment":[{"href":"https:\/\/forummontau.com\/girona\/wp-json\/wp\/v2\/media?parent=564"}],"curies":[{"name":"wp","href":"https:\/\/api.w.org\/{rel}","templated":true}]}}