{"id":3470,"date":"2023-06-22T11:59:46","date_gmt":"2023-06-22T11:59:46","guid":{"rendered":"https:\/\/www.forumcostabrava.com\/?page_id=3470"},"modified":"2025-09-10T15:14:54","modified_gmt":"2025-09-10T15:14:54","slug":"ansietat-i-estres","status":"publish","type":"page","link":"https:\/\/forummontau.com\/palamos\/ansietat-i-estres\/","title":{"rendered":"Ansietat i estr\u00e9s"},"content":{"rendered":"\t\t<div data-elementor-type=\"wp-page\" data-elementor-id=\"3470\" class=\"elementor elementor-3470\" data-elementor-post-type=\"page\">\n\t\t\t\t\t\t<section class=\"elementor-section elementor-top-section elementor-element elementor-element-13f9ac1 elementor-section-content-middle elementor-section-full_width elementor-section-items-stretch elementor-section-height-min-height elementor-section-height-default qodef-elementor-content-no elementor-invisible\" data-id=\"13f9ac1\" data-element_type=\"section\" data-e-type=\"section\" data-settings=\"{&quot;background_background&quot;:&quot;classic&quot;,&quot;animation&quot;:&quot;fadeInUp&quot;}\">\n\t\t\t\t\t\t<div class=\"elementor-container elementor-column-gap-default\">\n\t\t\t\t\t<div class=\"elementor-column elementor-col-50 elementor-top-column elementor-element elementor-element-30247f0c\" data-id=\"30247f0c\" data-element_type=\"column\" data-e-type=\"column\" data-settings=\"{&quot;background_background&quot;:&quot;classic&quot;}\">\n\t\t\t<div class=\"elementor-widget-wrap elementor-element-populated\">\n\t\t\t\t\t\t<div class=\"elementor-element elementor-element-2e6c606d elementor-widget elementor-widget-heading\" data-id=\"2e6c606d\" data-element_type=\"widget\" data-e-type=\"widget\" data-widget_type=\"heading.default\">\n\t\t\t\t<div class=\"elementor-widget-container\">\n\t\t\t\t\t<h1 class=\"elementor-heading-title elementor-size-default\">Ansietat i estr\u00e9s<\/h1>\t\t\t\t<\/div>\n\t\t\t\t<\/div>\n\t\t\t\t<div class=\"elementor-element elementor-element-2bc98e36 elementor-widget elementor-widget-heading\" data-id=\"2bc98e36\" data-element_type=\"widget\" data-e-type=\"widget\" data-widget_type=\"heading.default\">\n\t\t\t\t<div class=\"elementor-widget-container\">\n\t\t\t\t\t<p class=\"elementor-heading-title elementor-size-default\">Si estan provocant pors irracionals o angoixa excessiva \u00e9s necessari buscar ajuda<\/p>\t\t\t\t<\/div>\n\t\t\t\t<\/div>\n\t\t\t\t<div class=\"elementor-element elementor-element-4d4ad83d elementor-widget elementor-widget-heading\" data-id=\"4d4ad83d\" data-element_type=\"widget\" data-e-type=\"widget\" data-widget_type=\"heading.default\">\n\t\t\t\t<div class=\"elementor-widget-container\">\n\t\t\t\t\t<h4 class=\"elementor-heading-title elementor-size-default\">Truca'ns<\/h4>\t\t\t\t<\/div>\n\t\t\t\t<\/div>\n\t\t\t\t<div class=\"elementor-element elementor-element-6241903d elementor-widget elementor-widget-heading\" data-id=\"6241903d\" data-element_type=\"widget\" data-e-type=\"widget\" data-widget_type=\"heading.default\">\n\t\t\t\t<div class=\"elementor-widget-container\">\n\t\t\t\t\t<h3 class=\"elementor-heading-title elementor-size-large\"><a href=\"tel:+34900802408\">900 802 408 <\/a><\/h3>\t\t\t\t<\/div>\n\t\t\t\t<\/div>\n\t\t\t\t\t<\/div>\n\t\t<\/div>\n\t\t\t\t<div class=\"elementor-column elementor-col-50 elementor-top-column elementor-element elementor-element-709721fc\" data-id=\"709721fc\" data-element_type=\"column\" data-e-type=\"column\" data-settings=\"{&quot;background_background&quot;:&quot;classic&quot;}\">\n\t\t\t<div class=\"elementor-widget-wrap elementor-element-populated\">\n\t\t\t\t\t\t<div class=\"elementor-element elementor-element-ad67bd7 elementor-widget elementor-widget-spacer\" data-id=\"ad67bd7\" data-element_type=\"widget\" data-e-type=\"widget\" data-widget_type=\"spacer.default\">\n\t\t\t\t<div class=\"elementor-widget-container\">\n\t\t\t\t\t\t\t<div class=\"elementor-spacer\">\n\t\t\t<div class=\"elementor-spacer-inner\"><\/div>\n\t\t<\/div>\n\t\t\t\t\t\t<\/div>\n\t\t\t\t<\/div>\n\t\t\t\t\t<\/div>\n\t\t<\/div>\n\t\t\t\t\t<\/div>\n\t\t<\/section>\n\t\t\t\t<section class=\"elementor-section elementor-top-section elementor-element elementor-element-44f69907 elementor-section-full_width elementor-section-content-middle elementor-section-height-default elementor-section-height-default qodef-elementor-content-no elementor-invisible\" data-id=\"44f69907\" data-element_type=\"section\" data-e-type=\"section\" data-settings=\"{&quot;animation&quot;:&quot;fadeInUp&quot;}\">\n\t\t\t\t\t\t<div class=\"elementor-container elementor-column-gap-default\">\n\t\t\t\t\t<div class=\"elementor-column elementor-col-100 elementor-top-column elementor-element elementor-element-662f5ea9\" data-id=\"662f5ea9\" data-element_type=\"column\" data-e-type=\"column\">\n\t\t\t<div class=\"elementor-widget-wrap elementor-element-populated\">\n\t\t\t\t\t\t<div class=\"elementor-element elementor-element-391d4fd1 elementor-widget elementor-widget-heading\" data-id=\"391d4fd1\" data-element_type=\"widget\" data-e-type=\"widget\" data-widget_type=\"heading.default\">\n\t\t\t\t<div class=\"elementor-widget-container\">\n\t\t\t\t\t<h2 class=\"elementor-heading-title elementor-size-default\">Ansietat<\/h2>\t\t\t\t<\/div>\n\t\t\t\t<\/div>\n\t\t\t\t<div class=\"elementor-element elementor-element-267639e elementor-widget elementor-widget-spacer\" data-id=\"267639e\" data-element_type=\"widget\" data-e-type=\"widget\" data-widget_type=\"spacer.default\">\n\t\t\t\t<div class=\"elementor-widget-container\">\n\t\t\t\t\t\t\t<div class=\"elementor-spacer\">\n\t\t\t<div class=\"elementor-spacer-inner\"><\/div>\n\t\t<\/div>\n\t\t\t\t\t\t<\/div>\n\t\t\t\t<\/div>\n\t\t\t\t<div class=\"elementor-element elementor-element-26a97c3d elementor-widget elementor-widget-text-editor\" data-id=\"26a97c3d\" data-element_type=\"widget\" data-e-type=\"widget\" data-widget_type=\"text-editor.default\">\n\t\t\t\t<div class=\"elementor-widget-container\">\n\t\t\t\t\t\t\t\t\t<p>Tots podem sentir ansietat i estr\u00e8s en diferents moments de la nostra vida, per\u00f2 quan aquesta emoci\u00f3 va associada a pors irracionals o angoixa excessiva \u00e9s necessari parar-li esment. Hi ha diferents emocions i pensaments involucrats en els trastorns d&#8217;ansietat, sent necess\u00e0ria una bona gesti\u00f3 emocional i la reeducaci\u00f3 en la interpretaci\u00f3 de la informaci\u00f3.<\/p>\t\t\t\t\t\t\t\t<\/div>\n\t\t\t\t<\/div>\n\t\t\t\t<div class=\"elementor-element elementor-element-467a3cf elementor-widget elementor-widget-spacer\" data-id=\"467a3cf\" data-element_type=\"widget\" data-e-type=\"widget\" data-widget_type=\"spacer.default\">\n\t\t\t\t<div class=\"elementor-widget-container\">\n\t\t\t\t\t\t\t<div class=\"elementor-spacer\">\n\t\t\t<div class=\"elementor-spacer-inner\"><\/div>\n\t\t<\/div>\n\t\t\t\t\t\t<\/div>\n\t\t\t\t<\/div>\n\t\t\t\t\t<\/div>\n\t\t<\/div>\n\t\t\t\t\t<\/div>\n\t\t<\/section>\n\t\t\t\t<section class=\"elementor-section elementor-top-section elementor-element elementor-element-5237a26e elementor-section-full_width elementor-section-content-middle elementor-section-height-default elementor-section-height-default qodef-elementor-content-no elementor-invisible\" data-id=\"5237a26e\" data-element_type=\"section\" data-e-type=\"section\" data-settings=\"{&quot;animation&quot;:&quot;fadeInUp&quot;}\">\n\t\t\t\t\t\t<div class=\"elementor-container elementor-column-gap-default\">\n\t\t\t\t\t<div class=\"elementor-column elementor-col-100 elementor-top-column elementor-element elementor-element-53235e50\" data-id=\"53235e50\" data-element_type=\"column\" data-e-type=\"column\">\n\t\t\t<div class=\"elementor-widget-wrap elementor-element-populated\">\n\t\t\t\t\t\t<div class=\"elementor-element elementor-element-7d1b70fa elementor-widget elementor-widget-heading\" data-id=\"7d1b70fa\" data-element_type=\"widget\" data-e-type=\"widget\" data-widget_type=\"heading.default\">\n\t\t\t\t<div class=\"elementor-widget-container\">\n\t\t\t\t\t<h2 class=\"elementor-heading-title elementor-size-default\">Diferents trastorns d'ansietat que podem patir<\/h2>\t\t\t\t<\/div>\n\t\t\t\t<\/div>\n\t\t\t\t<div class=\"elementor-element elementor-element-5aee79cb elementor-widget elementor-widget-toggle\" data-id=\"5aee79cb\" data-element_type=\"widget\" data-e-type=\"widget\" data-widget_type=\"toggle.default\">\n\t\t\t\t<div class=\"elementor-widget-container\">\n\t\t\t\t\t\t\t<div class=\"elementor-toggle\">\n\t\t\t\t\t\t\t<div class=\"elementor-toggle-item\">\n\t\t\t\t\t<div id=\"elementor-tab-title-1521\" class=\"elementor-tab-title\" data-tab=\"1\" role=\"button\" aria-controls=\"elementor-tab-content-1521\" aria-expanded=\"false\">\n\t\t\t\t\t\t\t\t\t\t\t\t<span class=\"elementor-toggle-icon elementor-toggle-icon-left\" aria-hidden=\"true\">\n\t\t\t\t\t\t\t\t\t\t\t\t\t\t\t<span class=\"elementor-toggle-icon-closed\"><i class=\"fas fa-caret-right\"><\/i><\/span>\n\t\t\t\t\t\t\t\t<span class=\"elementor-toggle-icon-opened\"><i class=\"elementor-toggle-icon-opened fas fa-caret-up\"><\/i><\/span>\n\t\t\t\t\t\t\t\t\t\t\t\t\t<\/span>\n\t\t\t\t\t\t\t\t\t\t\t\t<a class=\"elementor-toggle-title\" tabindex=\"0\">Crisis d'angoixa o trastorn de p\u00e0nic<\/a>\n\t\t\t\t\t<\/div>\n\n\t\t\t\t\t<div id=\"elementor-tab-content-1521\" class=\"elementor-tab-content elementor-clearfix\" data-tab=\"1\" role=\"region\" aria-labelledby=\"elementor-tab-title-1521\"><p>Tipus de trastorn d&#8217;ansietat pel qual la persona t\u00e9 crisi de p\u00e0nic o angoixa que es repeteixen, quan no hi ha un perill veritable. Les crisis de p\u00e0nic s\u00f3n per\u00edodes d&#8217;ansietat o por intensos i d&#8217;inici brusc que a vegades produeixen pensaments o accions irracionals.<\/p><\/div>\n\t\t\t\t<\/div>\n\t\t\t\t\t\t\t<div class=\"elementor-toggle-item\">\n\t\t\t\t\t<div id=\"elementor-tab-title-1522\" class=\"elementor-tab-title\" data-tab=\"2\" role=\"button\" aria-controls=\"elementor-tab-content-1522\" aria-expanded=\"false\">\n\t\t\t\t\t\t\t\t\t\t\t\t<span class=\"elementor-toggle-icon elementor-toggle-icon-left\" aria-hidden=\"true\">\n\t\t\t\t\t\t\t\t\t\t\t\t\t\t\t<span class=\"elementor-toggle-icon-closed\"><i class=\"fas fa-caret-right\"><\/i><\/span>\n\t\t\t\t\t\t\t\t<span class=\"elementor-toggle-icon-opened\"><i class=\"elementor-toggle-icon-opened fas fa-caret-up\"><\/i><\/span>\n\t\t\t\t\t\t\t\t\t\t\t\t\t<\/span>\n\t\t\t\t\t\t\t\t\t\t\t\t<a class=\"elementor-toggle-title\" tabindex=\"0\">Ansietat generalitzada<\/a>\n\t\t\t\t\t<\/div>\n\n\t\t\t\t\t<div id=\"elementor-tab-content-1522\" class=\"elementor-tab-content elementor-clearfix\" data-tab=\"2\" role=\"region\" aria-labelledby=\"elementor-tab-title-1522\"><p>El trastorn d&#8217;ansietat generalitzada consisteix en la pres\u00e8ncia d&#8217;un estat de preocupaci\u00f3 i nerviosisme excessius en relaci\u00f3 amb diverses activitats o esdeveniments.<\/p><\/div>\n\t\t\t\t<\/div>\n\t\t\t\t\t\t\t<div class=\"elementor-toggle-item\">\n\t\t\t\t\t<div id=\"elementor-tab-title-1523\" class=\"elementor-tab-title\" data-tab=\"3\" role=\"button\" aria-controls=\"elementor-tab-content-1523\" aria-expanded=\"false\">\n\t\t\t\t\t\t\t\t\t\t\t\t<span class=\"elementor-toggle-icon elementor-toggle-icon-left\" aria-hidden=\"true\">\n\t\t\t\t\t\t\t\t\t\t\t\t\t\t\t<span class=\"elementor-toggle-icon-closed\"><i class=\"fas fa-caret-right\"><\/i><\/span>\n\t\t\t\t\t\t\t\t<span class=\"elementor-toggle-icon-opened\"><i class=\"elementor-toggle-icon-opened fas fa-caret-up\"><\/i><\/span>\n\t\t\t\t\t\t\t\t\t\t\t\t\t<\/span>\n\t\t\t\t\t\t\t\t\t\t\t\t<a class=\"elementor-toggle-title\" tabindex=\"0\">Agoraf\u00f2bia<\/a>\n\t\t\t\t\t<\/div>\n\n\t\t\t\t\t<div id=\"elementor-tab-content-1523\" class=\"elementor-tab-content elementor-clearfix\" data-tab=\"3\" role=\"region\" aria-labelledby=\"elementor-tab-title-1523\"><p>Por intensa a estar en llocs oberts o en situacions de les quals potser \u00e9s dif\u00edcil escapar o on no hi hagi ajuda disponible. Les persones amb agoraf\u00f2bia solen sentir molta ansietat davant la possibilitat de tenir un atac de p\u00e0nic en un lloc p\u00fablic. Tamb\u00e9 \u00e9s possible que tinguin por d&#8217;estar soles o problemes per a sortir de casa. En general, eviten els ascensors, els ponts i els llocs p\u00fablics.<\/p><\/div>\n\t\t\t\t<\/div>\n\t\t\t\t\t\t\t<div class=\"elementor-toggle-item\">\n\t\t\t\t\t<div id=\"elementor-tab-title-1524\" class=\"elementor-tab-title\" data-tab=\"4\" role=\"button\" aria-controls=\"elementor-tab-content-1524\" aria-expanded=\"false\">\n\t\t\t\t\t\t\t\t\t\t\t\t<span class=\"elementor-toggle-icon elementor-toggle-icon-left\" aria-hidden=\"true\">\n\t\t\t\t\t\t\t\t\t\t\t\t\t\t\t<span class=\"elementor-toggle-icon-closed\"><i class=\"fas fa-caret-right\"><\/i><\/span>\n\t\t\t\t\t\t\t\t<span class=\"elementor-toggle-icon-opened\"><i class=\"elementor-toggle-icon-opened fas fa-caret-up\"><\/i><\/span>\n\t\t\t\t\t\t\t\t\t\t\t\t\t<\/span>\n\t\t\t\t\t\t\t\t\t\t\t\t<a class=\"elementor-toggle-title\" tabindex=\"0\">F\u00f2bies espec\u00edfiques<\/a>\n\t\t\t\t\t<\/div>\n\n\t\t\t\t\t<div id=\"elementor-tab-content-1524\" class=\"elementor-tab-content elementor-clearfix\" data-tab=\"4\" role=\"region\" aria-labelledby=\"elementor-tab-title-1524\"><p>Por excessiva i irracional d&#8217;alguna cosa que pot causar p\u00e0nic a una persona.<\/p><\/div>\n\t\t\t\t<\/div>\n\t\t\t\t\t\t\t<div class=\"elementor-toggle-item\">\n\t\t\t\t\t<div id=\"elementor-tab-title-1525\" class=\"elementor-tab-title\" data-tab=\"5\" role=\"button\" aria-controls=\"elementor-tab-content-1525\" aria-expanded=\"false\">\n\t\t\t\t\t\t\t\t\t\t\t\t<span class=\"elementor-toggle-icon elementor-toggle-icon-left\" aria-hidden=\"true\">\n\t\t\t\t\t\t\t\t\t\t\t\t\t\t\t<span class=\"elementor-toggle-icon-closed\"><i class=\"fas fa-caret-right\"><\/i><\/span>\n\t\t\t\t\t\t\t\t<span class=\"elementor-toggle-icon-opened\"><i class=\"elementor-toggle-icon-opened fas fa-caret-up\"><\/i><\/span>\n\t\t\t\t\t\t\t\t\t\t\t\t\t<\/span>\n\t\t\t\t\t\t\t\t\t\t\t\t<a class=\"elementor-toggle-title\" tabindex=\"0\">F\u00f2bia social<\/a>\n\t\t\t\t\t<\/div>\n\n\t\t\t\t\t<div id=\"elementor-tab-content-1525\" class=\"elementor-tab-content elementor-clearfix\" data-tab=\"5\" role=\"region\" aria-labelledby=\"elementor-tab-title-1525\"><p>\u00c9s una por persistent i irracional davant situacions que puguin involucrar el judici per part dels altres, com en festes o altres eventos sociales.<\/p><\/div>\n\t\t\t\t<\/div>\n\t\t\t\t\t\t\t\t<\/div>\n\t\t\t\t\t\t<\/div>\n\t\t\t\t<\/div>\n\t\t\t\t<div class=\"elementor-element elementor-element-7d6da9fe elementor-widget elementor-widget-spacer\" data-id=\"7d6da9fe\" data-element_type=\"widget\" data-e-type=\"widget\" data-widget_type=\"spacer.default\">\n\t\t\t\t<div class=\"elementor-widget-container\">\n\t\t\t\t\t\t\t<div class=\"elementor-spacer\">\n\t\t\t<div class=\"elementor-spacer-inner\"><\/div>\n\t\t<\/div>\n\t\t\t\t\t\t<\/div>\n\t\t\t\t<\/div>\n\t\t\t\t<div class=\"elementor-element elementor-element-5535e9fa elementor-widget elementor-widget-spacer\" data-id=\"5535e9fa\" data-element_type=\"widget\" data-e-type=\"widget\" data-widget_type=\"spacer.default\">\n\t\t\t\t<div class=\"elementor-widget-container\">\n\t\t\t\t\t\t\t<div class=\"elementor-spacer\">\n\t\t\t<div class=\"elementor-spacer-inner\"><\/div>\n\t\t<\/div>\n\t\t\t\t\t\t<\/div>\n\t\t\t\t<\/div>\n\t\t\t\t\t<\/div>\n\t\t<\/div>\n\t\t\t\t\t<\/div>\n\t\t<\/section>\n\t\t\t\t<section class=\"elementor-section elementor-top-section elementor-element elementor-element-1ae041f5 elementor-section-full_width elementor-section-content-middle elementor-section-height-default elementor-section-height-default qodef-elementor-content-no\" data-id=\"1ae041f5\" data-element_type=\"section\" data-e-type=\"section\" data-settings=\"{&quot;animation&quot;:&quot;none&quot;}\">\n\t\t\t\t\t\t<div class=\"elementor-container elementor-column-gap-narrow\">\n\t\t\t\t\t<div class=\"elementor-column elementor-col-50 elementor-top-column elementor-element elementor-element-745ddea0\" data-id=\"745ddea0\" data-element_type=\"column\" data-e-type=\"column\">\n\t\t\t<div class=\"elementor-widget-wrap elementor-element-populated\">\n\t\t\t\t\t\t<div class=\"elementor-element elementor-element-504d1d6e elementor-invisible elementor-widget elementor-widget-image\" data-id=\"504d1d6e\" data-element_type=\"widget\" data-e-type=\"widget\" data-settings=\"{&quot;_animation&quot;:&quot;fadeInLeft&quot;}\" data-widget_type=\"image.default\">\n\t\t\t\t<div class=\"elementor-widget-container\">\n\t\t\t\t\t\t\t\t\t\t\t\t\t\t\t<img fetchpriority=\"high\" decoding=\"async\" width=\"712\" height=\"712\" src=\"https:\/\/forummontau.com\/palamos\/wp-content\/uploads\/sites\/5\/2023\/06\/ansiedad.png\" class=\"attachment-full size-full wp-image-3296\" alt=\"\" srcset=\"https:\/\/forummontau.com\/palamos\/wp-content\/uploads\/sites\/5\/2023\/06\/ansiedad.png 712w, https:\/\/forummontau.com\/palamos\/wp-content\/uploads\/sites\/5\/2023\/06\/ansiedad-300x300.png 300w, https:\/\/forummontau.com\/palamos\/wp-content\/uploads\/sites\/5\/2023\/06\/ansiedad-150x150.png 150w, https:\/\/forummontau.com\/palamos\/wp-content\/uploads\/sites\/5\/2023\/06\/ansiedad-600x600.png 600w, https:\/\/forummontau.com\/palamos\/wp-content\/uploads\/sites\/5\/2023\/06\/ansiedad-650x650.png 650w\" sizes=\"(max-width: 712px) 100vw, 712px\" \/>\t\t\t\t\t\t\t\t\t\t\t\t\t\t\t<\/div>\n\t\t\t\t<\/div>\n\t\t\t\t\t<\/div>\n\t\t<\/div>\n\t\t\t\t<div class=\"elementor-column elementor-col-50 elementor-top-column elementor-element elementor-element-158cbb52 elementor-invisible\" data-id=\"158cbb52\" data-element_type=\"column\" data-e-type=\"column\" data-settings=\"{&quot;animation&quot;:&quot;fadeInRight&quot;}\">\n\t\t\t<div class=\"elementor-widget-wrap elementor-element-populated\">\n\t\t\t\t\t\t<div class=\"elementor-element elementor-element-756fab69 elementor-widget elementor-widget-heading\" data-id=\"756fab69\" data-element_type=\"widget\" data-e-type=\"widget\" data-widget_type=\"heading.default\">\n\t\t\t\t<div class=\"elementor-widget-container\">\n\t\t\t\t\t<h2 class=\"elementor-heading-title elementor-size-default\">Estr\u00e9s<\/h2>\t\t\t\t<\/div>\n\t\t\t\t<\/div>\n\t\t\t\t<div class=\"elementor-element elementor-element-c8f97cf elementor-widget elementor-widget-text-editor\" data-id=\"c8f97cf\" data-element_type=\"widget\" data-e-type=\"widget\" data-widget_type=\"text-editor.default\">\n\t\t\t\t<div class=\"elementor-widget-container\">\n\t\t\t\t\t\t\t\t\t<p>En el nostre dia a dia estem exposats a innombrables esdeveniments estressants als quals hem de fer front. Sovint, ens trobem amb dificultats per a afrontar l&#8217;estr\u00e8s, la qual cosa pot donar lloc a s\u00edmptomes d&#8217;ansietat i depressi\u00f3.<br \/><br \/>Aquestes dificultats neixen perqu\u00e8 moltes vegades no sabem l&#8217;origen de la font estressant o perqu\u00e8 ens falten d&#8217;eines per a gestionar-lo.<br \/>\u200bAquesta dificultat per a dur a terme una bona gesti\u00f3 de l&#8217;estr\u00e8s pot traduir-se en diferents trastorns, com per exemple:<br \/><br \/><strong>Trastorn d&#8217;estr\u00e8s posttraum\u00e0tic<\/strong><br \/><strong>Trastorn per estr\u00e8s agut<\/strong><\/p>\t\t\t\t\t\t\t\t<\/div>\n\t\t\t\t<\/div>\n\t\t\t\t\t<\/div>\n\t\t<\/div>\n\t\t\t\t\t<\/div>\n\t\t<\/section>\n\t\t\t\t<\/div>\n\t\t","protected":false},"excerpt":{"rendered":"<p>Ansietat i estr\u00e9s Si estan provocant pors irracionals o angoixa excessiva \u00e9s necessari buscar ajuda Truca&#8217;ns 900 802 408 Ansietat Tots podem sentir ansietat i estr\u00e8s en diferents moments de la nostra vida, per\u00f2 quan aquesta emoci\u00f3 va associada a pors irracionals o angoixa excessiva \u00e9s necessari parar-li esment. Hi ha diferents emocions i pensaments [&hellip;]<\/p>\n","protected":false},"author":2,"featured_media":0,"parent":0,"menu_order":0,"comment_status":"closed","ping_status":"closed","template":"","meta":{"ocean_post_layout":"full-screen","ocean_both_sidebars_style":"","ocean_both_sidebars_content_width":0,"ocean_both_sidebars_sidebars_width":0,"ocean_sidebar":"0","ocean_second_sidebar":"0","ocean_disable_margins":"enable","ocean_add_body_class":"","ocean_shortcode_before_top_bar":"","ocean_shortcode_after_top_bar":"","ocean_shortcode_before_header":"","ocean_shortcode_after_header":"","ocean_has_shortcode":"","ocean_shortcode_after_title":"","ocean_shortcode_before_footer_widgets":"","ocean_shortcode_after_footer_widgets":"","ocean_shortcode_before_footer_bottom":"","ocean_shortcode_after_footer_bottom":"","ocean_display_top_bar":"default","ocean_display_header":"default","ocean_header_style":"","ocean_center_header_left_menu":"0","ocean_custom_header_template":"0","ocean_custom_logo":0,"ocean_custom_retina_logo":0,"ocean_custom_logo_max_width":0,"ocean_custom_logo_tablet_max_width":0,"ocean_custom_logo_mobile_max_width":0,"ocean_custom_logo_max_height":0,"ocean_custom_logo_tablet_max_height":0,"ocean_custom_logo_mobile_max_height":0,"ocean_header_custom_menu":"0","ocean_menu_typo_font_family":"0","ocean_menu_typo_font_subset":"","ocean_menu_typo_font_size":0,"ocean_menu_typo_font_size_tablet":0,"ocean_menu_typo_font_size_mobile":0,"ocean_menu_typo_font_size_unit":"px","ocean_menu_typo_font_weight":"","ocean_menu_typo_font_weight_tablet":"","ocean_menu_typo_font_weight_mobile":"","ocean_menu_typo_transform":"","ocean_menu_typo_transform_tablet":"","ocean_menu_typo_transform_mobile":"","ocean_menu_typo_line_height":0,"ocean_menu_typo_line_height_tablet":0,"ocean_menu_typo_line_height_mobile":0,"ocean_menu_typo_line_height_unit":"","ocean_menu_typo_spacing":0,"ocean_menu_typo_spacing_tablet":0,"ocean_menu_typo_spacing_mobile":0,"ocean_menu_typo_spacing_unit":"","ocean_menu_link_color":"","ocean_menu_link_color_hover":"","ocean_menu_link_color_active":"","ocean_menu_link_background":"","ocean_menu_link_hover_background":"","ocean_menu_link_active_background":"","ocean_menu_social_links_bg":"","ocean_menu_social_hover_links_bg":"","ocean_menu_social_links_color":"","ocean_menu_social_hover_links_color":"","ocean_disable_title":"on","ocean_disable_heading":"default","ocean_post_title":"","ocean_post_subheading":"","ocean_post_title_style":"","ocean_post_title_background_color":"","ocean_post_title_background":0,"ocean_post_title_bg_image_position":"","ocean_post_title_bg_image_attachment":"","ocean_post_title_bg_image_repeat":"","ocean_post_title_bg_image_size":"","ocean_post_title_height":0,"ocean_post_title_bg_overlay":0.5,"ocean_post_title_bg_overlay_color":"","ocean_disable_breadcrumbs":"default","ocean_breadcrumbs_color":"","ocean_breadcrumbs_separator_color":"","ocean_breadcrumbs_links_color":"","ocean_breadcrumbs_links_hover_color":"","ocean_display_footer_widgets":"default","ocean_display_footer_bottom":"default","ocean_custom_footer_template":"0","footnotes":""},"class_list":["post-3470","page","type-page","status-publish","hentry","entry"],"yoast_head":"<!-- This site is optimized with the Yoast SEO plugin v27.5 - https:\/\/yoast.com\/product\/yoast-seo-wordpress\/ -->\n<title>Ansietat i estr\u00e9s - Forum Saldu Mental Palam\u00f3s<\/title>\n<meta name=\"description\" content=\"Supereu l&#039;estr\u00e8s i l&#039;ansietat amb el suport professional dels nostres psic\u00f2legs. Troba solucions efectives i personalitzades per recuperar el teu benestar emocional.\" \/>\n<meta name=\"robots\" content=\"index, follow, max-snippet:-1, max-image-preview:large, max-video-preview:-1\" \/>\n<link rel=\"canonical\" href=\"https:\/\/forummontau.com\/palamos\/ansietat-i-estres\/\" \/>\n<meta property=\"og:locale\" content=\"es_ES\" \/>\n<meta property=\"og:type\" content=\"article\" \/>\n<meta property=\"og:title\" content=\"Ansietat i estr\u00e9s - Forum Saldu Mental Palam\u00f3s\" \/>\n<meta property=\"og:description\" content=\"Supereu l&#039;estr\u00e8s i l&#039;ansietat amb el suport professional dels nostres psic\u00f2legs. Troba solucions efectives i personalitzades per recuperar el teu benestar emocional.\" \/>\n<meta property=\"og:url\" content=\"https:\/\/forummontau.com\/palamos\/ansietat-i-estres\/\" \/>\n<meta property=\"og:site_name\" content=\"Forum Salud Mental Palam\u00f3s - Costa Brava\" \/>\n<meta property=\"article:modified_time\" content=\"2025-09-10T15:14:54+00:00\" \/>\n<meta property=\"og:image\" content=\"https:\/\/forummontau.com\/palamos\/wp-content\/uploads\/sites\/5\/2023\/06\/ansiedad.png\" \/>\n<meta name=\"twitter:card\" content=\"summary_large_image\" \/>\n<meta name=\"twitter:label1\" content=\"Tiempo de lectura\" \/>\n\t<meta name=\"twitter:data1\" content=\"2 minutos\" \/>\n<script type=\"application\/ld+json\" class=\"yoast-schema-graph\">{\"@context\":\"https:\\\/\\\/schema.org\",\"@graph\":[{\"@type\":\"WebPage\",\"@id\":\"https:\\\/\\\/forummontau.com\\\/palamos\\\/ansietat-i-estres\\\/\",\"url\":\"https:\\\/\\\/forummontau.com\\\/palamos\\\/ansietat-i-estres\\\/\",\"name\":\"Ansietat i estr\u00e9s - Forum Saldu Mental Palam\u00f3s\",\"isPartOf\":{\"@id\":\"https:\\\/\\\/forummontau.com\\\/palamos\\\/#website\"},\"primaryImageOfPage\":{\"@id\":\"https:\\\/\\\/forummontau.com\\\/palamos\\\/ansietat-i-estres\\\/#primaryimage\"},\"image\":{\"@id\":\"https:\\\/\\\/forummontau.com\\\/palamos\\\/ansietat-i-estres\\\/#primaryimage\"},\"thumbnailUrl\":\"https:\\\/\\\/forummontau.com\\\/palamos\\\/wp-content\\\/uploads\\\/sites\\\/5\\\/2023\\\/06\\\/ansiedad.png\",\"datePublished\":\"2023-06-22T11:59:46+00:00\",\"dateModified\":\"2025-09-10T15:14:54+00:00\",\"description\":\"Supereu l'estr\u00e8s i l'ansietat amb el suport professional dels nostres psic\u00f2legs. Troba solucions efectives i personalitzades per recuperar el teu benestar emocional.\",\"breadcrumb\":{\"@id\":\"https:\\\/\\\/forummontau.com\\\/palamos\\\/ansietat-i-estres\\\/#breadcrumb\"},\"inLanguage\":\"es\",\"potentialAction\":[{\"@type\":\"ReadAction\",\"target\":[\"https:\\\/\\\/forummontau.com\\\/palamos\\\/ansietat-i-estres\\\/\"]}]},{\"@type\":\"ImageObject\",\"inLanguage\":\"es\",\"@id\":\"https:\\\/\\\/forummontau.com\\\/palamos\\\/ansietat-i-estres\\\/#primaryimage\",\"url\":\"https:\\\/\\\/forummontau.com\\\/palamos\\\/wp-content\\\/uploads\\\/sites\\\/5\\\/2023\\\/06\\\/ansiedad.png\",\"contentUrl\":\"https:\\\/\\\/forummontau.com\\\/palamos\\\/wp-content\\\/uploads\\\/sites\\\/5\\\/2023\\\/06\\\/ansiedad.png\",\"width\":712,\"height\":712},{\"@type\":\"BreadcrumbList\",\"@id\":\"https:\\\/\\\/forummontau.com\\\/palamos\\\/ansietat-i-estres\\\/#breadcrumb\",\"itemListElement\":[{\"@type\":\"ListItem\",\"position\":1,\"name\":\"Portada\",\"item\":\"https:\\\/\\\/forummontau.com\\\/palamos\\\/forum-salud-mental-cat\\\/\"},{\"@type\":\"ListItem\",\"position\":2,\"name\":\"Ansietat i estr\u00e9s\"}]},{\"@type\":\"WebSite\",\"@id\":\"https:\\\/\\\/forummontau.com\\\/palamos\\\/#website\",\"url\":\"https:\\\/\\\/forummontau.com\\\/palamos\\\/\",\"name\":\"Forum Salud Mental Palam\u00f3s - Costa Brava\",\"description\":\"Centro especializado en salud mental y adicciones\",\"publisher\":{\"@id\":\"https:\\\/\\\/forummontau.com\\\/palamos\\\/#organization\"},\"potentialAction\":[{\"@type\":\"SearchAction\",\"target\":{\"@type\":\"EntryPoint\",\"urlTemplate\":\"https:\\\/\\\/forummontau.com\\\/palamos\\\/?s={search_term_string}\"},\"query-input\":{\"@type\":\"PropertyValueSpecification\",\"valueRequired\":true,\"valueName\":\"search_term_string\"}}],\"inLanguage\":\"es\"},{\"@type\":\"Organization\",\"@id\":\"https:\\\/\\\/forummontau.com\\\/palamos\\\/#organization\",\"name\":\"Forum Salud Mental Palam\u00f3s - Costa Brava\",\"url\":\"https:\\\/\\\/forummontau.com\\\/palamos\\\/\",\"logo\":{\"@type\":\"ImageObject\",\"inLanguage\":\"es\",\"@id\":\"https:\\\/\\\/forummontau.com\\\/palamos\\\/#\\\/schema\\\/logo\\\/image\\\/\",\"url\":\"https:\\\/\\\/forummontau.com\\\/palamos\\\/wp-content\\\/uploads\\\/sites\\\/5\\\/2023\\\/07\\\/logo_girona_palamos.png\",\"contentUrl\":\"https:\\\/\\\/forummontau.com\\\/palamos\\\/wp-content\\\/uploads\\\/sites\\\/5\\\/2023\\\/07\\\/logo_girona_palamos.png\",\"width\":209,\"height\":118,\"caption\":\"Forum Salud Mental Palam\u00f3s - Costa Brava\"},\"image\":{\"@id\":\"https:\\\/\\\/forummontau.com\\\/palamos\\\/#\\\/schema\\\/logo\\\/image\\\/\"}}]}<\/script>\n<!-- \/ Yoast SEO plugin. -->","yoast_head_json":{"title":"Ansietat i estr\u00e9s - Forum Saldu Mental Palam\u00f3s","description":"Supereu l'estr\u00e8s i l'ansietat amb el suport professional dels nostres psic\u00f2legs. Troba solucions efectives i personalitzades per recuperar el teu benestar emocional.","robots":{"index":"index","follow":"follow","max-snippet":"max-snippet:-1","max-image-preview":"max-image-preview:large","max-video-preview":"max-video-preview:-1"},"canonical":"https:\/\/forummontau.com\/palamos\/ansietat-i-estres\/","og_locale":"es_ES","og_type":"article","og_title":"Ansietat i estr\u00e9s - Forum Saldu Mental Palam\u00f3s","og_description":"Supereu l'estr\u00e8s i l'ansietat amb el suport professional dels nostres psic\u00f2legs. Troba solucions efectives i personalitzades per recuperar el teu benestar emocional.","og_url":"https:\/\/forummontau.com\/palamos\/ansietat-i-estres\/","og_site_name":"Forum Salud Mental Palam\u00f3s - Costa Brava","article_modified_time":"2025-09-10T15:14:54+00:00","og_image":[{"url":"https:\/\/forummontau.com\/palamos\/wp-content\/uploads\/sites\/5\/2023\/06\/ansiedad.png","type":"","width":"","height":""}],"twitter_card":"summary_large_image","twitter_misc":{"Tiempo de lectura":"2 minutos"},"schema":{"@context":"https:\/\/schema.org","@graph":[{"@type":"WebPage","@id":"https:\/\/forummontau.com\/palamos\/ansietat-i-estres\/","url":"https:\/\/forummontau.com\/palamos\/ansietat-i-estres\/","name":"Ansietat i estr\u00e9s - Forum Saldu Mental Palam\u00f3s","isPartOf":{"@id":"https:\/\/forummontau.com\/palamos\/#website"},"primaryImageOfPage":{"@id":"https:\/\/forummontau.com\/palamos\/ansietat-i-estres\/#primaryimage"},"image":{"@id":"https:\/\/forummontau.com\/palamos\/ansietat-i-estres\/#primaryimage"},"thumbnailUrl":"https:\/\/forummontau.com\/palamos\/wp-content\/uploads\/sites\/5\/2023\/06\/ansiedad.png","datePublished":"2023-06-22T11:59:46+00:00","dateModified":"2025-09-10T15:14:54+00:00","description":"Supereu l'estr\u00e8s i l'ansietat amb el suport professional dels nostres psic\u00f2legs. Troba solucions efectives i personalitzades per recuperar el teu benestar emocional.","breadcrumb":{"@id":"https:\/\/forummontau.com\/palamos\/ansietat-i-estres\/#breadcrumb"},"inLanguage":"es","potentialAction":[{"@type":"ReadAction","target":["https:\/\/forummontau.com\/palamos\/ansietat-i-estres\/"]}]},{"@type":"ImageObject","inLanguage":"es","@id":"https:\/\/forummontau.com\/palamos\/ansietat-i-estres\/#primaryimage","url":"https:\/\/forummontau.com\/palamos\/wp-content\/uploads\/sites\/5\/2023\/06\/ansiedad.png","contentUrl":"https:\/\/forummontau.com\/palamos\/wp-content\/uploads\/sites\/5\/2023\/06\/ansiedad.png","width":712,"height":712},{"@type":"BreadcrumbList","@id":"https:\/\/forummontau.com\/palamos\/ansietat-i-estres\/#breadcrumb","itemListElement":[{"@type":"ListItem","position":1,"name":"Portada","item":"https:\/\/forummontau.com\/palamos\/forum-salud-mental-cat\/"},{"@type":"ListItem","position":2,"name":"Ansietat i estr\u00e9s"}]},{"@type":"WebSite","@id":"https:\/\/forummontau.com\/palamos\/#website","url":"https:\/\/forummontau.com\/palamos\/","name":"Forum Salud Mental Palam\u00f3s - Costa Brava","description":"Centro especializado en salud mental y adicciones","publisher":{"@id":"https:\/\/forummontau.com\/palamos\/#organization"},"potentialAction":[{"@type":"SearchAction","target":{"@type":"EntryPoint","urlTemplate":"https:\/\/forummontau.com\/palamos\/?s={search_term_string}"},"query-input":{"@type":"PropertyValueSpecification","valueRequired":true,"valueName":"search_term_string"}}],"inLanguage":"es"},{"@type":"Organization","@id":"https:\/\/forummontau.com\/palamos\/#organization","name":"Forum Salud Mental Palam\u00f3s - Costa Brava","url":"https:\/\/forummontau.com\/palamos\/","logo":{"@type":"ImageObject","inLanguage":"es","@id":"https:\/\/forummontau.com\/palamos\/#\/schema\/logo\/image\/","url":"https:\/\/forummontau.com\/palamos\/wp-content\/uploads\/sites\/5\/2023\/07\/logo_girona_palamos.png","contentUrl":"https:\/\/forummontau.com\/palamos\/wp-content\/uploads\/sites\/5\/2023\/07\/logo_girona_palamos.png","width":209,"height":118,"caption":"Forum Salud Mental Palam\u00f3s - Costa Brava"},"image":{"@id":"https:\/\/forummontau.com\/palamos\/#\/schema\/logo\/image\/"}}]}},"_links":{"self":[{"href":"https:\/\/forummontau.com\/palamos\/wp-json\/wp\/v2\/pages\/3470","targetHints":{"allow":["GET"]}}],"collection":[{"href":"https:\/\/forummontau.com\/palamos\/wp-json\/wp\/v2\/pages"}],"about":[{"href":"https:\/\/forummontau.com\/palamos\/wp-json\/wp\/v2\/types\/page"}],"author":[{"embeddable":true,"href":"https:\/\/forummontau.com\/palamos\/wp-json\/wp\/v2\/users\/2"}],"replies":[{"embeddable":true,"href":"https:\/\/forummontau.com\/palamos\/wp-json\/wp\/v2\/comments?post=3470"}],"version-history":[{"count":11,"href":"https:\/\/forummontau.com\/palamos\/wp-json\/wp\/v2\/pages\/3470\/revisions"}],"predecessor-version":[{"id":3790,"href":"https:\/\/forummontau.com\/palamos\/wp-json\/wp\/v2\/pages\/3470\/revisions\/3790"}],"wp:attachment":[{"href":"https:\/\/forummontau.com\/palamos\/wp-json\/wp\/v2\/media?parent=3470"}],"curies":[{"name":"wp","href":"https:\/\/api.w.org\/{rel}","templated":true}]}}